{"id":66584,"date":"2026-07-17T14:56:10","date_gmt":"2026-07-17T12:56:10","guid":{"rendered":"https:\/\/www.studioimmobiliarefarina.eu\/?post_type=property&#038;p=66584"},"modified":"2026-07-21T08:33:05","modified_gmt":"2026-07-21T06:33:05","slug":"centralissimo-appartamento-di-rappresentanza-v4089","status":"publish","type":"property","link":"https:\/\/www.studioimmobiliarefarina.eu\/en\/property\/centralissimo-appartamento-di-rappresentanza-v4089\/","title":{"rendered":"Lanciano Centralissimo appartamento di rappresentanza [V4089]"},"content":{"rendered":"\n<p class=\"has-text-color\" style=\"color:#0f0084\">Lanciano, nel cuore del centro citt\u00e0 in Via dei Frentani, a pochi passi dal Municipio lo Studio Immobiliare Farina propone in esclusiva un bellissimo ed ampio appartamento&nbsp; ubicato in &nbsp;un prestigioso Palazzo storico, composto da sole tre unit\u00e0 abitative, in un contesto di particolare pregio architettonico.<\/p>\n\n\n\n<p class=\"has-text-color\" style=\"color:#0f0084\">L&#8217;edificio \u00e8 privo di ascensore e conserva le caratteristiche tipiche delle dimore d&#8217;epoca, aprendo l\u2019imponente portone d\u2019ingresso principale si accede ad un suggestivo atrio esterno che introduce ad un maestoso androne d\u2019ingresso; l\u2019interno \u00e8 impreziosito da una elegante gradinata, con alte volte finemente decorate con fregi d\u2019epoca che testimoniano il fascino e la nobilt\u00e0 del Palazzo.<\/p>\n\n\n\n<p class=\"has-text-color\" style=\"color:#0f0084\">L&#8217;immobile si sviluppa interamente su un unico livello occupando l\u2019intero primo piano dello stabile e presenta una superficie catastale complessiva di 323 mq, distribuita in 11 vani. Un elemento di particolare interesse \u00e8 rappresentato dalla presenza di tre ingressi indipendenti, caratteristica che conferisce notevole flessibilit\u00e0 nella distribuzione degli spazi e rende l&#8217;appartamento potenzialmente frazionabile o idoneo a diverse destinazioni d&#8217;uso.<\/p>\n\n\n\n<p class=\"has-text-color\" style=\"color:#0f0084\">La distribuzione interna comprende un grande salone di rappresentanza, un ampio soggiorno, due cucine, uno studio, tre spaziose camere da letto matrimoniali, due bagni e diversi ambienti di disimpegno. Tutte le stanze matrimoniali sono dotate di balconi che permettono un gradevole affaccio sulla piazzetta circondata da prestigiosi Palazzi storici quali il De Giorgio e il De Crecchio.<\/p>\n\n\n\n<p class=\"has-text-color\" style=\"color:#0f0084\">L&#8217;appartamento \u00e8 caratterizzato da una quadrupla esposizione e da ambienti di notevole spaziosit\u00e0, impreziositi da soffitti alti con volte, tipici dell&#8217;architettura storica, e da grandi infissi che assicurano un&#8217;eccellente luminosit\u00e0 durante tutto l&#8217;arco della giornata valorizzando ulteriormente gli spazi interni.<\/p>\n\n\n\n<p class=\"has-text-color\" style=\"color:#0f0084\">Dal punto di vista manutentivo, l&#8217;immobile necessita di un intervento di ristrutturazione generale, offrendo tuttavia ampie possibilit\u00e0 di personalizzazione e di recupero delle caratteristiche originarie. Le dimensioni, la regolarit\u00e0 della pianta e la presenza dei tre accessi rendono la propriet\u00e0 particolarmente interessante sia come prestigiosa residenza privata sia come investimento per la realizzazione di pi\u00f9 unit\u00e0 immobiliari o per attivit\u00e0 ricettive e professionali.<\/p>\n\n\n\n<p class=\"has-text-color\" style=\"color:#0f0084\">Possibilit\u00e0 di acquistare a parte un fondaco di 83 metri quadri catastali con &nbsp;mattoni a vista e volte a cielo di carrozza, dotato di doppio ingresso interno ed esterno.<\/p>\n\n\n\n<p class=\"has-text-color\" style=\"color:#0f0084\">Una ulteriore opportunit\u00e0 \u00e8 rappresentata dalla possibilit\u00e0 di acquisire a parte anche l\u2019ultimo ed intero secondo piano dove risultano ubicate due unita di cui una abitativa di mq. 124 catastali e l\u2019altra di mq. 93 attualmente accatastata C\/2 ma con possibilit\u00e0 di un eventuale recupero del sottotetto; la grande sorpresa \u00e8 rappresentata dal terrazzo che domina, dal quale si ammira un maestoso panorama con scorci bellissimi sulla citt\u00e0 e non solo. &nbsp;&nbsp;<\/p>\n\n\n\n<p class=\"has-text-color\" style=\"color:#0f0084\">Nel complesso, si tratta di una propriet\u00e0 di rara reperibilit\u00e0, caratterizzata da ampie superfici, elevata luminosit\u00e0, elementi architettonici di pregio e notevoli potenzialit\u00e0 di valorizzazione, inserita in un contesto storico di particolare fascino ideale per chi desidera vivere o investire in una dimora di rappresentanza.<\/p>\n\n\n\n<p><\/p>\n\n\n\n<p class=\"has-text-color\" style=\"color:#0f0084\">Trattativa ed ulteriori informazioni in agenzia.<\/p>\n\n\n\n<p>Avviso:<\/p>\n\n\n\n<p>Le caratteristiche tecniche, la disposizione interna e gli accessori indicati potrebbero in alcuni casi essere diversi dall\u2019effettivo stato di fatto dell\u2019immobile.<\/p>\n\n\n\n<p>A causa delle difformit\u00e0 dei dati pubblicati dai vari portali, lo Studio Farina declina ogni responsabilit\u00e0 per eventuali involontarie incoerenze.<\/p>\n\n\n\n<p>Si precisa che le descrizioni riportate non rappresentano alcun impegno contrattuale.<\/p>\n\n\n\n<p>Per garantire la privacy l\u2019indirizzo pu\u00f2 non rispecchiare esattamente l\u2019ubicazione dell\u2019immobile ed \u00e8 utile solo al fine di fornire un riferimento generico per la sua localizzazione.<\/p>\n\n\n\n<p>Lo STUDIO non risponder\u00e0 a richieste prive di recapito telefonico.<\/p>\n\n\n\n<p>STUDIO IMMOBILIARE FARINA<br>ATESSA &#8211; LANCIANO<br>0872715252 &#8211; 337910607<\/p>\n","protected":false},"excerpt":{"rendered":"<p>Lanciano, nel cuore del centro citt\u00e0 in Via dei Frentani, a pochi passi dal Municipio lo Studio Immobiliare Farina propone in esclusiva un bellissimo ed ampio appartamento&nbsp; ubicato in &nbsp;un prestigioso Palazzo storico, composto da sole tre unit\u00e0 abitative, in un contesto di particolare pregio architettonico. L&#8217;edificio \u00e8 privo di ascensore e conserva le caratteristiche&#8230;<\/p>\n","protected":false},"author":2,"featured_media":66585,"parent":0,"menu_order":0,"comment_status":"closed","ping_status":"closed","template":"","property-feature":[595,543,575,349,350,410,394,594,563,498],"property-type":[518,519],"property-city":[50,150,167],"property-status":[22],"yoast_head":"<!-- This site is optimized with the Yoast SEO plugin v21.1 - https:\/\/yoast.com\/wordpress\/plugins\/seo\/ -->\n<title>Lanciano Centralissimo appartamento di rappresentanza [V4089] | Studio Immobiliare Farina<\/title>\n<meta name=\"robots\" content=\"index, follow, max-snippet:-1, max-image-preview:large, max-video-preview:-1\" \/>\n<link rel=\"canonical\" href=\"https:\/\/www.studioimmobiliarefarina.eu\/property\/centralissimo-appartamento-di-rappresentanza-v4089\/\" \/>\n<meta property=\"og:locale\" content=\"en_US\" \/>\n<meta property=\"og:type\" content=\"article\" \/>\n<meta property=\"og:title\" content=\"Lanciano Centralissimo appartamento di rappresentanza [V4089] | Studio Immobiliare Farina\" \/>\n<meta property=\"og:description\" content=\"Lanciano, nel cuore del centro citt\u00e0 in Via dei Frentani, a pochi passi dal Municipio lo Studio Immobiliare Farina propone in esclusiva un bellissimo ed ampio appartamento&nbsp; ubicato in &nbsp;un prestigioso Palazzo storico, composto da sole tre unit\u00e0 abitative, in un contesto di particolare pregio architettonico. L&#8217;edificio \u00e8 privo di ascensore e conserva le caratteristiche...\" \/>\n<meta property=\"og:url\" content=\"https:\/\/www.studioimmobiliarefarina.eu\/property\/centralissimo-appartamento-di-rappresentanza-v4089\/\" \/>\n<meta property=\"og:site_name\" content=\"Studio Immobiliare Farina\" \/>\n<meta property=\"article:publisher\" content=\"https:\/\/www.facebook.com\/Studio-Immobiliare-Farina-_-gruppofarina-547150035296080\/timeline\/?ref=ts\" \/>\n<meta property=\"article:modified_time\" content=\"2026-07-21T06:33:05+00:00\" \/>\n<meta property=\"og:image\" content=\"https:\/\/www.studioimmobiliarefarina.eu\/wp-content\/uploads\/2026\/07\/001.jpg\" \/>\n\t<meta property=\"og:image:width\" content=\"1150\" \/>\n\t<meta property=\"og:image:height\" content=\"647\" \/>\n\t<meta property=\"og:image:type\" content=\"image\/jpeg\" \/>\n<meta name=\"twitter:card\" content=\"summary_large_image\" \/>\n<meta name=\"twitter:label1\" content=\"Est. reading time\" \/>\n\t<meta name=\"twitter:data1\" content=\"4 minutes\" \/>\n<script type=\"application\/ld+json\" class=\"yoast-schema-graph\">{\"@context\":\"https:\/\/schema.org\",\"@graph\":[{\"@type\":\"WebPage\",\"@id\":\"https:\/\/www.studioimmobiliarefarina.eu\/property\/centralissimo-appartamento-di-rappresentanza-v4089\/\",\"url\":\"https:\/\/www.studioimmobiliarefarina.eu\/property\/centralissimo-appartamento-di-rappresentanza-v4089\/\",\"name\":\"Lanciano Centralissimo appartamento di rappresentanza [V4089] | Studio Immobiliare Farina\",\"isPartOf\":{\"@id\":\"https:\/\/www.studioimmobiliarefarina.eu\/#website\"},\"datePublished\":\"2026-07-17T12:56:10+00:00\",\"dateModified\":\"2026-07-21T06:33:05+00:00\",\"breadcrumb\":{\"@id\":\"https:\/\/www.studioimmobiliarefarina.eu\/property\/centralissimo-appartamento-di-rappresentanza-v4089\/#breadcrumb\"},\"inLanguage\":\"en-US\",\"potentialAction\":[{\"@type\":\"ReadAction\",\"target\":[\"https:\/\/www.studioimmobiliarefarina.eu\/property\/centralissimo-appartamento-di-rappresentanza-v4089\/\"]}]},{\"@type\":\"BreadcrumbList\",\"@id\":\"https:\/\/www.studioimmobiliarefarina.eu\/property\/centralissimo-appartamento-di-rappresentanza-v4089\/#breadcrumb\",\"itemListElement\":[{\"@type\":\"ListItem\",\"position\":1,\"name\":\"Home\",\"item\":\"https:\/\/www.studioimmobiliarefarina.eu\/\"},{\"@type\":\"ListItem\",\"position\":2,\"name\":\"Properties\",\"item\":\"https:\/\/www.studioimmobiliarefarina.eu\/en\/property\/\"},{\"@type\":\"ListItem\",\"position\":3,\"name\":\"Lanciano Centralissimo appartamento di rappresentanza [V4089]\"}]},{\"@type\":\"WebSite\",\"@id\":\"https:\/\/www.studioimmobiliarefarina.eu\/#website\",\"url\":\"https:\/\/www.studioimmobiliarefarina.eu\/\",\"name\":\"Studio Immobiliare Farina\",\"description\":\"La casa che ho nel cuore\",\"publisher\":{\"@id\":\"https:\/\/www.studioimmobiliarefarina.eu\/#organization\"},\"potentialAction\":[{\"@type\":\"SearchAction\",\"target\":{\"@type\":\"EntryPoint\",\"urlTemplate\":\"https:\/\/www.studioimmobiliarefarina.eu\/?s={search_term_string}\"},\"query-input\":\"required name=search_term_string\"}],\"inLanguage\":\"en-US\"},{\"@type\":\"Organization\",\"@id\":\"https:\/\/www.studioimmobiliarefarina.eu\/#organization\",\"name\":\"Studio Immobiliare Farina\",\"url\":\"https:\/\/www.studioimmobiliarefarina.eu\/\",\"logo\":{\"@type\":\"ImageObject\",\"inLanguage\":\"en-US\",\"@id\":\"https:\/\/www.studioimmobiliarefarina.eu\/#\/schema\/logo\/image\/\",\"url\":\"https:\/\/www.studioimmobiliarefarina.eu\/wp-content\/uploads\/2022\/10\/Logo-sito-pOSpiccolo.png\",\"contentUrl\":\"https:\/\/www.studioimmobiliarefarina.eu\/wp-content\/uploads\/2022\/10\/Logo-sito-pOSpiccolo.png\",\"width\":328,\"height\":135,\"caption\":\"Studio Immobiliare Farina\"},\"image\":{\"@id\":\"https:\/\/www.studioimmobiliarefarina.eu\/#\/schema\/logo\/image\/\"},\"sameAs\":[\"https:\/\/www.facebook.com\/Studio-Immobiliare-Farina-_-gruppofarina-547150035296080\/timeline\/?ref=ts\",\"https:\/\/www.instagram.com\/studio__immobiliare__farina\/\"]}]}<\/script>\n<!-- \/ Yoast SEO plugin. -->","yoast_head_json":{"title":"Lanciano Centralissimo appartamento di rappresentanza [V4089] | Studio Immobiliare Farina","robots":{"index":"index","follow":"follow","max-snippet":"max-snippet:-1","max-image-preview":"max-image-preview:large","max-video-preview":"max-video-preview:-1"},"canonical":"https:\/\/www.studioimmobiliarefarina.eu\/property\/centralissimo-appartamento-di-rappresentanza-v4089\/","og_locale":"en_US","og_type":"article","og_title":"Lanciano Centralissimo appartamento di rappresentanza [V4089] | Studio Immobiliare Farina","og_description":"Lanciano, nel cuore del centro citt\u00e0 in Via dei Frentani, a pochi passi dal Municipio lo Studio Immobiliare Farina propone in esclusiva un bellissimo ed ampio appartamento&nbsp; ubicato in &nbsp;un prestigioso Palazzo storico, composto da sole tre unit\u00e0 abitative, in un contesto di particolare pregio architettonico. L&#8217;edificio \u00e8 privo di ascensore e conserva le caratteristiche...","og_url":"https:\/\/www.studioimmobiliarefarina.eu\/property\/centralissimo-appartamento-di-rappresentanza-v4089\/","og_site_name":"Studio Immobiliare Farina","article_publisher":"https:\/\/www.facebook.com\/Studio-Immobiliare-Farina-_-gruppofarina-547150035296080\/timeline\/?ref=ts","article_modified_time":"2026-07-21T06:33:05+00:00","og_image":[{"width":1150,"height":647,"url":"https:\/\/www.studioimmobiliarefarina.eu\/wp-content\/uploads\/2026\/07\/001.jpg","type":"image\/jpeg"}],"twitter_card":"summary_large_image","twitter_misc":{"Est. reading time":"4 minutes"},"schema":{"@context":"https:\/\/schema.org","@graph":[{"@type":"WebPage","@id":"https:\/\/www.studioimmobiliarefarina.eu\/property\/centralissimo-appartamento-di-rappresentanza-v4089\/","url":"https:\/\/www.studioimmobiliarefarina.eu\/property\/centralissimo-appartamento-di-rappresentanza-v4089\/","name":"Lanciano Centralissimo appartamento di rappresentanza [V4089] | Studio Immobiliare Farina","isPartOf":{"@id":"https:\/\/www.studioimmobiliarefarina.eu\/#website"},"datePublished":"2026-07-17T12:56:10+00:00","dateModified":"2026-07-21T06:33:05+00:00","breadcrumb":{"@id":"https:\/\/www.studioimmobiliarefarina.eu\/property\/centralissimo-appartamento-di-rappresentanza-v4089\/#breadcrumb"},"inLanguage":"en-US","potentialAction":[{"@type":"ReadAction","target":["https:\/\/www.studioimmobiliarefarina.eu\/property\/centralissimo-appartamento-di-rappresentanza-v4089\/"]}]},{"@type":"BreadcrumbList","@id":"https:\/\/www.studioimmobiliarefarina.eu\/property\/centralissimo-appartamento-di-rappresentanza-v4089\/#breadcrumb","itemListElement":[{"@type":"ListItem","position":1,"name":"Home","item":"https:\/\/www.studioimmobiliarefarina.eu\/"},{"@type":"ListItem","position":2,"name":"Properties","item":"https:\/\/www.studioimmobiliarefarina.eu\/en\/property\/"},{"@type":"ListItem","position":3,"name":"Lanciano Centralissimo appartamento di rappresentanza [V4089]"}]},{"@type":"WebSite","@id":"https:\/\/www.studioimmobiliarefarina.eu\/#website","url":"https:\/\/www.studioimmobiliarefarina.eu\/","name":"Studio Immobiliare Farina","description":"La casa che ho nel cuore","publisher":{"@id":"https:\/\/www.studioimmobiliarefarina.eu\/#organization"},"potentialAction":[{"@type":"SearchAction","target":{"@type":"EntryPoint","urlTemplate":"https:\/\/www.studioimmobiliarefarina.eu\/?s={search_term_string}"},"query-input":"required name=search_term_string"}],"inLanguage":"en-US"},{"@type":"Organization","@id":"https:\/\/www.studioimmobiliarefarina.eu\/#organization","name":"Studio Immobiliare Farina","url":"https:\/\/www.studioimmobiliarefarina.eu\/","logo":{"@type":"ImageObject","inLanguage":"en-US","@id":"https:\/\/www.studioimmobiliarefarina.eu\/#\/schema\/logo\/image\/","url":"https:\/\/www.studioimmobiliarefarina.eu\/wp-content\/uploads\/2022\/10\/Logo-sito-pOSpiccolo.png","contentUrl":"https:\/\/www.studioimmobiliarefarina.eu\/wp-content\/uploads\/2022\/10\/Logo-sito-pOSpiccolo.png","width":328,"height":135,"caption":"Studio Immobiliare Farina"},"image":{"@id":"https:\/\/www.studioimmobiliarefarina.eu\/#\/schema\/logo\/image\/"},"sameAs":["https:\/\/www.facebook.com\/Studio-Immobiliare-Farina-_-gruppofarina-547150035296080\/timeline\/?ref=ts","https:\/\/www.instagram.com\/studio__immobiliare__farina\/"]}]}},"property_meta":{"REAL_HOMES_property_price":"198000","REAL_HOMES_property_old_price":"","REAL_HOMES_property_price_prefix":"","REAL_HOMES_property_price_postfix":"","REAL_HOMES_property_size":"323","REAL_HOMES_property_size_postfix":"mq","REAL_HOMES_property_lot_size":"","REAL_HOMES_property_lot_size_postfix":"","REAL_HOMES_property_bedrooms":"3","REAL_HOMES_property_bathrooms":"2","REAL_HOMES_property_garage":"0","REAL_HOMES_property_id":"V4089","REAL_HOMES_property_year_built":"1800","REAL_HOMES_featured":"0","REAL_HOMES_additional_details_list":[],"REAL_HOMES_property_location":{"latitude":"42.2309388","longitude":"14.390206","zoom":"13"},"REAL_HOMES_property_address":"Via dei Frentani, Sant'Egidio, Borgo, Lanciano, Chieti, Abruzzo, 66034, Italia","REAL_HOMES_property_map":"0","REAL_HOMES_property_images":[{"width":150,"height":150,"file":"2026\/07\/001-1.jpg","filesize":317971,"sizes":{"thumbnail":{"file":"001-1-150x150.jpg","width":150,"height":150,"mime-type":"image\/jpeg","url":"https:\/\/www.studioimmobiliarefarina.eu\/wp-content\/uploads\/2026\/07\/001-1-150x150.jpg"},"medium":{"file":"001-1-300x169.jpg","width":300,"height":169,"mime-type":"image\/jpeg","url":"https:\/\/www.studioimmobiliarefarina.eu\/wp-content\/uploads\/2026\/07\/001-1-300x169.jpg"},"large":{"file":"001-1-1024x576.jpg","width":1024,"height":576,"mime-type":"image\/jpeg","url":"https:\/\/www.studioimmobiliarefarina.eu\/wp-content\/uploads\/2026\/07\/001-1-1024x576.jpg"},"post-featured-image":{"file":"001-1-1150x647.jpg","width":1150,"height":647,"mime-type":"image\/jpeg","url":"https:\/\/www.studioimmobiliarefarina.eu\/wp-content\/uploads\/2026\/07\/001-1-1150x647.jpg"}},"image_meta":{"aperture":"0","credit":"","camera":"","caption":"","created_timestamp":"0","copyright":"","focal_length":"0","iso":"0","shutter_speed":"0","title":"","orientation":"0","keywords":[]},"ID":"66619","name":"001-1.jpg","path":"\/srv\/www\/studioimmobiliarefarina.eu\/wp-content\/uploads\/2026\/07\/001-1.jpg","url":"https:\/\/www.studioimmobiliarefarina.eu\/wp-content\/uploads\/2026\/07\/001-1-150x150.jpg","full_url":"https:\/\/www.studioimmobiliarefarina.eu\/wp-content\/uploads\/2026\/07\/001-1.jpg","title":"001","caption":"","description":"","alt":"","srcset":false},{"width":150,"height":150,"file":"2026\/07\/002-1.jpg","filesize":265871,"sizes":{"thumbnail":{"file":"002-1-150x150.jpg","width":150,"height":150,"mime-type":"image\/jpeg","url":"https:\/\/www.studioimmobiliarefarina.eu\/wp-content\/uploads\/2026\/07\/002-1-150x150.jpg"},"medium":{"file":"002-1-300x169.jpg","width":300,"height":169,"mime-type":"image\/jpeg","url":"https:\/\/www.studioimmobiliarefarina.eu\/wp-content\/uploads\/2026\/07\/002-1-300x169.jpg"},"large":{"file":"002-1-1024x576.jpg","width":1024,"height":576,"mime-type":"image\/jpeg","url":"https:\/\/www.studioimmobiliarefarina.eu\/wp-content\/uploads\/2026\/07\/002-1-1024x576.jpg"},"post-featured-image":{"file":"002-1-1150x647.jpg","width":1150,"height":647,"mime-type":"image\/jpeg","url":"https:\/\/www.studioimmobiliarefarina.eu\/wp-content\/uploads\/2026\/07\/002-1-1150x647.jpg"}},"image_meta":{"aperture":"0","credit":"","camera":"","caption":"","created_timestamp":"0","copyright":"","focal_length":"0","iso":"0","shutter_speed":"0","title":"","orientation":"0","keywords":[]},"ID":"66620","name":"002-1.jpg","path":"\/srv\/www\/studioimmobiliarefarina.eu\/wp-content\/uploads\/2026\/07\/002-1.jpg","url":"https:\/\/www.studioimmobiliarefarina.eu\/wp-content\/uploads\/2026\/07\/002-1-150x150.jpg","full_url":"https:\/\/www.studioimmobiliarefarina.eu\/wp-content\/uploads\/2026\/07\/002-1.jpg","title":"002","caption":"","description":"","alt":"","srcset":false},{"width":150,"height":150,"file":"2026\/07\/003-1.jpg","filesize":333580,"sizes":{"thumbnail":{"file":"003-1-150x150.jpg","width":150,"height":150,"mime-type":"image\/jpeg","url":"https:\/\/www.studioimmobiliarefarina.eu\/wp-content\/uploads\/2026\/07\/003-1-150x150.jpg"},"medium":{"file":"003-1-300x169.jpg","width":300,"height":169,"mime-type":"image\/jpeg","url":"https:\/\/www.studioimmobiliarefarina.eu\/wp-content\/uploads\/2026\/07\/003-1-300x169.jpg"},"large":{"file":"003-1-1024x576.jpg","width":1024,"height":576,"mime-type":"image\/jpeg","url":"https:\/\/www.studioimmobiliarefarina.eu\/wp-content\/uploads\/2026\/07\/003-1-1024x576.jpg"},"post-featured-image":{"file":"003-1-1150x647.jpg","width":1150,"height":647,"mime-type":"image\/jpeg","url":"https:\/\/www.studioimmobiliarefarina.eu\/wp-content\/uploads\/2026\/07\/003-1-1150x647.jpg"}},"image_meta":{"aperture":"0","credit":"","camera":"","caption":"","created_timestamp":"0","copyright":"","focal_length":"0","iso":"0","shutter_speed":"0","title":"","orientation":"0","keywords":[]},"ID":"66621","name":"003-1.jpg","path":"\/srv\/www\/studioimmobiliarefarina.eu\/wp-content\/uploads\/2026\/07\/003-1.jpg","url":"https:\/\/www.studioimmobiliarefarina.eu\/wp-content\/uploads\/2026\/07\/003-1-150x150.jpg","full_url":"https:\/\/www.studioimmobiliarefarina.eu\/wp-content\/uploads\/2026\/07\/003-1.jpg","title":"003","caption":"","description":"","alt":"","srcset":false},{"width":150,"height":150,"file":"2026\/07\/004-1.jpg","filesize":334253,"sizes":{"thumbnail":{"file":"004-1-150x150.jpg","width":150,"height":150,"mime-type":"image\/jpeg","url":"https:\/\/www.studioimmobiliarefarina.eu\/wp-content\/uploads\/2026\/07\/004-1-150x150.jpg"},"medium":{"file":"004-1-300x169.jpg","width":300,"height":169,"mime-type":"image\/jpeg","url":"https:\/\/www.studioimmobiliarefarina.eu\/wp-content\/uploads\/2026\/07\/004-1-300x169.jpg"},"large":{"file":"004-1-1024x576.jpg","width":1024,"height":576,"mime-type":"image\/jpeg","url":"https:\/\/www.studioimmobiliarefarina.eu\/wp-content\/uploads\/2026\/07\/004-1-1024x576.jpg"},"post-featured-image":{"file":"004-1-1150x647.jpg","width":1150,"height":647,"mime-type":"image\/jpeg","url":"https:\/\/www.studioimmobiliarefarina.eu\/wp-content\/uploads\/2026\/07\/004-1-1150x647.jpg"}},"image_meta":{"aperture":"0","credit":"","camera":"","caption":"","created_timestamp":"0","copyright":"","focal_length":"0","iso":"0","shutter_speed":"0","title":"","orientation":"0","keywords":[]},"ID":"66622","name":"004-1.jpg","path":"\/srv\/www\/studioimmobiliarefarina.eu\/wp-content\/uploads\/2026\/07\/004-1.jpg","url":"https:\/\/www.studioimmobiliarefarina.eu\/wp-content\/uploads\/2026\/07\/004-1-150x150.jpg","full_url":"https:\/\/www.studioimmobiliarefarina.eu\/wp-content\/uploads\/2026\/07\/004-1.jpg","title":"004","caption":"","description":"","alt":"","srcset":false},{"width":150,"height":150,"file":"2026\/07\/005-1.jpg","filesize":340217,"sizes":{"thumbnail":{"file":"005-1-150x150.jpg","width":150,"height":150,"mime-type":"image\/jpeg","url":"https:\/\/www.studioimmobiliarefarina.eu\/wp-content\/uploads\/2026\/07\/005-1-150x150.jpg"},"medium":{"file":"005-1-300x169.jpg","width":300,"height":169,"mime-type":"image\/jpeg","url":"https:\/\/www.studioimmobiliarefarina.eu\/wp-content\/uploads\/2026\/07\/005-1-300x169.jpg"},"large":{"file":"005-1-1024x576.jpg","width":1024,"height":576,"mime-type":"image\/jpeg","url":"https:\/\/www.studioimmobiliarefarina.eu\/wp-content\/uploads\/2026\/07\/005-1-1024x576.jpg"},"post-featured-image":{"file":"005-1-1150x647.jpg","width":1150,"height":647,"mime-type":"image\/jpeg","url":"https:\/\/www.studioimmobiliarefarina.eu\/wp-content\/uploads\/2026\/07\/005-1-1150x647.jpg"}},"image_meta":{"aperture":"0","credit":"","camera":"","caption":"","created_timestamp":"0","copyright":"","focal_length":"0","iso":"0","shutter_speed":"0","title":"","orientation":"0","keywords":[]},"ID":"66623","name":"005-1.jpg","path":"\/srv\/www\/studioimmobiliarefarina.eu\/wp-content\/uploads\/2026\/07\/005-1.jpg","url":"https:\/\/www.studioimmobiliarefarina.eu\/wp-content\/uploads\/2026\/07\/005-1-150x150.jpg","full_url":"https:\/\/www.studioimmobiliarefarina.eu\/wp-content\/uploads\/2026\/07\/005-1.jpg","title":"005","caption":"","description":"","alt":"","srcset":false},{"width":150,"height":150,"file":"2026\/07\/006-1.jpg","filesize":324058,"sizes":{"thumbnail":{"file":"006-1-150x150.jpg","width":150,"height":150,"mime-type":"image\/jpeg","url":"https:\/\/www.studioimmobiliarefarina.eu\/wp-content\/uploads\/2026\/07\/006-1-150x150.jpg"},"medium":{"file":"006-1-300x169.jpg","width":300,"height":169,"mime-type":"image\/jpeg","url":"https:\/\/www.studioimmobiliarefarina.eu\/wp-content\/uploads\/2026\/07\/006-1-300x169.jpg"},"large":{"file":"006-1-1024x576.jpg","width":1024,"height":576,"mime-type":"image\/jpeg","url":"https:\/\/www.studioimmobiliarefarina.eu\/wp-content\/uploads\/2026\/07\/006-1-1024x576.jpg"},"post-featured-image":{"file":"006-1-1150x647.jpg","width":1150,"height":647,"mime-type":"image\/jpeg","url":"https:\/\/www.studioimmobiliarefarina.eu\/wp-content\/uploads\/2026\/07\/006-1-1150x647.jpg"}},"image_meta":{"aperture":"0","credit":"","camera":"","caption":"","created_timestamp":"0","copyright":"","focal_length":"0","iso":"0","shutter_speed":"0","title":"","orientation":"0","keywords":[]},"ID":"66624","name":"006-1.jpg","path":"\/srv\/www\/studioimmobiliarefarina.eu\/wp-content\/uploads\/2026\/07\/006-1.jpg","url":"https:\/\/www.studioimmobiliarefarina.eu\/wp-content\/uploads\/2026\/07\/006-1-150x150.jpg","full_url":"https:\/\/www.studioimmobiliarefarina.eu\/wp-content\/uploads\/2026\/07\/006-1.jpg","title":"006","caption":"","description":"","alt":"","srcset":false},{"width":150,"height":150,"file":"2026\/07\/007-1.jpg","filesize":150081,"sizes":{"thumbnail":{"file":"007-1-150x150.jpg","width":150,"height":150,"mime-type":"image\/jpeg","url":"https:\/\/www.studioimmobiliarefarina.eu\/wp-content\/uploads\/2026\/07\/007-1-150x150.jpg"},"medium":{"file":"007-1-300x169.jpg","width":300,"height":169,"mime-type":"image\/jpeg","url":"https:\/\/www.studioimmobiliarefarina.eu\/wp-content\/uploads\/2026\/07\/007-1-300x169.jpg"},"large":{"file":"007-1-1024x576.jpg","width":1024,"height":576,"mime-type":"image\/jpeg","url":"https:\/\/www.studioimmobiliarefarina.eu\/wp-content\/uploads\/2026\/07\/007-1-1024x576.jpg"},"post-featured-image":{"file":"007-1-1150x647.jpg","width":1150,"height":647,"mime-type":"image\/jpeg","url":"https:\/\/www.studioimmobiliarefarina.eu\/wp-content\/uploads\/2026\/07\/007-1-1150x647.jpg"}},"image_meta":{"aperture":"0","credit":"","camera":"","caption":"","created_timestamp":"0","copyright":"","focal_length":"0","iso":"0","shutter_speed":"0","title":"","orientation":"0","keywords":[]},"ID":"66625","name":"007-1.jpg","path":"\/srv\/www\/studioimmobiliarefarina.eu\/wp-content\/uploads\/2026\/07\/007-1.jpg","url":"https:\/\/www.studioimmobiliarefarina.eu\/wp-content\/uploads\/2026\/07\/007-1-150x150.jpg","full_url":"https:\/\/www.studioimmobiliarefarina.eu\/wp-content\/uploads\/2026\/07\/007-1.jpg","title":"007","caption":"","description":"","alt":"","srcset":false},{"width":150,"height":150,"file":"2026\/07\/008-1.jpg","filesize":125187,"sizes":{"thumbnail":{"file":"008-1-150x150.jpg","width":150,"height":150,"mime-type":"image\/jpeg","url":"https:\/\/www.studioimmobiliarefarina.eu\/wp-content\/uploads\/2026\/07\/008-1-150x150.jpg"},"medium":{"file":"008-1-300x169.jpg","width":300,"height":169,"mime-type":"image\/jpeg","url":"https:\/\/www.studioimmobiliarefarina.eu\/wp-content\/uploads\/2026\/07\/008-1-300x169.jpg"},"large":{"file":"008-1-1024x576.jpg","width":1024,"height":576,"mime-type":"image\/jpeg","url":"https:\/\/www.studioimmobiliarefarina.eu\/wp-content\/uploads\/2026\/07\/008-1-1024x576.jpg"},"post-featured-image":{"file":"008-1-1150x647.jpg","width":1150,"height":647,"mime-type":"image\/jpeg","url":"https:\/\/www.studioimmobiliarefarina.eu\/wp-content\/uploads\/2026\/07\/008-1-1150x647.jpg"}},"image_meta":{"aperture":"0","credit":"","camera":"","caption":"","created_timestamp":"0","copyright":"","focal_length":"0","iso":"0","shutter_speed":"0","title":"","orientation":"0","keywords":[]},"ID":"66626","name":"008-1.jpg","path":"\/srv\/www\/studioimmobiliarefarina.eu\/wp-content\/uploads\/2026\/07\/008-1.jpg","url":"https:\/\/www.studioimmobiliarefarina.eu\/wp-content\/uploads\/2026\/07\/008-1-150x150.jpg","full_url":"https:\/\/www.studioimmobiliarefarina.eu\/wp-content\/uploads\/2026\/07\/008-1.jpg","title":"008","caption":"","description":"","alt":"","srcset":false},{"width":150,"height":150,"file":"2026\/07\/009-1.jpg","filesize":169394,"sizes":{"thumbnail":{"file":"009-1-150x150.jpg","width":150,"height":150,"mime-type":"image\/jpeg","url":"https:\/\/www.studioimmobiliarefarina.eu\/wp-content\/uploads\/2026\/07\/009-1-150x150.jpg"},"medium":{"file":"009-1-300x169.jpg","width":300,"height":169,"mime-type":"image\/jpeg","url":"https:\/\/www.studioimmobiliarefarina.eu\/wp-content\/uploads\/2026\/07\/009-1-300x169.jpg"},"large":{"file":"009-1-1024x576.jpg","width":1024,"height":576,"mime-type":"image\/jpeg","url":"https:\/\/www.studioimmobiliarefarina.eu\/wp-content\/uploads\/2026\/07\/009-1-1024x576.jpg"},"post-featured-image":{"file":"009-1-1150x647.jpg","width":1150,"height":647,"mime-type":"image\/jpeg","url":"https:\/\/www.studioimmobiliarefarina.eu\/wp-content\/uploads\/2026\/07\/009-1-1150x647.jpg"}},"image_meta":{"aperture":"0","credit":"","camera":"","caption":"","created_timestamp":"0","copyright":"","focal_length":"0","iso":"0","shutter_speed":"0","title":"","orientation":"0","keywords":[]},"ID":"66627","name":"009-1.jpg","path":"\/srv\/www\/studioimmobiliarefarina.eu\/wp-content\/uploads\/2026\/07\/009-1.jpg","url":"https:\/\/www.studioimmobiliarefarina.eu\/wp-content\/uploads\/2026\/07\/009-1-150x150.jpg","full_url":"https:\/\/www.studioimmobiliarefarina.eu\/wp-content\/uploads\/2026\/07\/009-1.jpg","title":"009","caption":"","description":"","alt":"","srcset":false},{"width":150,"height":150,"file":"2026\/07\/010-1.jpg","filesize":162723,"sizes":{"thumbnail":{"file":"010-1-150x150.jpg","width":150,"height":150,"mime-type":"image\/jpeg","url":"https:\/\/www.studioimmobiliarefarina.eu\/wp-content\/uploads\/2026\/07\/010-1-150x150.jpg"},"medium":{"file":"010-1-300x169.jpg","width":300,"height":169,"mime-type":"image\/jpeg","url":"https:\/\/www.studioimmobiliarefarina.eu\/wp-content\/uploads\/2026\/07\/010-1-300x169.jpg"},"large":{"file":"010-1-1024x576.jpg","width":1024,"height":576,"mime-type":"image\/jpeg","url":"https:\/\/www.studioimmobiliarefarina.eu\/wp-content\/uploads\/2026\/07\/010-1-1024x576.jpg"},"post-featured-image":{"file":"010-1-1150x647.jpg","width":1150,"height":647,"mime-type":"image\/jpeg","url":"https:\/\/www.studioimmobiliarefarina.eu\/wp-content\/uploads\/2026\/07\/010-1-1150x647.jpg"}},"image_meta":{"aperture":"0","credit":"","camera":"","caption":"","created_timestamp":"0","copyright":"","focal_length":"0","iso":"0","shutter_speed":"0","title":"","orientation":"0","keywords":[]},"ID":"66628","name":"010-1.jpg","path":"\/srv\/www\/studioimmobiliarefarina.eu\/wp-content\/uploads\/2026\/07\/010-1.jpg","url":"https:\/\/www.studioimmobiliarefarina.eu\/wp-content\/uploads\/2026\/07\/010-1-150x150.jpg","full_url":"https:\/\/www.studioimmobiliarefarina.eu\/wp-content\/uploads\/2026\/07\/010-1.jpg","title":"010","caption":"","description":"","alt":"","srcset":false},{"width":150,"height":150,"file":"2026\/07\/011-1.jpg","filesize":168520,"sizes":{"thumbnail":{"file":"011-1-150x150.jpg","width":150,"height":150,"mime-type":"image\/jpeg","url":"https:\/\/www.studioimmobiliarefarina.eu\/wp-content\/uploads\/2026\/07\/011-1-150x150.jpg"},"medium":{"file":"011-1-300x169.jpg","width":300,"height":169,"mime-type":"image\/jpeg","url":"https:\/\/www.studioimmobiliarefarina.eu\/wp-content\/uploads\/2026\/07\/011-1-300x169.jpg"},"large":{"file":"011-1-1024x576.jpg","width":1024,"height":576,"mime-type":"image\/jpeg","url":"https:\/\/www.studioimmobiliarefarina.eu\/wp-content\/uploads\/2026\/07\/011-1-1024x576.jpg"},"post-featured-image":{"file":"011-1-1150x647.jpg","width":1150,"height":647,"mime-type":"image\/jpeg","url":"https:\/\/www.studioimmobiliarefarina.eu\/wp-content\/uploads\/2026\/07\/011-1-1150x647.jpg"}},"image_meta":{"aperture":"0","credit":"","camera":"","caption":"","created_timestamp":"0","copyright":"","focal_length":"0","iso":"0","shutter_speed":"0","title":"","orientation":"0","keywords":[]},"ID":"66629","name":"011-1.jpg","path":"\/srv\/www\/studioimmobiliarefarina.eu\/wp-content\/uploads\/2026\/07\/011-1.jpg","url":"https:\/\/www.studioimmobiliarefarina.eu\/wp-content\/uploads\/2026\/07\/011-1-150x150.jpg","full_url":"https:\/\/www.studioimmobiliarefarina.eu\/wp-content\/uploads\/2026\/07\/011-1.jpg","title":"011","caption":"","description":"","alt":"","srcset":false},{"width":150,"height":150,"file":"2026\/07\/012-1.jpg","filesize":172431,"sizes":{"thumbnail":{"file":"012-1-150x150.jpg","width":150,"height":150,"mime-type":"image\/jpeg","url":"https:\/\/www.studioimmobiliarefarina.eu\/wp-content\/uploads\/2026\/07\/012-1-150x150.jpg"},"medium":{"file":"012-1-300x169.jpg","width":300,"height":169,"mime-type":"image\/jpeg","url":"https:\/\/www.studioimmobiliarefarina.eu\/wp-content\/uploads\/2026\/07\/012-1-300x169.jpg"},"large":{"file":"012-1-1024x576.jpg","width":1024,"height":576,"mime-type":"image\/jpeg","url":"https:\/\/www.studioimmobiliarefarina.eu\/wp-content\/uploads\/2026\/07\/012-1-1024x576.jpg"},"post-featured-image":{"file":"012-1-1150x647.jpg","width":1150,"height":647,"mime-type":"image\/jpeg","url":"https:\/\/www.studioimmobiliarefarina.eu\/wp-content\/uploads\/2026\/07\/012-1-1150x647.jpg"}},"image_meta":{"aperture":"0","credit":"","camera":"","caption":"","created_timestamp":"0","copyright":"","focal_length":"0","iso":"0","shutter_speed":"0","title":"","orientation":"0","keywords":[]},"ID":"66630","name":"012-1.jpg","path":"\/srv\/www\/studioimmobiliarefarina.eu\/wp-content\/uploads\/2026\/07\/012-1.jpg","url":"https:\/\/www.studioimmobiliarefarina.eu\/wp-content\/uploads\/2026\/07\/012-1-150x150.jpg","full_url":"https:\/\/www.studioimmobiliarefarina.eu\/wp-content\/uploads\/2026\/07\/012-1.jpg","title":"012","caption":"","description":"","alt":"","srcset":false},{"width":150,"height":150,"file":"2026\/07\/013-1.jpg","filesize":174037,"sizes":{"thumbnail":{"file":"013-1-150x150.jpg","width":150,"height":150,"mime-type":"image\/jpeg","url":"https:\/\/www.studioimmobiliarefarina.eu\/wp-content\/uploads\/2026\/07\/013-1-150x150.jpg"},"medium":{"file":"013-1-300x169.jpg","width":300,"height":169,"mime-type":"image\/jpeg","url":"https:\/\/www.studioimmobiliarefarina.eu\/wp-content\/uploads\/2026\/07\/013-1-300x169.jpg"},"large":{"file":"013-1-1024x576.jpg","width":1024,"height":576,"mime-type":"image\/jpeg","url":"https:\/\/www.studioimmobiliarefarina.eu\/wp-content\/uploads\/2026\/07\/013-1-1024x576.jpg"},"post-featured-image":{"file":"013-1-1150x647.jpg","width":1150,"height":647,"mime-type":"image\/jpeg","url":"https:\/\/www.studioimmobiliarefarina.eu\/wp-content\/uploads\/2026\/07\/013-1-1150x647.jpg"}},"image_meta":{"aperture":"0","credit":"","camera":"","caption":"","created_timestamp":"0","copyright":"","focal_length":"0","iso":"0","shutter_speed":"0","title":"","orientation":"0","keywords":[]},"ID":"66631","name":"013-1.jpg","path":"\/srv\/www\/studioimmobiliarefarina.eu\/wp-content\/uploads\/2026\/07\/013-1.jpg","url":"https:\/\/www.studioimmobiliarefarina.eu\/wp-content\/uploads\/2026\/07\/013-1-150x150.jpg","full_url":"https:\/\/www.studioimmobiliarefarina.eu\/wp-content\/uploads\/2026\/07\/013-1.jpg","title":"013","caption":"","description":"","alt":"","srcset":false},{"width":150,"height":150,"file":"2026\/07\/014-1.jpg","filesize":129428,"sizes":{"thumbnail":{"file":"014-1-150x150.jpg","width":150,"height":150,"mime-type":"image\/jpeg","url":"https:\/\/www.studioimmobiliarefarina.eu\/wp-content\/uploads\/2026\/07\/014-1-150x150.jpg"},"medium":{"file":"014-1-300x169.jpg","width":300,"height":169,"mime-type":"image\/jpeg","url":"https:\/\/www.studioimmobiliarefarina.eu\/wp-content\/uploads\/2026\/07\/014-1-300x169.jpg"},"large":{"file":"014-1-1024x576.jpg","width":1024,"height":576,"mime-type":"image\/jpeg","url":"https:\/\/www.studioimmobiliarefarina.eu\/wp-content\/uploads\/2026\/07\/014-1-1024x576.jpg"},"post-featured-image":{"file":"014-1-1150x647.jpg","width":1150,"height":647,"mime-type":"image\/jpeg","url":"https:\/\/www.studioimmobiliarefarina.eu\/wp-content\/uploads\/2026\/07\/014-1-1150x647.jpg"}},"image_meta":{"aperture":"0","credit":"","camera":"","caption":"","created_timestamp":"0","copyright":"","focal_length":"0","iso":"0","shutter_speed":"0","title":"","orientation":"0","keywords":[]},"ID":"66632","name":"014-1.jpg","path":"\/srv\/www\/studioimmobiliarefarina.eu\/wp-content\/uploads\/2026\/07\/014-1.jpg","url":"https:\/\/www.studioimmobiliarefarina.eu\/wp-content\/uploads\/2026\/07\/014-1-150x150.jpg","full_url":"https:\/\/www.studioimmobiliarefarina.eu\/wp-content\/uploads\/2026\/07\/014-1.jpg","title":"014","caption":"","description":"","alt":"","srcset":false},{"width":150,"height":150,"file":"2026\/07\/015-1.jpg","filesize":193163,"sizes":{"thumbnail":{"file":"015-1-150x150.jpg","width":150,"height":150,"mime-type":"image\/jpeg","url":"https:\/\/www.studioimmobiliarefarina.eu\/wp-content\/uploads\/2026\/07\/015-1-150x150.jpg"},"medium":{"file":"015-1-300x169.jpg","width":300,"height":169,"mime-type":"image\/jpeg","url":"https:\/\/www.studioimmobiliarefarina.eu\/wp-content\/uploads\/2026\/07\/015-1-300x169.jpg"},"large":{"file":"015-1-1024x576.jpg","width":1024,"height":576,"mime-type":"image\/jpeg","url":"https:\/\/www.studioimmobiliarefarina.eu\/wp-content\/uploads\/2026\/07\/015-1-1024x576.jpg"},"post-featured-image":{"file":"015-1-1150x647.jpg","width":1150,"height":647,"mime-type":"image\/jpeg","url":"https:\/\/www.studioimmobiliarefarina.eu\/wp-content\/uploads\/2026\/07\/015-1-1150x647.jpg"}},"image_meta":{"aperture":"0","credit":"","camera":"","caption":"","created_timestamp":"0","copyright":"","focal_length":"0","iso":"0","shutter_speed":"0","title":"","orientation":"0","keywords":[]},"ID":"66633","name":"015-1.jpg","path":"\/srv\/www\/studioimmobiliarefarina.eu\/wp-content\/uploads\/2026\/07\/015-1.jpg","url":"https:\/\/www.studioimmobiliarefarina.eu\/wp-content\/uploads\/2026\/07\/015-1-150x150.jpg","full_url":"https:\/\/www.studioimmobiliarefarina.eu\/wp-content\/uploads\/2026\/07\/015-1.jpg","title":"015","caption":"","description":"","alt":"","srcset":false},{"width":150,"height":150,"file":"2026\/07\/016-1.jpg","filesize":164586,"sizes":{"thumbnail":{"file":"016-1-150x150.jpg","width":150,"height":150,"mime-type":"image\/jpeg","url":"https:\/\/www.studioimmobiliarefarina.eu\/wp-content\/uploads\/2026\/07\/016-1-150x150.jpg"},"medium":{"file":"016-1-300x169.jpg","width":300,"height":169,"mime-type":"image\/jpeg","url":"https:\/\/www.studioimmobiliarefarina.eu\/wp-content\/uploads\/2026\/07\/016-1-300x169.jpg"},"large":{"file":"016-1-1024x576.jpg","width":1024,"height":576,"mime-type":"image\/jpeg","url":"https:\/\/www.studioimmobiliarefarina.eu\/wp-content\/uploads\/2026\/07\/016-1-1024x576.jpg"},"post-featured-image":{"file":"016-1-1150x647.jpg","width":1150,"height":647,"mime-type":"image\/jpeg","url":"https:\/\/www.studioimmobiliarefarina.eu\/wp-content\/uploads\/2026\/07\/016-1-1150x647.jpg"}},"image_meta":{"aperture":"0","credit":"","camera":"","caption":"","created_timestamp":"0","copyright":"","focal_length":"0","iso":"0","shutter_speed":"0","title":"","orientation":"0","keywords":[]},"ID":"66634","name":"016-1.jpg","path":"\/srv\/www\/studioimmobiliarefarina.eu\/wp-content\/uploads\/2026\/07\/016-1.jpg","url":"https:\/\/www.studioimmobiliarefarina.eu\/wp-content\/uploads\/2026\/07\/016-1-150x150.jpg","full_url":"https:\/\/www.studioimmobiliarefarina.eu\/wp-content\/uploads\/2026\/07\/016-1.jpg","title":"016","caption":"","description":"","alt":"","srcset":false},{"width":150,"height":150,"file":"2026\/07\/017-1.jpg","filesize":185843,"sizes":{"thumbnail":{"file":"017-1-150x150.jpg","width":150,"height":150,"mime-type":"image\/jpeg","url":"https:\/\/www.studioimmobiliarefarina.eu\/wp-content\/uploads\/2026\/07\/017-1-150x150.jpg"},"medium":{"file":"017-1-300x169.jpg","width":300,"height":169,"mime-type":"image\/jpeg","url":"https:\/\/www.studioimmobiliarefarina.eu\/wp-content\/uploads\/2026\/07\/017-1-300x169.jpg"},"large":{"file":"017-1-1024x576.jpg","width":1024,"height":576,"mime-type":"image\/jpeg","url":"https:\/\/www.studioimmobiliarefarina.eu\/wp-content\/uploads\/2026\/07\/017-1-1024x576.jpg"},"post-featured-image":{"file":"017-1-1150x647.jpg","width":1150,"height":647,"mime-type":"image\/jpeg","url":"https:\/\/www.studioimmobiliarefarina.eu\/wp-content\/uploads\/2026\/07\/017-1-1150x647.jpg"}},"image_meta":{"aperture":"0","credit":"","camera":"","caption":"","created_timestamp":"0","copyright":"","focal_length":"0","iso":"0","shutter_speed":"0","title":"","orientation":"0","keywords":[]},"ID":"66635","name":"017-1.jpg","path":"\/srv\/www\/studioimmobiliarefarina.eu\/wp-content\/uploads\/2026\/07\/017-1.jpg","url":"https:\/\/www.studioimmobiliarefarina.eu\/wp-content\/uploads\/2026\/07\/017-1-150x150.jpg","full_url":"https:\/\/www.studioimmobiliarefarina.eu\/wp-content\/uploads\/2026\/07\/017-1.jpg","title":"017","caption":"","description":"","alt":"","srcset":false},{"width":150,"height":150,"file":"2026\/07\/018-1.jpg","filesize":196587,"sizes":{"thumbnail":{"file":"018-1-150x150.jpg","width":150,"height":150,"mime-type":"image\/jpeg","url":"https:\/\/www.studioimmobiliarefarina.eu\/wp-content\/uploads\/2026\/07\/018-1-150x150.jpg"},"medium":{"file":"018-1-300x169.jpg","width":300,"height":169,"mime-type":"image\/jpeg","url":"https:\/\/www.studioimmobiliarefarina.eu\/wp-content\/uploads\/2026\/07\/018-1-300x169.jpg"},"large":{"file":"018-1-1024x576.jpg","width":1024,"height":576,"mime-type":"image\/jpeg","url":"https:\/\/www.studioimmobiliarefarina.eu\/wp-content\/uploads\/2026\/07\/018-1-1024x576.jpg"},"post-featured-image":{"file":"018-1-1150x647.jpg","width":1150,"height":647,"mime-type":"image\/jpeg","url":"https:\/\/www.studioimmobiliarefarina.eu\/wp-content\/uploads\/2026\/07\/018-1-1150x647.jpg"}},"image_meta":{"aperture":"0","credit":"","camera":"","caption":"","created_timestamp":"0","copyright":"","focal_length":"0","iso":"0","shutter_speed":"0","title":"","orientation":"0","keywords":[]},"ID":"66636","name":"018-1.jpg","path":"\/srv\/www\/studioimmobiliarefarina.eu\/wp-content\/uploads\/2026\/07\/018-1.jpg","url":"https:\/\/www.studioimmobiliarefarina.eu\/wp-content\/uploads\/2026\/07\/018-1-150x150.jpg","full_url":"https:\/\/www.studioimmobiliarefarina.eu\/wp-content\/uploads\/2026\/07\/018-1.jpg","title":"018","caption":"","description":"","alt":"","srcset":false},{"width":150,"height":150,"file":"2026\/07\/019-1.jpg","filesize":169256,"sizes":{"thumbnail":{"file":"019-1-150x150.jpg","width":150,"height":150,"mime-type":"image\/jpeg","url":"https:\/\/www.studioimmobiliarefarina.eu\/wp-content\/uploads\/2026\/07\/019-1-150x150.jpg"},"medium":{"file":"019-1-300x169.jpg","width":300,"height":169,"mime-type":"image\/jpeg","url":"https:\/\/www.studioimmobiliarefarina.eu\/wp-content\/uploads\/2026\/07\/019-1-300x169.jpg"},"large":{"file":"019-1-1024x576.jpg","width":1024,"height":576,"mime-type":"image\/jpeg","url":"https:\/\/www.studioimmobiliarefarina.eu\/wp-content\/uploads\/2026\/07\/019-1-1024x576.jpg"},"post-featured-image":{"file":"019-1-1150x647.jpg","width":1150,"height":647,"mime-type":"image\/jpeg","url":"https:\/\/www.studioimmobiliarefarina.eu\/wp-content\/uploads\/2026\/07\/019-1-1150x647.jpg"}},"image_meta":{"aperture":"0","credit":"","camera":"","caption":"","created_timestamp":"0","copyright":"","focal_length":"0","iso":"0","shutter_speed":"0","title":"","orientation":"0","keywords":[]},"ID":"66637","name":"019-1.jpg","path":"\/srv\/www\/studioimmobiliarefarina.eu\/wp-content\/uploads\/2026\/07\/019-1.jpg","url":"https:\/\/www.studioimmobiliarefarina.eu\/wp-content\/uploads\/2026\/07\/019-1-150x150.jpg","full_url":"https:\/\/www.studioimmobiliarefarina.eu\/wp-content\/uploads\/2026\/07\/019-1.jpg","title":"019","caption":"","description":"","alt":"","srcset":false},{"width":150,"height":150,"file":"2026\/07\/020-1.jpg","filesize":157347,"sizes":{"thumbnail":{"file":"020-1-150x150.jpg","width":150,"height":150,"mime-type":"image\/jpeg","url":"https:\/\/www.studioimmobiliarefarina.eu\/wp-content\/uploads\/2026\/07\/020-1-150x150.jpg"},"medium":{"file":"020-1-300x169.jpg","width":300,"height":169,"mime-type":"image\/jpeg","url":"https:\/\/www.studioimmobiliarefarina.eu\/wp-content\/uploads\/2026\/07\/020-1-300x169.jpg"},"large":{"file":"020-1-1024x576.jpg","width":1024,"height":576,"mime-type":"image\/jpeg","url":"https:\/\/www.studioimmobiliarefarina.eu\/wp-content\/uploads\/2026\/07\/020-1-1024x576.jpg"},"post-featured-image":{"file":"020-1-1150x647.jpg","width":1150,"height":647,"mime-type":"image\/jpeg","url":"https:\/\/www.studioimmobiliarefarina.eu\/wp-content\/uploads\/2026\/07\/020-1-1150x647.jpg"}},"image_meta":{"aperture":"0","credit":"","camera":"","caption":"","created_timestamp":"0","copyright":"","focal_length":"0","iso":"0","shutter_speed":"0","title":"","orientation":"0","keywords":[]},"ID":"66638","name":"020-1.jpg","path":"\/srv\/www\/studioimmobiliarefarina.eu\/wp-content\/uploads\/2026\/07\/020-1.jpg","url":"https:\/\/www.studioimmobiliarefarina.eu\/wp-content\/uploads\/2026\/07\/020-1-150x150.jpg","full_url":"https:\/\/www.studioimmobiliarefarina.eu\/wp-content\/uploads\/2026\/07\/020-1.jpg","title":"020","caption":"","description":"","alt":"","srcset":false},{"width":150,"height":150,"file":"2026\/07\/021-1.jpg","filesize":183736,"sizes":{"thumbnail":{"file":"021-1-150x150.jpg","width":150,"height":150,"mime-type":"image\/jpeg","url":"https:\/\/www.studioimmobiliarefarina.eu\/wp-content\/uploads\/2026\/07\/021-1-150x150.jpg"},"medium":{"file":"021-1-300x169.jpg","width":300,"height":169,"mime-type":"image\/jpeg","url":"https:\/\/www.studioimmobiliarefarina.eu\/wp-content\/uploads\/2026\/07\/021-1-300x169.jpg"},"large":{"file":"021-1-1024x576.jpg","width":1024,"height":576,"mime-type":"image\/jpeg","url":"https:\/\/www.studioimmobiliarefarina.eu\/wp-content\/uploads\/2026\/07\/021-1-1024x576.jpg"},"post-featured-image":{"file":"021-1-1150x647.jpg","width":1150,"height":647,"mime-type":"image\/jpeg","url":"https:\/\/www.studioimmobiliarefarina.eu\/wp-content\/uploads\/2026\/07\/021-1-1150x647.jpg"}},"image_meta":{"aperture":"0","credit":"","camera":"","caption":"","created_timestamp":"0","copyright":"","focal_length":"0","iso":"0","shutter_speed":"0","title":"","orientation":"0","keywords":[]},"ID":"66639","name":"021-1.jpg","path":"\/srv\/www\/studioimmobiliarefarina.eu\/wp-content\/uploads\/2026\/07\/021-1.jpg","url":"https:\/\/www.studioimmobiliarefarina.eu\/wp-content\/uploads\/2026\/07\/021-1-150x150.jpg","full_url":"https:\/\/www.studioimmobiliarefarina.eu\/wp-content\/uploads\/2026\/07\/021-1.jpg","title":"021","caption":"","description":"","alt":"","srcset":false},{"width":150,"height":150,"file":"2026\/07\/022-1.jpg","filesize":169503,"sizes":{"thumbnail":{"file":"022-1-150x150.jpg","width":150,"height":150,"mime-type":"image\/jpeg","url":"https:\/\/www.studioimmobiliarefarina.eu\/wp-content\/uploads\/2026\/07\/022-1-150x150.jpg"},"medium":{"file":"022-1-300x169.jpg","width":300,"height":169,"mime-type":"image\/jpeg","url":"https:\/\/www.studioimmobiliarefarina.eu\/wp-content\/uploads\/2026\/07\/022-1-300x169.jpg"},"large":{"file":"022-1-1024x576.jpg","width":1024,"height":576,"mime-type":"image\/jpeg","url":"https:\/\/www.studioimmobiliarefarina.eu\/wp-content\/uploads\/2026\/07\/022-1-1024x576.jpg"},"post-featured-image":{"file":"022-1-1150x647.jpg","width":1150,"height":647,"mime-type":"image\/jpeg","url":"https:\/\/www.studioimmobiliarefarina.eu\/wp-content\/uploads\/2026\/07\/022-1-1150x647.jpg"}},"image_meta":{"aperture":"0","credit":"","camera":"","caption":"","created_timestamp":"0","copyright":"","focal_length":"0","iso":"0","shutter_speed":"0","title":"","orientation":"0","keywords":[]},"ID":"66640","name":"022-1.jpg","path":"\/srv\/www\/studioimmobiliarefarina.eu\/wp-content\/uploads\/2026\/07\/022-1.jpg","url":"https:\/\/www.studioimmobiliarefarina.eu\/wp-content\/uploads\/2026\/07\/022-1-150x150.jpg","full_url":"https:\/\/www.studioimmobiliarefarina.eu\/wp-content\/uploads\/2026\/07\/022-1.jpg","title":"022","caption":"","description":"","alt":"","srcset":false},{"width":150,"height":150,"file":"2026\/07\/023-1.jpg","filesize":179048,"sizes":{"thumbnail":{"file":"023-1-150x150.jpg","width":150,"height":150,"mime-type":"image\/jpeg","url":"https:\/\/www.studioimmobiliarefarina.eu\/wp-content\/uploads\/2026\/07\/023-1-150x150.jpg"},"medium":{"file":"023-1-300x169.jpg","width":300,"height":169,"mime-type":"image\/jpeg","url":"https:\/\/www.studioimmobiliarefarina.eu\/wp-content\/uploads\/2026\/07\/023-1-300x169.jpg"},"large":{"file":"023-1-1024x576.jpg","width":1024,"height":576,"mime-type":"image\/jpeg","url":"https:\/\/www.studioimmobiliarefarina.eu\/wp-content\/uploads\/2026\/07\/023-1-1024x576.jpg"},"post-featured-image":{"file":"023-1-1150x647.jpg","width":1150,"height":647,"mime-type":"image\/jpeg","url":"https:\/\/www.studioimmobiliarefarina.eu\/wp-content\/uploads\/2026\/07\/023-1-1150x647.jpg"}},"image_meta":{"aperture":"0","credit":"","camera":"","caption":"","created_timestamp":"0","copyright":"","focal_length":"0","iso":"0","shutter_speed":"0","title":"","orientation":"0","keywords":[]},"ID":"66641","name":"023-1.jpg","path":"\/srv\/www\/studioimmobiliarefarina.eu\/wp-content\/uploads\/2026\/07\/023-1.jpg","url":"https:\/\/www.studioimmobiliarefarina.eu\/wp-content\/uploads\/2026\/07\/023-1-150x150.jpg","full_url":"https:\/\/www.studioimmobiliarefarina.eu\/wp-content\/uploads\/2026\/07\/023-1.jpg","title":"023","caption":"","description":"","alt":"","srcset":false},{"width":150,"height":150,"file":"2026\/07\/024-1.jpg","filesize":146545,"sizes":{"thumbnail":{"file":"024-1-150x150.jpg","width":150,"height":150,"mime-type":"image\/jpeg","url":"https:\/\/www.studioimmobiliarefarina.eu\/wp-content\/uploads\/2026\/07\/024-1-150x150.jpg"},"medium":{"file":"024-1-300x169.jpg","width":300,"height":169,"mime-type":"image\/jpeg","url":"https:\/\/www.studioimmobiliarefarina.eu\/wp-content\/uploads\/2026\/07\/024-1-300x169.jpg"},"large":{"file":"024-1-1024x576.jpg","width":1024,"height":576,"mime-type":"image\/jpeg","url":"https:\/\/www.studioimmobiliarefarina.eu\/wp-content\/uploads\/2026\/07\/024-1-1024x576.jpg"},"post-featured-image":{"file":"024-1-1150x647.jpg","width":1150,"height":647,"mime-type":"image\/jpeg","url":"https:\/\/www.studioimmobiliarefarina.eu\/wp-content\/uploads\/2026\/07\/024-1-1150x647.jpg"}},"image_meta":{"aperture":"0","credit":"","camera":"","caption":"","created_timestamp":"0","copyright":"","focal_length":"0","iso":"0","shutter_speed":"0","title":"","orientation":"0","keywords":[]},"ID":"66642","name":"024-1.jpg","path":"\/srv\/www\/studioimmobiliarefarina.eu\/wp-content\/uploads\/2026\/07\/024-1.jpg","url":"https:\/\/www.studioimmobiliarefarina.eu\/wp-content\/uploads\/2026\/07\/024-1-150x150.jpg","full_url":"https:\/\/www.studioimmobiliarefarina.eu\/wp-content\/uploads\/2026\/07\/024-1.jpg","title":"024","caption":"","description":"","alt":"","srcset":false},{"width":150,"height":150,"file":"2026\/07\/025-1.jpg","filesize":111255,"sizes":{"thumbnail":{"file":"025-1-150x150.jpg","width":150,"height":150,"mime-type":"image\/jpeg","url":"https:\/\/www.studioimmobiliarefarina.eu\/wp-content\/uploads\/2026\/07\/025-1-150x150.jpg"},"medium":{"file":"025-1-300x169.jpg","width":300,"height":169,"mime-type":"image\/jpeg","url":"https:\/\/www.studioimmobiliarefarina.eu\/wp-content\/uploads\/2026\/07\/025-1-300x169.jpg"},"large":{"file":"025-1-1024x576.jpg","width":1024,"height":576,"mime-type":"image\/jpeg","url":"https:\/\/www.studioimmobiliarefarina.eu\/wp-content\/uploads\/2026\/07\/025-1-1024x576.jpg"},"post-featured-image":{"file":"025-1-1150x647.jpg","width":1150,"height":647,"mime-type":"image\/jpeg","url":"https:\/\/www.studioimmobiliarefarina.eu\/wp-content\/uploads\/2026\/07\/025-1-1150x647.jpg"}},"image_meta":{"aperture":"0","credit":"","camera":"","caption":"","created_timestamp":"0","copyright":"","focal_length":"0","iso":"0","shutter_speed":"0","title":"","orientation":"0","keywords":[]},"ID":"66643","name":"025-1.jpg","path":"\/srv\/www\/studioimmobiliarefarina.eu\/wp-content\/uploads\/2026\/07\/025-1.jpg","url":"https:\/\/www.studioimmobiliarefarina.eu\/wp-content\/uploads\/2026\/07\/025-1-150x150.jpg","full_url":"https:\/\/www.studioimmobiliarefarina.eu\/wp-content\/uploads\/2026\/07\/025-1.jpg","title":"025","caption":"","description":"","alt":"","srcset":false},{"width":150,"height":150,"file":"2026\/07\/026-1.jpg","filesize":184677,"sizes":{"thumbnail":{"file":"026-1-150x150.jpg","width":150,"height":150,"mime-type":"image\/jpeg","url":"https:\/\/www.studioimmobiliarefarina.eu\/wp-content\/uploads\/2026\/07\/026-1-150x150.jpg"},"medium":{"file":"026-1-300x169.jpg","width":300,"height":169,"mime-type":"image\/jpeg","url":"https:\/\/www.studioimmobiliarefarina.eu\/wp-content\/uploads\/2026\/07\/026-1-300x169.jpg"},"large":{"file":"026-1-1024x576.jpg","width":1024,"height":576,"mime-type":"image\/jpeg","url":"https:\/\/www.studioimmobiliarefarina.eu\/wp-content\/uploads\/2026\/07\/026-1-1024x576.jpg"},"post-featured-image":{"file":"026-1-1150x647.jpg","width":1150,"height":647,"mime-type":"image\/jpeg","url":"https:\/\/www.studioimmobiliarefarina.eu\/wp-content\/uploads\/2026\/07\/026-1-1150x647.jpg"}},"image_meta":{"aperture":"0","credit":"","camera":"","caption":"","created_timestamp":"0","copyright":"","focal_length":"0","iso":"0","shutter_speed":"0","title":"","orientation":"0","keywords":[]},"ID":"66644","name":"026-1.jpg","path":"\/srv\/www\/studioimmobiliarefarina.eu\/wp-content\/uploads\/2026\/07\/026-1.jpg","url":"https:\/\/www.studioimmobiliarefarina.eu\/wp-content\/uploads\/2026\/07\/026-1-150x150.jpg","full_url":"https:\/\/www.studioimmobiliarefarina.eu\/wp-content\/uploads\/2026\/07\/026-1.jpg","title":"026","caption":"","description":"","alt":"","srcset":false},{"width":150,"height":150,"file":"2026\/07\/027-1.jpg","filesize":153472,"sizes":{"thumbnail":{"file":"027-1-150x150.jpg","width":150,"height":150,"mime-type":"image\/jpeg","url":"https:\/\/www.studioimmobiliarefarina.eu\/wp-content\/uploads\/2026\/07\/027-1-150x150.jpg"},"medium":{"file":"027-1-300x169.jpg","width":300,"height":169,"mime-type":"image\/jpeg","url":"https:\/\/www.studioimmobiliarefarina.eu\/wp-content\/uploads\/2026\/07\/027-1-300x169.jpg"},"large":{"file":"027-1-1024x576.jpg","width":1024,"height":576,"mime-type":"image\/jpeg","url":"https:\/\/www.studioimmobiliarefarina.eu\/wp-content\/uploads\/2026\/07\/027-1-1024x576.jpg"},"post-featured-image":{"file":"027-1-1150x647.jpg","width":1150,"height":647,"mime-type":"image\/jpeg","url":"https:\/\/www.studioimmobiliarefarina.eu\/wp-content\/uploads\/2026\/07\/027-1-1150x647.jpg"}},"image_meta":{"aperture":"0","credit":"","camera":"","caption":"","created_timestamp":"0","copyright":"","focal_length":"0","iso":"0","shutter_speed":"0","title":"","orientation":"0","keywords":[]},"ID":"66645","name":"027-1.jpg","path":"\/srv\/www\/studioimmobiliarefarina.eu\/wp-content\/uploads\/2026\/07\/027-1.jpg","url":"https:\/\/www.studioimmobiliarefarina.eu\/wp-content\/uploads\/2026\/07\/027-1-150x150.jpg","full_url":"https:\/\/www.studioimmobiliarefarina.eu\/wp-content\/uploads\/2026\/07\/027-1.jpg","title":"027","caption":"","description":"","alt":"","srcset":false},{"width":150,"height":150,"file":"2026\/07\/028-1.jpg","filesize":160014,"sizes":{"thumbnail":{"file":"028-1-150x150.jpg","width":150,"height":150,"mime-type":"image\/jpeg","url":"https:\/\/www.studioimmobiliarefarina.eu\/wp-content\/uploads\/2026\/07\/028-1-150x150.jpg"},"medium":{"file":"028-1-300x169.jpg","width":300,"height":169,"mime-type":"image\/jpeg","url":"https:\/\/www.studioimmobiliarefarina.eu\/wp-content\/uploads\/2026\/07\/028-1-300x169.jpg"},"large":{"file":"028-1-1024x576.jpg","width":1024,"height":576,"mime-type":"image\/jpeg","url":"https:\/\/www.studioimmobiliarefarina.eu\/wp-content\/uploads\/2026\/07\/028-1-1024x576.jpg"},"post-featured-image":{"file":"028-1-1150x647.jpg","width":1150,"height":647,"mime-type":"image\/jpeg","url":"https:\/\/www.studioimmobiliarefarina.eu\/wp-content\/uploads\/2026\/07\/028-1-1150x647.jpg"}},"image_meta":{"aperture":"0","credit":"","camera":"","caption":"","created_timestamp":"0","copyright":"","focal_length":"0","iso":"0","shutter_speed":"0","title":"","orientation":"0","keywords":[]},"ID":"66646","name":"028-1.jpg","path":"\/srv\/www\/studioimmobiliarefarina.eu\/wp-content\/uploads\/2026\/07\/028-1.jpg","url":"https:\/\/www.studioimmobiliarefarina.eu\/wp-content\/uploads\/2026\/07\/028-1-150x150.jpg","full_url":"https:\/\/www.studioimmobiliarefarina.eu\/wp-content\/uploads\/2026\/07\/028-1.jpg","title":"028","caption":"","description":"","alt":"","srcset":false},{"width":150,"height":150,"file":"2026\/07\/029-1.jpg","filesize":158690,"sizes":{"thumbnail":{"file":"029-1-150x150.jpg","width":150,"height":150,"mime-type":"image\/jpeg","url":"https:\/\/www.studioimmobiliarefarina.eu\/wp-content\/uploads\/2026\/07\/029-1-150x150.jpg"},"medium":{"file":"029-1-300x169.jpg","width":300,"height":169,"mime-type":"image\/jpeg","url":"https:\/\/www.studioimmobiliarefarina.eu\/wp-content\/uploads\/2026\/07\/029-1-300x169.jpg"},"large":{"file":"029-1-1024x576.jpg","width":1024,"height":576,"mime-type":"image\/jpeg","url":"https:\/\/www.studioimmobiliarefarina.eu\/wp-content\/uploads\/2026\/07\/029-1-1024x576.jpg"},"post-featured-image":{"file":"029-1-1150x647.jpg","width":1150,"height":647,"mime-type":"image\/jpeg","url":"https:\/\/www.studioimmobiliarefarina.eu\/wp-content\/uploads\/2026\/07\/029-1-1150x647.jpg"}},"image_meta":{"aperture":"0","credit":"","camera":"","caption":"","created_timestamp":"0","copyright":"","focal_length":"0","iso":"0","shutter_speed":"0","title":"","orientation":"0","keywords":[]},"ID":"66647","name":"029-1.jpg","path":"\/srv\/www\/studioimmobiliarefarina.eu\/wp-content\/uploads\/2026\/07\/029-1.jpg","url":"https:\/\/www.studioimmobiliarefarina.eu\/wp-content\/uploads\/2026\/07\/029-1-150x150.jpg","full_url":"https:\/\/www.studioimmobiliarefarina.eu\/wp-content\/uploads\/2026\/07\/029-1.jpg","title":"029","caption":"","description":"","alt":"","srcset":false},{"width":150,"height":150,"file":"2026\/07\/030-1.jpg","filesize":222254,"sizes":{"thumbnail":{"file":"030-1-150x150.jpg","width":150,"height":150,"mime-type":"image\/jpeg","url":"https:\/\/www.studioimmobiliarefarina.eu\/wp-content\/uploads\/2026\/07\/030-1-150x150.jpg"},"medium":{"file":"030-1-300x169.jpg","width":300,"height":169,"mime-type":"image\/jpeg","url":"https:\/\/www.studioimmobiliarefarina.eu\/wp-content\/uploads\/2026\/07\/030-1-300x169.jpg"},"large":{"file":"030-1-1024x576.jpg","width":1024,"height":576,"mime-type":"image\/jpeg","url":"https:\/\/www.studioimmobiliarefarina.eu\/wp-content\/uploads\/2026\/07\/030-1-1024x576.jpg"},"post-featured-image":{"file":"030-1-1150x647.jpg","width":1150,"height":647,"mime-type":"image\/jpeg","url":"https:\/\/www.studioimmobiliarefarina.eu\/wp-content\/uploads\/2026\/07\/030-1-1150x647.jpg"}},"image_meta":{"aperture":"0","credit":"","camera":"","caption":"","created_timestamp":"0","copyright":"","focal_length":"0","iso":"0","shutter_speed":"0","title":"","orientation":"0","keywords":[]},"ID":"66648","name":"030-1.jpg","path":"\/srv\/www\/studioimmobiliarefarina.eu\/wp-content\/uploads\/2026\/07\/030-1.jpg","url":"https:\/\/www.studioimmobiliarefarina.eu\/wp-content\/uploads\/2026\/07\/030-1-150x150.jpg","full_url":"https:\/\/www.studioimmobiliarefarina.eu\/wp-content\/uploads\/2026\/07\/030-1.jpg","title":"030","caption":"","description":"","alt":"","srcset":false},{"width":150,"height":150,"file":"2026\/07\/031-1.jpg","filesize":217608,"sizes":{"thumbnail":{"file":"031-1-150x150.jpg","width":150,"height":150,"mime-type":"image\/jpeg","url":"https:\/\/www.studioimmobiliarefarina.eu\/wp-content\/uploads\/2026\/07\/031-1-150x150.jpg"},"medium":{"file":"031-1-300x169.jpg","width":300,"height":169,"mime-type":"image\/jpeg","url":"https:\/\/www.studioimmobiliarefarina.eu\/wp-content\/uploads\/2026\/07\/031-1-300x169.jpg"},"large":{"file":"031-1-1024x576.jpg","width":1024,"height":576,"mime-type":"image\/jpeg","url":"https:\/\/www.studioimmobiliarefarina.eu\/wp-content\/uploads\/2026\/07\/031-1-1024x576.jpg"},"post-featured-image":{"file":"031-1-1150x647.jpg","width":1150,"height":647,"mime-type":"image\/jpeg","url":"https:\/\/www.studioimmobiliarefarina.eu\/wp-content\/uploads\/2026\/07\/031-1-1150x647.jpg"}},"image_meta":{"aperture":"0","credit":"","camera":"","caption":"","created_timestamp":"0","copyright":"","focal_length":"0","iso":"0","shutter_speed":"0","title":"","orientation":"0","keywords":[]},"ID":"66649","name":"031-1.jpg","path":"\/srv\/www\/studioimmobiliarefarina.eu\/wp-content\/uploads\/2026\/07\/031-1.jpg","url":"https:\/\/www.studioimmobiliarefarina.eu\/wp-content\/uploads\/2026\/07\/031-1-150x150.jpg","full_url":"https:\/\/www.studioimmobiliarefarina.eu\/wp-content\/uploads\/2026\/07\/031-1.jpg","title":"031","caption":"","description":"","alt":"","srcset":false}],"REAL_HOMES_change_gallery_slider_type":"0","REAL_HOMES_gallery_slider_type":"thumb-on-right","inspiry_floor_plans":[{"inspiry_floor_plan_name":"Piano Primo","inspiry_floor_plan_image":"https:\/\/www.studioimmobiliarefarina.eu\/wp-content\/uploads\/2026\/07\/Piano-primo.jpg"},{"inspiry_floor_plan_name":"Planimetria quotata","inspiry_floor_plan_image":"https:\/\/www.studioimmobiliarefarina.eu\/wp-content\/uploads\/2026\/07\/Planimetria-quotata-rif.-V4089_page-0001.jpg"}],"inspiry_video_group":[{"inspiry_video_group_image":["66617"],"inspiry_video_group_title":"V4089","inspiry_video_group_url":"https:\/\/www.studioimmobiliarefarina.eu\/wp-content\/uploads\/2026\/07\/Video-V4089.mp4"}],"REAL_HOMES_360_virtual_tour":"","REAL_HOMES_tour_video_url":"","REAL_HOMES_tour_video_image":[],"REAL_HOMES_agent_display_option":"none","REAL_HOMES_agents":["852"],"REAL_HOMES_energy_class":"none","REAL_HOMES_energy_performance":"","REAL_HOMES_epc_current_rating":"","REAL_HOMES_epc_potential_rating":"","ere_property_schedule_tour":"global","ere_property_schedule_time_slots":"","ere_property_schedule_description":"","REAL_HOMES_sticky":"0","inspiry_property_label":"","inspiry_property_label_color":"","inspiry_property_tax":"0","inspiry_additional_fee":"0","REAL_HOMES_attachments":[],"inspiry_property_owner_name":"","inspiry_property_owner_contact":"","inspiry_property_owner_address":"","REAL_HOMES_property_private_note":"","inspiry_message_to_reviewer":"","REAL_HOMES_add_in_slider":"no","REAL_HOMES_slider_image":[],"REAL_HOMES_page_banner_image":[{"width":150,"height":150,"file":"2026\/07\/030.jpg","filesize":221779,"sizes":{"thumbnail":{"file":"030-150x150.jpg","width":150,"height":150,"mime-type":"image\/jpeg","url":"https:\/\/www.studioimmobiliarefarina.eu\/wp-content\/uploads\/2026\/07\/030-150x150.jpg"},"medium":{"file":"030-300x169.jpg","width":300,"height":169,"mime-type":"image\/jpeg","url":"https:\/\/www.studioimmobiliarefarina.eu\/wp-content\/uploads\/2026\/07\/030-300x169.jpg"},"large":{"file":"030-1024x576.jpg","width":1024,"height":576,"mime-type":"image\/jpeg","url":"https:\/\/www.studioimmobiliarefarina.eu\/wp-content\/uploads\/2026\/07\/030-1024x576.jpg"},"post-featured-image":{"file":"030-1150x647.jpg","width":1150,"height":647,"mime-type":"image\/jpeg","url":"https:\/\/www.studioimmobiliarefarina.eu\/wp-content\/uploads\/2026\/07\/030-1150x647.jpg"}},"image_meta":{"aperture":"0","credit":"","camera":"","caption":"","created_timestamp":"0","copyright":"","focal_length":"0","iso":"0","shutter_speed":"0","title":"","orientation":"0","keywords":[]},"ID":"66614","name":"030.jpg","path":"\/srv\/www\/studioimmobiliarefarina.eu\/wp-content\/uploads\/2026\/07\/030.jpg","url":"https:\/\/www.studioimmobiliarefarina.eu\/wp-content\/uploads\/2026\/07\/030-150x150.jpg","full_url":"https:\/\/www.studioimmobiliarefarina.eu\/wp-content\/uploads\/2026\/07\/030.jpg","title":"030","caption":"","description":"","alt":"","srcset":false}],"REAL_HOMES_hide_property_advance_search":"0","inspiry_posto_auto":"","REAL_HOMES_custom_header_display":"default","REAL_HOMES_custom_header_position":"relative","REAL_HOMES_hide_advance_search":"0","REAL_HOMES_custom_search_form":"default","REAL_HOMES_search_form_margin_top":"","REAL_HOMES_search_form_margin_bottom":"","REAL_HOMES_custom_footer_display":"default"},"_links":{"self":[{"href":"https:\/\/www.studioimmobiliarefarina.eu\/en\/wp-json\/wp\/v2\/property\/66584"}],"collection":[{"href":"https:\/\/www.studioimmobiliarefarina.eu\/en\/wp-json\/wp\/v2\/property"}],"about":[{"href":"https:\/\/www.studioimmobiliarefarina.eu\/en\/wp-json\/wp\/v2\/types\/property"}],"author":[{"embeddable":true,"href":"https:\/\/www.studioimmobiliarefarina.eu\/en\/wp-json\/wp\/v2\/users\/2"}],"replies":[{"embeddable":true,"href":"https:\/\/www.studioimmobiliarefarina.eu\/en\/wp-json\/wp\/v2\/comments?post=66584"}],"version-history":[{"count":2,"href":"https:\/\/www.studioimmobiliarefarina.eu\/en\/wp-json\/wp\/v2\/property\/66584\/revisions"}],"predecessor-version":[{"id":66707,"href":"https:\/\/www.studioimmobiliarefarina.eu\/en\/wp-json\/wp\/v2\/property\/66584\/revisions\/66707"}],"wp:featuredmedia":[{"embeddable":true,"href":"https:\/\/www.studioimmobiliarefarina.eu\/en\/wp-json\/wp\/v2\/media\/66585"}],"wp:attachment":[{"href":"https:\/\/www.studioimmobiliarefarina.eu\/en\/wp-json\/wp\/v2\/media?parent=66584"}],"wp:term":[{"taxonomy":"property-feature","embeddable":true,"href":"https:\/\/www.studioimmobiliarefarina.eu\/en\/wp-json\/wp\/v2\/property-feature?post=66584"},{"taxonomy":"property-type","embeddable":true,"href":"https:\/\/www.studioimmobiliarefarina.eu\/en\/wp-json\/wp\/v2\/property-type?post=66584"},{"taxonomy":"property-city","embeddable":true,"href":"https:\/\/www.studioimmobiliarefarina.eu\/en\/wp-json\/wp\/v2\/property-city?post=66584"},{"taxonomy":"property-status","embeddable":true,"href":"https:\/\/www.studioimmobiliarefarina.eu\/en\/wp-json\/wp\/v2\/property-status?post=66584"}],"curies":[{"name":"wp","href":"https:\/\/api.w.org\/{rel}","templated":true}]}}