{"id":64143,"date":"2026-03-16T15:11:28","date_gmt":"2026-03-16T14:11:28","guid":{"rendered":"https:\/\/www.studioimmobiliarefarina.eu\/?post_type=property&#038;p=64143"},"modified":"2026-03-16T15:11:28","modified_gmt":"2026-03-16T14:11:28","slug":"torricella-peligna-casa-indipendente-ristrutturata-con-vista-panoramica-v8045","status":"publish","type":"property","link":"https:\/\/www.studioimmobiliarefarina.eu\/en\/property\/torricella-peligna-casa-indipendente-ristrutturata-con-vista-panoramica-v8045\/","title":{"rendered":"Torricella Peligna, Casa indipendente ristrutturata con vista panoramica [V8045]"},"content":{"rendered":"\n<p>Comune: Torricella Peligna <\/p>\n\n\n\n<p>Prezzo: \u20ac30.000 Dimensioni: circa 70 mq totali (Casa 42 mq + Garage 27 mq) <\/p>\n\n\n\n<p>Tipologia immobile: Casa indipendente <\/p>\n\n\n\n<p>Piani: Piano terra + piano rialzato con ingresso da scala esterna <\/p>\n\n\n\n<p>Posizione: Torricella peligna, localit\u00e0 Colle Zingaro<\/p>\n\n\n\n<p> Contesto: Zona tranquilla con splendida vista panoramica, con piccola corte e giardino<\/p>\n\n\n\n<p> \u2e3b<\/p>\n\n\n\n<p> -Camere da letto: 1 stanza grande (utilizzabile come camera da letto o zona giorno\/notte) <\/p>\n\n\n\n<p>-Bagni: 1 bagno ristrutturato <\/p>\n\n\n\n<p>-Acqua: Impianto idraulico nuovo<\/p>\n\n\n\n<p> -Riscaldamento: Camino <\/p>\n\n\n\n<p>\u2e3b<\/p>\n\n\n\n<p> Dotazioni e caratteristiche: <\/p>\n\n\n\n<p>\u2022 Casa completamente ristrutturata <\/p>\n\n\n\n<p>\u2022 Tetto nuovo <\/p>\n\n\n\n<p>\u2022 Impianto elettrico nuovo <\/p>\n\n\n\n<p>\u2022 Impianto idraulico nuovo <\/p>\n\n\n\n<p>\u2022 Bagno completamente rifatto <\/p>\n\n\n\n<p>\u2022 Infissi nuovi in alluminio con doppio vetro <\/p>\n\n\n\n<p>\u2022 Balcone <\/p>\n\n\n\n<p>\u2022 Terrazzino d\u2019ingresso <\/p>\n\n\n\n<p>\u2022 Piccola corte privata <\/p>\n\n\n\n<p>\u2022 Piccolo giardino <\/p>\n\n\n\n<p>\u2022 Splendida vista panoramica <\/p>\n\n\n\n<p>\u2022 Garage ampio trasformabile in zona living <\/p>\n\n\n\n<p>\u2022 Cantina esterna indipendente <\/p>\n\n\n\n<p>\u2022 Due piccole cantine sotto il terrazzino<\/p>\n\n\n\n<p> \u2e3b <\/p>\n\n\n\n<p>Descrizione della propriet\u00e0: <\/p>\n\n\n\n<p>Casa indipendente situata nella zona di Colle Zingaro, caratterizzata da una splendida vista panoramica e da un contesto tranquillo. La propriet\u00e0 dispone di una piccola corte e di un piccolo giardino, ideali per godere degli spazi esterni. L\u2019abitazione \u00e8 stata recentemente ristrutturata con importanti lavori: tetto nuovo, impianti elettrici e idraulici rifatti, bagno completamente rinnovato e infissi nuovi in alluminio con doppio vetro. L\u2019unico intervento estetico eventualmente da considerare riguarda le piastrelle della stanza principale, facilmente valorizzabile arredandola come zona giorno con divano letto e tavolo. La propriet\u00e0 offre inoltre interessanti possibilit\u00e0 di personalizzazione: il grande garage al piano terra pu\u00f2 essere trasformato in una zona living e collegato al piano superiore tramite una scala a chiocciola, utilizzando la stanza sopra come camera da letto. \u2e3b <\/p>\n\n\n\n<p>Distribuzione interna <\/p>\n\n\n\n<p>Piano seminterrato: Cantina esterna indipendente e due piccole cantinette situate sotto il terrazzino. <\/p>\n\n\n\n<p>Piano terra (zona giorno): Grande garage di circa 27 mq con possibilit\u00e0 di trasformazione in zona living. <\/p>\n\n\n\n<p>Primo piano: Accesso tramite scala esterna che conduce al terrazzino d\u2019ingresso. All\u2019interno si trovano un cucinino, una stanza con balcone, camino e un bagno ristrutturato. <\/p>\n\n\n\n<p>\u2e3b <\/p>\n\n\n\n<p>Nota informativa: <\/p>\n\n\n\n<p>I dati e le immagini si intendono corretti ma non garantiti.<\/p>\n\n\n\n<p> Le caratteristiche tecniche, la disposizione interna e gli accessori indicati potrebbero in alcuni casi essere diversi dall\u2019effettivo stato di fatto dell\u2019immobile.<\/p>\n\n\n\n<p> A causa delle difformit\u00e0 dei dati pubblicati dai vari portali, lo Studio Farina declina ogni responsabilit\u00e0 per eventuali involontarie incoerenze. <\/p>\n\n\n\n<p>Si precisa che le descrizioni riportate non rappresentano alcun impegno contrattuale <\/p>\n\n\n\n<p>Per garantire la privacy l\u2019indirizzo pu\u00f2 non rispecchiare esattamente l\u2019ubicazione dell\u2019immobile ed \u00e8 utile solo al fine di fornire un riferimento generico per la sua localizzazione.<\/p>\n","protected":false},"excerpt":{"rendered":"<p>Comune: Torricella Peligna Prezzo: \u20ac30.000 Dimensioni: circa 70 mq totali (Casa 42 mq + Garage 27 mq) Tipologia immobile: Casa indipendente Piani: Piano terra + piano rialzato con ingresso da scala esterna Posizione: Torricella peligna, localit\u00e0 Colle Zingaro Contesto: Zona tranquilla con splendida vista panoramica, con piccola corte e giardino \u2e3b -Camere da letto: 1&#8230;<\/p>\n","protected":false},"author":2,"featured_media":64175,"parent":0,"menu_order":0,"comment_status":"closed","ping_status":"closed","template":"","property-feature":[584,382,565,342,405,540,333,461,537,464,455,475,577,361,408],"property-type":[],"property-city":[50,150,247],"property-status":[22],"yoast_head":"<!-- This site is optimized with the Yoast SEO plugin v21.1 - https:\/\/yoast.com\/wordpress\/plugins\/seo\/ -->\n<title>Torricella Peligna, Casa indipendente ristrutturata con vista panoramica [V8045] | Studio Immobiliare Farina<\/title>\n<meta name=\"robots\" content=\"index, follow, max-snippet:-1, max-image-preview:large, max-video-preview:-1\" \/>\n<link rel=\"canonical\" href=\"https:\/\/www.studioimmobiliarefarina.eu\/property\/torricella-peligna-casa-indipendente-ristrutturata-con-vista-panoramica-v8045\/\" \/>\n<meta property=\"og:locale\" content=\"en_US\" \/>\n<meta property=\"og:type\" content=\"article\" \/>\n<meta property=\"og:title\" content=\"Torricella Peligna, Casa indipendente ristrutturata con vista panoramica [V8045] | Studio Immobiliare Farina\" \/>\n<meta property=\"og:description\" content=\"Comune: Torricella Peligna Prezzo: \u20ac30.000 Dimensioni: circa 70 mq totali (Casa 42 mq + Garage 27 mq) Tipologia immobile: Casa indipendente Piani: Piano terra + piano rialzato con ingresso da scala esterna Posizione: Torricella peligna, localit\u00e0 Colle Zingaro Contesto: Zona tranquilla con splendida vista panoramica, con piccola corte e giardino \u2e3b -Camere da letto: 1...\" \/>\n<meta property=\"og:url\" content=\"https:\/\/www.studioimmobiliarefarina.eu\/property\/torricella-peligna-casa-indipendente-ristrutturata-con-vista-panoramica-v8045\/\" \/>\n<meta property=\"og:site_name\" content=\"Studio Immobiliare Farina\" \/>\n<meta property=\"article:publisher\" content=\"https:\/\/www.facebook.com\/Studio-Immobiliare-Farina-_-gruppofarina-547150035296080\/timeline\/?ref=ts\" \/>\n<meta property=\"og:image\" content=\"https:\/\/www.studioimmobiliarefarina.eu\/wp-content\/uploads\/2026\/03\/WhatsApp-Image-2026-03-16-at-13.13.30.jpeg\" \/>\n\t<meta property=\"og:image:width\" content=\"1280\" \/>\n\t<meta property=\"og:image:height\" content=\"960\" \/>\n\t<meta property=\"og:image:type\" content=\"image\/jpeg\" \/>\n<meta name=\"twitter:card\" content=\"summary_large_image\" \/>\n<meta name=\"twitter:label1\" content=\"Est. reading time\" \/>\n\t<meta name=\"twitter:data1\" content=\"3 minutes\" \/>\n<script type=\"application\/ld+json\" class=\"yoast-schema-graph\">{\"@context\":\"https:\/\/schema.org\",\"@graph\":[{\"@type\":\"WebPage\",\"@id\":\"https:\/\/www.studioimmobiliarefarina.eu\/property\/torricella-peligna-casa-indipendente-ristrutturata-con-vista-panoramica-v8045\/\",\"url\":\"https:\/\/www.studioimmobiliarefarina.eu\/property\/torricella-peligna-casa-indipendente-ristrutturata-con-vista-panoramica-v8045\/\",\"name\":\"Torricella Peligna, Casa indipendente ristrutturata con vista panoramica [V8045] | Studio Immobiliare Farina\",\"isPartOf\":{\"@id\":\"https:\/\/www.studioimmobiliarefarina.eu\/#website\"},\"datePublished\":\"2026-03-16T14:11:28+00:00\",\"dateModified\":\"2026-03-16T14:11:28+00:00\",\"breadcrumb\":{\"@id\":\"https:\/\/www.studioimmobiliarefarina.eu\/property\/torricella-peligna-casa-indipendente-ristrutturata-con-vista-panoramica-v8045\/#breadcrumb\"},\"inLanguage\":\"en-US\",\"potentialAction\":[{\"@type\":\"ReadAction\",\"target\":[\"https:\/\/www.studioimmobiliarefarina.eu\/property\/torricella-peligna-casa-indipendente-ristrutturata-con-vista-panoramica-v8045\/\"]}]},{\"@type\":\"BreadcrumbList\",\"@id\":\"https:\/\/www.studioimmobiliarefarina.eu\/property\/torricella-peligna-casa-indipendente-ristrutturata-con-vista-panoramica-v8045\/#breadcrumb\",\"itemListElement\":[{\"@type\":\"ListItem\",\"position\":1,\"name\":\"Home\",\"item\":\"https:\/\/www.studioimmobiliarefarina.eu\/\"},{\"@type\":\"ListItem\",\"position\":2,\"name\":\"Properties\",\"item\":\"https:\/\/www.studioimmobiliarefarina.eu\/en\/property\/\"},{\"@type\":\"ListItem\",\"position\":3,\"name\":\"Torricella Peligna, Casa indipendente ristrutturata con vista panoramica [V8045]\"}]},{\"@type\":\"WebSite\",\"@id\":\"https:\/\/www.studioimmobiliarefarina.eu\/#website\",\"url\":\"https:\/\/www.studioimmobiliarefarina.eu\/\",\"name\":\"Studio Immobiliare Farina\",\"description\":\"La casa che ho nel cuore\",\"publisher\":{\"@id\":\"https:\/\/www.studioimmobiliarefarina.eu\/#organization\"},\"potentialAction\":[{\"@type\":\"SearchAction\",\"target\":{\"@type\":\"EntryPoint\",\"urlTemplate\":\"https:\/\/www.studioimmobiliarefarina.eu\/?s={search_term_string}\"},\"query-input\":\"required name=search_term_string\"}],\"inLanguage\":\"en-US\"},{\"@type\":\"Organization\",\"@id\":\"https:\/\/www.studioimmobiliarefarina.eu\/#organization\",\"name\":\"Studio Immobiliare Farina\",\"url\":\"https:\/\/www.studioimmobiliarefarina.eu\/\",\"logo\":{\"@type\":\"ImageObject\",\"inLanguage\":\"en-US\",\"@id\":\"https:\/\/www.studioimmobiliarefarina.eu\/#\/schema\/logo\/image\/\",\"url\":\"https:\/\/www.studioimmobiliarefarina.eu\/wp-content\/uploads\/2022\/10\/Logo-sito-pOSpiccolo.png\",\"contentUrl\":\"https:\/\/www.studioimmobiliarefarina.eu\/wp-content\/uploads\/2022\/10\/Logo-sito-pOSpiccolo.png\",\"width\":328,\"height\":135,\"caption\":\"Studio Immobiliare Farina\"},\"image\":{\"@id\":\"https:\/\/www.studioimmobiliarefarina.eu\/#\/schema\/logo\/image\/\"},\"sameAs\":[\"https:\/\/www.facebook.com\/Studio-Immobiliare-Farina-_-gruppofarina-547150035296080\/timeline\/?ref=ts\",\"https:\/\/www.instagram.com\/studio__immobiliare__farina\/\"]}]}<\/script>\n<!-- \/ Yoast SEO plugin. -->","yoast_head_json":{"title":"Torricella Peligna, Casa indipendente ristrutturata con vista panoramica [V8045] | Studio Immobiliare Farina","robots":{"index":"index","follow":"follow","max-snippet":"max-snippet:-1","max-image-preview":"max-image-preview:large","max-video-preview":"max-video-preview:-1"},"canonical":"https:\/\/www.studioimmobiliarefarina.eu\/property\/torricella-peligna-casa-indipendente-ristrutturata-con-vista-panoramica-v8045\/","og_locale":"en_US","og_type":"article","og_title":"Torricella Peligna, Casa indipendente ristrutturata con vista panoramica [V8045] | Studio Immobiliare Farina","og_description":"Comune: Torricella Peligna Prezzo: \u20ac30.000 Dimensioni: circa 70 mq totali (Casa 42 mq + Garage 27 mq) Tipologia immobile: Casa indipendente Piani: Piano terra + piano rialzato con ingresso da scala esterna Posizione: Torricella peligna, localit\u00e0 Colle Zingaro Contesto: Zona tranquilla con splendida vista panoramica, con piccola corte e giardino \u2e3b -Camere da letto: 1...","og_url":"https:\/\/www.studioimmobiliarefarina.eu\/property\/torricella-peligna-casa-indipendente-ristrutturata-con-vista-panoramica-v8045\/","og_site_name":"Studio Immobiliare Farina","article_publisher":"https:\/\/www.facebook.com\/Studio-Immobiliare-Farina-_-gruppofarina-547150035296080\/timeline\/?ref=ts","og_image":[{"width":1280,"height":960,"url":"https:\/\/www.studioimmobiliarefarina.eu\/wp-content\/uploads\/2026\/03\/WhatsApp-Image-2026-03-16-at-13.13.30.jpeg","type":"image\/jpeg"}],"twitter_card":"summary_large_image","twitter_misc":{"Est. reading time":"3 minutes"},"schema":{"@context":"https:\/\/schema.org","@graph":[{"@type":"WebPage","@id":"https:\/\/www.studioimmobiliarefarina.eu\/property\/torricella-peligna-casa-indipendente-ristrutturata-con-vista-panoramica-v8045\/","url":"https:\/\/www.studioimmobiliarefarina.eu\/property\/torricella-peligna-casa-indipendente-ristrutturata-con-vista-panoramica-v8045\/","name":"Torricella Peligna, Casa indipendente ristrutturata con vista panoramica [V8045] | Studio Immobiliare Farina","isPartOf":{"@id":"https:\/\/www.studioimmobiliarefarina.eu\/#website"},"datePublished":"2026-03-16T14:11:28+00:00","dateModified":"2026-03-16T14:11:28+00:00","breadcrumb":{"@id":"https:\/\/www.studioimmobiliarefarina.eu\/property\/torricella-peligna-casa-indipendente-ristrutturata-con-vista-panoramica-v8045\/#breadcrumb"},"inLanguage":"en-US","potentialAction":[{"@type":"ReadAction","target":["https:\/\/www.studioimmobiliarefarina.eu\/property\/torricella-peligna-casa-indipendente-ristrutturata-con-vista-panoramica-v8045\/"]}]},{"@type":"BreadcrumbList","@id":"https:\/\/www.studioimmobiliarefarina.eu\/property\/torricella-peligna-casa-indipendente-ristrutturata-con-vista-panoramica-v8045\/#breadcrumb","itemListElement":[{"@type":"ListItem","position":1,"name":"Home","item":"https:\/\/www.studioimmobiliarefarina.eu\/"},{"@type":"ListItem","position":2,"name":"Properties","item":"https:\/\/www.studioimmobiliarefarina.eu\/en\/property\/"},{"@type":"ListItem","position":3,"name":"Torricella Peligna, Casa indipendente ristrutturata con vista panoramica [V8045]"}]},{"@type":"WebSite","@id":"https:\/\/www.studioimmobiliarefarina.eu\/#website","url":"https:\/\/www.studioimmobiliarefarina.eu\/","name":"Studio Immobiliare Farina","description":"La casa che ho nel cuore","publisher":{"@id":"https:\/\/www.studioimmobiliarefarina.eu\/#organization"},"potentialAction":[{"@type":"SearchAction","target":{"@type":"EntryPoint","urlTemplate":"https:\/\/www.studioimmobiliarefarina.eu\/?s={search_term_string}"},"query-input":"required name=search_term_string"}],"inLanguage":"en-US"},{"@type":"Organization","@id":"https:\/\/www.studioimmobiliarefarina.eu\/#organization","name":"Studio Immobiliare Farina","url":"https:\/\/www.studioimmobiliarefarina.eu\/","logo":{"@type":"ImageObject","inLanguage":"en-US","@id":"https:\/\/www.studioimmobiliarefarina.eu\/#\/schema\/logo\/image\/","url":"https:\/\/www.studioimmobiliarefarina.eu\/wp-content\/uploads\/2022\/10\/Logo-sito-pOSpiccolo.png","contentUrl":"https:\/\/www.studioimmobiliarefarina.eu\/wp-content\/uploads\/2022\/10\/Logo-sito-pOSpiccolo.png","width":328,"height":135,"caption":"Studio Immobiliare Farina"},"image":{"@id":"https:\/\/www.studioimmobiliarefarina.eu\/#\/schema\/logo\/image\/"},"sameAs":["https:\/\/www.facebook.com\/Studio-Immobiliare-Farina-_-gruppofarina-547150035296080\/timeline\/?ref=ts","https:\/\/www.instagram.com\/studio__immobiliare__farina\/"]}]}},"property_meta":{"REAL_HOMES_property_price":"30000","REAL_HOMES_property_old_price":"","REAL_HOMES_property_price_prefix":"","REAL_HOMES_property_price_postfix":"","REAL_HOMES_property_size":"70","REAL_HOMES_property_size_postfix":"mq","REAL_HOMES_property_lot_size":"","REAL_HOMES_property_lot_size_postfix":"","REAL_HOMES_property_bedrooms":"1","REAL_HOMES_property_bathrooms":"1","REAL_HOMES_property_garage":"1","REAL_HOMES_property_id":"V8045","REAL_HOMES_property_year_built":"","REAL_HOMES_featured":"0","REAL_HOMES_additional_details_list":[],"REAL_HOMES_property_location":{"latitude":"42.0198445","longitude":"14.3039792","zoom":"14"},"REAL_HOMES_property_address":"Colle Zingaro, Torricella Peligna, Chieti, 66040, Italia","REAL_HOMES_property_map":"0","REAL_HOMES_property_images":[{"width":150,"height":150,"file":"2026\/03\/WhatsApp-Image-2026-03-16-at-13.12.36.jpeg","filesize":307178,"sizes":{"thumbnail":{"file":"WhatsApp-Image-2026-03-16-at-13.12.36-150x150.jpeg","width":150,"height":150,"mime-type":"image\/jpeg","url":"https:\/\/www.studioimmobiliarefarina.eu\/wp-content\/uploads\/2026\/03\/WhatsApp-Image-2026-03-16-at-13.12.36-150x150.jpeg"},"medium":{"file":"WhatsApp-Image-2026-03-16-at-13.12.36-300x225.jpeg","width":300,"height":225,"mime-type":"image\/jpeg","url":"https:\/\/www.studioimmobiliarefarina.eu\/wp-content\/uploads\/2026\/03\/WhatsApp-Image-2026-03-16-at-13.12.36-300x225.jpeg"},"large":{"file":"WhatsApp-Image-2026-03-16-at-13.12.36-1024x768.jpeg","width":1024,"height":768,"mime-type":"image\/jpeg","url":"https:\/\/www.studioimmobiliarefarina.eu\/wp-content\/uploads\/2026\/03\/WhatsApp-Image-2026-03-16-at-13.12.36-1024x768.jpeg"},"post-featured-image":{"file":"WhatsApp-Image-2026-03-16-at-13.12.36-1240x720.jpeg","width":1240,"height":720,"mime-type":"image\/jpeg","url":"https:\/\/www.studioimmobiliarefarina.eu\/wp-content\/uploads\/2026\/03\/WhatsApp-Image-2026-03-16-at-13.12.36-1240x720.jpeg"}},"image_meta":{"aperture":"0","credit":"","camera":"","caption":"","created_timestamp":"0","copyright":"","focal_length":"0","iso":"0","shutter_speed":"0","title":"","orientation":"0","keywords":[]},"ID":"64176","name":"WhatsApp-Image-2026-03-16-at-13.12.36.jpeg","path":"\/srv\/www\/studioimmobiliarefarina.eu\/wp-content\/uploads\/2026\/03\/WhatsApp-Image-2026-03-16-at-13.12.36.jpeg","url":"https:\/\/www.studioimmobiliarefarina.eu\/wp-content\/uploads\/2026\/03\/WhatsApp-Image-2026-03-16-at-13.12.36-150x150.jpeg","full_url":"https:\/\/www.studioimmobiliarefarina.eu\/wp-content\/uploads\/2026\/03\/WhatsApp-Image-2026-03-16-at-13.12.36.jpeg","title":"WhatsApp Image 2026-03-16 at 13.12.36","caption":"","description":"","alt":"","srcset":false},{"width":150,"height":150,"file":"2026\/03\/WhatsApp-Image-2026-03-16-at-13.13.31.jpeg","filesize":368506,"sizes":{"thumbnail":{"file":"WhatsApp-Image-2026-03-16-at-13.13.31-150x150.jpeg","width":150,"height":150,"mime-type":"image\/jpeg","url":"https:\/\/www.studioimmobiliarefarina.eu\/wp-content\/uploads\/2026\/03\/WhatsApp-Image-2026-03-16-at-13.13.31-150x150.jpeg"},"medium":{"file":"WhatsApp-Image-2026-03-16-at-13.13.31-300x225.jpeg","width":300,"height":225,"mime-type":"image\/jpeg","url":"https:\/\/www.studioimmobiliarefarina.eu\/wp-content\/uploads\/2026\/03\/WhatsApp-Image-2026-03-16-at-13.13.31-300x225.jpeg"},"large":{"file":"WhatsApp-Image-2026-03-16-at-13.13.31-1024x768.jpeg","width":1024,"height":768,"mime-type":"image\/jpeg","url":"https:\/\/www.studioimmobiliarefarina.eu\/wp-content\/uploads\/2026\/03\/WhatsApp-Image-2026-03-16-at-13.13.31-1024x768.jpeg"},"post-featured-image":{"file":"WhatsApp-Image-2026-03-16-at-13.13.31-1240x720.jpeg","width":1240,"height":720,"mime-type":"image\/jpeg","url":"https:\/\/www.studioimmobiliarefarina.eu\/wp-content\/uploads\/2026\/03\/WhatsApp-Image-2026-03-16-at-13.13.31-1240x720.jpeg"}},"image_meta":{"aperture":"0","credit":"","camera":"","caption":"","created_timestamp":"0","copyright":"","focal_length":"0","iso":"0","shutter_speed":"0","title":"","orientation":"0","keywords":[]},"ID":"64173","name":"WhatsApp-Image-2026-03-16-at-13.13.31.jpeg","path":"\/srv\/www\/studioimmobiliarefarina.eu\/wp-content\/uploads\/2026\/03\/WhatsApp-Image-2026-03-16-at-13.13.31.jpeg","url":"https:\/\/www.studioimmobiliarefarina.eu\/wp-content\/uploads\/2026\/03\/WhatsApp-Image-2026-03-16-at-13.13.31-150x150.jpeg","full_url":"https:\/\/www.studioimmobiliarefarina.eu\/wp-content\/uploads\/2026\/03\/WhatsApp-Image-2026-03-16-at-13.13.31.jpeg","title":"WhatsApp Image 2026-03-16 at 13.13.31","caption":"","description":"","alt":"","srcset":false},{"width":150,"height":150,"file":"2026\/03\/WhatsApp-Image-2026-03-16-at-13.14.33.jpeg","filesize":137199,"sizes":{"thumbnail":{"file":"WhatsApp-Image-2026-03-16-at-13.14.33-150x150.jpeg","width":150,"height":150,"mime-type":"image\/jpeg","url":"https:\/\/www.studioimmobiliarefarina.eu\/wp-content\/uploads\/2026\/03\/WhatsApp-Image-2026-03-16-at-13.14.33-150x150.jpeg"},"medium":{"file":"WhatsApp-Image-2026-03-16-at-13.14.33-300x225.jpeg","width":300,"height":225,"mime-type":"image\/jpeg","url":"https:\/\/www.studioimmobiliarefarina.eu\/wp-content\/uploads\/2026\/03\/WhatsApp-Image-2026-03-16-at-13.14.33-300x225.jpeg"},"large":{"file":"WhatsApp-Image-2026-03-16-at-13.14.33-1024x768.jpeg","width":1024,"height":768,"mime-type":"image\/jpeg","url":"https:\/\/www.studioimmobiliarefarina.eu\/wp-content\/uploads\/2026\/03\/WhatsApp-Image-2026-03-16-at-13.14.33-1024x768.jpeg"},"post-featured-image":{"file":"WhatsApp-Image-2026-03-16-at-13.14.33-1240x720.jpeg","width":1240,"height":720,"mime-type":"image\/jpeg","url":"https:\/\/www.studioimmobiliarefarina.eu\/wp-content\/uploads\/2026\/03\/WhatsApp-Image-2026-03-16-at-13.14.33-1240x720.jpeg"}},"image_meta":{"aperture":"0","credit":"","camera":"","caption":"","created_timestamp":"0","copyright":"","focal_length":"0","iso":"0","shutter_speed":"0","title":"","orientation":"0","keywords":[]},"ID":"64157","name":"WhatsApp-Image-2026-03-16-at-13.14.33.jpeg","path":"\/srv\/www\/studioimmobiliarefarina.eu\/wp-content\/uploads\/2026\/03\/WhatsApp-Image-2026-03-16-at-13.14.33.jpeg","url":"https:\/\/www.studioimmobiliarefarina.eu\/wp-content\/uploads\/2026\/03\/WhatsApp-Image-2026-03-16-at-13.14.33-150x150.jpeg","full_url":"https:\/\/www.studioimmobiliarefarina.eu\/wp-content\/uploads\/2026\/03\/WhatsApp-Image-2026-03-16-at-13.14.33.jpeg","title":"WhatsApp Image 2026-03-16 at 13.14.33","caption":"","description":"","alt":"","srcset":false},{"width":150,"height":150,"file":"2026\/03\/WhatsApp-Image-2026-03-16-at-13.13.34.jpeg","filesize":227836,"sizes":{"thumbnail":{"file":"WhatsApp-Image-2026-03-16-at-13.13.34-150x150.jpeg","width":150,"height":150,"mime-type":"image\/jpeg","url":"https:\/\/www.studioimmobiliarefarina.eu\/wp-content\/uploads\/2026\/03\/WhatsApp-Image-2026-03-16-at-13.13.34-150x150.jpeg"},"medium":{"file":"WhatsApp-Image-2026-03-16-at-13.13.34-300x225.jpeg","width":300,"height":225,"mime-type":"image\/jpeg","url":"https:\/\/www.studioimmobiliarefarina.eu\/wp-content\/uploads\/2026\/03\/WhatsApp-Image-2026-03-16-at-13.13.34-300x225.jpeg"},"large":{"file":"WhatsApp-Image-2026-03-16-at-13.13.34-1024x768.jpeg","width":1024,"height":768,"mime-type":"image\/jpeg","url":"https:\/\/www.studioimmobiliarefarina.eu\/wp-content\/uploads\/2026\/03\/WhatsApp-Image-2026-03-16-at-13.13.34-1024x768.jpeg"},"post-featured-image":{"file":"WhatsApp-Image-2026-03-16-at-13.13.34-1240x720.jpeg","width":1240,"height":720,"mime-type":"image\/jpeg","url":"https:\/\/www.studioimmobiliarefarina.eu\/wp-content\/uploads\/2026\/03\/WhatsApp-Image-2026-03-16-at-13.13.34-1240x720.jpeg"}},"image_meta":{"aperture":"0","credit":"","camera":"","caption":"","created_timestamp":"0","copyright":"","focal_length":"0","iso":"0","shutter_speed":"0","title":"","orientation":"0","keywords":[]},"ID":"64167","name":"WhatsApp-Image-2026-03-16-at-13.13.34.jpeg","path":"\/srv\/www\/studioimmobiliarefarina.eu\/wp-content\/uploads\/2026\/03\/WhatsApp-Image-2026-03-16-at-13.13.34.jpeg","url":"https:\/\/www.studioimmobiliarefarina.eu\/wp-content\/uploads\/2026\/03\/WhatsApp-Image-2026-03-16-at-13.13.34-150x150.jpeg","full_url":"https:\/\/www.studioimmobiliarefarina.eu\/wp-content\/uploads\/2026\/03\/WhatsApp-Image-2026-03-16-at-13.13.34.jpeg","title":"WhatsApp Image 2026-03-16 at 13.13.34","caption":"","description":"","alt":"","srcset":false},{"width":150,"height":150,"file":"2026\/03\/WhatsApp-Image-2026-03-16-at-13.13.30-1.jpeg","filesize":319217,"sizes":{"thumbnail":{"file":"WhatsApp-Image-2026-03-16-at-13.13.30-1-150x150.jpeg","width":150,"height":150,"mime-type":"image\/jpeg","url":"https:\/\/www.studioimmobiliarefarina.eu\/wp-content\/uploads\/2026\/03\/WhatsApp-Image-2026-03-16-at-13.13.30-1-150x150.jpeg"},"medium":{"file":"WhatsApp-Image-2026-03-16-at-13.13.30-1-300x225.jpeg","width":300,"height":225,"mime-type":"image\/jpeg","url":"https:\/\/www.studioimmobiliarefarina.eu\/wp-content\/uploads\/2026\/03\/WhatsApp-Image-2026-03-16-at-13.13.30-1-300x225.jpeg"},"large":{"file":"WhatsApp-Image-2026-03-16-at-13.13.30-1-1024x768.jpeg","width":1024,"height":768,"mime-type":"image\/jpeg","url":"https:\/\/www.studioimmobiliarefarina.eu\/wp-content\/uploads\/2026\/03\/WhatsApp-Image-2026-03-16-at-13.13.30-1-1024x768.jpeg"},"post-featured-image":{"file":"WhatsApp-Image-2026-03-16-at-13.13.30-1-1240x720.jpeg","width":1240,"height":720,"mime-type":"image\/jpeg","url":"https:\/\/www.studioimmobiliarefarina.eu\/wp-content\/uploads\/2026\/03\/WhatsApp-Image-2026-03-16-at-13.13.30-1-1240x720.jpeg"}},"image_meta":{"aperture":"0","credit":"","camera":"","caption":"","created_timestamp":"0","copyright":"","focal_length":"0","iso":"0","shutter_speed":"0","title":"","orientation":"0","keywords":[]},"ID":"64174","name":"WhatsApp-Image-2026-03-16-at-13.13.30-1.jpeg","path":"\/srv\/www\/studioimmobiliarefarina.eu\/wp-content\/uploads\/2026\/03\/WhatsApp-Image-2026-03-16-at-13.13.30-1.jpeg","url":"https:\/\/www.studioimmobiliarefarina.eu\/wp-content\/uploads\/2026\/03\/WhatsApp-Image-2026-03-16-at-13.13.30-1-150x150.jpeg","full_url":"https:\/\/www.studioimmobiliarefarina.eu\/wp-content\/uploads\/2026\/03\/WhatsApp-Image-2026-03-16-at-13.13.30-1.jpeg","title":"WhatsApp Image 2026-03-16 at 13.13.30 (1)","caption":"","description":"","alt":"","srcset":false},{"width":150,"height":150,"file":"2026\/03\/WhatsApp-Image-2026-03-16-at-13.13.30.jpeg","filesize":339412,"sizes":{"thumbnail":{"file":"WhatsApp-Image-2026-03-16-at-13.13.30-150x150.jpeg","width":150,"height":150,"mime-type":"image\/jpeg","url":"https:\/\/www.studioimmobiliarefarina.eu\/wp-content\/uploads\/2026\/03\/WhatsApp-Image-2026-03-16-at-13.13.30-150x150.jpeg"},"medium":{"file":"WhatsApp-Image-2026-03-16-at-13.13.30-300x225.jpeg","width":300,"height":225,"mime-type":"image\/jpeg","url":"https:\/\/www.studioimmobiliarefarina.eu\/wp-content\/uploads\/2026\/03\/WhatsApp-Image-2026-03-16-at-13.13.30-300x225.jpeg"},"large":{"file":"WhatsApp-Image-2026-03-16-at-13.13.30-1024x768.jpeg","width":1024,"height":768,"mime-type":"image\/jpeg","url":"https:\/\/www.studioimmobiliarefarina.eu\/wp-content\/uploads\/2026\/03\/WhatsApp-Image-2026-03-16-at-13.13.30-1024x768.jpeg"},"property-thumb-image":{"file":"WhatsApp-Image-2026-03-16-at-13.13.30-488x326.jpeg","width":488,"height":326,"mime-type":"image\/jpeg","url":"https:\/\/www.studioimmobiliarefarina.eu\/wp-content\/uploads\/2026\/03\/WhatsApp-Image-2026-03-16-at-13.13.30-488x326.jpeg"},"post-featured-image":{"file":"WhatsApp-Image-2026-03-16-at-13.13.30-1240x720.jpeg","width":1240,"height":720,"mime-type":"image\/jpeg","url":"https:\/\/www.studioimmobiliarefarina.eu\/wp-content\/uploads\/2026\/03\/WhatsApp-Image-2026-03-16-at-13.13.30-1240x720.jpeg"},"modern-property-child-slider":{"file":"WhatsApp-Image-2026-03-16-at-13.13.30-680x510.jpeg","width":680,"height":510,"mime-type":"image\/jpeg","url":"https:\/\/www.studioimmobiliarefarina.eu\/wp-content\/uploads\/2026\/03\/WhatsApp-Image-2026-03-16-at-13.13.30-680x510.jpeg"},"post-thumbnail":{"file":"WhatsApp-Image-2026-03-16-at-13.13.30-150x113.jpeg","width":150,"height":113,"mime-type":"image\/jpeg","url":"https:\/\/www.studioimmobiliarefarina.eu\/wp-content\/uploads\/2026\/03\/WhatsApp-Image-2026-03-16-at-13.13.30-150x113.jpeg"}},"image_meta":{"aperture":"0","credit":"","camera":"","caption":"","created_timestamp":"0","copyright":"","focal_length":"0","iso":"0","shutter_speed":"0","title":"","orientation":"0","keywords":[]},"ID":"64175","name":"WhatsApp-Image-2026-03-16-at-13.13.30.jpeg","path":"\/srv\/www\/studioimmobiliarefarina.eu\/wp-content\/uploads\/2026\/03\/WhatsApp-Image-2026-03-16-at-13.13.30.jpeg","url":"https:\/\/www.studioimmobiliarefarina.eu\/wp-content\/uploads\/2026\/03\/WhatsApp-Image-2026-03-16-at-13.13.30-150x150.jpeg","full_url":"https:\/\/www.studioimmobiliarefarina.eu\/wp-content\/uploads\/2026\/03\/WhatsApp-Image-2026-03-16-at-13.13.30.jpeg","title":"WhatsApp Image 2026-03-16 at 13.13.30","caption":"","description":"","alt":"","srcset":false},{"width":150,"height":150,"file":"2026\/03\/WhatsApp-Image-2026-03-16-at-13.13.31-1.jpeg","filesize":283900,"sizes":{"thumbnail":{"file":"WhatsApp-Image-2026-03-16-at-13.13.31-1-150x150.jpeg","width":150,"height":150,"mime-type":"image\/jpeg","url":"https:\/\/www.studioimmobiliarefarina.eu\/wp-content\/uploads\/2026\/03\/WhatsApp-Image-2026-03-16-at-13.13.31-1-150x150.jpeg"},"medium":{"file":"WhatsApp-Image-2026-03-16-at-13.13.31-1-300x225.jpeg","width":300,"height":225,"mime-type":"image\/jpeg","url":"https:\/\/www.studioimmobiliarefarina.eu\/wp-content\/uploads\/2026\/03\/WhatsApp-Image-2026-03-16-at-13.13.31-1-300x225.jpeg"},"large":{"file":"WhatsApp-Image-2026-03-16-at-13.13.31-1-1024x768.jpeg","width":1024,"height":768,"mime-type":"image\/jpeg","url":"https:\/\/www.studioimmobiliarefarina.eu\/wp-content\/uploads\/2026\/03\/WhatsApp-Image-2026-03-16-at-13.13.31-1-1024x768.jpeg"},"post-featured-image":{"file":"WhatsApp-Image-2026-03-16-at-13.13.31-1-1240x720.jpeg","width":1240,"height":720,"mime-type":"image\/jpeg","url":"https:\/\/www.studioimmobiliarefarina.eu\/wp-content\/uploads\/2026\/03\/WhatsApp-Image-2026-03-16-at-13.13.31-1-1240x720.jpeg"}},"image_meta":{"aperture":"0","credit":"","camera":"","caption":"","created_timestamp":"0","copyright":"","focal_length":"0","iso":"0","shutter_speed":"0","title":"","orientation":"0","keywords":[]},"ID":"64172","name":"WhatsApp-Image-2026-03-16-at-13.13.31-1.jpeg","path":"\/srv\/www\/studioimmobiliarefarina.eu\/wp-content\/uploads\/2026\/03\/WhatsApp-Image-2026-03-16-at-13.13.31-1.jpeg","url":"https:\/\/www.studioimmobiliarefarina.eu\/wp-content\/uploads\/2026\/03\/WhatsApp-Image-2026-03-16-at-13.13.31-1-150x150.jpeg","full_url":"https:\/\/www.studioimmobiliarefarina.eu\/wp-content\/uploads\/2026\/03\/WhatsApp-Image-2026-03-16-at-13.13.31-1.jpeg","title":"WhatsApp Image 2026-03-16 at 13.13.31 (1)","caption":"","description":"","alt":"","srcset":false},{"width":150,"height":150,"file":"2026\/03\/WhatsApp-Image-2026-03-16-at-13.13.32.jpeg","filesize":378205,"sizes":{"thumbnail":{"file":"WhatsApp-Image-2026-03-16-at-13.13.32-150x150.jpeg","width":150,"height":150,"mime-type":"image\/jpeg","url":"https:\/\/www.studioimmobiliarefarina.eu\/wp-content\/uploads\/2026\/03\/WhatsApp-Image-2026-03-16-at-13.13.32-150x150.jpeg"},"medium":{"file":"WhatsApp-Image-2026-03-16-at-13.13.32-300x225.jpeg","width":300,"height":225,"mime-type":"image\/jpeg","url":"https:\/\/www.studioimmobiliarefarina.eu\/wp-content\/uploads\/2026\/03\/WhatsApp-Image-2026-03-16-at-13.13.32-300x225.jpeg"},"large":{"file":"WhatsApp-Image-2026-03-16-at-13.13.32-1024x768.jpeg","width":1024,"height":768,"mime-type":"image\/jpeg","url":"https:\/\/www.studioimmobiliarefarina.eu\/wp-content\/uploads\/2026\/03\/WhatsApp-Image-2026-03-16-at-13.13.32-1024x768.jpeg"},"post-featured-image":{"file":"WhatsApp-Image-2026-03-16-at-13.13.32-1240x720.jpeg","width":1240,"height":720,"mime-type":"image\/jpeg","url":"https:\/\/www.studioimmobiliarefarina.eu\/wp-content\/uploads\/2026\/03\/WhatsApp-Image-2026-03-16-at-13.13.32-1240x720.jpeg"}},"image_meta":{"aperture":"0","credit":"","camera":"","caption":"","created_timestamp":"0","copyright":"","focal_length":"0","iso":"0","shutter_speed":"0","title":"","orientation":"0","keywords":[]},"ID":"64171","name":"WhatsApp-Image-2026-03-16-at-13.13.32.jpeg","path":"\/srv\/www\/studioimmobiliarefarina.eu\/wp-content\/uploads\/2026\/03\/WhatsApp-Image-2026-03-16-at-13.13.32.jpeg","url":"https:\/\/www.studioimmobiliarefarina.eu\/wp-content\/uploads\/2026\/03\/WhatsApp-Image-2026-03-16-at-13.13.32-150x150.jpeg","full_url":"https:\/\/www.studioimmobiliarefarina.eu\/wp-content\/uploads\/2026\/03\/WhatsApp-Image-2026-03-16-at-13.13.32.jpeg","title":"WhatsApp Image 2026-03-16 at 13.13.32","caption":"","description":"","alt":"","srcset":false},{"width":150,"height":150,"file":"2026\/03\/WhatsApp-Image-2026-03-16-at-13.13.32-2.jpeg","filesize":274360,"sizes":{"thumbnail":{"file":"WhatsApp-Image-2026-03-16-at-13.13.32-2-150x150.jpeg","width":150,"height":150,"mime-type":"image\/jpeg","url":"https:\/\/www.studioimmobiliarefarina.eu\/wp-content\/uploads\/2026\/03\/WhatsApp-Image-2026-03-16-at-13.13.32-2-150x150.jpeg"},"medium":{"file":"WhatsApp-Image-2026-03-16-at-13.13.32-2-300x225.jpeg","width":300,"height":225,"mime-type":"image\/jpeg","url":"https:\/\/www.studioimmobiliarefarina.eu\/wp-content\/uploads\/2026\/03\/WhatsApp-Image-2026-03-16-at-13.13.32-2-300x225.jpeg"},"large":{"file":"WhatsApp-Image-2026-03-16-at-13.13.32-2-1024x768.jpeg","width":1024,"height":768,"mime-type":"image\/jpeg","url":"https:\/\/www.studioimmobiliarefarina.eu\/wp-content\/uploads\/2026\/03\/WhatsApp-Image-2026-03-16-at-13.13.32-2-1024x768.jpeg"},"post-featured-image":{"file":"WhatsApp-Image-2026-03-16-at-13.13.32-2-1240x720.jpeg","width":1240,"height":720,"mime-type":"image\/jpeg","url":"https:\/\/www.studioimmobiliarefarina.eu\/wp-content\/uploads\/2026\/03\/WhatsApp-Image-2026-03-16-at-13.13.32-2-1240x720.jpeg"}},"image_meta":{"aperture":"0","credit":"","camera":"","caption":"","created_timestamp":"0","copyright":"","focal_length":"0","iso":"0","shutter_speed":"0","title":"","orientation":"0","keywords":[]},"ID":"64169","name":"WhatsApp-Image-2026-03-16-at-13.13.32-2.jpeg","path":"\/srv\/www\/studioimmobiliarefarina.eu\/wp-content\/uploads\/2026\/03\/WhatsApp-Image-2026-03-16-at-13.13.32-2.jpeg","url":"https:\/\/www.studioimmobiliarefarina.eu\/wp-content\/uploads\/2026\/03\/WhatsApp-Image-2026-03-16-at-13.13.32-2-150x150.jpeg","full_url":"https:\/\/www.studioimmobiliarefarina.eu\/wp-content\/uploads\/2026\/03\/WhatsApp-Image-2026-03-16-at-13.13.32-2.jpeg","title":"WhatsApp Image 2026-03-16 at 13.13.32 (2)","caption":"","description":"","alt":"","srcset":false},{"width":150,"height":150,"file":"2026\/03\/WhatsApp-Image-2026-03-16-at-13.13.33.jpeg","filesize":233400,"sizes":{"thumbnail":{"file":"WhatsApp-Image-2026-03-16-at-13.13.33-150x150.jpeg","width":150,"height":150,"mime-type":"image\/jpeg","url":"https:\/\/www.studioimmobiliarefarina.eu\/wp-content\/uploads\/2026\/03\/WhatsApp-Image-2026-03-16-at-13.13.33-150x150.jpeg"},"medium":{"file":"WhatsApp-Image-2026-03-16-at-13.13.33-300x225.jpeg","width":300,"height":225,"mime-type":"image\/jpeg","url":"https:\/\/www.studioimmobiliarefarina.eu\/wp-content\/uploads\/2026\/03\/WhatsApp-Image-2026-03-16-at-13.13.33-300x225.jpeg"},"large":{"file":"WhatsApp-Image-2026-03-16-at-13.13.33-1024x768.jpeg","width":1024,"height":768,"mime-type":"image\/jpeg","url":"https:\/\/www.studioimmobiliarefarina.eu\/wp-content\/uploads\/2026\/03\/WhatsApp-Image-2026-03-16-at-13.13.33-1024x768.jpeg"},"post-featured-image":{"file":"WhatsApp-Image-2026-03-16-at-13.13.33-1240x720.jpeg","width":1240,"height":720,"mime-type":"image\/jpeg","url":"https:\/\/www.studioimmobiliarefarina.eu\/wp-content\/uploads\/2026\/03\/WhatsApp-Image-2026-03-16-at-13.13.33-1240x720.jpeg"}},"image_meta":{"aperture":"0","credit":"","camera":"","caption":"","created_timestamp":"0","copyright":"","focal_length":"0","iso":"0","shutter_speed":"0","title":"","orientation":"0","keywords":[]},"ID":"64168","name":"WhatsApp-Image-2026-03-16-at-13.13.33.jpeg","path":"\/srv\/www\/studioimmobiliarefarina.eu\/wp-content\/uploads\/2026\/03\/WhatsApp-Image-2026-03-16-at-13.13.33.jpeg","url":"https:\/\/www.studioimmobiliarefarina.eu\/wp-content\/uploads\/2026\/03\/WhatsApp-Image-2026-03-16-at-13.13.33-150x150.jpeg","full_url":"https:\/\/www.studioimmobiliarefarina.eu\/wp-content\/uploads\/2026\/03\/WhatsApp-Image-2026-03-16-at-13.13.33.jpeg","title":"WhatsApp Image 2026-03-16 at 13.13.33","caption":"","description":"","alt":"","srcset":false},{"width":150,"height":150,"file":"2026\/03\/WhatsApp-Image-2026-03-16-at-13.14.29.jpeg","filesize":379901,"sizes":{"thumbnail":{"file":"WhatsApp-Image-2026-03-16-at-13.14.29-150x150.jpeg","width":150,"height":150,"mime-type":"image\/jpeg","url":"https:\/\/www.studioimmobiliarefarina.eu\/wp-content\/uploads\/2026\/03\/WhatsApp-Image-2026-03-16-at-13.14.29-150x150.jpeg"},"medium":{"file":"WhatsApp-Image-2026-03-16-at-13.14.29-300x225.jpeg","width":300,"height":225,"mime-type":"image\/jpeg","url":"https:\/\/www.studioimmobiliarefarina.eu\/wp-content\/uploads\/2026\/03\/WhatsApp-Image-2026-03-16-at-13.14.29-300x225.jpeg"},"large":{"file":"WhatsApp-Image-2026-03-16-at-13.14.29-1024x768.jpeg","width":1024,"height":768,"mime-type":"image\/jpeg","url":"https:\/\/www.studioimmobiliarefarina.eu\/wp-content\/uploads\/2026\/03\/WhatsApp-Image-2026-03-16-at-13.14.29-1024x768.jpeg"},"post-featured-image":{"file":"WhatsApp-Image-2026-03-16-at-13.14.29-1240x720.jpeg","width":1240,"height":720,"mime-type":"image\/jpeg","url":"https:\/\/www.studioimmobiliarefarina.eu\/wp-content\/uploads\/2026\/03\/WhatsApp-Image-2026-03-16-at-13.14.29-1240x720.jpeg"}},"image_meta":{"aperture":"0","credit":"","camera":"","caption":"","created_timestamp":"0","copyright":"","focal_length":"0","iso":"0","shutter_speed":"0","title":"","orientation":"0","keywords":[]},"ID":"64166","name":"WhatsApp-Image-2026-03-16-at-13.14.29.jpeg","path":"\/srv\/www\/studioimmobiliarefarina.eu\/wp-content\/uploads\/2026\/03\/WhatsApp-Image-2026-03-16-at-13.14.29.jpeg","url":"https:\/\/www.studioimmobiliarefarina.eu\/wp-content\/uploads\/2026\/03\/WhatsApp-Image-2026-03-16-at-13.14.29-150x150.jpeg","full_url":"https:\/\/www.studioimmobiliarefarina.eu\/wp-content\/uploads\/2026\/03\/WhatsApp-Image-2026-03-16-at-13.14.29.jpeg","title":"WhatsApp Image 2026-03-16 at 13.14.29","caption":"","description":"","alt":"","srcset":false},{"width":150,"height":150,"file":"2026\/03\/WhatsApp-Image-2026-03-16-at-13.14.30.jpeg","filesize":256889,"sizes":{"thumbnail":{"file":"WhatsApp-Image-2026-03-16-at-13.14.30-150x150.jpeg","width":150,"height":150,"mime-type":"image\/jpeg","url":"https:\/\/www.studioimmobiliarefarina.eu\/wp-content\/uploads\/2026\/03\/WhatsApp-Image-2026-03-16-at-13.14.30-150x150.jpeg"},"medium":{"file":"WhatsApp-Image-2026-03-16-at-13.14.30-300x225.jpeg","width":300,"height":225,"mime-type":"image\/jpeg","url":"https:\/\/www.studioimmobiliarefarina.eu\/wp-content\/uploads\/2026\/03\/WhatsApp-Image-2026-03-16-at-13.14.30-300x225.jpeg"},"large":{"file":"WhatsApp-Image-2026-03-16-at-13.14.30-1024x768.jpeg","width":1024,"height":768,"mime-type":"image\/jpeg","url":"https:\/\/www.studioimmobiliarefarina.eu\/wp-content\/uploads\/2026\/03\/WhatsApp-Image-2026-03-16-at-13.14.30-1024x768.jpeg"},"post-featured-image":{"file":"WhatsApp-Image-2026-03-16-at-13.14.30-1240x720.jpeg","width":1240,"height":720,"mime-type":"image\/jpeg","url":"https:\/\/www.studioimmobiliarefarina.eu\/wp-content\/uploads\/2026\/03\/WhatsApp-Image-2026-03-16-at-13.14.30-1240x720.jpeg"}},"image_meta":{"aperture":"0","credit":"","camera":"","caption":"","created_timestamp":"0","copyright":"","focal_length":"0","iso":"0","shutter_speed":"0","title":"","orientation":"0","keywords":[]},"ID":"64165","name":"WhatsApp-Image-2026-03-16-at-13.14.30.jpeg","path":"\/srv\/www\/studioimmobiliarefarina.eu\/wp-content\/uploads\/2026\/03\/WhatsApp-Image-2026-03-16-at-13.14.30.jpeg","url":"https:\/\/www.studioimmobiliarefarina.eu\/wp-content\/uploads\/2026\/03\/WhatsApp-Image-2026-03-16-at-13.14.30-150x150.jpeg","full_url":"https:\/\/www.studioimmobiliarefarina.eu\/wp-content\/uploads\/2026\/03\/WhatsApp-Image-2026-03-16-at-13.14.30.jpeg","title":"WhatsApp Image 2026-03-16 at 13.14.30","caption":"","description":"","alt":"","srcset":false},{"width":150,"height":150,"file":"2026\/03\/WhatsApp-Image-2026-03-16-at-13.14.30-1.jpeg","filesize":203259,"sizes":{"thumbnail":{"file":"WhatsApp-Image-2026-03-16-at-13.14.30-1-150x150.jpeg","width":150,"height":150,"mime-type":"image\/jpeg","url":"https:\/\/www.studioimmobiliarefarina.eu\/wp-content\/uploads\/2026\/03\/WhatsApp-Image-2026-03-16-at-13.14.30-1-150x150.jpeg"},"medium":{"file":"WhatsApp-Image-2026-03-16-at-13.14.30-1-300x225.jpeg","width":300,"height":225,"mime-type":"image\/jpeg","url":"https:\/\/www.studioimmobiliarefarina.eu\/wp-content\/uploads\/2026\/03\/WhatsApp-Image-2026-03-16-at-13.14.30-1-300x225.jpeg"},"large":{"file":"WhatsApp-Image-2026-03-16-at-13.14.30-1-1024x768.jpeg","width":1024,"height":768,"mime-type":"image\/jpeg","url":"https:\/\/www.studioimmobiliarefarina.eu\/wp-content\/uploads\/2026\/03\/WhatsApp-Image-2026-03-16-at-13.14.30-1-1024x768.jpeg"},"post-featured-image":{"file":"WhatsApp-Image-2026-03-16-at-13.14.30-1-1240x720.jpeg","width":1240,"height":720,"mime-type":"image\/jpeg","url":"https:\/\/www.studioimmobiliarefarina.eu\/wp-content\/uploads\/2026\/03\/WhatsApp-Image-2026-03-16-at-13.14.30-1-1240x720.jpeg"}},"image_meta":{"aperture":"0","credit":"","camera":"","caption":"","created_timestamp":"0","copyright":"","focal_length":"0","iso":"0","shutter_speed":"0","title":"","orientation":"0","keywords":[]},"ID":"64164","name":"WhatsApp-Image-2026-03-16-at-13.14.30-1.jpeg","path":"\/srv\/www\/studioimmobiliarefarina.eu\/wp-content\/uploads\/2026\/03\/WhatsApp-Image-2026-03-16-at-13.14.30-1.jpeg","url":"https:\/\/www.studioimmobiliarefarina.eu\/wp-content\/uploads\/2026\/03\/WhatsApp-Image-2026-03-16-at-13.14.30-1-150x150.jpeg","full_url":"https:\/\/www.studioimmobiliarefarina.eu\/wp-content\/uploads\/2026\/03\/WhatsApp-Image-2026-03-16-at-13.14.30-1.jpeg","title":"WhatsApp Image 2026-03-16 at 13.14.30 (1)","caption":"","description":"","alt":"","srcset":false},{"width":150,"height":150,"file":"2026\/03\/WhatsApp-Image-2026-03-16-at-13.14.31.jpeg","filesize":145097,"sizes":{"thumbnail":{"file":"WhatsApp-Image-2026-03-16-at-13.14.31-150x150.jpeg","width":150,"height":150,"mime-type":"image\/jpeg","url":"https:\/\/www.studioimmobiliarefarina.eu\/wp-content\/uploads\/2026\/03\/WhatsApp-Image-2026-03-16-at-13.14.31-150x150.jpeg"},"medium":{"file":"WhatsApp-Image-2026-03-16-at-13.14.31-300x225.jpeg","width":300,"height":225,"mime-type":"image\/jpeg","url":"https:\/\/www.studioimmobiliarefarina.eu\/wp-content\/uploads\/2026\/03\/WhatsApp-Image-2026-03-16-at-13.14.31-300x225.jpeg"},"large":{"file":"WhatsApp-Image-2026-03-16-at-13.14.31-1024x768.jpeg","width":1024,"height":768,"mime-type":"image\/jpeg","url":"https:\/\/www.studioimmobiliarefarina.eu\/wp-content\/uploads\/2026\/03\/WhatsApp-Image-2026-03-16-at-13.14.31-1024x768.jpeg"},"post-featured-image":{"file":"WhatsApp-Image-2026-03-16-at-13.14.31-1240x720.jpeg","width":1240,"height":720,"mime-type":"image\/jpeg","url":"https:\/\/www.studioimmobiliarefarina.eu\/wp-content\/uploads\/2026\/03\/WhatsApp-Image-2026-03-16-at-13.14.31-1240x720.jpeg"}},"image_meta":{"aperture":"0","credit":"","camera":"","caption":"","created_timestamp":"0","copyright":"","focal_length":"0","iso":"0","shutter_speed":"0","title":"","orientation":"0","keywords":[]},"ID":"64163","name":"WhatsApp-Image-2026-03-16-at-13.14.31.jpeg","path":"\/srv\/www\/studioimmobiliarefarina.eu\/wp-content\/uploads\/2026\/03\/WhatsApp-Image-2026-03-16-at-13.14.31.jpeg","url":"https:\/\/www.studioimmobiliarefarina.eu\/wp-content\/uploads\/2026\/03\/WhatsApp-Image-2026-03-16-at-13.14.31-150x150.jpeg","full_url":"https:\/\/www.studioimmobiliarefarina.eu\/wp-content\/uploads\/2026\/03\/WhatsApp-Image-2026-03-16-at-13.14.31.jpeg","title":"WhatsApp Image 2026-03-16 at 13.14.31","caption":"","description":"","alt":"","srcset":false},{"width":150,"height":150,"file":"2026\/03\/WhatsApp-Image-2026-03-16-at-13.14.31-1.jpeg","filesize":125544,"sizes":{"thumbnail":{"file":"WhatsApp-Image-2026-03-16-at-13.14.31-1-150x150.jpeg","width":150,"height":150,"mime-type":"image\/jpeg","url":"https:\/\/www.studioimmobiliarefarina.eu\/wp-content\/uploads\/2026\/03\/WhatsApp-Image-2026-03-16-at-13.14.31-1-150x150.jpeg"},"medium":{"file":"WhatsApp-Image-2026-03-16-at-13.14.31-1-300x225.jpeg","width":300,"height":225,"mime-type":"image\/jpeg","url":"https:\/\/www.studioimmobiliarefarina.eu\/wp-content\/uploads\/2026\/03\/WhatsApp-Image-2026-03-16-at-13.14.31-1-300x225.jpeg"},"large":{"file":"WhatsApp-Image-2026-03-16-at-13.14.31-1-1024x768.jpeg","width":1024,"height":768,"mime-type":"image\/jpeg","url":"https:\/\/www.studioimmobiliarefarina.eu\/wp-content\/uploads\/2026\/03\/WhatsApp-Image-2026-03-16-at-13.14.31-1-1024x768.jpeg"},"post-featured-image":{"file":"WhatsApp-Image-2026-03-16-at-13.14.31-1-1240x720.jpeg","width":1240,"height":720,"mime-type":"image\/jpeg","url":"https:\/\/www.studioimmobiliarefarina.eu\/wp-content\/uploads\/2026\/03\/WhatsApp-Image-2026-03-16-at-13.14.31-1-1240x720.jpeg"}},"image_meta":{"aperture":"0","credit":"","camera":"","caption":"","created_timestamp":"0","copyright":"","focal_length":"0","iso":"0","shutter_speed":"0","title":"","orientation":"0","keywords":[]},"ID":"64162","name":"WhatsApp-Image-2026-03-16-at-13.14.31-1.jpeg","path":"\/srv\/www\/studioimmobiliarefarina.eu\/wp-content\/uploads\/2026\/03\/WhatsApp-Image-2026-03-16-at-13.14.31-1.jpeg","url":"https:\/\/www.studioimmobiliarefarina.eu\/wp-content\/uploads\/2026\/03\/WhatsApp-Image-2026-03-16-at-13.14.31-1-150x150.jpeg","full_url":"https:\/\/www.studioimmobiliarefarina.eu\/wp-content\/uploads\/2026\/03\/WhatsApp-Image-2026-03-16-at-13.14.31-1.jpeg","title":"WhatsApp Image 2026-03-16 at 13.14.31 (1)","caption":"","description":"","alt":"","srcset":false},{"width":150,"height":150,"file":"2026\/03\/WhatsApp-Image-2026-03-16-at-13.14.31-2.jpeg","filesize":175857,"sizes":{"thumbnail":{"file":"WhatsApp-Image-2026-03-16-at-13.14.31-2-150x150.jpeg","width":150,"height":150,"mime-type":"image\/jpeg","url":"https:\/\/www.studioimmobiliarefarina.eu\/wp-content\/uploads\/2026\/03\/WhatsApp-Image-2026-03-16-at-13.14.31-2-150x150.jpeg"},"medium":{"file":"WhatsApp-Image-2026-03-16-at-13.14.31-2-300x225.jpeg","width":300,"height":225,"mime-type":"image\/jpeg","url":"https:\/\/www.studioimmobiliarefarina.eu\/wp-content\/uploads\/2026\/03\/WhatsApp-Image-2026-03-16-at-13.14.31-2-300x225.jpeg"},"large":{"file":"WhatsApp-Image-2026-03-16-at-13.14.31-2-1024x768.jpeg","width":1024,"height":768,"mime-type":"image\/jpeg","url":"https:\/\/www.studioimmobiliarefarina.eu\/wp-content\/uploads\/2026\/03\/WhatsApp-Image-2026-03-16-at-13.14.31-2-1024x768.jpeg"},"post-featured-image":{"file":"WhatsApp-Image-2026-03-16-at-13.14.31-2-1240x720.jpeg","width":1240,"height":720,"mime-type":"image\/jpeg","url":"https:\/\/www.studioimmobiliarefarina.eu\/wp-content\/uploads\/2026\/03\/WhatsApp-Image-2026-03-16-at-13.14.31-2-1240x720.jpeg"}},"image_meta":{"aperture":"0","credit":"","camera":"","caption":"","created_timestamp":"0","copyright":"","focal_length":"0","iso":"0","shutter_speed":"0","title":"","orientation":"0","keywords":[]},"ID":"64161","name":"WhatsApp-Image-2026-03-16-at-13.14.31-2.jpeg","path":"\/srv\/www\/studioimmobiliarefarina.eu\/wp-content\/uploads\/2026\/03\/WhatsApp-Image-2026-03-16-at-13.14.31-2.jpeg","url":"https:\/\/www.studioimmobiliarefarina.eu\/wp-content\/uploads\/2026\/03\/WhatsApp-Image-2026-03-16-at-13.14.31-2-150x150.jpeg","full_url":"https:\/\/www.studioimmobiliarefarina.eu\/wp-content\/uploads\/2026\/03\/WhatsApp-Image-2026-03-16-at-13.14.31-2.jpeg","title":"WhatsApp Image 2026-03-16 at 13.14.31 (2)","caption":"","description":"","alt":"","srcset":false},{"width":150,"height":150,"file":"2026\/03\/WhatsApp-Image-2026-03-16-at-13.14.32.jpeg","filesize":224509,"sizes":{"thumbnail":{"file":"WhatsApp-Image-2026-03-16-at-13.14.32-150x150.jpeg","width":150,"height":150,"mime-type":"image\/jpeg","url":"https:\/\/www.studioimmobiliarefarina.eu\/wp-content\/uploads\/2026\/03\/WhatsApp-Image-2026-03-16-at-13.14.32-150x150.jpeg"},"medium":{"file":"WhatsApp-Image-2026-03-16-at-13.14.32-300x225.jpeg","width":300,"height":225,"mime-type":"image\/jpeg","url":"https:\/\/www.studioimmobiliarefarina.eu\/wp-content\/uploads\/2026\/03\/WhatsApp-Image-2026-03-16-at-13.14.32-300x225.jpeg"},"large":{"file":"WhatsApp-Image-2026-03-16-at-13.14.32-1024x768.jpeg","width":1024,"height":768,"mime-type":"image\/jpeg","url":"https:\/\/www.studioimmobiliarefarina.eu\/wp-content\/uploads\/2026\/03\/WhatsApp-Image-2026-03-16-at-13.14.32-1024x768.jpeg"},"post-featured-image":{"file":"WhatsApp-Image-2026-03-16-at-13.14.32-1240x720.jpeg","width":1240,"height":720,"mime-type":"image\/jpeg","url":"https:\/\/www.studioimmobiliarefarina.eu\/wp-content\/uploads\/2026\/03\/WhatsApp-Image-2026-03-16-at-13.14.32-1240x720.jpeg"}},"image_meta":{"aperture":"0","credit":"","camera":"","caption":"","created_timestamp":"0","copyright":"","focal_length":"0","iso":"0","shutter_speed":"0","title":"","orientation":"0","keywords":[]},"ID":"64160","name":"WhatsApp-Image-2026-03-16-at-13.14.32.jpeg","path":"\/srv\/www\/studioimmobiliarefarina.eu\/wp-content\/uploads\/2026\/03\/WhatsApp-Image-2026-03-16-at-13.14.32.jpeg","url":"https:\/\/www.studioimmobiliarefarina.eu\/wp-content\/uploads\/2026\/03\/WhatsApp-Image-2026-03-16-at-13.14.32-150x150.jpeg","full_url":"https:\/\/www.studioimmobiliarefarina.eu\/wp-content\/uploads\/2026\/03\/WhatsApp-Image-2026-03-16-at-13.14.32.jpeg","title":"WhatsApp Image 2026-03-16 at 13.14.32","caption":"","description":"","alt":"","srcset":false},{"width":150,"height":150,"file":"2026\/03\/WhatsApp-Image-2026-03-16-at-13.14.32-1.jpeg","filesize":310340,"sizes":{"thumbnail":{"file":"WhatsApp-Image-2026-03-16-at-13.14.32-1-150x150.jpeg","width":150,"height":150,"mime-type":"image\/jpeg","url":"https:\/\/www.studioimmobiliarefarina.eu\/wp-content\/uploads\/2026\/03\/WhatsApp-Image-2026-03-16-at-13.14.32-1-150x150.jpeg"},"medium":{"file":"WhatsApp-Image-2026-03-16-at-13.14.32-1-300x225.jpeg","width":300,"height":225,"mime-type":"image\/jpeg","url":"https:\/\/www.studioimmobiliarefarina.eu\/wp-content\/uploads\/2026\/03\/WhatsApp-Image-2026-03-16-at-13.14.32-1-300x225.jpeg"},"large":{"file":"WhatsApp-Image-2026-03-16-at-13.14.32-1-1024x768.jpeg","width":1024,"height":768,"mime-type":"image\/jpeg","url":"https:\/\/www.studioimmobiliarefarina.eu\/wp-content\/uploads\/2026\/03\/WhatsApp-Image-2026-03-16-at-13.14.32-1-1024x768.jpeg"},"post-featured-image":{"file":"WhatsApp-Image-2026-03-16-at-13.14.32-1-1240x720.jpeg","width":1240,"height":720,"mime-type":"image\/jpeg","url":"https:\/\/www.studioimmobiliarefarina.eu\/wp-content\/uploads\/2026\/03\/WhatsApp-Image-2026-03-16-at-13.14.32-1-1240x720.jpeg"}},"image_meta":{"aperture":"0","credit":"","camera":"","caption":"","created_timestamp":"0","copyright":"","focal_length":"0","iso":"0","shutter_speed":"0","title":"","orientation":"0","keywords":[]},"ID":"64159","name":"WhatsApp-Image-2026-03-16-at-13.14.32-1.jpeg","path":"\/srv\/www\/studioimmobiliarefarina.eu\/wp-content\/uploads\/2026\/03\/WhatsApp-Image-2026-03-16-at-13.14.32-1.jpeg","url":"https:\/\/www.studioimmobiliarefarina.eu\/wp-content\/uploads\/2026\/03\/WhatsApp-Image-2026-03-16-at-13.14.32-1-150x150.jpeg","full_url":"https:\/\/www.studioimmobiliarefarina.eu\/wp-content\/uploads\/2026\/03\/WhatsApp-Image-2026-03-16-at-13.14.32-1.jpeg","title":"WhatsApp Image 2026-03-16 at 13.14.32 (1)","caption":"","description":"","alt":"","srcset":false},{"width":150,"height":150,"file":"2026\/03\/WhatsApp-Image-2026-03-16-at-13.14.32-2.jpeg","filesize":162712,"sizes":{"thumbnail":{"file":"WhatsApp-Image-2026-03-16-at-13.14.32-2-150x150.jpeg","width":150,"height":150,"mime-type":"image\/jpeg","url":"https:\/\/www.studioimmobiliarefarina.eu\/wp-content\/uploads\/2026\/03\/WhatsApp-Image-2026-03-16-at-13.14.32-2-150x150.jpeg"},"medium":{"file":"WhatsApp-Image-2026-03-16-at-13.14.32-2-300x225.jpeg","width":300,"height":225,"mime-type":"image\/jpeg","url":"https:\/\/www.studioimmobiliarefarina.eu\/wp-content\/uploads\/2026\/03\/WhatsApp-Image-2026-03-16-at-13.14.32-2-300x225.jpeg"},"large":{"file":"WhatsApp-Image-2026-03-16-at-13.14.32-2-1024x768.jpeg","width":1024,"height":768,"mime-type":"image\/jpeg","url":"https:\/\/www.studioimmobiliarefarina.eu\/wp-content\/uploads\/2026\/03\/WhatsApp-Image-2026-03-16-at-13.14.32-2-1024x768.jpeg"},"post-featured-image":{"file":"WhatsApp-Image-2026-03-16-at-13.14.32-2-1240x720.jpeg","width":1240,"height":720,"mime-type":"image\/jpeg","url":"https:\/\/www.studioimmobiliarefarina.eu\/wp-content\/uploads\/2026\/03\/WhatsApp-Image-2026-03-16-at-13.14.32-2-1240x720.jpeg"}},"image_meta":{"aperture":"0","credit":"","camera":"","caption":"","created_timestamp":"0","copyright":"","focal_length":"0","iso":"0","shutter_speed":"0","title":"","orientation":"0","keywords":[]},"ID":"64158","name":"WhatsApp-Image-2026-03-16-at-13.14.32-2.jpeg","path":"\/srv\/www\/studioimmobiliarefarina.eu\/wp-content\/uploads\/2026\/03\/WhatsApp-Image-2026-03-16-at-13.14.32-2.jpeg","url":"https:\/\/www.studioimmobiliarefarina.eu\/wp-content\/uploads\/2026\/03\/WhatsApp-Image-2026-03-16-at-13.14.32-2-150x150.jpeg","full_url":"https:\/\/www.studioimmobiliarefarina.eu\/wp-content\/uploads\/2026\/03\/WhatsApp-Image-2026-03-16-at-13.14.32-2.jpeg","title":"WhatsApp Image 2026-03-16 at 13.14.32 (2)","caption":"","description":"","alt":"","srcset":false},{"width":150,"height":150,"file":"2026\/03\/WhatsApp-Image-2026-03-16-at-13.14.33-1.jpeg","filesize":124048,"sizes":{"thumbnail":{"file":"WhatsApp-Image-2026-03-16-at-13.14.33-1-150x150.jpeg","width":150,"height":150,"mime-type":"image\/jpeg","url":"https:\/\/www.studioimmobiliarefarina.eu\/wp-content\/uploads\/2026\/03\/WhatsApp-Image-2026-03-16-at-13.14.33-1-150x150.jpeg"},"medium":{"file":"WhatsApp-Image-2026-03-16-at-13.14.33-1-300x225.jpeg","width":300,"height":225,"mime-type":"image\/jpeg","url":"https:\/\/www.studioimmobiliarefarina.eu\/wp-content\/uploads\/2026\/03\/WhatsApp-Image-2026-03-16-at-13.14.33-1-300x225.jpeg"},"large":{"file":"WhatsApp-Image-2026-03-16-at-13.14.33-1-1024x768.jpeg","width":1024,"height":768,"mime-type":"image\/jpeg","url":"https:\/\/www.studioimmobiliarefarina.eu\/wp-content\/uploads\/2026\/03\/WhatsApp-Image-2026-03-16-at-13.14.33-1-1024x768.jpeg"},"post-featured-image":{"file":"WhatsApp-Image-2026-03-16-at-13.14.33-1-1240x720.jpeg","width":1240,"height":720,"mime-type":"image\/jpeg","url":"https:\/\/www.studioimmobiliarefarina.eu\/wp-content\/uploads\/2026\/03\/WhatsApp-Image-2026-03-16-at-13.14.33-1-1240x720.jpeg"}},"image_meta":{"aperture":"0","credit":"","camera":"","caption":"","created_timestamp":"0","copyright":"","focal_length":"0","iso":"0","shutter_speed":"0","title":"","orientation":"0","keywords":[]},"ID":"64156","name":"WhatsApp-Image-2026-03-16-at-13.14.33-1.jpeg","path":"\/srv\/www\/studioimmobiliarefarina.eu\/wp-content\/uploads\/2026\/03\/WhatsApp-Image-2026-03-16-at-13.14.33-1.jpeg","url":"https:\/\/www.studioimmobiliarefarina.eu\/wp-content\/uploads\/2026\/03\/WhatsApp-Image-2026-03-16-at-13.14.33-1-150x150.jpeg","full_url":"https:\/\/www.studioimmobiliarefarina.eu\/wp-content\/uploads\/2026\/03\/WhatsApp-Image-2026-03-16-at-13.14.33-1.jpeg","title":"WhatsApp Image 2026-03-16 at 13.14.33 (1)","caption":"","description":"","alt":"","srcset":false},{"width":150,"height":150,"file":"2026\/03\/WhatsApp-Image-2026-03-16-at-13.14.33-2.jpeg","filesize":165796,"sizes":{"thumbnail":{"file":"WhatsApp-Image-2026-03-16-at-13.14.33-2-150x150.jpeg","width":150,"height":150,"mime-type":"image\/jpeg","url":"https:\/\/www.studioimmobiliarefarina.eu\/wp-content\/uploads\/2026\/03\/WhatsApp-Image-2026-03-16-at-13.14.33-2-150x150.jpeg"},"medium":{"file":"WhatsApp-Image-2026-03-16-at-13.14.33-2-300x225.jpeg","width":300,"height":225,"mime-type":"image\/jpeg","url":"https:\/\/www.studioimmobiliarefarina.eu\/wp-content\/uploads\/2026\/03\/WhatsApp-Image-2026-03-16-at-13.14.33-2-300x225.jpeg"},"large":{"file":"WhatsApp-Image-2026-03-16-at-13.14.33-2-1024x768.jpeg","width":1024,"height":768,"mime-type":"image\/jpeg","url":"https:\/\/www.studioimmobiliarefarina.eu\/wp-content\/uploads\/2026\/03\/WhatsApp-Image-2026-03-16-at-13.14.33-2-1024x768.jpeg"},"post-featured-image":{"file":"WhatsApp-Image-2026-03-16-at-13.14.33-2-1240x720.jpeg","width":1240,"height":720,"mime-type":"image\/jpeg","url":"https:\/\/www.studioimmobiliarefarina.eu\/wp-content\/uploads\/2026\/03\/WhatsApp-Image-2026-03-16-at-13.14.33-2-1240x720.jpeg"}},"image_meta":{"aperture":"0","credit":"","camera":"","caption":"","created_timestamp":"0","copyright":"","focal_length":"0","iso":"0","shutter_speed":"0","title":"","orientation":"0","keywords":[]},"ID":"64155","name":"WhatsApp-Image-2026-03-16-at-13.14.33-2.jpeg","path":"\/srv\/www\/studioimmobiliarefarina.eu\/wp-content\/uploads\/2026\/03\/WhatsApp-Image-2026-03-16-at-13.14.33-2.jpeg","url":"https:\/\/www.studioimmobiliarefarina.eu\/wp-content\/uploads\/2026\/03\/WhatsApp-Image-2026-03-16-at-13.14.33-2-150x150.jpeg","full_url":"https:\/\/www.studioimmobiliarefarina.eu\/wp-content\/uploads\/2026\/03\/WhatsApp-Image-2026-03-16-at-13.14.33-2.jpeg","title":"WhatsApp Image 2026-03-16 at 13.14.33 (2)","caption":"","description":"","alt":"","srcset":false},{"width":150,"height":150,"file":"2026\/03\/WhatsApp-Image-2026-03-16-at-13.14.34.jpeg","filesize":152781,"sizes":{"thumbnail":{"file":"WhatsApp-Image-2026-03-16-at-13.14.34-150x150.jpeg","width":150,"height":150,"mime-type":"image\/jpeg","url":"https:\/\/www.studioimmobiliarefarina.eu\/wp-content\/uploads\/2026\/03\/WhatsApp-Image-2026-03-16-at-13.14.34-150x150.jpeg"},"medium":{"file":"WhatsApp-Image-2026-03-16-at-13.14.34-300x225.jpeg","width":300,"height":225,"mime-type":"image\/jpeg","url":"https:\/\/www.studioimmobiliarefarina.eu\/wp-content\/uploads\/2026\/03\/WhatsApp-Image-2026-03-16-at-13.14.34-300x225.jpeg"},"large":{"file":"WhatsApp-Image-2026-03-16-at-13.14.34-1024x768.jpeg","width":1024,"height":768,"mime-type":"image\/jpeg","url":"https:\/\/www.studioimmobiliarefarina.eu\/wp-content\/uploads\/2026\/03\/WhatsApp-Image-2026-03-16-at-13.14.34-1024x768.jpeg"},"post-featured-image":{"file":"WhatsApp-Image-2026-03-16-at-13.14.34-1240x720.jpeg","width":1240,"height":720,"mime-type":"image\/jpeg","url":"https:\/\/www.studioimmobiliarefarina.eu\/wp-content\/uploads\/2026\/03\/WhatsApp-Image-2026-03-16-at-13.14.34-1240x720.jpeg"}},"image_meta":{"aperture":"0","credit":"","camera":"","caption":"","created_timestamp":"0","copyright":"","focal_length":"0","iso":"0","shutter_speed":"0","title":"","orientation":"0","keywords":[]},"ID":"64154","name":"WhatsApp-Image-2026-03-16-at-13.14.34.jpeg","path":"\/srv\/www\/studioimmobiliarefarina.eu\/wp-content\/uploads\/2026\/03\/WhatsApp-Image-2026-03-16-at-13.14.34.jpeg","url":"https:\/\/www.studioimmobiliarefarina.eu\/wp-content\/uploads\/2026\/03\/WhatsApp-Image-2026-03-16-at-13.14.34-150x150.jpeg","full_url":"https:\/\/www.studioimmobiliarefarina.eu\/wp-content\/uploads\/2026\/03\/WhatsApp-Image-2026-03-16-at-13.14.34.jpeg","title":"WhatsApp Image 2026-03-16 at 13.14.34","caption":"","description":"","alt":"","srcset":false},{"width":150,"height":150,"file":"2026\/03\/WhatsApp-Image-2026-03-16-at-13.14.35.jpeg","filesize":361473,"sizes":{"thumbnail":{"file":"WhatsApp-Image-2026-03-16-at-13.14.35-150x150.jpeg","width":150,"height":150,"mime-type":"image\/jpeg","url":"https:\/\/www.studioimmobiliarefarina.eu\/wp-content\/uploads\/2026\/03\/WhatsApp-Image-2026-03-16-at-13.14.35-150x150.jpeg"},"medium":{"file":"WhatsApp-Image-2026-03-16-at-13.14.35-300x225.jpeg","width":300,"height":225,"mime-type":"image\/jpeg","url":"https:\/\/www.studioimmobiliarefarina.eu\/wp-content\/uploads\/2026\/03\/WhatsApp-Image-2026-03-16-at-13.14.35-300x225.jpeg"},"large":{"file":"WhatsApp-Image-2026-03-16-at-13.14.35-1024x768.jpeg","width":1024,"height":768,"mime-type":"image\/jpeg","url":"https:\/\/www.studioimmobiliarefarina.eu\/wp-content\/uploads\/2026\/03\/WhatsApp-Image-2026-03-16-at-13.14.35-1024x768.jpeg"},"post-featured-image":{"file":"WhatsApp-Image-2026-03-16-at-13.14.35-1240x720.jpeg","width":1240,"height":720,"mime-type":"image\/jpeg","url":"https:\/\/www.studioimmobiliarefarina.eu\/wp-content\/uploads\/2026\/03\/WhatsApp-Image-2026-03-16-at-13.14.35-1240x720.jpeg"}},"image_meta":{"aperture":"0","credit":"","camera":"","caption":"","created_timestamp":"0","copyright":"","focal_length":"0","iso":"0","shutter_speed":"0","title":"","orientation":"0","keywords":[]},"ID":"64153","name":"WhatsApp-Image-2026-03-16-at-13.14.35.jpeg","path":"\/srv\/www\/studioimmobiliarefarina.eu\/wp-content\/uploads\/2026\/03\/WhatsApp-Image-2026-03-16-at-13.14.35.jpeg","url":"https:\/\/www.studioimmobiliarefarina.eu\/wp-content\/uploads\/2026\/03\/WhatsApp-Image-2026-03-16-at-13.14.35-150x150.jpeg","full_url":"https:\/\/www.studioimmobiliarefarina.eu\/wp-content\/uploads\/2026\/03\/WhatsApp-Image-2026-03-16-at-13.14.35.jpeg","title":"WhatsApp Image 2026-03-16 at 13.14.35","caption":"","description":"","alt":"","srcset":false},{"width":150,"height":150,"file":"2026\/03\/WhatsApp-Image-2026-03-16-at-13.14.35-1.jpeg","filesize":71732,"sizes":{"thumbnail":{"file":"WhatsApp-Image-2026-03-16-at-13.14.35-1-150x150.jpeg","width":150,"height":150,"mime-type":"image\/jpeg","url":"https:\/\/www.studioimmobiliarefarina.eu\/wp-content\/uploads\/2026\/03\/WhatsApp-Image-2026-03-16-at-13.14.35-1-150x150.jpeg"},"medium":{"file":"WhatsApp-Image-2026-03-16-at-13.14.35-1-300x225.jpeg","width":300,"height":225,"mime-type":"image\/jpeg","url":"https:\/\/www.studioimmobiliarefarina.eu\/wp-content\/uploads\/2026\/03\/WhatsApp-Image-2026-03-16-at-13.14.35-1-300x225.jpeg"},"large":{"file":"WhatsApp-Image-2026-03-16-at-13.14.35-1-1024x768.jpeg","width":1024,"height":768,"mime-type":"image\/jpeg","url":"https:\/\/www.studioimmobiliarefarina.eu\/wp-content\/uploads\/2026\/03\/WhatsApp-Image-2026-03-16-at-13.14.35-1-1024x768.jpeg"},"post-featured-image":{"file":"WhatsApp-Image-2026-03-16-at-13.14.35-1-1240x720.jpeg","width":1240,"height":720,"mime-type":"image\/jpeg","url":"https:\/\/www.studioimmobiliarefarina.eu\/wp-content\/uploads\/2026\/03\/WhatsApp-Image-2026-03-16-at-13.14.35-1-1240x720.jpeg"}},"image_meta":{"aperture":"0","credit":"","camera":"","caption":"","created_timestamp":"0","copyright":"","focal_length":"0","iso":"0","shutter_speed":"0","title":"","orientation":"0","keywords":[]},"ID":"64152","name":"WhatsApp-Image-2026-03-16-at-13.14.35-1.jpeg","path":"\/srv\/www\/studioimmobiliarefarina.eu\/wp-content\/uploads\/2026\/03\/WhatsApp-Image-2026-03-16-at-13.14.35-1.jpeg","url":"https:\/\/www.studioimmobiliarefarina.eu\/wp-content\/uploads\/2026\/03\/WhatsApp-Image-2026-03-16-at-13.14.35-1-150x150.jpeg","full_url":"https:\/\/www.studioimmobiliarefarina.eu\/wp-content\/uploads\/2026\/03\/WhatsApp-Image-2026-03-16-at-13.14.35-1.jpeg","title":"WhatsApp Image 2026-03-16 at 13.14.35 (1)","caption":"","description":"","alt":"","srcset":false},{"width":150,"height":150,"file":"2026\/03\/WhatsApp-Image-2026-03-16-at-13.14.36.jpeg","filesize":123755,"sizes":{"thumbnail":{"file":"WhatsApp-Image-2026-03-16-at-13.14.36-150x150.jpeg","width":150,"height":150,"mime-type":"image\/jpeg","url":"https:\/\/www.studioimmobiliarefarina.eu\/wp-content\/uploads\/2026\/03\/WhatsApp-Image-2026-03-16-at-13.14.36-150x150.jpeg"},"medium":{"file":"WhatsApp-Image-2026-03-16-at-13.14.36-300x225.jpeg","width":300,"height":225,"mime-type":"image\/jpeg","url":"https:\/\/www.studioimmobiliarefarina.eu\/wp-content\/uploads\/2026\/03\/WhatsApp-Image-2026-03-16-at-13.14.36-300x225.jpeg"},"large":{"file":"WhatsApp-Image-2026-03-16-at-13.14.36-1024x768.jpeg","width":1024,"height":768,"mime-type":"image\/jpeg","url":"https:\/\/www.studioimmobiliarefarina.eu\/wp-content\/uploads\/2026\/03\/WhatsApp-Image-2026-03-16-at-13.14.36-1024x768.jpeg"},"post-featured-image":{"file":"WhatsApp-Image-2026-03-16-at-13.14.36-1240x720.jpeg","width":1240,"height":720,"mime-type":"image\/jpeg","url":"https:\/\/www.studioimmobiliarefarina.eu\/wp-content\/uploads\/2026\/03\/WhatsApp-Image-2026-03-16-at-13.14.36-1240x720.jpeg"}},"image_meta":{"aperture":"0","credit":"","camera":"","caption":"","created_timestamp":"0","copyright":"","focal_length":"0","iso":"0","shutter_speed":"0","title":"","orientation":"0","keywords":[]},"ID":"64151","name":"WhatsApp-Image-2026-03-16-at-13.14.36.jpeg","path":"\/srv\/www\/studioimmobiliarefarina.eu\/wp-content\/uploads\/2026\/03\/WhatsApp-Image-2026-03-16-at-13.14.36.jpeg","url":"https:\/\/www.studioimmobiliarefarina.eu\/wp-content\/uploads\/2026\/03\/WhatsApp-Image-2026-03-16-at-13.14.36-150x150.jpeg","full_url":"https:\/\/www.studioimmobiliarefarina.eu\/wp-content\/uploads\/2026\/03\/WhatsApp-Image-2026-03-16-at-13.14.36.jpeg","title":"WhatsApp Image 2026-03-16 at 13.14.36","caption":"","description":"","alt":"","srcset":false},{"width":150,"height":150,"file":"2026\/03\/WhatsApp-Image-2026-03-16-at-13.14.39.jpeg","filesize":344911,"sizes":{"thumbnail":{"file":"WhatsApp-Image-2026-03-16-at-13.14.39-150x150.jpeg","width":150,"height":150,"mime-type":"image\/jpeg","url":"https:\/\/www.studioimmobiliarefarina.eu\/wp-content\/uploads\/2026\/03\/WhatsApp-Image-2026-03-16-at-13.14.39-150x150.jpeg"},"medium":{"file":"WhatsApp-Image-2026-03-16-at-13.14.39-300x225.jpeg","width":300,"height":225,"mime-type":"image\/jpeg","url":"https:\/\/www.studioimmobiliarefarina.eu\/wp-content\/uploads\/2026\/03\/WhatsApp-Image-2026-03-16-at-13.14.39-300x225.jpeg"},"large":{"file":"WhatsApp-Image-2026-03-16-at-13.14.39-1024x768.jpeg","width":1024,"height":768,"mime-type":"image\/jpeg","url":"https:\/\/www.studioimmobiliarefarina.eu\/wp-content\/uploads\/2026\/03\/WhatsApp-Image-2026-03-16-at-13.14.39-1024x768.jpeg"},"post-featured-image":{"file":"WhatsApp-Image-2026-03-16-at-13.14.39-1240x720.jpeg","width":1240,"height":720,"mime-type":"image\/jpeg","url":"https:\/\/www.studioimmobiliarefarina.eu\/wp-content\/uploads\/2026\/03\/WhatsApp-Image-2026-03-16-at-13.14.39-1240x720.jpeg"}},"image_meta":{"aperture":"0","credit":"","camera":"","caption":"","created_timestamp":"0","copyright":"","focal_length":"0","iso":"0","shutter_speed":"0","title":"","orientation":"0","keywords":[]},"ID":"64150","name":"WhatsApp-Image-2026-03-16-at-13.14.39.jpeg","path":"\/srv\/www\/studioimmobiliarefarina.eu\/wp-content\/uploads\/2026\/03\/WhatsApp-Image-2026-03-16-at-13.14.39.jpeg","url":"https:\/\/www.studioimmobiliarefarina.eu\/wp-content\/uploads\/2026\/03\/WhatsApp-Image-2026-03-16-at-13.14.39-150x150.jpeg","full_url":"https:\/\/www.studioimmobiliarefarina.eu\/wp-content\/uploads\/2026\/03\/WhatsApp-Image-2026-03-16-at-13.14.39.jpeg","title":"WhatsApp Image 2026-03-16 at 13.14.39","caption":"","description":"","alt":"","srcset":false},{"width":150,"height":150,"file":"2026\/03\/WhatsApp-Image-2026-03-16-at-13.14.42.jpeg","filesize":221186,"sizes":{"thumbnail":{"file":"WhatsApp-Image-2026-03-16-at-13.14.42-150x150.jpeg","width":150,"height":150,"mime-type":"image\/jpeg","url":"https:\/\/www.studioimmobiliarefarina.eu\/wp-content\/uploads\/2026\/03\/WhatsApp-Image-2026-03-16-at-13.14.42-150x150.jpeg"},"medium":{"file":"WhatsApp-Image-2026-03-16-at-13.14.42-300x225.jpeg","width":300,"height":225,"mime-type":"image\/jpeg","url":"https:\/\/www.studioimmobiliarefarina.eu\/wp-content\/uploads\/2026\/03\/WhatsApp-Image-2026-03-16-at-13.14.42-300x225.jpeg"},"large":{"file":"WhatsApp-Image-2026-03-16-at-13.14.42-1024x768.jpeg","width":1024,"height":768,"mime-type":"image\/jpeg","url":"https:\/\/www.studioimmobiliarefarina.eu\/wp-content\/uploads\/2026\/03\/WhatsApp-Image-2026-03-16-at-13.14.42-1024x768.jpeg"},"post-featured-image":{"file":"WhatsApp-Image-2026-03-16-at-13.14.42-1240x720.jpeg","width":1240,"height":720,"mime-type":"image\/jpeg","url":"https:\/\/www.studioimmobiliarefarina.eu\/wp-content\/uploads\/2026\/03\/WhatsApp-Image-2026-03-16-at-13.14.42-1240x720.jpeg"}},"image_meta":{"aperture":"0","credit":"","camera":"","caption":"","created_timestamp":"0","copyright":"","focal_length":"0","iso":"0","shutter_speed":"0","title":"","orientation":"0","keywords":[]},"ID":"64149","name":"WhatsApp-Image-2026-03-16-at-13.14.42.jpeg","path":"\/srv\/www\/studioimmobiliarefarina.eu\/wp-content\/uploads\/2026\/03\/WhatsApp-Image-2026-03-16-at-13.14.42.jpeg","url":"https:\/\/www.studioimmobiliarefarina.eu\/wp-content\/uploads\/2026\/03\/WhatsApp-Image-2026-03-16-at-13.14.42-150x150.jpeg","full_url":"https:\/\/www.studioimmobiliarefarina.eu\/wp-content\/uploads\/2026\/03\/WhatsApp-Image-2026-03-16-at-13.14.42.jpeg","title":"WhatsApp Image 2026-03-16 at 13.14.42","caption":"","description":"","alt":"","srcset":false},{"width":150,"height":150,"file":"2026\/03\/WhatsApp-Image-2026-03-16-at-13.14.55.jpeg","filesize":136300,"sizes":{"thumbnail":{"file":"WhatsApp-Image-2026-03-16-at-13.14.55-150x150.jpeg","width":150,"height":150,"mime-type":"image\/jpeg","url":"https:\/\/www.studioimmobiliarefarina.eu\/wp-content\/uploads\/2026\/03\/WhatsApp-Image-2026-03-16-at-13.14.55-150x150.jpeg"},"medium":{"file":"WhatsApp-Image-2026-03-16-at-13.14.55-300x225.jpeg","width":300,"height":225,"mime-type":"image\/jpeg","url":"https:\/\/www.studioimmobiliarefarina.eu\/wp-content\/uploads\/2026\/03\/WhatsApp-Image-2026-03-16-at-13.14.55-300x225.jpeg"},"large":{"file":"WhatsApp-Image-2026-03-16-at-13.14.55-1024x768.jpeg","width":1024,"height":768,"mime-type":"image\/jpeg","url":"https:\/\/www.studioimmobiliarefarina.eu\/wp-content\/uploads\/2026\/03\/WhatsApp-Image-2026-03-16-at-13.14.55-1024x768.jpeg"},"post-featured-image":{"file":"WhatsApp-Image-2026-03-16-at-13.14.55-1240x720.jpeg","width":1240,"height":720,"mime-type":"image\/jpeg","url":"https:\/\/www.studioimmobiliarefarina.eu\/wp-content\/uploads\/2026\/03\/WhatsApp-Image-2026-03-16-at-13.14.55-1240x720.jpeg"}},"image_meta":{"aperture":"0","credit":"","camera":"","caption":"","created_timestamp":"0","copyright":"","focal_length":"0","iso":"0","shutter_speed":"0","title":"","orientation":"0","keywords":[]},"ID":"64148","name":"WhatsApp-Image-2026-03-16-at-13.14.55.jpeg","path":"\/srv\/www\/studioimmobiliarefarina.eu\/wp-content\/uploads\/2026\/03\/WhatsApp-Image-2026-03-16-at-13.14.55.jpeg","url":"https:\/\/www.studioimmobiliarefarina.eu\/wp-content\/uploads\/2026\/03\/WhatsApp-Image-2026-03-16-at-13.14.55-150x150.jpeg","full_url":"https:\/\/www.studioimmobiliarefarina.eu\/wp-content\/uploads\/2026\/03\/WhatsApp-Image-2026-03-16-at-13.14.55.jpeg","title":"WhatsApp Image 2026-03-16 at 13.14.55","caption":"","description":"","alt":"","srcset":false},{"width":150,"height":150,"file":"2026\/03\/WhatsApp-Image-2026-03-16-at-13.14.56-1.jpeg","filesize":243625,"sizes":{"thumbnail":{"file":"WhatsApp-Image-2026-03-16-at-13.14.56-1-150x150.jpeg","width":150,"height":150,"mime-type":"image\/jpeg","url":"https:\/\/www.studioimmobiliarefarina.eu\/wp-content\/uploads\/2026\/03\/WhatsApp-Image-2026-03-16-at-13.14.56-1-150x150.jpeg"},"medium":{"file":"WhatsApp-Image-2026-03-16-at-13.14.56-1-300x225.jpeg","width":300,"height":225,"mime-type":"image\/jpeg","url":"https:\/\/www.studioimmobiliarefarina.eu\/wp-content\/uploads\/2026\/03\/WhatsApp-Image-2026-03-16-at-13.14.56-1-300x225.jpeg"},"large":{"file":"WhatsApp-Image-2026-03-16-at-13.14.56-1-1024x768.jpeg","width":1024,"height":768,"mime-type":"image\/jpeg","url":"https:\/\/www.studioimmobiliarefarina.eu\/wp-content\/uploads\/2026\/03\/WhatsApp-Image-2026-03-16-at-13.14.56-1-1024x768.jpeg"},"post-featured-image":{"file":"WhatsApp-Image-2026-03-16-at-13.14.56-1-1240x720.jpeg","width":1240,"height":720,"mime-type":"image\/jpeg","url":"https:\/\/www.studioimmobiliarefarina.eu\/wp-content\/uploads\/2026\/03\/WhatsApp-Image-2026-03-16-at-13.14.56-1-1240x720.jpeg"}},"image_meta":{"aperture":"0","credit":"","camera":"","caption":"","created_timestamp":"0","copyright":"","focal_length":"0","iso":"0","shutter_speed":"0","title":"","orientation":"0","keywords":[]},"ID":"64146","name":"WhatsApp-Image-2026-03-16-at-13.14.56-1.jpeg","path":"\/srv\/www\/studioimmobiliarefarina.eu\/wp-content\/uploads\/2026\/03\/WhatsApp-Image-2026-03-16-at-13.14.56-1.jpeg","url":"https:\/\/www.studioimmobiliarefarina.eu\/wp-content\/uploads\/2026\/03\/WhatsApp-Image-2026-03-16-at-13.14.56-1-150x150.jpeg","full_url":"https:\/\/www.studioimmobiliarefarina.eu\/wp-content\/uploads\/2026\/03\/WhatsApp-Image-2026-03-16-at-13.14.56-1.jpeg","title":"WhatsApp Image 2026-03-16 at 13.14.56 (1)","caption":"","description":"","alt":"","srcset":false},{"width":150,"height":150,"file":"2026\/03\/WhatsApp-Image-2026-03-16-at-13.14.56.jpeg","filesize":160646,"sizes":{"thumbnail":{"file":"WhatsApp-Image-2026-03-16-at-13.14.56-150x150.jpeg","width":150,"height":150,"mime-type":"image\/jpeg","url":"https:\/\/www.studioimmobiliarefarina.eu\/wp-content\/uploads\/2026\/03\/WhatsApp-Image-2026-03-16-at-13.14.56-150x150.jpeg"},"medium":{"file":"WhatsApp-Image-2026-03-16-at-13.14.56-300x225.jpeg","width":300,"height":225,"mime-type":"image\/jpeg","url":"https:\/\/www.studioimmobiliarefarina.eu\/wp-content\/uploads\/2026\/03\/WhatsApp-Image-2026-03-16-at-13.14.56-300x225.jpeg"},"large":{"file":"WhatsApp-Image-2026-03-16-at-13.14.56-1024x768.jpeg","width":1024,"height":768,"mime-type":"image\/jpeg","url":"https:\/\/www.studioimmobiliarefarina.eu\/wp-content\/uploads\/2026\/03\/WhatsApp-Image-2026-03-16-at-13.14.56-1024x768.jpeg"},"post-featured-image":{"file":"WhatsApp-Image-2026-03-16-at-13.14.56-1240x720.jpeg","width":1240,"height":720,"mime-type":"image\/jpeg","url":"https:\/\/www.studioimmobiliarefarina.eu\/wp-content\/uploads\/2026\/03\/WhatsApp-Image-2026-03-16-at-13.14.56-1240x720.jpeg"}},"image_meta":{"aperture":"0","credit":"","camera":"","caption":"","created_timestamp":"0","copyright":"","focal_length":"0","iso":"0","shutter_speed":"0","title":"","orientation":"0","keywords":[]},"ID":"64147","name":"WhatsApp-Image-2026-03-16-at-13.14.56.jpeg","path":"\/srv\/www\/studioimmobiliarefarina.eu\/wp-content\/uploads\/2026\/03\/WhatsApp-Image-2026-03-16-at-13.14.56.jpeg","url":"https:\/\/www.studioimmobiliarefarina.eu\/wp-content\/uploads\/2026\/03\/WhatsApp-Image-2026-03-16-at-13.14.56-150x150.jpeg","full_url":"https:\/\/www.studioimmobiliarefarina.eu\/wp-content\/uploads\/2026\/03\/WhatsApp-Image-2026-03-16-at-13.14.56.jpeg","title":"WhatsApp Image 2026-03-16 at 13.14.56","caption":"","description":"","alt":"","srcset":false},{"width":150,"height":150,"file":"2026\/03\/WhatsApp-Image-2026-03-16-at-13.14.56-2.jpeg","filesize":243876,"sizes":{"thumbnail":{"file":"WhatsApp-Image-2026-03-16-at-13.14.56-2-150x150.jpeg","width":150,"height":150,"mime-type":"image\/jpeg","url":"https:\/\/www.studioimmobiliarefarina.eu\/wp-content\/uploads\/2026\/03\/WhatsApp-Image-2026-03-16-at-13.14.56-2-150x150.jpeg"},"medium":{"file":"WhatsApp-Image-2026-03-16-at-13.14.56-2-300x225.jpeg","width":300,"height":225,"mime-type":"image\/jpeg","url":"https:\/\/www.studioimmobiliarefarina.eu\/wp-content\/uploads\/2026\/03\/WhatsApp-Image-2026-03-16-at-13.14.56-2-300x225.jpeg"},"large":{"file":"WhatsApp-Image-2026-03-16-at-13.14.56-2-1024x768.jpeg","width":1024,"height":768,"mime-type":"image\/jpeg","url":"https:\/\/www.studioimmobiliarefarina.eu\/wp-content\/uploads\/2026\/03\/WhatsApp-Image-2026-03-16-at-13.14.56-2-1024x768.jpeg"},"post-featured-image":{"file":"WhatsApp-Image-2026-03-16-at-13.14.56-2-1240x720.jpeg","width":1240,"height":720,"mime-type":"image\/jpeg","url":"https:\/\/www.studioimmobiliarefarina.eu\/wp-content\/uploads\/2026\/03\/WhatsApp-Image-2026-03-16-at-13.14.56-2-1240x720.jpeg"}},"image_meta":{"aperture":"0","credit":"","camera":"","caption":"","created_timestamp":"0","copyright":"","focal_length":"0","iso":"0","shutter_speed":"0","title":"","orientation":"0","keywords":[]},"ID":"64145","name":"WhatsApp-Image-2026-03-16-at-13.14.56-2.jpeg","path":"\/srv\/www\/studioimmobiliarefarina.eu\/wp-content\/uploads\/2026\/03\/WhatsApp-Image-2026-03-16-at-13.14.56-2.jpeg","url":"https:\/\/www.studioimmobiliarefarina.eu\/wp-content\/uploads\/2026\/03\/WhatsApp-Image-2026-03-16-at-13.14.56-2-150x150.jpeg","full_url":"https:\/\/www.studioimmobiliarefarina.eu\/wp-content\/uploads\/2026\/03\/WhatsApp-Image-2026-03-16-at-13.14.56-2.jpeg","title":"WhatsApp Image 2026-03-16 at 13.14.56 (2)","caption":"","description":"","alt":"","srcset":false},{"width":150,"height":150,"file":"2026\/03\/WhatsApp-Image-2026-03-16-at-13.15.06.jpeg","filesize":410053,"sizes":{"thumbnail":{"file":"WhatsApp-Image-2026-03-16-at-13.15.06-150x150.jpeg","width":150,"height":150,"mime-type":"image\/jpeg","url":"https:\/\/www.studioimmobiliarefarina.eu\/wp-content\/uploads\/2026\/03\/WhatsApp-Image-2026-03-16-at-13.15.06-150x150.jpeg"},"medium":{"file":"WhatsApp-Image-2026-03-16-at-13.15.06-300x225.jpeg","width":300,"height":225,"mime-type":"image\/jpeg","url":"https:\/\/www.studioimmobiliarefarina.eu\/wp-content\/uploads\/2026\/03\/WhatsApp-Image-2026-03-16-at-13.15.06-300x225.jpeg"},"large":{"file":"WhatsApp-Image-2026-03-16-at-13.15.06-1024x768.jpeg","width":1024,"height":768,"mime-type":"image\/jpeg","url":"https:\/\/www.studioimmobiliarefarina.eu\/wp-content\/uploads\/2026\/03\/WhatsApp-Image-2026-03-16-at-13.15.06-1024x768.jpeg"},"post-featured-image":{"file":"WhatsApp-Image-2026-03-16-at-13.15.06-1240x720.jpeg","width":1240,"height":720,"mime-type":"image\/jpeg","url":"https:\/\/www.studioimmobiliarefarina.eu\/wp-content\/uploads\/2026\/03\/WhatsApp-Image-2026-03-16-at-13.15.06-1240x720.jpeg"}},"image_meta":{"aperture":"0","credit":"","camera":"","caption":"","created_timestamp":"0","copyright":"","focal_length":"0","iso":"0","shutter_speed":"0","title":"","orientation":"0","keywords":[]},"ID":"64144","name":"WhatsApp-Image-2026-03-16-at-13.15.06.jpeg","path":"\/srv\/www\/studioimmobiliarefarina.eu\/wp-content\/uploads\/2026\/03\/WhatsApp-Image-2026-03-16-at-13.15.06.jpeg","url":"https:\/\/www.studioimmobiliarefarina.eu\/wp-content\/uploads\/2026\/03\/WhatsApp-Image-2026-03-16-at-13.15.06-150x150.jpeg","full_url":"https:\/\/www.studioimmobiliarefarina.eu\/wp-content\/uploads\/2026\/03\/WhatsApp-Image-2026-03-16-at-13.15.06.jpeg","title":"WhatsApp Image 2026-03-16 at 13.15.06","caption":"","description":"","alt":"","srcset":false}],"REAL_HOMES_change_gallery_slider_type":"0","REAL_HOMES_gallery_slider_type":"thumb-on-right","inspiry_floor_plans":[],"inspiry_video_group":[],"REAL_HOMES_360_virtual_tour":"","REAL_HOMES_tour_video_url":"","REAL_HOMES_tour_video_image":[],"REAL_HOMES_agent_display_option":"none","REAL_HOMES_agents":[],"REAL_HOMES_energy_class":"none","REAL_HOMES_energy_performance":"","REAL_HOMES_epc_current_rating":"","REAL_HOMES_epc_potential_rating":"","ere_property_schedule_tour":"global","ere_property_schedule_time_slots":"","ere_property_schedule_description":"","REAL_HOMES_sticky":"0","inspiry_property_label":"","inspiry_property_label_color":"","inspiry_property_tax":"0","inspiry_additional_fee":"0","REAL_HOMES_attachments":[],"inspiry_property_owner_name":"","inspiry_property_owner_contact":"","inspiry_property_owner_address":"","REAL_HOMES_property_private_note":"","inspiry_message_to_reviewer":"","REAL_HOMES_add_in_slider":"no","REAL_HOMES_slider_image":[],"REAL_HOMES_page_banner_image":[],"REAL_HOMES_hide_property_advance_search":"0","inspiry_posto_auto":"","REAL_HOMES_custom_header_display":"default","REAL_HOMES_custom_header_position":"relative","REAL_HOMES_hide_advance_search":"0","REAL_HOMES_custom_search_form":"default","REAL_HOMES_search_form_margin_top":"","REAL_HOMES_search_form_margin_bottom":"","REAL_HOMES_custom_footer_display":"default"},"_links":{"self":[{"href":"https:\/\/www.studioimmobiliarefarina.eu\/en\/wp-json\/wp\/v2\/property\/64143"}],"collection":[{"href":"https:\/\/www.studioimmobiliarefarina.eu\/en\/wp-json\/wp\/v2\/property"}],"about":[{"href":"https:\/\/www.studioimmobiliarefarina.eu\/en\/wp-json\/wp\/v2\/types\/property"}],"author":[{"embeddable":true,"href":"https:\/\/www.studioimmobiliarefarina.eu\/en\/wp-json\/wp\/v2\/users\/2"}],"replies":[{"embeddable":true,"href":"https:\/\/www.studioimmobiliarefarina.eu\/en\/wp-json\/wp\/v2\/comments?post=64143"}],"version-history":[{"count":1,"href":"https:\/\/www.studioimmobiliarefarina.eu\/en\/wp-json\/wp\/v2\/property\/64143\/revisions"}],"predecessor-version":[{"id":64177,"href":"https:\/\/www.studioimmobiliarefarina.eu\/en\/wp-json\/wp\/v2\/property\/64143\/revisions\/64177"}],"wp:featuredmedia":[{"embeddable":true,"href":"https:\/\/www.studioimmobiliarefarina.eu\/en\/wp-json\/wp\/v2\/media\/64175"}],"wp:attachment":[{"href":"https:\/\/www.studioimmobiliarefarina.eu\/en\/wp-json\/wp\/v2\/media?parent=64143"}],"wp:term":[{"taxonomy":"property-feature","embeddable":true,"href":"https:\/\/www.studioimmobiliarefarina.eu\/en\/wp-json\/wp\/v2\/property-feature?post=64143"},{"taxonomy":"property-type","embeddable":true,"href":"https:\/\/www.studioimmobiliarefarina.eu\/en\/wp-json\/wp\/v2\/property-type?post=64143"},{"taxonomy":"property-city","embeddable":true,"href":"https:\/\/www.studioimmobiliarefarina.eu\/en\/wp-json\/wp\/v2\/property-city?post=64143"},{"taxonomy":"property-status","embeddable":true,"href":"https:\/\/www.studioimmobiliarefarina.eu\/en\/wp-json\/wp\/v2\/property-status?post=64143"}],"curies":[{"name":"wp","href":"https:\/\/api.w.org\/{rel}","templated":true}]}}