{"id":63371,"date":"2026-01-27T17:52:58","date_gmt":"2026-01-27T16:52:58","guid":{"rendered":"https:\/\/www.studioimmobiliarefarina.eu\/?post_type=property&#038;p=63371"},"modified":"2026-01-27T17:57:00","modified_gmt":"2026-01-27T16:57:00","slug":"atessa-piana-la-fara-locale-commerciale","status":"publish","type":"property","link":"https:\/\/www.studioimmobiliarefarina.eu\/en\/property\/atessa-piana-la-fara-locale-commerciale\/","title":{"rendered":"Atessa, Piana La Fara Locale commerciale"},"content":{"rendered":"\n<p>Atessa \u2013 Localit\u00e0 Piana La Fara<\/p>\n\n\n\n<p>In zona strategica e di forte passaggio veicolare e pedonale, AFFITTIAMO locale commerciale di 34 mq con vetrina fronte strada, ideale per attivit\u00e0 commerciali, uffici o studi professionali.<\/p>\n\n\n\n<p>L\u2019immobile si trova in un contesto servito da tutti i principali servizi ed \u00e8 dotato di parcheggio privato, elemento che garantisce comodit\u00e0 e visibilit\u00e0 alla clientela.<\/p>\n\n\n\n<p><img decoding=\"async\" height=\"16\" width=\"16\" alt=\"\u2714\" src=\"https:\/\/static.xx.fbcdn.net\/images\/emoji.php\/v9\/t51\/1\/16\/2714.png\"> Ottima esposizione<\/p>\n\n\n\n<p><img decoding=\"async\" height=\"16\" width=\"16\" alt=\"\u2714\" src=\"https:\/\/static.xx.fbcdn.net\/images\/emoji.php\/v9\/t51\/1\/16\/2714.png\"> Elevata visibilit\u00e0<\/p>\n\n\n\n<p><img decoding=\"async\" height=\"16\" width=\"16\" alt=\"\u2714\" src=\"https:\/\/static.xx.fbcdn.net\/images\/emoji.php\/v9\/t51\/1\/16\/2714.png\"> Nessuna spesa condominiale<\/p>\n\n\n\n<p>Canone di locazione: \u20ac 330,00 mensili<\/p>\n\n\n\n<p>Soluzione ideale per chi cerca un locale funzionale in una posizione ad alta frequentazione.<\/p>\n","protected":false},"excerpt":{"rendered":"<p>Atessa \u2013 Localit\u00e0 Piana La Fara In zona strategica e di forte passaggio veicolare e pedonale, AFFITTIAMO locale commerciale di 34 mq con vetrina fronte strada, ideale per attivit\u00e0 commerciali, uffici o studi professionali. L\u2019immobile si trova in un contesto servito da tutti i principali servizi ed \u00e8 dotato di parcheggio privato, elemento che garantisce&#8230;<\/p>\n","protected":false},"author":1,"featured_media":63381,"parent":0,"menu_order":0,"comment_status":"closed","ping_status":"closed","template":"","property-feature":[589,399,418,489,410,340,563,467],"property-type":[522,524,605,604],"property-city":[50,155,150],"property-status":[21],"yoast_head":"<!-- This site is optimized with the Yoast SEO plugin v21.1 - https:\/\/yoast.com\/wordpress\/plugins\/seo\/ -->\n<title>Atessa, Piana La Fara Locale commerciale | Studio Immobiliare Farina<\/title>\n<meta name=\"robots\" content=\"index, follow, max-snippet:-1, max-image-preview:large, max-video-preview:-1\" \/>\n<link rel=\"canonical\" href=\"https:\/\/www.studioimmobiliarefarina.eu\/property\/atessa-piana-la-fara-locale-commerciale\/\" \/>\n<meta property=\"og:locale\" content=\"en_US\" \/>\n<meta property=\"og:type\" content=\"article\" \/>\n<meta property=\"og:title\" content=\"Atessa, Piana La Fara Locale commerciale | Studio Immobiliare Farina\" \/>\n<meta property=\"og:description\" content=\"Atessa \u2013 Localit\u00e0 Piana La Fara In zona strategica e di forte passaggio veicolare e pedonale, AFFITTIAMO locale commerciale di 34 mq con vetrina fronte strada, ideale per attivit\u00e0 commerciali, uffici o studi professionali. L\u2019immobile si trova in un contesto servito da tutti i principali servizi ed \u00e8 dotato di parcheggio privato, elemento che garantisce...\" \/>\n<meta property=\"og:url\" content=\"https:\/\/www.studioimmobiliarefarina.eu\/property\/atessa-piana-la-fara-locale-commerciale\/\" \/>\n<meta property=\"og:site_name\" content=\"Studio Immobiliare Farina\" \/>\n<meta property=\"article:publisher\" content=\"https:\/\/www.facebook.com\/Studio-Immobiliare-Farina-_-gruppofarina-547150035296080\/timeline\/?ref=ts\" \/>\n<meta property=\"article:modified_time\" content=\"2026-01-27T16:57:00+00:00\" \/>\n<meta property=\"og:image\" content=\"https:\/\/www.studioimmobiliarefarina.eu\/wp-content\/uploads\/2026\/01\/20260123_085239-scaled.jpg\" \/>\n\t<meta property=\"og:image:width\" content=\"2560\" \/>\n\t<meta property=\"og:image:height\" content=\"1196\" \/>\n\t<meta property=\"og:image:type\" content=\"image\/jpeg\" \/>\n<meta name=\"twitter:card\" content=\"summary_large_image\" \/>\n<meta name=\"twitter:label1\" content=\"Est. reading time\" \/>\n\t<meta name=\"twitter:data1\" content=\"2 minutes\" \/>\n<script type=\"application\/ld+json\" class=\"yoast-schema-graph\">{\"@context\":\"https:\/\/schema.org\",\"@graph\":[{\"@type\":\"WebPage\",\"@id\":\"https:\/\/www.studioimmobiliarefarina.eu\/property\/atessa-piana-la-fara-locale-commerciale\/\",\"url\":\"https:\/\/www.studioimmobiliarefarina.eu\/property\/atessa-piana-la-fara-locale-commerciale\/\",\"name\":\"Atessa, Piana La Fara Locale commerciale | Studio Immobiliare Farina\",\"isPartOf\":{\"@id\":\"https:\/\/www.studioimmobiliarefarina.eu\/#website\"},\"datePublished\":\"2026-01-27T16:52:58+00:00\",\"dateModified\":\"2026-01-27T16:57:00+00:00\",\"breadcrumb\":{\"@id\":\"https:\/\/www.studioimmobiliarefarina.eu\/property\/atessa-piana-la-fara-locale-commerciale\/#breadcrumb\"},\"inLanguage\":\"en-US\",\"potentialAction\":[{\"@type\":\"ReadAction\",\"target\":[\"https:\/\/www.studioimmobiliarefarina.eu\/property\/atessa-piana-la-fara-locale-commerciale\/\"]}]},{\"@type\":\"BreadcrumbList\",\"@id\":\"https:\/\/www.studioimmobiliarefarina.eu\/property\/atessa-piana-la-fara-locale-commerciale\/#breadcrumb\",\"itemListElement\":[{\"@type\":\"ListItem\",\"position\":1,\"name\":\"Home\",\"item\":\"https:\/\/www.studioimmobiliarefarina.eu\/\"},{\"@type\":\"ListItem\",\"position\":2,\"name\":\"Properties\",\"item\":\"https:\/\/www.studioimmobiliarefarina.eu\/en\/property\/\"},{\"@type\":\"ListItem\",\"position\":3,\"name\":\"Atessa, Piana La Fara Locale commerciale\"}]},{\"@type\":\"WebSite\",\"@id\":\"https:\/\/www.studioimmobiliarefarina.eu\/#website\",\"url\":\"https:\/\/www.studioimmobiliarefarina.eu\/\",\"name\":\"Studio Immobiliare Farina\",\"description\":\"La casa che ho nel cuore\",\"publisher\":{\"@id\":\"https:\/\/www.studioimmobiliarefarina.eu\/#organization\"},\"potentialAction\":[{\"@type\":\"SearchAction\",\"target\":{\"@type\":\"EntryPoint\",\"urlTemplate\":\"https:\/\/www.studioimmobiliarefarina.eu\/?s={search_term_string}\"},\"query-input\":\"required name=search_term_string\"}],\"inLanguage\":\"en-US\"},{\"@type\":\"Organization\",\"@id\":\"https:\/\/www.studioimmobiliarefarina.eu\/#organization\",\"name\":\"Studio Immobiliare Farina\",\"url\":\"https:\/\/www.studioimmobiliarefarina.eu\/\",\"logo\":{\"@type\":\"ImageObject\",\"inLanguage\":\"en-US\",\"@id\":\"https:\/\/www.studioimmobiliarefarina.eu\/#\/schema\/logo\/image\/\",\"url\":\"https:\/\/www.studioimmobiliarefarina.eu\/wp-content\/uploads\/2022\/10\/Logo-sito-pOSpiccolo.png\",\"contentUrl\":\"https:\/\/www.studioimmobiliarefarina.eu\/wp-content\/uploads\/2022\/10\/Logo-sito-pOSpiccolo.png\",\"width\":328,\"height\":135,\"caption\":\"Studio Immobiliare Farina\"},\"image\":{\"@id\":\"https:\/\/www.studioimmobiliarefarina.eu\/#\/schema\/logo\/image\/\"},\"sameAs\":[\"https:\/\/www.facebook.com\/Studio-Immobiliare-Farina-_-gruppofarina-547150035296080\/timeline\/?ref=ts\",\"https:\/\/www.instagram.com\/studio__immobiliare__farina\/\"]}]}<\/script>\n<!-- \/ Yoast SEO plugin. -->","yoast_head_json":{"title":"Atessa, Piana La Fara Locale commerciale | Studio Immobiliare Farina","robots":{"index":"index","follow":"follow","max-snippet":"max-snippet:-1","max-image-preview":"max-image-preview:large","max-video-preview":"max-video-preview:-1"},"canonical":"https:\/\/www.studioimmobiliarefarina.eu\/property\/atessa-piana-la-fara-locale-commerciale\/","og_locale":"en_US","og_type":"article","og_title":"Atessa, Piana La Fara Locale commerciale | Studio Immobiliare Farina","og_description":"Atessa \u2013 Localit\u00e0 Piana La Fara In zona strategica e di forte passaggio veicolare e pedonale, AFFITTIAMO locale commerciale di 34 mq con vetrina fronte strada, ideale per attivit\u00e0 commerciali, uffici o studi professionali. L\u2019immobile si trova in un contesto servito da tutti i principali servizi ed \u00e8 dotato di parcheggio privato, elemento che garantisce...","og_url":"https:\/\/www.studioimmobiliarefarina.eu\/property\/atessa-piana-la-fara-locale-commerciale\/","og_site_name":"Studio Immobiliare Farina","article_publisher":"https:\/\/www.facebook.com\/Studio-Immobiliare-Farina-_-gruppofarina-547150035296080\/timeline\/?ref=ts","article_modified_time":"2026-01-27T16:57:00+00:00","og_image":[{"width":2560,"height":1196,"url":"https:\/\/www.studioimmobiliarefarina.eu\/wp-content\/uploads\/2026\/01\/20260123_085239-scaled.jpg","type":"image\/jpeg"}],"twitter_card":"summary_large_image","twitter_misc":{"Est. reading time":"2 minutes"},"schema":{"@context":"https:\/\/schema.org","@graph":[{"@type":"WebPage","@id":"https:\/\/www.studioimmobiliarefarina.eu\/property\/atessa-piana-la-fara-locale-commerciale\/","url":"https:\/\/www.studioimmobiliarefarina.eu\/property\/atessa-piana-la-fara-locale-commerciale\/","name":"Atessa, Piana La Fara Locale commerciale | Studio Immobiliare Farina","isPartOf":{"@id":"https:\/\/www.studioimmobiliarefarina.eu\/#website"},"datePublished":"2026-01-27T16:52:58+00:00","dateModified":"2026-01-27T16:57:00+00:00","breadcrumb":{"@id":"https:\/\/www.studioimmobiliarefarina.eu\/property\/atessa-piana-la-fara-locale-commerciale\/#breadcrumb"},"inLanguage":"en-US","potentialAction":[{"@type":"ReadAction","target":["https:\/\/www.studioimmobiliarefarina.eu\/property\/atessa-piana-la-fara-locale-commerciale\/"]}]},{"@type":"BreadcrumbList","@id":"https:\/\/www.studioimmobiliarefarina.eu\/property\/atessa-piana-la-fara-locale-commerciale\/#breadcrumb","itemListElement":[{"@type":"ListItem","position":1,"name":"Home","item":"https:\/\/www.studioimmobiliarefarina.eu\/"},{"@type":"ListItem","position":2,"name":"Properties","item":"https:\/\/www.studioimmobiliarefarina.eu\/en\/property\/"},{"@type":"ListItem","position":3,"name":"Atessa, Piana La Fara Locale commerciale"}]},{"@type":"WebSite","@id":"https:\/\/www.studioimmobiliarefarina.eu\/#website","url":"https:\/\/www.studioimmobiliarefarina.eu\/","name":"Studio Immobiliare Farina","description":"La casa che ho nel cuore","publisher":{"@id":"https:\/\/www.studioimmobiliarefarina.eu\/#organization"},"potentialAction":[{"@type":"SearchAction","target":{"@type":"EntryPoint","urlTemplate":"https:\/\/www.studioimmobiliarefarina.eu\/?s={search_term_string}"},"query-input":"required name=search_term_string"}],"inLanguage":"en-US"},{"@type":"Organization","@id":"https:\/\/www.studioimmobiliarefarina.eu\/#organization","name":"Studio Immobiliare Farina","url":"https:\/\/www.studioimmobiliarefarina.eu\/","logo":{"@type":"ImageObject","inLanguage":"en-US","@id":"https:\/\/www.studioimmobiliarefarina.eu\/#\/schema\/logo\/image\/","url":"https:\/\/www.studioimmobiliarefarina.eu\/wp-content\/uploads\/2022\/10\/Logo-sito-pOSpiccolo.png","contentUrl":"https:\/\/www.studioimmobiliarefarina.eu\/wp-content\/uploads\/2022\/10\/Logo-sito-pOSpiccolo.png","width":328,"height":135,"caption":"Studio Immobiliare Farina"},"image":{"@id":"https:\/\/www.studioimmobiliarefarina.eu\/#\/schema\/logo\/image\/"},"sameAs":["https:\/\/www.facebook.com\/Studio-Immobiliare-Farina-_-gruppofarina-547150035296080\/timeline\/?ref=ts","https:\/\/www.instagram.com\/studio__immobiliare__farina\/"]}]}},"property_meta":{"REAL_HOMES_property_price":"330","REAL_HOMES_property_old_price":"","REAL_HOMES_property_price_prefix":"","REAL_HOMES_property_price_postfix":"Mese","REAL_HOMES_property_size":"34","REAL_HOMES_property_size_postfix":"Mq","REAL_HOMES_property_lot_size":"","REAL_HOMES_property_lot_size_postfix":"","REAL_HOMES_property_bedrooms":"","REAL_HOMES_property_bathrooms":"1","REAL_HOMES_property_garage":"","REAL_HOMES_property_id":"L1030","REAL_HOMES_property_year_built":"","REAL_HOMES_featured":"0","REAL_HOMES_additional_details_list":[],"REAL_HOMES_property_location":{"latitude":"42.124658753175","longitude":"14.405207391768","zoom":"15"},"REAL_HOMES_property_address":"Piana La Fara, Atessa, Chieti, 66044, Italia","REAL_HOMES_property_map":"0","REAL_HOMES_property_images":[{"width":150,"height":150,"file":"2026\/01\/20260123_085239-scaled.jpg","filesize":642061,"sizes":{"thumbnail":{"file":"20260123_085239-scaled-150x150.jpg","width":150,"height":150,"mime-type":"image\/jpeg","url":"https:\/\/www.studioimmobiliarefarina.eu\/wp-content\/uploads\/2026\/01\/20260123_085239-scaled-150x150.jpg"},"medium":{"file":"20260123_085239-scaled-300x140.jpg","width":300,"height":140,"mime-type":"image\/jpeg","url":"https:\/\/www.studioimmobiliarefarina.eu\/wp-content\/uploads\/2026\/01\/20260123_085239-scaled-300x140.jpg"},"large":{"file":"20260123_085239-scaled-1024x478.jpg","width":1024,"height":478,"mime-type":"image\/jpeg","url":"https:\/\/www.studioimmobiliarefarina.eu\/wp-content\/uploads\/2026\/01\/20260123_085239-scaled-1024x478.jpg"},"property-thumb-image":{"file":"20260123_085239-scaled-488x326.jpg","width":488,"height":326,"mime-type":"image\/jpeg","url":"https:\/\/www.studioimmobiliarefarina.eu\/wp-content\/uploads\/2026\/01\/20260123_085239-scaled-488x326.jpg"},"post-featured-image":{"file":"20260123_085239-scaled-1240x720.jpg","width":1240,"height":720,"mime-type":"image\/jpeg","url":"https:\/\/www.studioimmobiliarefarina.eu\/wp-content\/uploads\/2026\/01\/20260123_085239-scaled-1240x720.jpg"},"modern-property-child-slider":{"file":"20260123_085239-scaled-680x510.jpg","width":680,"height":510,"mime-type":"image\/jpeg","url":"https:\/\/www.studioimmobiliarefarina.eu\/wp-content\/uploads\/2026\/01\/20260123_085239-scaled-680x510.jpg"},"post-thumbnail":{"file":"20260123_085239-scaled-150x70.jpg","width":150,"height":70,"mime-type":"image\/jpeg","url":"https:\/\/www.studioimmobiliarefarina.eu\/wp-content\/uploads\/2026\/01\/20260123_085239-scaled-150x70.jpg"}},"image_meta":{"aperture":"1.7","credit":"","camera":"Galaxy S23 Ultra","caption":"","created_timestamp":"1769158359","copyright":"","focal_length":"6.3","iso":"32","shutter_speed":"0.000500125","title":"","orientation":"1","keywords":[]},"original_image":"20260123_085239.jpg","ID":"63381","name":"20260123_085239-scaled.jpg","path":"\/srv\/www\/studioimmobiliarefarina.eu\/wp-content\/uploads\/2026\/01\/20260123_085239-scaled.jpg","url":"https:\/\/www.studioimmobiliarefarina.eu\/wp-content\/uploads\/2026\/01\/20260123_085239-scaled-150x150.jpg","full_url":"https:\/\/www.studioimmobiliarefarina.eu\/wp-content\/uploads\/2026\/01\/20260123_085239-scaled.jpg","title":"20260123_085239","caption":"","description":"","alt":"","srcset":false},{"width":150,"height":150,"file":"2026\/01\/20260123_085242-scaled.jpg","filesize":681300,"sizes":{"thumbnail":{"file":"20260123_085242-scaled-150x150.jpg","width":150,"height":150,"mime-type":"image\/jpeg","url":"https:\/\/www.studioimmobiliarefarina.eu\/wp-content\/uploads\/2026\/01\/20260123_085242-scaled-150x150.jpg"},"medium":{"file":"20260123_085242-scaled-300x140.jpg","width":300,"height":140,"mime-type":"image\/jpeg","url":"https:\/\/www.studioimmobiliarefarina.eu\/wp-content\/uploads\/2026\/01\/20260123_085242-scaled-300x140.jpg"},"large":{"file":"20260123_085242-scaled-1024x478.jpg","width":1024,"height":478,"mime-type":"image\/jpeg","url":"https:\/\/www.studioimmobiliarefarina.eu\/wp-content\/uploads\/2026\/01\/20260123_085242-scaled-1024x478.jpg"},"post-featured-image":{"file":"20260123_085242-scaled-1240x720.jpg","width":1240,"height":720,"mime-type":"image\/jpeg","url":"https:\/\/www.studioimmobiliarefarina.eu\/wp-content\/uploads\/2026\/01\/20260123_085242-scaled-1240x720.jpg"}},"image_meta":{"aperture":"2.2","credit":"","camera":"Galaxy S23 Ultra","caption":"","created_timestamp":"1769158362","copyright":"","focal_length":"2.2","iso":"50","shutter_speed":"0.000631257","title":"","orientation":"1","keywords":[]},"original_image":"20260123_085242.jpg","ID":"63382","name":"20260123_085242-scaled.jpg","path":"\/srv\/www\/studioimmobiliarefarina.eu\/wp-content\/uploads\/2026\/01\/20260123_085242-scaled.jpg","url":"https:\/\/www.studioimmobiliarefarina.eu\/wp-content\/uploads\/2026\/01\/20260123_085242-scaled-150x150.jpg","full_url":"https:\/\/www.studioimmobiliarefarina.eu\/wp-content\/uploads\/2026\/01\/20260123_085242-scaled.jpg","title":"20260123_085242","caption":"","description":"","alt":"","srcset":false},{"width":150,"height":150,"file":"2026\/01\/20260123_085223-scaled.jpg","filesize":554424,"sizes":{"thumbnail":{"file":"20260123_085223-scaled-150x150.jpg","width":150,"height":150,"mime-type":"image\/jpeg","url":"https:\/\/www.studioimmobiliarefarina.eu\/wp-content\/uploads\/2026\/01\/20260123_085223-scaled-150x150.jpg"},"medium":{"file":"20260123_085223-scaled-300x140.jpg","width":300,"height":140,"mime-type":"image\/jpeg","url":"https:\/\/www.studioimmobiliarefarina.eu\/wp-content\/uploads\/2026\/01\/20260123_085223-scaled-300x140.jpg"},"large":{"file":"20260123_085223-scaled-1024x478.jpg","width":1024,"height":478,"mime-type":"image\/jpeg","url":"https:\/\/www.studioimmobiliarefarina.eu\/wp-content\/uploads\/2026\/01\/20260123_085223-scaled-1024x478.jpg"},"post-featured-image":{"file":"20260123_085223-scaled-1240x720.jpg","width":1240,"height":720,"mime-type":"image\/jpeg","url":"https:\/\/www.studioimmobiliarefarina.eu\/wp-content\/uploads\/2026\/01\/20260123_085223-scaled-1240x720.jpg"}},"image_meta":{"aperture":"2.2","credit":"","camera":"Galaxy S23 Ultra","caption":"","created_timestamp":"1769158343","copyright":"","focal_length":"2.2","iso":"50","shutter_speed":"0.000463611","title":"","orientation":"1","keywords":[]},"original_image":"20260123_085223.jpg","ID":"63380","name":"20260123_085223-scaled.jpg","path":"\/srv\/www\/studioimmobiliarefarina.eu\/wp-content\/uploads\/2026\/01\/20260123_085223-scaled.jpg","url":"https:\/\/www.studioimmobiliarefarina.eu\/wp-content\/uploads\/2026\/01\/20260123_085223-scaled-150x150.jpg","full_url":"https:\/\/www.studioimmobiliarefarina.eu\/wp-content\/uploads\/2026\/01\/20260123_085223-scaled.jpg","title":"20260123_085223","caption":"","description":"","alt":"","srcset":false},{"width":150,"height":150,"file":"2026\/01\/20260123_085215-scaled.jpg","filesize":583985,"sizes":{"thumbnail":{"file":"20260123_085215-scaled-150x150.jpg","width":150,"height":150,"mime-type":"image\/jpeg","url":"https:\/\/www.studioimmobiliarefarina.eu\/wp-content\/uploads\/2026\/01\/20260123_085215-scaled-150x150.jpg"},"medium":{"file":"20260123_085215-scaled-300x140.jpg","width":300,"height":140,"mime-type":"image\/jpeg","url":"https:\/\/www.studioimmobiliarefarina.eu\/wp-content\/uploads\/2026\/01\/20260123_085215-scaled-300x140.jpg"},"large":{"file":"20260123_085215-scaled-1024x478.jpg","width":1024,"height":478,"mime-type":"image\/jpeg","url":"https:\/\/www.studioimmobiliarefarina.eu\/wp-content\/uploads\/2026\/01\/20260123_085215-scaled-1024x478.jpg"},"post-featured-image":{"file":"20260123_085215-scaled-1240x720.jpg","width":1240,"height":720,"mime-type":"image\/jpeg","url":"https:\/\/www.studioimmobiliarefarina.eu\/wp-content\/uploads\/2026\/01\/20260123_085215-scaled-1240x720.jpg"}},"image_meta":{"aperture":"2.2","credit":"","camera":"Galaxy S23 Ultra","caption":"","created_timestamp":"1769158335","copyright":"","focal_length":"2.2","iso":"50","shutter_speed":"0.000588346","title":"","orientation":"1","keywords":[]},"original_image":"20260123_085215.jpg","ID":"63379","name":"20260123_085215-scaled.jpg","path":"\/srv\/www\/studioimmobiliarefarina.eu\/wp-content\/uploads\/2026\/01\/20260123_085215-scaled.jpg","url":"https:\/\/www.studioimmobiliarefarina.eu\/wp-content\/uploads\/2026\/01\/20260123_085215-scaled-150x150.jpg","full_url":"https:\/\/www.studioimmobiliarefarina.eu\/wp-content\/uploads\/2026\/01\/20260123_085215-scaled.jpg","title":"20260123_085215","caption":"","description":"","alt":"","srcset":false},{"width":150,"height":150,"file":"2026\/01\/20260123_085249-scaled.jpg","filesize":515860,"sizes":{"thumbnail":{"file":"20260123_085249-scaled-150x150.jpg","width":150,"height":150,"mime-type":"image\/jpeg","url":"https:\/\/www.studioimmobiliarefarina.eu\/wp-content\/uploads\/2026\/01\/20260123_085249-scaled-150x150.jpg"},"medium":{"file":"20260123_085249-scaled-300x140.jpg","width":300,"height":140,"mime-type":"image\/jpeg","url":"https:\/\/www.studioimmobiliarefarina.eu\/wp-content\/uploads\/2026\/01\/20260123_085249-scaled-300x140.jpg"},"large":{"file":"20260123_085249-scaled-1024x478.jpg","width":1024,"height":478,"mime-type":"image\/jpeg","url":"https:\/\/www.studioimmobiliarefarina.eu\/wp-content\/uploads\/2026\/01\/20260123_085249-scaled-1024x478.jpg"},"post-featured-image":{"file":"20260123_085249-scaled-1240x720.jpg","width":1240,"height":720,"mime-type":"image\/jpeg","url":"https:\/\/www.studioimmobiliarefarina.eu\/wp-content\/uploads\/2026\/01\/20260123_085249-scaled-1240x720.jpg"}},"image_meta":{"aperture":"2.4","credit":"","camera":"Galaxy S23 Ultra","caption":"","created_timestamp":"1769158369","copyright":"","focal_length":"7.9","iso":"50","shutter_speed":"0.000724732","title":"","orientation":"1","keywords":[]},"original_image":"20260123_085249.jpg","ID":"63383","name":"20260123_085249-scaled.jpg","path":"\/srv\/www\/studioimmobiliarefarina.eu\/wp-content\/uploads\/2026\/01\/20260123_085249-scaled.jpg","url":"https:\/\/www.studioimmobiliarefarina.eu\/wp-content\/uploads\/2026\/01\/20260123_085249-scaled-150x150.jpg","full_url":"https:\/\/www.studioimmobiliarefarina.eu\/wp-content\/uploads\/2026\/01\/20260123_085249-scaled.jpg","title":"20260123_085249","caption":"","description":"","alt":"","srcset":false},{"width":150,"height":150,"file":"2026\/01\/20260123_085129-scaled.jpg","filesize":420827,"sizes":{"thumbnail":{"file":"20260123_085129-scaled-150x150.jpg","width":150,"height":150,"mime-type":"image\/jpeg","url":"https:\/\/www.studioimmobiliarefarina.eu\/wp-content\/uploads\/2026\/01\/20260123_085129-scaled-150x150.jpg"},"medium":{"file":"20260123_085129-scaled-300x140.jpg","width":300,"height":140,"mime-type":"image\/jpeg","url":"https:\/\/www.studioimmobiliarefarina.eu\/wp-content\/uploads\/2026\/01\/20260123_085129-scaled-300x140.jpg"},"large":{"file":"20260123_085129-scaled-1024x478.jpg","width":1024,"height":478,"mime-type":"image\/jpeg","url":"https:\/\/www.studioimmobiliarefarina.eu\/wp-content\/uploads\/2026\/01\/20260123_085129-scaled-1024x478.jpg"},"post-featured-image":{"file":"20260123_085129-scaled-1240x720.jpg","width":1240,"height":720,"mime-type":"image\/jpeg","url":"https:\/\/www.studioimmobiliarefarina.eu\/wp-content\/uploads\/2026\/01\/20260123_085129-scaled-1240x720.jpg"}},"image_meta":{"aperture":"2.2","credit":"","camera":"Galaxy S23 Ultra","caption":"","created_timestamp":"1769158289","copyright":"","focal_length":"2.2","iso":"50","shutter_speed":"0.009991324","title":"","orientation":"1","keywords":[]},"original_image":"20260123_085129.jpg","ID":"63373","name":"20260123_085129-scaled.jpg","path":"\/srv\/www\/studioimmobiliarefarina.eu\/wp-content\/uploads\/2026\/01\/20260123_085129-scaled.jpg","url":"https:\/\/www.studioimmobiliarefarina.eu\/wp-content\/uploads\/2026\/01\/20260123_085129-scaled-150x150.jpg","full_url":"https:\/\/www.studioimmobiliarefarina.eu\/wp-content\/uploads\/2026\/01\/20260123_085129-scaled.jpg","title":"20260123_085129","caption":"","description":"","alt":"","srcset":false},{"width":150,"height":150,"file":"2026\/01\/20260123_085131-scaled.jpg","filesize":560392,"sizes":{"thumbnail":{"file":"20260123_085131-scaled-150x150.jpg","width":150,"height":150,"mime-type":"image\/jpeg","url":"https:\/\/www.studioimmobiliarefarina.eu\/wp-content\/uploads\/2026\/01\/20260123_085131-scaled-150x150.jpg"},"medium":{"file":"20260123_085131-scaled-300x140.jpg","width":300,"height":140,"mime-type":"image\/jpeg","url":"https:\/\/www.studioimmobiliarefarina.eu\/wp-content\/uploads\/2026\/01\/20260123_085131-scaled-300x140.jpg"},"large":{"file":"20260123_085131-scaled-1024x478.jpg","width":1024,"height":478,"mime-type":"image\/jpeg","url":"https:\/\/www.studioimmobiliarefarina.eu\/wp-content\/uploads\/2026\/01\/20260123_085131-scaled-1024x478.jpg"},"post-featured-image":{"file":"20260123_085131-scaled-1240x720.jpg","width":1240,"height":720,"mime-type":"image\/jpeg","url":"https:\/\/www.studioimmobiliarefarina.eu\/wp-content\/uploads\/2026\/01\/20260123_085131-scaled-1240x720.jpg"}},"image_meta":{"aperture":"2.2","credit":"","camera":"Galaxy S23 Ultra","caption":"","created_timestamp":"1769158291","copyright":"","focal_length":"2.2","iso":"64","shutter_speed":"0.004110819","title":"","orientation":"1","keywords":[]},"original_image":"20260123_085131.jpg","ID":"63374","name":"20260123_085131-scaled.jpg","path":"\/srv\/www\/studioimmobiliarefarina.eu\/wp-content\/uploads\/2026\/01\/20260123_085131-scaled.jpg","url":"https:\/\/www.studioimmobiliarefarina.eu\/wp-content\/uploads\/2026\/01\/20260123_085131-scaled-150x150.jpg","full_url":"https:\/\/www.studioimmobiliarefarina.eu\/wp-content\/uploads\/2026\/01\/20260123_085131-scaled.jpg","title":"20260123_085131","caption":"","description":"","alt":"","srcset":false},{"width":150,"height":150,"file":"2026\/01\/20260123_085152-scaled.jpg","filesize":436360,"sizes":{"thumbnail":{"file":"20260123_085152-scaled-150x150.jpg","width":150,"height":150,"mime-type":"image\/jpeg","url":"https:\/\/www.studioimmobiliarefarina.eu\/wp-content\/uploads\/2026\/01\/20260123_085152-scaled-150x150.jpg"},"medium":{"file":"20260123_085152-scaled-300x140.jpg","width":300,"height":140,"mime-type":"image\/jpeg","url":"https:\/\/www.studioimmobiliarefarina.eu\/wp-content\/uploads\/2026\/01\/20260123_085152-scaled-300x140.jpg"},"large":{"file":"20260123_085152-scaled-1024x478.jpg","width":1024,"height":478,"mime-type":"image\/jpeg","url":"https:\/\/www.studioimmobiliarefarina.eu\/wp-content\/uploads\/2026\/01\/20260123_085152-scaled-1024x478.jpg"},"post-featured-image":{"file":"20260123_085152-scaled-1240x720.jpg","width":1240,"height":720,"mime-type":"image\/jpeg","url":"https:\/\/www.studioimmobiliarefarina.eu\/wp-content\/uploads\/2026\/01\/20260123_085152-scaled-1240x720.jpg"}},"image_meta":{"aperture":"2.2","credit":"","camera":"Galaxy S23 Ultra","caption":"","created_timestamp":"1769158311","copyright":"","focal_length":"2.2","iso":"50","shutter_speed":"0.00674711","title":"","orientation":"1","keywords":[]},"original_image":"20260123_085152.jpg","ID":"63375","name":"20260123_085152-scaled.jpg","path":"\/srv\/www\/studioimmobiliarefarina.eu\/wp-content\/uploads\/2026\/01\/20260123_085152-scaled.jpg","url":"https:\/\/www.studioimmobiliarefarina.eu\/wp-content\/uploads\/2026\/01\/20260123_085152-scaled-150x150.jpg","full_url":"https:\/\/www.studioimmobiliarefarina.eu\/wp-content\/uploads\/2026\/01\/20260123_085152-scaled.jpg","title":"20260123_085152","caption":"","description":"","alt":"","srcset":false},{"width":150,"height":150,"file":"2026\/01\/20260123_085154-scaled.jpg","filesize":425660,"sizes":{"thumbnail":{"file":"20260123_085154-scaled-150x150.jpg","width":150,"height":150,"mime-type":"image\/jpeg","url":"https:\/\/www.studioimmobiliarefarina.eu\/wp-content\/uploads\/2026\/01\/20260123_085154-scaled-150x150.jpg"},"medium":{"file":"20260123_085154-scaled-300x140.jpg","width":300,"height":140,"mime-type":"image\/jpeg","url":"https:\/\/www.studioimmobiliarefarina.eu\/wp-content\/uploads\/2026\/01\/20260123_085154-scaled-300x140.jpg"},"large":{"file":"20260123_085154-scaled-1024x478.jpg","width":1024,"height":478,"mime-type":"image\/jpeg","url":"https:\/\/www.studioimmobiliarefarina.eu\/wp-content\/uploads\/2026\/01\/20260123_085154-scaled-1024x478.jpg"},"post-featured-image":{"file":"20260123_085154-scaled-1240x720.jpg","width":1240,"height":720,"mime-type":"image\/jpeg","url":"https:\/\/www.studioimmobiliarefarina.eu\/wp-content\/uploads\/2026\/01\/20260123_085154-scaled-1240x720.jpg"}},"image_meta":{"aperture":"2.2","credit":"","camera":"Galaxy S23 Ultra","caption":"","created_timestamp":"1769158314","copyright":"","focal_length":"2.2","iso":"80","shutter_speed":"0.004519442","title":"","orientation":"1","keywords":[]},"original_image":"20260123_085154.jpg","ID":"63376","name":"20260123_085154-scaled.jpg","path":"\/srv\/www\/studioimmobiliarefarina.eu\/wp-content\/uploads\/2026\/01\/20260123_085154-scaled.jpg","url":"https:\/\/www.studioimmobiliarefarina.eu\/wp-content\/uploads\/2026\/01\/20260123_085154-scaled-150x150.jpg","full_url":"https:\/\/www.studioimmobiliarefarina.eu\/wp-content\/uploads\/2026\/01\/20260123_085154-scaled.jpg","title":"20260123_085154","caption":"","description":"","alt":"","srcset":false},{"width":150,"height":150,"file":"2026\/01\/20260123_085200-scaled.jpg","filesize":388389,"sizes":{"thumbnail":{"file":"20260123_085200-scaled-150x150.jpg","width":150,"height":150,"mime-type":"image\/jpeg","url":"https:\/\/www.studioimmobiliarefarina.eu\/wp-content\/uploads\/2026\/01\/20260123_085200-scaled-150x150.jpg"},"medium":{"file":"20260123_085200-scaled-300x140.jpg","width":300,"height":140,"mime-type":"image\/jpeg","url":"https:\/\/www.studioimmobiliarefarina.eu\/wp-content\/uploads\/2026\/01\/20260123_085200-scaled-300x140.jpg"},"large":{"file":"20260123_085200-scaled-1024x478.jpg","width":1024,"height":478,"mime-type":"image\/jpeg","url":"https:\/\/www.studioimmobiliarefarina.eu\/wp-content\/uploads\/2026\/01\/20260123_085200-scaled-1024x478.jpg"},"post-featured-image":{"file":"20260123_085200-scaled-1240x720.jpg","width":1240,"height":720,"mime-type":"image\/jpeg","url":"https:\/\/www.studioimmobiliarefarina.eu\/wp-content\/uploads\/2026\/01\/20260123_085200-scaled-1240x720.jpg"}},"image_meta":{"aperture":"2.2","credit":"","camera":"Galaxy S23 Ultra","caption":"","created_timestamp":"1769158320","copyright":"","focal_length":"2.2","iso":"80","shutter_speed":"0.00443459","title":"","orientation":"1","keywords":[]},"original_image":"20260123_085200.jpg","ID":"63377","name":"20260123_085200-scaled.jpg","path":"\/srv\/www\/studioimmobiliarefarina.eu\/wp-content\/uploads\/2026\/01\/20260123_085200-scaled.jpg","url":"https:\/\/www.studioimmobiliarefarina.eu\/wp-content\/uploads\/2026\/01\/20260123_085200-scaled-150x150.jpg","full_url":"https:\/\/www.studioimmobiliarefarina.eu\/wp-content\/uploads\/2026\/01\/20260123_085200-scaled.jpg","title":"20260123_085200","caption":"","description":"","alt":"","srcset":false},{"width":150,"height":150,"file":"2026\/01\/20260123_085202-scaled.jpg","filesize":374871,"sizes":{"thumbnail":{"file":"20260123_085202-scaled-150x150.jpg","width":150,"height":150,"mime-type":"image\/jpeg","url":"https:\/\/www.studioimmobiliarefarina.eu\/wp-content\/uploads\/2026\/01\/20260123_085202-scaled-150x150.jpg"},"medium":{"file":"20260123_085202-scaled-300x140.jpg","width":300,"height":140,"mime-type":"image\/jpeg","url":"https:\/\/www.studioimmobiliarefarina.eu\/wp-content\/uploads\/2026\/01\/20260123_085202-scaled-300x140.jpg"},"large":{"file":"20260123_085202-scaled-1024x478.jpg","width":1024,"height":478,"mime-type":"image\/jpeg","url":"https:\/\/www.studioimmobiliarefarina.eu\/wp-content\/uploads\/2026\/01\/20260123_085202-scaled-1024x478.jpg"},"post-featured-image":{"file":"20260123_085202-scaled-1240x720.jpg","width":1240,"height":720,"mime-type":"image\/jpeg","url":"https:\/\/www.studioimmobiliarefarina.eu\/wp-content\/uploads\/2026\/01\/20260123_085202-scaled-1240x720.jpg"}},"image_meta":{"aperture":"2.2","credit":"","camera":"Galaxy S23 Ultra","caption":"","created_timestamp":"1769158322","copyright":"","focal_length":"2.2","iso":"50","shutter_speed":"0.007064933","title":"","orientation":"1","keywords":[]},"original_image":"20260123_085202.jpg","ID":"63378","name":"20260123_085202-scaled.jpg","path":"\/srv\/www\/studioimmobiliarefarina.eu\/wp-content\/uploads\/2026\/01\/20260123_085202-scaled.jpg","url":"https:\/\/www.studioimmobiliarefarina.eu\/wp-content\/uploads\/2026\/01\/20260123_085202-scaled-150x150.jpg","full_url":"https:\/\/www.studioimmobiliarefarina.eu\/wp-content\/uploads\/2026\/01\/20260123_085202-scaled.jpg","title":"20260123_085202","caption":"","description":"","alt":"","srcset":false},{"width":150,"height":150,"file":"2026\/01\/20260123_085114-scaled.jpg","filesize":671341,"sizes":{"thumbnail":{"file":"20260123_085114-scaled-150x150.jpg","width":150,"height":150,"mime-type":"image\/jpeg","url":"https:\/\/www.studioimmobiliarefarina.eu\/wp-content\/uploads\/2026\/01\/20260123_085114-scaled-150x150.jpg"},"medium":{"file":"20260123_085114-scaled-300x140.jpg","width":300,"height":140,"mime-type":"image\/jpeg","url":"https:\/\/www.studioimmobiliarefarina.eu\/wp-content\/uploads\/2026\/01\/20260123_085114-scaled-300x140.jpg"},"large":{"file":"20260123_085114-scaled-1024x478.jpg","width":1024,"height":478,"mime-type":"image\/jpeg","url":"https:\/\/www.studioimmobiliarefarina.eu\/wp-content\/uploads\/2026\/01\/20260123_085114-scaled-1024x478.jpg"},"post-featured-image":{"file":"20260123_085114-scaled-1240x720.jpg","width":1240,"height":720,"mime-type":"image\/jpeg","url":"https:\/\/www.studioimmobiliarefarina.eu\/wp-content\/uploads\/2026\/01\/20260123_085114-scaled-1240x720.jpg"}},"image_meta":{"aperture":"2.2","credit":"","camera":"Galaxy S23 Ultra","caption":"","created_timestamp":"1769158273","copyright":"","focal_length":"2.2","iso":"640","shutter_speed":"0.009991324","title":"","orientation":"1","keywords":[]},"original_image":"20260123_085114.jpg","ID":"63372","name":"20260123_085114-scaled.jpg","path":"\/srv\/www\/studioimmobiliarefarina.eu\/wp-content\/uploads\/2026\/01\/20260123_085114-scaled.jpg","url":"https:\/\/www.studioimmobiliarefarina.eu\/wp-content\/uploads\/2026\/01\/20260123_085114-scaled-150x150.jpg","full_url":"https:\/\/www.studioimmobiliarefarina.eu\/wp-content\/uploads\/2026\/01\/20260123_085114-scaled.jpg","title":"20260123_085114","caption":"","description":"","alt":"","srcset":false},{"width":150,"height":150,"file":"2026\/01\/planimetria-locale-luzio.jpg","filesize":57427,"sizes":{"thumbnail":{"file":"planimetria-locale-luzio-150x150.jpg","width":150,"height":150,"mime-type":"image\/jpeg","url":"https:\/\/www.studioimmobiliarefarina.eu\/wp-content\/uploads\/2026\/01\/planimetria-locale-luzio-150x150.jpg"},"medium":{"file":"planimetria-locale-luzio-300x212.jpg","width":300,"height":212,"mime-type":"image\/jpeg","url":"https:\/\/www.studioimmobiliarefarina.eu\/wp-content\/uploads\/2026\/01\/planimetria-locale-luzio-300x212.jpg"},"large":{"file":"planimetria-locale-luzio-1024x724.jpg","width":1024,"height":724,"mime-type":"image\/jpeg","url":"https:\/\/www.studioimmobiliarefarina.eu\/wp-content\/uploads\/2026\/01\/planimetria-locale-luzio-1024x724.jpg"},"post-featured-image":{"file":"planimetria-locale-luzio-1240x720.jpg","width":1240,"height":720,"mime-type":"image\/jpeg","url":"https:\/\/www.studioimmobiliarefarina.eu\/wp-content\/uploads\/2026\/01\/planimetria-locale-luzio-1240x720.jpg"}},"image_meta":{"aperture":"0","credit":"","camera":"","caption":"","created_timestamp":"0","copyright":"","focal_length":"0","iso":"0","shutter_speed":"0","title":"","orientation":"0","keywords":[]},"ID":"63384","name":"planimetria-locale-luzio.jpg","path":"\/srv\/www\/studioimmobiliarefarina.eu\/wp-content\/uploads\/2026\/01\/planimetria-locale-luzio.jpg","url":"https:\/\/www.studioimmobiliarefarina.eu\/wp-content\/uploads\/2026\/01\/planimetria-locale-luzio-150x150.jpg","full_url":"https:\/\/www.studioimmobiliarefarina.eu\/wp-content\/uploads\/2026\/01\/planimetria-locale-luzio.jpg","title":"planimetria locale luzio","caption":"","description":"","alt":"","srcset":false}],"REAL_HOMES_change_gallery_slider_type":"0","REAL_HOMES_gallery_slider_type":"thumb-on-right","inspiry_floor_plans":[{"inspiry_floor_plan_name":"1","inspiry_floor_plan_image":"https:\/\/www.studioimmobiliarefarina.eu\/wp-content\/uploads\/2026\/01\/planimetria-locale-luzio.jpg"}],"inspiry_video_group":[],"REAL_HOMES_360_virtual_tour":"","REAL_HOMES_tour_video_url":"","REAL_HOMES_tour_video_image":[],"REAL_HOMES_agent_display_option":"agent_info","REAL_HOMES_agents":["852"],"REAL_HOMES_energy_class":"none","REAL_HOMES_energy_performance":"","REAL_HOMES_epc_current_rating":"","REAL_HOMES_epc_potential_rating":"","ere_property_schedule_tour":"global","ere_property_schedule_time_slots":"","ere_property_schedule_description":"","REAL_HOMES_sticky":"0","inspiry_property_label":"","inspiry_property_label_color":"","inspiry_property_tax":"0","inspiry_additional_fee":"0","REAL_HOMES_attachments":[],"inspiry_property_owner_name":"","inspiry_property_owner_contact":"","inspiry_property_owner_address":"","REAL_HOMES_property_private_note":"","inspiry_message_to_reviewer":"","REAL_HOMES_add_in_slider":"no","REAL_HOMES_slider_image":[],"REAL_HOMES_page_banner_image":[{"width":150,"height":150,"file":"2026\/01\/20260123_085242-scaled.jpg","filesize":681300,"sizes":{"thumbnail":{"file":"20260123_085242-scaled-150x150.jpg","width":150,"height":150,"mime-type":"image\/jpeg","url":"https:\/\/www.studioimmobiliarefarina.eu\/wp-content\/uploads\/2026\/01\/20260123_085242-scaled-150x150.jpg"},"medium":{"file":"20260123_085242-scaled-300x140.jpg","width":300,"height":140,"mime-type":"image\/jpeg","url":"https:\/\/www.studioimmobiliarefarina.eu\/wp-content\/uploads\/2026\/01\/20260123_085242-scaled-300x140.jpg"},"large":{"file":"20260123_085242-scaled-1024x478.jpg","width":1024,"height":478,"mime-type":"image\/jpeg","url":"https:\/\/www.studioimmobiliarefarina.eu\/wp-content\/uploads\/2026\/01\/20260123_085242-scaled-1024x478.jpg"},"post-featured-image":{"file":"20260123_085242-scaled-1240x720.jpg","width":1240,"height":720,"mime-type":"image\/jpeg","url":"https:\/\/www.studioimmobiliarefarina.eu\/wp-content\/uploads\/2026\/01\/20260123_085242-scaled-1240x720.jpg"}},"image_meta":{"aperture":"2.2","credit":"","camera":"Galaxy S23 Ultra","caption":"","created_timestamp":"1769158362","copyright":"","focal_length":"2.2","iso":"50","shutter_speed":"0.000631257","title":"","orientation":"1","keywords":[]},"original_image":"20260123_085242.jpg","ID":"63382","name":"20260123_085242-scaled.jpg","path":"\/srv\/www\/studioimmobiliarefarina.eu\/wp-content\/uploads\/2026\/01\/20260123_085242-scaled.jpg","url":"https:\/\/www.studioimmobiliarefarina.eu\/wp-content\/uploads\/2026\/01\/20260123_085242-scaled-150x150.jpg","full_url":"https:\/\/www.studioimmobiliarefarina.eu\/wp-content\/uploads\/2026\/01\/20260123_085242-scaled.jpg","title":"20260123_085242","caption":"","description":"","alt":"","srcset":false}],"REAL_HOMES_hide_property_advance_search":"0","inspiry_posto_auto":"2","REAL_HOMES_custom_header_display":"default","REAL_HOMES_custom_header_position":"relative","REAL_HOMES_hide_advance_search":"0","REAL_HOMES_custom_search_form":"default","REAL_HOMES_search_form_margin_top":"","REAL_HOMES_search_form_margin_bottom":"","REAL_HOMES_custom_footer_display":"default"},"_links":{"self":[{"href":"https:\/\/www.studioimmobiliarefarina.eu\/en\/wp-json\/wp\/v2\/property\/63371"}],"collection":[{"href":"https:\/\/www.studioimmobiliarefarina.eu\/en\/wp-json\/wp\/v2\/property"}],"about":[{"href":"https:\/\/www.studioimmobiliarefarina.eu\/en\/wp-json\/wp\/v2\/types\/property"}],"author":[{"embeddable":true,"href":"https:\/\/www.studioimmobiliarefarina.eu\/en\/wp-json\/wp\/v2\/users\/1"}],"replies":[{"embeddable":true,"href":"https:\/\/www.studioimmobiliarefarina.eu\/en\/wp-json\/wp\/v2\/comments?post=63371"}],"version-history":[{"count":1,"href":"https:\/\/www.studioimmobiliarefarina.eu\/en\/wp-json\/wp\/v2\/property\/63371\/revisions"}],"predecessor-version":[{"id":63385,"href":"https:\/\/www.studioimmobiliarefarina.eu\/en\/wp-json\/wp\/v2\/property\/63371\/revisions\/63385"}],"wp:featuredmedia":[{"embeddable":true,"href":"https:\/\/www.studioimmobiliarefarina.eu\/en\/wp-json\/wp\/v2\/media\/63381"}],"wp:attachment":[{"href":"https:\/\/www.studioimmobiliarefarina.eu\/en\/wp-json\/wp\/v2\/media?parent=63371"}],"wp:term":[{"taxonomy":"property-feature","embeddable":true,"href":"https:\/\/www.studioimmobiliarefarina.eu\/en\/wp-json\/wp\/v2\/property-feature?post=63371"},{"taxonomy":"property-type","embeddable":true,"href":"https:\/\/www.studioimmobiliarefarina.eu\/en\/wp-json\/wp\/v2\/property-type?post=63371"},{"taxonomy":"property-city","embeddable":true,"href":"https:\/\/www.studioimmobiliarefarina.eu\/en\/wp-json\/wp\/v2\/property-city?post=63371"},{"taxonomy":"property-status","embeddable":true,"href":"https:\/\/www.studioimmobiliarefarina.eu\/en\/wp-json\/wp\/v2\/property-status?post=63371"}],"curies":[{"name":"wp","href":"https:\/\/api.w.org\/{rel}","templated":true}]}}