{"id":63294,"date":"2026-01-26T14:06:24","date_gmt":"2026-01-26T13:06:24","guid":{"rendered":"https:\/\/www.studioimmobiliarefarina.eu\/?post_type=property&#038;p=63294"},"modified":"2026-03-04T19:12:44","modified_gmt":"2026-03-04T18:12:44","slug":"montenerodomo-casa-in-pietra-nel-borgo-incantato-v8027","status":"publish","type":"property","link":"https:\/\/www.studioimmobiliarefarina.eu\/en\/property\/montenerodomo-casa-in-pietra-nel-borgo-incantato-v8027\/","title":{"rendered":"Montenerodomo, Casa in pietra nel borgo incantato [V8027]"},"content":{"rendered":"\n<p>Comune: Montenerodomo (CH)<br>Prezzo: 84.000 euro<br>Dimensioni: 93 mq<br>Tipologia immobile: Casa indipendente in pietra ristrutturata<br>Piani: 3<br>Posizione: A circa 1 km dal centro storico<br>Contesto: Verde, montano, pascoli e natura incontaminata<\/p>\n\n\n\n<p>\u2e3b<\/p>\n\n\n\n<p>-Vista:<\/p>\n\n\n\n<p>Panoramica montana, verde e pascoli<\/p>\n\n\n\n<p>-Orientamento:<\/p>\n\n\n\n<p>Ottima esposizione<\/p>\n\n\n\n<p>-Camere da letto:<\/p>\n\n\n\n<p>2<\/p>\n\n\n\n<p>-Bagni:<\/p>\n\n\n\n<p>1<\/p>\n\n\n\n<p>-Riscaldamento:<\/p>\n\n\n\n<p>S\u00ec \u2013 termosifoni in tutte le stanze, caldaia collegata alla rete comunale<\/p>\n\n\n\n<p>-Acqua calda:<\/p>\n\n\n\n<div class=\"is-layout-constrained wp-block-group\"><div class=\"wp-block-group__inner-container\">\n<p>Scaldabagno alimentato da pannelli solari sul tetto<br>Serbatoio acqua calda 300L<br>\u2e3b<\/p>\n<\/div><\/div>\n\n\n\n<p>Dotazioni e caratteristiche:<br>\u2022 Casa in pietra ristrutturata completamente<br>\u2022 Infissi in legno con doppio vetro<br>\u2022 Doppi infissi esterni<br>\u2022 Zanzariere<br>\u2022 Camino in pietra della Maiella<br>\u2022 Travi a vista<br>\u2022 Pareti in pietra faccia vista<br>\u2022 Mobili inclusi (ad eccezione di alcuni pezzi familiari)<br>\u2022 Balcone panoramico<br>\u2022 Possibilit\u00e0 di usare la taverna come garage<br>\u2022 Cucina attrezzata<br>\u2022 Pannelli solari<br>\u2022 Collegamento a rete comunale: acqua, luce, gas, fognatura<br>\u2022 Possibilit\u00e0 di acquistare il fabbricato adiacente con una cantina + terreno<br>\u2e3b<\/p>\n\n\n\n<p>Descrizione della propriet\u00e0:<\/p>\n\n\n\n<p>La propriet\u00e0 si trova nel comune di Montenerodomo, piccolo borgo della provincia di Chieti, ideale per chi cerca tranquillit\u00e0 e autenticit\u00e0. Il paese offre i servizi essenziali come bar, alimentari, agriturismi, case vacanza, aree verdi e strutture comunali di base.<\/p>\n\n\n\n<p>Le principali attrazioni della zona includono il Parco e Museo Archeologico di Iuvanum, con importanti resti sannitici e romani, l\u2019Abbazia di Santa Maria in Palazzo e le chiese storiche del centro, il tutto immerso in un suggestivo paesaggio montano.<\/p>\n\n\n\n<p>La casa, completamente ristrutturata circa 10 anni fa, \u00e8 situata a circa 1 km dal centro storico, in una zona particolarmente bella e riservata, circondata da montagne, verde e pascoli.<\/p>\n\n\n\n<p>-Distribuzione interna<\/p>\n\n\n\n<p>Piano seminterrato:<br>Ampia taverna di grandi dimensioni con travi a vista e pareti in pietra faccia vista. \u00c8 presente una grande porta apribile completamente, che consente l\u2019utilizzo dell\u2019ambiente anche come garage.<\/p>\n\n\n\n<p>La taverna ospita:<br>\u2022 Cucina<br>\u2022 Predisposizione per lavatrice<br>\u2022 Zona decorativa con antica mangiatoia originale conservata<br>\u2022 Illuminazione a pavimento per valorizzare la parete in pietra<br>\u2022 Scaldabagno collegato ai pannelli solari<\/p>\n\n\n\n<p>Salendo la scalinata si trova una nicchia con piccola cantina.<\/p>\n\n\n\n<p>Piano terra (zona giorno):<br>Ingresso dall\u2019altro lato della casa con porta blindata in legno.<br>Piccolo ingresso\/guardaroba che introduce alla zona soggiorno, composta da:<br>\u2022 Area relax con camino in pietra della Maiella<br>\u2022 Zona TV e stereo<\/p>\n\n\n\n<p>Un piccolo dislivello conduce alla cucina, compatta ma abitabile, realizzata interamente in legno, completa di elettrodomestici e dotata di una splendida finestra con vista sulle montagne.<\/p>\n\n\n\n<p>Primo piano:<br>Raggiungibile tramite una scalinata molto particolare, caratterizzata da tronchi di legno al posto dei pilastri.<br>Qui si trovano:<br>\u2022 Camera matrimoniale con armadiature a muro su misura e finestra affacciata sul lato dell\u2019ingresso principale<br>\u2022 Bagno comodo, con punto luce a soffitto (zona mansardata)<br>\u2022 Seconda camera doppia con due letti e balconcino panoramico con vista su montagna e pascoli<\/p>\n\n\n\n<p>\u2e3b<\/p>\n\n\n\n<p>Distanze principali<br>\u2022 Centro storico di Montenerodomo: 1 km<br>\u2022 Parco Nazionale della Maiella: circa 25\u201330 minuti<br>\u2022 Roccaraso \/ Rivisondoli (impianti sciistici): circa 45\u201360 minuti<br>\u2022 Lago di Scanno: circa 60\u201380 minuti<br>\u2022 Lago di Barrea: circa 60\u201380 minuti<\/p>\n\n\n\n<p>\u2e3b<\/p>\n\n\n\n<div class=\"is-layout-constrained wp-block-group\"><div class=\"wp-block-group__inner-container\">\n<p>Possibilit\u00e0 aggiuntive<\/p>\n<\/div><\/div>\n\n\n\n<p>\u00c8 possibile acquistare un fabbricato adiacente alla propriet\u00e0, completamente da ristrutturare, incluso terreno di circa 2.000 mq, dove \u00e8 presente un annesso sfruttabile come zona patio o area relax esterna.<\/p>\n\n\n\n<p>Nota informativa:<\/p>\n\n\n\n<p>I dati e le immagini si intendono corretti ma non garantiti.<\/p>\n\n\n\n<p>Le caratteristiche tecniche, la disposizione interna e gli accessori indicati potrebbero in alcuni casi essere diversi dall\u2019effettivo stato di fatto dell\u2019immobile.<\/p>\n\n\n\n<p>A causa delle difformit\u00e0 dei dati pubblicati dai vari portali, lo Studio Farina declina ogni responsabilit\u00e0 per eventuali involontarie incoerenze.<\/p>\n\n\n\n<p>Si precisa che le descrizioni riportate non rappresentano alcun impegno contrattuale<\/p>\n\n\n\n<p>Per garantire la privacy l\u2019indirizzo pu\u00f2 non rispecchiare esattamente l\u2019ubicazione dell\u2019immobile ed \u00e8 utile solo al fine di fornire un riferimento generico per la sua localizzazione.<\/p>\n","protected":false},"excerpt":{"rendered":"<p>Comune: Montenerodomo (CH)Prezzo: 84.000 euroDimensioni: 93 mqTipologia immobile: Casa indipendente in pietra ristrutturataPiani: 3Posizione: A circa 1 km dal centro storicoContesto: Verde, montano, pascoli e natura incontaminata \u2e3b -Vista: Panoramica montana, verde e pascoli -Orientamento: Ottima esposizione -Camere da letto: 2 -Bagni: 1 -Riscaldamento: S\u00ec \u2013 termosifoni in tutte le stanze, caldaia collegata alla rete&#8230;<\/p>\n","protected":false},"author":2,"featured_media":63309,"parent":0,"menu_order":0,"comment_status":"closed","ping_status":"closed","template":"","property-feature":[584,585,65,543,491,419,546,354,560,565,342,345,506,548,492,461,390,586,496,481,455,473,475,507,358,386,485,594,344,587],"property-type":[],"property-city":[50,150,642],"property-status":[22],"yoast_head":"<!-- This site is optimized with the Yoast SEO plugin v21.1 - https:\/\/yoast.com\/wordpress\/plugins\/seo\/ -->\n<title>Montenerodomo, Casa in pietra nel borgo incantato [V8027] | Studio Immobiliare Farina<\/title>\n<meta name=\"robots\" content=\"index, follow, max-snippet:-1, max-image-preview:large, max-video-preview:-1\" \/>\n<link rel=\"canonical\" href=\"https:\/\/www.studioimmobiliarefarina.eu\/property\/montenerodomo-casa-in-pietra-nel-borgo-incantato-v8027\/\" \/>\n<meta property=\"og:locale\" content=\"en_US\" \/>\n<meta property=\"og:type\" content=\"article\" \/>\n<meta property=\"og:title\" content=\"Montenerodomo, Casa in pietra nel borgo incantato [V8027] | Studio Immobiliare Farina\" \/>\n<meta property=\"og:description\" content=\"Comune: Montenerodomo (CH)Prezzo: 84.000 euroDimensioni: 93 mqTipologia immobile: Casa indipendente in pietra ristrutturataPiani: 3Posizione: A circa 1 km dal centro storicoContesto: Verde, montano, pascoli e natura incontaminata \u2e3b -Vista: Panoramica montana, verde e pascoli -Orientamento: Ottima esposizione -Camere da letto: 2 -Bagni: 1 -Riscaldamento: S\u00ec \u2013 termosifoni in tutte le stanze, caldaia collegata alla rete...\" \/>\n<meta property=\"og:url\" content=\"https:\/\/www.studioimmobiliarefarina.eu\/property\/montenerodomo-casa-in-pietra-nel-borgo-incantato-v8027\/\" \/>\n<meta property=\"og:site_name\" content=\"Studio Immobiliare Farina\" \/>\n<meta property=\"article:publisher\" content=\"https:\/\/www.facebook.com\/Studio-Immobiliare-Farina-_-gruppofarina-547150035296080\/timeline\/?ref=ts\" \/>\n<meta property=\"article:modified_time\" content=\"2026-03-04T18:12:44+00:00\" \/>\n<meta property=\"og:image\" content=\"https:\/\/www.studioimmobiliarefarina.eu\/wp-content\/uploads\/2026\/01\/WhatsApp-Image-2026-01-26-at-12.54.15-6.jpeg\" \/>\n\t<meta property=\"og:image:width\" content=\"1280\" \/>\n\t<meta property=\"og:image:height\" content=\"960\" \/>\n\t<meta property=\"og:image:type\" content=\"image\/jpeg\" \/>\n<meta name=\"twitter:card\" content=\"summary_large_image\" \/>\n<meta name=\"twitter:label1\" content=\"Est. reading time\" \/>\n\t<meta name=\"twitter:data1\" content=\"4 minutes\" \/>\n<script type=\"application\/ld+json\" class=\"yoast-schema-graph\">{\"@context\":\"https:\/\/schema.org\",\"@graph\":[{\"@type\":\"WebPage\",\"@id\":\"https:\/\/www.studioimmobiliarefarina.eu\/property\/montenerodomo-casa-in-pietra-nel-borgo-incantato-v8027\/\",\"url\":\"https:\/\/www.studioimmobiliarefarina.eu\/property\/montenerodomo-casa-in-pietra-nel-borgo-incantato-v8027\/\",\"name\":\"Montenerodomo, Casa in pietra nel borgo incantato [V8027] | Studio Immobiliare Farina\",\"isPartOf\":{\"@id\":\"https:\/\/www.studioimmobiliarefarina.eu\/#website\"},\"datePublished\":\"2026-01-26T13:06:24+00:00\",\"dateModified\":\"2026-03-04T18:12:44+00:00\",\"breadcrumb\":{\"@id\":\"https:\/\/www.studioimmobiliarefarina.eu\/property\/montenerodomo-casa-in-pietra-nel-borgo-incantato-v8027\/#breadcrumb\"},\"inLanguage\":\"en-US\",\"potentialAction\":[{\"@type\":\"ReadAction\",\"target\":[\"https:\/\/www.studioimmobiliarefarina.eu\/property\/montenerodomo-casa-in-pietra-nel-borgo-incantato-v8027\/\"]}]},{\"@type\":\"BreadcrumbList\",\"@id\":\"https:\/\/www.studioimmobiliarefarina.eu\/property\/montenerodomo-casa-in-pietra-nel-borgo-incantato-v8027\/#breadcrumb\",\"itemListElement\":[{\"@type\":\"ListItem\",\"position\":1,\"name\":\"Home\",\"item\":\"https:\/\/www.studioimmobiliarefarina.eu\/\"},{\"@type\":\"ListItem\",\"position\":2,\"name\":\"Properties\",\"item\":\"https:\/\/www.studioimmobiliarefarina.eu\/en\/property\/\"},{\"@type\":\"ListItem\",\"position\":3,\"name\":\"Montenerodomo, Casa in pietra nel borgo incantato [V8027]\"}]},{\"@type\":\"WebSite\",\"@id\":\"https:\/\/www.studioimmobiliarefarina.eu\/#website\",\"url\":\"https:\/\/www.studioimmobiliarefarina.eu\/\",\"name\":\"Studio Immobiliare Farina\",\"description\":\"La casa che ho nel cuore\",\"publisher\":{\"@id\":\"https:\/\/www.studioimmobiliarefarina.eu\/#organization\"},\"potentialAction\":[{\"@type\":\"SearchAction\",\"target\":{\"@type\":\"EntryPoint\",\"urlTemplate\":\"https:\/\/www.studioimmobiliarefarina.eu\/?s={search_term_string}\"},\"query-input\":\"required name=search_term_string\"}],\"inLanguage\":\"en-US\"},{\"@type\":\"Organization\",\"@id\":\"https:\/\/www.studioimmobiliarefarina.eu\/#organization\",\"name\":\"Studio Immobiliare Farina\",\"url\":\"https:\/\/www.studioimmobiliarefarina.eu\/\",\"logo\":{\"@type\":\"ImageObject\",\"inLanguage\":\"en-US\",\"@id\":\"https:\/\/www.studioimmobiliarefarina.eu\/#\/schema\/logo\/image\/\",\"url\":\"https:\/\/www.studioimmobiliarefarina.eu\/wp-content\/uploads\/2022\/10\/Logo-sito-pOSpiccolo.png\",\"contentUrl\":\"https:\/\/www.studioimmobiliarefarina.eu\/wp-content\/uploads\/2022\/10\/Logo-sito-pOSpiccolo.png\",\"width\":328,\"height\":135,\"caption\":\"Studio Immobiliare Farina\"},\"image\":{\"@id\":\"https:\/\/www.studioimmobiliarefarina.eu\/#\/schema\/logo\/image\/\"},\"sameAs\":[\"https:\/\/www.facebook.com\/Studio-Immobiliare-Farina-_-gruppofarina-547150035296080\/timeline\/?ref=ts\",\"https:\/\/www.instagram.com\/studio__immobiliare__farina\/\"]}]}<\/script>\n<!-- \/ Yoast SEO plugin. -->","yoast_head_json":{"title":"Montenerodomo, Casa in pietra nel borgo incantato [V8027] | Studio Immobiliare Farina","robots":{"index":"index","follow":"follow","max-snippet":"max-snippet:-1","max-image-preview":"max-image-preview:large","max-video-preview":"max-video-preview:-1"},"canonical":"https:\/\/www.studioimmobiliarefarina.eu\/property\/montenerodomo-casa-in-pietra-nel-borgo-incantato-v8027\/","og_locale":"en_US","og_type":"article","og_title":"Montenerodomo, Casa in pietra nel borgo incantato [V8027] | Studio Immobiliare Farina","og_description":"Comune: Montenerodomo (CH)Prezzo: 84.000 euroDimensioni: 93 mqTipologia immobile: Casa indipendente in pietra ristrutturataPiani: 3Posizione: A circa 1 km dal centro storicoContesto: Verde, montano, pascoli e natura incontaminata \u2e3b -Vista: Panoramica montana, verde e pascoli -Orientamento: Ottima esposizione -Camere da letto: 2 -Bagni: 1 -Riscaldamento: S\u00ec \u2013 termosifoni in tutte le stanze, caldaia collegata alla rete...","og_url":"https:\/\/www.studioimmobiliarefarina.eu\/property\/montenerodomo-casa-in-pietra-nel-borgo-incantato-v8027\/","og_site_name":"Studio Immobiliare Farina","article_publisher":"https:\/\/www.facebook.com\/Studio-Immobiliare-Farina-_-gruppofarina-547150035296080\/timeline\/?ref=ts","article_modified_time":"2026-03-04T18:12:44+00:00","og_image":[{"width":1280,"height":960,"url":"https:\/\/www.studioimmobiliarefarina.eu\/wp-content\/uploads\/2026\/01\/WhatsApp-Image-2026-01-26-at-12.54.15-6.jpeg","type":"image\/jpeg"}],"twitter_card":"summary_large_image","twitter_misc":{"Est. reading time":"4 minutes"},"schema":{"@context":"https:\/\/schema.org","@graph":[{"@type":"WebPage","@id":"https:\/\/www.studioimmobiliarefarina.eu\/property\/montenerodomo-casa-in-pietra-nel-borgo-incantato-v8027\/","url":"https:\/\/www.studioimmobiliarefarina.eu\/property\/montenerodomo-casa-in-pietra-nel-borgo-incantato-v8027\/","name":"Montenerodomo, Casa in pietra nel borgo incantato [V8027] | Studio Immobiliare Farina","isPartOf":{"@id":"https:\/\/www.studioimmobiliarefarina.eu\/#website"},"datePublished":"2026-01-26T13:06:24+00:00","dateModified":"2026-03-04T18:12:44+00:00","breadcrumb":{"@id":"https:\/\/www.studioimmobiliarefarina.eu\/property\/montenerodomo-casa-in-pietra-nel-borgo-incantato-v8027\/#breadcrumb"},"inLanguage":"en-US","potentialAction":[{"@type":"ReadAction","target":["https:\/\/www.studioimmobiliarefarina.eu\/property\/montenerodomo-casa-in-pietra-nel-borgo-incantato-v8027\/"]}]},{"@type":"BreadcrumbList","@id":"https:\/\/www.studioimmobiliarefarina.eu\/property\/montenerodomo-casa-in-pietra-nel-borgo-incantato-v8027\/#breadcrumb","itemListElement":[{"@type":"ListItem","position":1,"name":"Home","item":"https:\/\/www.studioimmobiliarefarina.eu\/"},{"@type":"ListItem","position":2,"name":"Properties","item":"https:\/\/www.studioimmobiliarefarina.eu\/en\/property\/"},{"@type":"ListItem","position":3,"name":"Montenerodomo, Casa in pietra nel borgo incantato [V8027]"}]},{"@type":"WebSite","@id":"https:\/\/www.studioimmobiliarefarina.eu\/#website","url":"https:\/\/www.studioimmobiliarefarina.eu\/","name":"Studio Immobiliare Farina","description":"La casa che ho nel cuore","publisher":{"@id":"https:\/\/www.studioimmobiliarefarina.eu\/#organization"},"potentialAction":[{"@type":"SearchAction","target":{"@type":"EntryPoint","urlTemplate":"https:\/\/www.studioimmobiliarefarina.eu\/?s={search_term_string}"},"query-input":"required name=search_term_string"}],"inLanguage":"en-US"},{"@type":"Organization","@id":"https:\/\/www.studioimmobiliarefarina.eu\/#organization","name":"Studio Immobiliare Farina","url":"https:\/\/www.studioimmobiliarefarina.eu\/","logo":{"@type":"ImageObject","inLanguage":"en-US","@id":"https:\/\/www.studioimmobiliarefarina.eu\/#\/schema\/logo\/image\/","url":"https:\/\/www.studioimmobiliarefarina.eu\/wp-content\/uploads\/2022\/10\/Logo-sito-pOSpiccolo.png","contentUrl":"https:\/\/www.studioimmobiliarefarina.eu\/wp-content\/uploads\/2022\/10\/Logo-sito-pOSpiccolo.png","width":328,"height":135,"caption":"Studio Immobiliare Farina"},"image":{"@id":"https:\/\/www.studioimmobiliarefarina.eu\/#\/schema\/logo\/image\/"},"sameAs":["https:\/\/www.facebook.com\/Studio-Immobiliare-Farina-_-gruppofarina-547150035296080\/timeline\/?ref=ts","https:\/\/www.instagram.com\/studio__immobiliare__farina\/"]}]}},"property_meta":{"REAL_HOMES_property_price":"84000","REAL_HOMES_property_old_price":"","REAL_HOMES_property_price_prefix":"","REAL_HOMES_property_price_postfix":"","REAL_HOMES_property_size":"93","REAL_HOMES_property_size_postfix":"mq","REAL_HOMES_property_lot_size":"","REAL_HOMES_property_lot_size_postfix":"","REAL_HOMES_property_bedrooms":"2","REAL_HOMES_property_bathrooms":"1","REAL_HOMES_property_garage":"1","REAL_HOMES_property_id":"V8027","REAL_HOMES_property_year_built":"","REAL_HOMES_featured":"0","REAL_HOMES_additional_details_list":[],"REAL_HOMES_property_location":{"latitude":"41.975633","longitude":"14.252815","zoom":"14"},"REAL_HOMES_property_address":"Montenerodomo, Chieti, Italia","REAL_HOMES_property_map":"0","REAL_HOMES_property_images":[{"width":150,"height":150,"file":"2026\/01\/WhatsApp-Image-2026-01-26-at-12.54.16-3.jpeg","filesize":220747,"sizes":{"thumbnail":{"file":"WhatsApp-Image-2026-01-26-at-12.54.16-3-150x150.jpeg","width":150,"height":150,"mime-type":"image\/jpeg","url":"https:\/\/www.studioimmobiliarefarina.eu\/wp-content\/uploads\/2026\/01\/WhatsApp-Image-2026-01-26-at-12.54.16-3-150x150.jpeg"},"medium":{"file":"WhatsApp-Image-2026-01-26-at-12.54.16-3-300x225.jpeg","width":300,"height":225,"mime-type":"image\/jpeg","url":"https:\/\/www.studioimmobiliarefarina.eu\/wp-content\/uploads\/2026\/01\/WhatsApp-Image-2026-01-26-at-12.54.16-3-300x225.jpeg"},"large":{"file":"WhatsApp-Image-2026-01-26-at-12.54.16-3-1024x768.jpeg","width":1024,"height":768,"mime-type":"image\/jpeg","url":"https:\/\/www.studioimmobiliarefarina.eu\/wp-content\/uploads\/2026\/01\/WhatsApp-Image-2026-01-26-at-12.54.16-3-1024x768.jpeg"},"post-featured-image":{"file":"WhatsApp-Image-2026-01-26-at-12.54.16-3-1240x720.jpeg","width":1240,"height":720,"mime-type":"image\/jpeg","url":"https:\/\/www.studioimmobiliarefarina.eu\/wp-content\/uploads\/2026\/01\/WhatsApp-Image-2026-01-26-at-12.54.16-3-1240x720.jpeg"}},"image_meta":{"aperture":"0","credit":"","camera":"","caption":"","created_timestamp":"0","copyright":"","focal_length":"0","iso":"0","shutter_speed":"0","title":"","orientation":"0","keywords":[]},"ID":"63312","name":"WhatsApp-Image-2026-01-26-at-12.54.16-3.jpeg","path":"\/srv\/www\/studioimmobiliarefarina.eu\/wp-content\/uploads\/2026\/01\/WhatsApp-Image-2026-01-26-at-12.54.16-3.jpeg","url":"https:\/\/www.studioimmobiliarefarina.eu\/wp-content\/uploads\/2026\/01\/WhatsApp-Image-2026-01-26-at-12.54.16-3-150x150.jpeg","full_url":"https:\/\/www.studioimmobiliarefarina.eu\/wp-content\/uploads\/2026\/01\/WhatsApp-Image-2026-01-26-at-12.54.16-3.jpeg","title":"WhatsApp Image 2026-01-26 at 12.54.16 (3)","caption":"","description":"","alt":"","srcset":false},{"width":150,"height":150,"file":"2026\/01\/WhatsApp-Image-2026-01-26-at-12.54.15-5.jpeg","filesize":284187,"sizes":{"thumbnail":{"file":"WhatsApp-Image-2026-01-26-at-12.54.15-5-150x150.jpeg","width":150,"height":150,"mime-type":"image\/jpeg","url":"https:\/\/www.studioimmobiliarefarina.eu\/wp-content\/uploads\/2026\/01\/WhatsApp-Image-2026-01-26-at-12.54.15-5-150x150.jpeg"},"medium":{"file":"WhatsApp-Image-2026-01-26-at-12.54.15-5-300x225.jpeg","width":300,"height":225,"mime-type":"image\/jpeg","url":"https:\/\/www.studioimmobiliarefarina.eu\/wp-content\/uploads\/2026\/01\/WhatsApp-Image-2026-01-26-at-12.54.15-5-300x225.jpeg"},"large":{"file":"WhatsApp-Image-2026-01-26-at-12.54.15-5-1024x768.jpeg","width":1024,"height":768,"mime-type":"image\/jpeg","url":"https:\/\/www.studioimmobiliarefarina.eu\/wp-content\/uploads\/2026\/01\/WhatsApp-Image-2026-01-26-at-12.54.15-5-1024x768.jpeg"},"post-featured-image":{"file":"WhatsApp-Image-2026-01-26-at-12.54.15-5-1240x720.jpeg","width":1240,"height":720,"mime-type":"image\/jpeg","url":"https:\/\/www.studioimmobiliarefarina.eu\/wp-content\/uploads\/2026\/01\/WhatsApp-Image-2026-01-26-at-12.54.15-5-1240x720.jpeg"}},"image_meta":{"aperture":"0","credit":"","camera":"","caption":"","created_timestamp":"0","copyright":"","focal_length":"0","iso":"0","shutter_speed":"0","title":"","orientation":"0","keywords":[]},"ID":"63304","name":"WhatsApp-Image-2026-01-26-at-12.54.15-5.jpeg","path":"\/srv\/www\/studioimmobiliarefarina.eu\/wp-content\/uploads\/2026\/01\/WhatsApp-Image-2026-01-26-at-12.54.15-5.jpeg","url":"https:\/\/www.studioimmobiliarefarina.eu\/wp-content\/uploads\/2026\/01\/WhatsApp-Image-2026-01-26-at-12.54.15-5-150x150.jpeg","full_url":"https:\/\/www.studioimmobiliarefarina.eu\/wp-content\/uploads\/2026\/01\/WhatsApp-Image-2026-01-26-at-12.54.15-5.jpeg","title":"WhatsApp Image 2026-01-26 at 12.54.15","caption":"","description":"","alt":"","srcset":false},{"width":150,"height":150,"file":"2026\/01\/WhatsApp-Image-2026-01-26-at-12.54.16-5.jpeg","filesize":228444,"sizes":{"thumbnail":{"file":"WhatsApp-Image-2026-01-26-at-12.54.16-5-150x150.jpeg","width":150,"height":150,"mime-type":"image\/jpeg","url":"https:\/\/www.studioimmobiliarefarina.eu\/wp-content\/uploads\/2026\/01\/WhatsApp-Image-2026-01-26-at-12.54.16-5-150x150.jpeg"},"medium":{"file":"WhatsApp-Image-2026-01-26-at-12.54.16-5-300x225.jpeg","width":300,"height":225,"mime-type":"image\/jpeg","url":"https:\/\/www.studioimmobiliarefarina.eu\/wp-content\/uploads\/2026\/01\/WhatsApp-Image-2026-01-26-at-12.54.16-5-300x225.jpeg"},"large":{"file":"WhatsApp-Image-2026-01-26-at-12.54.16-5-1024x768.jpeg","width":1024,"height":768,"mime-type":"image\/jpeg","url":"https:\/\/www.studioimmobiliarefarina.eu\/wp-content\/uploads\/2026\/01\/WhatsApp-Image-2026-01-26-at-12.54.16-5-1024x768.jpeg"},"post-featured-image":{"file":"WhatsApp-Image-2026-01-26-at-12.54.16-5-1240x720.jpeg","width":1240,"height":720,"mime-type":"image\/jpeg","url":"https:\/\/www.studioimmobiliarefarina.eu\/wp-content\/uploads\/2026\/01\/WhatsApp-Image-2026-01-26-at-12.54.16-5-1240x720.jpeg"}},"image_meta":{"aperture":"0","credit":"","camera":"","caption":"","created_timestamp":"0","copyright":"","focal_length":"0","iso":"0","shutter_speed":"0","title":"","orientation":"0","keywords":[]},"ID":"63314","name":"WhatsApp-Image-2026-01-26-at-12.54.16-5.jpeg","path":"\/srv\/www\/studioimmobiliarefarina.eu\/wp-content\/uploads\/2026\/01\/WhatsApp-Image-2026-01-26-at-12.54.16-5.jpeg","url":"https:\/\/www.studioimmobiliarefarina.eu\/wp-content\/uploads\/2026\/01\/WhatsApp-Image-2026-01-26-at-12.54.16-5-150x150.jpeg","full_url":"https:\/\/www.studioimmobiliarefarina.eu\/wp-content\/uploads\/2026\/01\/WhatsApp-Image-2026-01-26-at-12.54.16-5.jpeg","title":"WhatsApp Image 2026-01-26 at 12.54.16 (5)","caption":"","description":"","alt":"","srcset":false},{"width":150,"height":150,"file":"2026\/01\/WhatsApp-Image-2026-01-26-at-12.54.16-7.jpeg","filesize":325251,"sizes":{"thumbnail":{"file":"WhatsApp-Image-2026-01-26-at-12.54.16-7-150x150.jpeg","width":150,"height":150,"mime-type":"image\/jpeg","url":"https:\/\/www.studioimmobiliarefarina.eu\/wp-content\/uploads\/2026\/01\/WhatsApp-Image-2026-01-26-at-12.54.16-7-150x150.jpeg"},"medium":{"file":"WhatsApp-Image-2026-01-26-at-12.54.16-7-300x225.jpeg","width":300,"height":225,"mime-type":"image\/jpeg","url":"https:\/\/www.studioimmobiliarefarina.eu\/wp-content\/uploads\/2026\/01\/WhatsApp-Image-2026-01-26-at-12.54.16-7-300x225.jpeg"},"large":{"file":"WhatsApp-Image-2026-01-26-at-12.54.16-7-1024x768.jpeg","width":1024,"height":768,"mime-type":"image\/jpeg","url":"https:\/\/www.studioimmobiliarefarina.eu\/wp-content\/uploads\/2026\/01\/WhatsApp-Image-2026-01-26-at-12.54.16-7-1024x768.jpeg"},"post-featured-image":{"file":"WhatsApp-Image-2026-01-26-at-12.54.16-7-1240x720.jpeg","width":1240,"height":720,"mime-type":"image\/jpeg","url":"https:\/\/www.studioimmobiliarefarina.eu\/wp-content\/uploads\/2026\/01\/WhatsApp-Image-2026-01-26-at-12.54.16-7-1240x720.jpeg"}},"image_meta":{"aperture":"0","credit":"","camera":"","caption":"","created_timestamp":"0","copyright":"","focal_length":"0","iso":"0","shutter_speed":"0","title":"","orientation":"0","keywords":[]},"ID":"63316","name":"WhatsApp-Image-2026-01-26-at-12.54.16-7.jpeg","path":"\/srv\/www\/studioimmobiliarefarina.eu\/wp-content\/uploads\/2026\/01\/WhatsApp-Image-2026-01-26-at-12.54.16-7.jpeg","url":"https:\/\/www.studioimmobiliarefarina.eu\/wp-content\/uploads\/2026\/01\/WhatsApp-Image-2026-01-26-at-12.54.16-7-150x150.jpeg","full_url":"https:\/\/www.studioimmobiliarefarina.eu\/wp-content\/uploads\/2026\/01\/WhatsApp-Image-2026-01-26-at-12.54.16-7.jpeg","title":"WhatsApp Image 2026-01-26 at 12.54.16 (7)","caption":"","description":"","alt":"","srcset":false},{"width":150,"height":150,"file":"2026\/01\/WhatsApp-Image-2026-01-26-at-12.54.17-3.jpeg","filesize":140265,"sizes":{"thumbnail":{"file":"WhatsApp-Image-2026-01-26-at-12.54.17-3-150x150.jpeg","width":150,"height":150,"mime-type":"image\/jpeg","url":"https:\/\/www.studioimmobiliarefarina.eu\/wp-content\/uploads\/2026\/01\/WhatsApp-Image-2026-01-26-at-12.54.17-3-150x150.jpeg"},"medium":{"file":"WhatsApp-Image-2026-01-26-at-12.54.17-3-300x225.jpeg","width":300,"height":225,"mime-type":"image\/jpeg","url":"https:\/\/www.studioimmobiliarefarina.eu\/wp-content\/uploads\/2026\/01\/WhatsApp-Image-2026-01-26-at-12.54.17-3-300x225.jpeg"},"large":{"file":"WhatsApp-Image-2026-01-26-at-12.54.17-3-1024x768.jpeg","width":1024,"height":768,"mime-type":"image\/jpeg","url":"https:\/\/www.studioimmobiliarefarina.eu\/wp-content\/uploads\/2026\/01\/WhatsApp-Image-2026-01-26-at-12.54.17-3-1024x768.jpeg"},"post-featured-image":{"file":"WhatsApp-Image-2026-01-26-at-12.54.17-3-1240x720.jpeg","width":1240,"height":720,"mime-type":"image\/jpeg","url":"https:\/\/www.studioimmobiliarefarina.eu\/wp-content\/uploads\/2026\/01\/WhatsApp-Image-2026-01-26-at-12.54.17-3-1240x720.jpeg"}},"image_meta":{"aperture":"0","credit":"","camera":"","caption":"","created_timestamp":"0","copyright":"","focal_length":"0","iso":"0","shutter_speed":"0","title":"","orientation":"0","keywords":[]},"ID":"63321","name":"WhatsApp-Image-2026-01-26-at-12.54.17-3.jpeg","path":"\/srv\/www\/studioimmobiliarefarina.eu\/wp-content\/uploads\/2026\/01\/WhatsApp-Image-2026-01-26-at-12.54.17-3.jpeg","url":"https:\/\/www.studioimmobiliarefarina.eu\/wp-content\/uploads\/2026\/01\/WhatsApp-Image-2026-01-26-at-12.54.17-3-150x150.jpeg","full_url":"https:\/\/www.studioimmobiliarefarina.eu\/wp-content\/uploads\/2026\/01\/WhatsApp-Image-2026-01-26-at-12.54.17-3.jpeg","title":"WhatsApp Image 2026-01-26 at 12.54.17 (3)","caption":"","description":"","alt":"","srcset":false},{"width":150,"height":150,"file":"2026\/01\/WhatsApp-Image-2026-01-26-at-13.56.08-3.jpeg","filesize":296513,"sizes":{"thumbnail":{"file":"WhatsApp-Image-2026-01-26-at-13.56.08-3-150x150.jpeg","width":150,"height":150,"mime-type":"image\/jpeg","url":"https:\/\/www.studioimmobiliarefarina.eu\/wp-content\/uploads\/2026\/01\/WhatsApp-Image-2026-01-26-at-13.56.08-3-150x150.jpeg"},"medium":{"file":"WhatsApp-Image-2026-01-26-at-13.56.08-3-300x225.jpeg","width":300,"height":225,"mime-type":"image\/jpeg","url":"https:\/\/www.studioimmobiliarefarina.eu\/wp-content\/uploads\/2026\/01\/WhatsApp-Image-2026-01-26-at-13.56.08-3-300x225.jpeg"},"large":{"file":"WhatsApp-Image-2026-01-26-at-13.56.08-3-1024x768.jpeg","width":1024,"height":768,"mime-type":"image\/jpeg","url":"https:\/\/www.studioimmobiliarefarina.eu\/wp-content\/uploads\/2026\/01\/WhatsApp-Image-2026-01-26-at-13.56.08-3-1024x768.jpeg"},"post-featured-image":{"file":"WhatsApp-Image-2026-01-26-at-13.56.08-3-1240x720.jpeg","width":1240,"height":720,"mime-type":"image\/jpeg","url":"https:\/\/www.studioimmobiliarefarina.eu\/wp-content\/uploads\/2026\/01\/WhatsApp-Image-2026-01-26-at-13.56.08-3-1240x720.jpeg"}},"image_meta":{"aperture":"0","credit":"","camera":"","caption":"","created_timestamp":"0","copyright":"","focal_length":"0","iso":"0","shutter_speed":"0","title":"","orientation":"0","keywords":[]},"ID":"63344","name":"WhatsApp-Image-2026-01-26-at-13.56.08-3.jpeg","path":"\/srv\/www\/studioimmobiliarefarina.eu\/wp-content\/uploads\/2026\/01\/WhatsApp-Image-2026-01-26-at-13.56.08-3.jpeg","url":"https:\/\/www.studioimmobiliarefarina.eu\/wp-content\/uploads\/2026\/01\/WhatsApp-Image-2026-01-26-at-13.56.08-3-150x150.jpeg","full_url":"https:\/\/www.studioimmobiliarefarina.eu\/wp-content\/uploads\/2026\/01\/WhatsApp-Image-2026-01-26-at-13.56.08-3.jpeg","title":"WhatsApp Image 2026-01-26 at 13.56.08 (3)","caption":"","description":"","alt":"","srcset":false},{"width":150,"height":150,"file":"2026\/01\/WhatsApp-Image-2026-01-26-at-12.54.15-1-2.jpeg","filesize":350367,"sizes":{"thumbnail":{"file":"WhatsApp-Image-2026-01-26-at-12.54.15-1-2-150x150.jpeg","width":150,"height":150,"mime-type":"image\/jpeg","url":"https:\/\/www.studioimmobiliarefarina.eu\/wp-content\/uploads\/2026\/01\/WhatsApp-Image-2026-01-26-at-12.54.15-1-2-150x150.jpeg"},"medium":{"file":"WhatsApp-Image-2026-01-26-at-12.54.15-1-2-300x225.jpeg","width":300,"height":225,"mime-type":"image\/jpeg","url":"https:\/\/www.studioimmobiliarefarina.eu\/wp-content\/uploads\/2026\/01\/WhatsApp-Image-2026-01-26-at-12.54.15-1-2-300x225.jpeg"},"large":{"file":"WhatsApp-Image-2026-01-26-at-12.54.15-1-2-1024x768.jpeg","width":1024,"height":768,"mime-type":"image\/jpeg","url":"https:\/\/www.studioimmobiliarefarina.eu\/wp-content\/uploads\/2026\/01\/WhatsApp-Image-2026-01-26-at-12.54.15-1-2-1024x768.jpeg"},"post-featured-image":{"file":"WhatsApp-Image-2026-01-26-at-12.54.15-1-2-1240x720.jpeg","width":1240,"height":720,"mime-type":"image\/jpeg","url":"https:\/\/www.studioimmobiliarefarina.eu\/wp-content\/uploads\/2026\/01\/WhatsApp-Image-2026-01-26-at-12.54.15-1-2-1240x720.jpeg"}},"image_meta":{"aperture":"0","credit":"","camera":"","caption":"","created_timestamp":"0","copyright":"","focal_length":"0","iso":"0","shutter_speed":"0","title":"","orientation":"0","keywords":[]},"ID":"63305","name":"WhatsApp-Image-2026-01-26-at-12.54.15-1-2.jpeg","path":"\/srv\/www\/studioimmobiliarefarina.eu\/wp-content\/uploads\/2026\/01\/WhatsApp-Image-2026-01-26-at-12.54.15-1-2.jpeg","url":"https:\/\/www.studioimmobiliarefarina.eu\/wp-content\/uploads\/2026\/01\/WhatsApp-Image-2026-01-26-at-12.54.15-1-2-150x150.jpeg","full_url":"https:\/\/www.studioimmobiliarefarina.eu\/wp-content\/uploads\/2026\/01\/WhatsApp-Image-2026-01-26-at-12.54.15-1-2.jpeg","title":"WhatsApp Image 2026-01-26 at 12.54.15 (1)","caption":"","description":"","alt":"","srcset":false},{"width":150,"height":150,"file":"2026\/01\/WhatsApp-Image-2026-01-26-at-12.54.15-2-1.jpeg","filesize":347850,"sizes":{"thumbnail":{"file":"WhatsApp-Image-2026-01-26-at-12.54.15-2-1-150x150.jpeg","width":150,"height":150,"mime-type":"image\/jpeg","url":"https:\/\/www.studioimmobiliarefarina.eu\/wp-content\/uploads\/2026\/01\/WhatsApp-Image-2026-01-26-at-12.54.15-2-1-150x150.jpeg"},"medium":{"file":"WhatsApp-Image-2026-01-26-at-12.54.15-2-1-300x225.jpeg","width":300,"height":225,"mime-type":"image\/jpeg","url":"https:\/\/www.studioimmobiliarefarina.eu\/wp-content\/uploads\/2026\/01\/WhatsApp-Image-2026-01-26-at-12.54.15-2-1-300x225.jpeg"},"large":{"file":"WhatsApp-Image-2026-01-26-at-12.54.15-2-1-1024x768.jpeg","width":1024,"height":768,"mime-type":"image\/jpeg","url":"https:\/\/www.studioimmobiliarefarina.eu\/wp-content\/uploads\/2026\/01\/WhatsApp-Image-2026-01-26-at-12.54.15-2-1-1024x768.jpeg"},"post-featured-image":{"file":"WhatsApp-Image-2026-01-26-at-12.54.15-2-1-1240x720.jpeg","width":1240,"height":720,"mime-type":"image\/jpeg","url":"https:\/\/www.studioimmobiliarefarina.eu\/wp-content\/uploads\/2026\/01\/WhatsApp-Image-2026-01-26-at-12.54.15-2-1-1240x720.jpeg"}},"image_meta":{"aperture":"0","credit":"","camera":"","caption":"","created_timestamp":"0","copyright":"","focal_length":"0","iso":"0","shutter_speed":"0","title":"","orientation":"0","keywords":[]},"ID":"63301","name":"WhatsApp-Image-2026-01-26-at-12.54.15-2-1.jpeg","path":"\/srv\/www\/studioimmobiliarefarina.eu\/wp-content\/uploads\/2026\/01\/WhatsApp-Image-2026-01-26-at-12.54.15-2-1.jpeg","url":"https:\/\/www.studioimmobiliarefarina.eu\/wp-content\/uploads\/2026\/01\/WhatsApp-Image-2026-01-26-at-12.54.15-2-1-150x150.jpeg","full_url":"https:\/\/www.studioimmobiliarefarina.eu\/wp-content\/uploads\/2026\/01\/WhatsApp-Image-2026-01-26-at-12.54.15-2-1.jpeg","title":"WhatsApp Image 2026-01-26 at 12.54.15 (2)","caption":"","description":"","alt":"","srcset":false},{"width":150,"height":150,"file":"2026\/01\/WhatsApp-Image-2026-01-26-at-12.54.15-3-1.jpeg","filesize":322364,"sizes":{"thumbnail":{"file":"WhatsApp-Image-2026-01-26-at-12.54.15-3-1-150x150.jpeg","width":150,"height":150,"mime-type":"image\/jpeg","url":"https:\/\/www.studioimmobiliarefarina.eu\/wp-content\/uploads\/2026\/01\/WhatsApp-Image-2026-01-26-at-12.54.15-3-1-150x150.jpeg"},"medium":{"file":"WhatsApp-Image-2026-01-26-at-12.54.15-3-1-300x225.jpeg","width":300,"height":225,"mime-type":"image\/jpeg","url":"https:\/\/www.studioimmobiliarefarina.eu\/wp-content\/uploads\/2026\/01\/WhatsApp-Image-2026-01-26-at-12.54.15-3-1-300x225.jpeg"},"large":{"file":"WhatsApp-Image-2026-01-26-at-12.54.15-3-1-1024x768.jpeg","width":1024,"height":768,"mime-type":"image\/jpeg","url":"https:\/\/www.studioimmobiliarefarina.eu\/wp-content\/uploads\/2026\/01\/WhatsApp-Image-2026-01-26-at-12.54.15-3-1-1024x768.jpeg"},"post-featured-image":{"file":"WhatsApp-Image-2026-01-26-at-12.54.15-3-1-1240x720.jpeg","width":1240,"height":720,"mime-type":"image\/jpeg","url":"https:\/\/www.studioimmobiliarefarina.eu\/wp-content\/uploads\/2026\/01\/WhatsApp-Image-2026-01-26-at-12.54.15-3-1-1240x720.jpeg"}},"image_meta":{"aperture":"0","credit":"","camera":"","caption":"","created_timestamp":"0","copyright":"","focal_length":"0","iso":"0","shutter_speed":"0","title":"","orientation":"0","keywords":[]},"ID":"63302","name":"WhatsApp-Image-2026-01-26-at-12.54.15-3-1.jpeg","path":"\/srv\/www\/studioimmobiliarefarina.eu\/wp-content\/uploads\/2026\/01\/WhatsApp-Image-2026-01-26-at-12.54.15-3-1.jpeg","url":"https:\/\/www.studioimmobiliarefarina.eu\/wp-content\/uploads\/2026\/01\/WhatsApp-Image-2026-01-26-at-12.54.15-3-1-150x150.jpeg","full_url":"https:\/\/www.studioimmobiliarefarina.eu\/wp-content\/uploads\/2026\/01\/WhatsApp-Image-2026-01-26-at-12.54.15-3-1.jpeg","title":"WhatsApp Image 2026-01-26 at 12.54.15 (3)","caption":"","description":"","alt":"","srcset":false},{"width":150,"height":150,"file":"2026\/01\/WhatsApp-Image-2026-01-26-at-12.54.15-4-1.jpeg","filesize":411800,"sizes":{"thumbnail":{"file":"WhatsApp-Image-2026-01-26-at-12.54.15-4-1-150x150.jpeg","width":150,"height":150,"mime-type":"image\/jpeg","url":"https:\/\/www.studioimmobiliarefarina.eu\/wp-content\/uploads\/2026\/01\/WhatsApp-Image-2026-01-26-at-12.54.15-4-1-150x150.jpeg"},"medium":{"file":"WhatsApp-Image-2026-01-26-at-12.54.15-4-1-300x225.jpeg","width":300,"height":225,"mime-type":"image\/jpeg","url":"https:\/\/www.studioimmobiliarefarina.eu\/wp-content\/uploads\/2026\/01\/WhatsApp-Image-2026-01-26-at-12.54.15-4-1-300x225.jpeg"},"large":{"file":"WhatsApp-Image-2026-01-26-at-12.54.15-4-1-1024x768.jpeg","width":1024,"height":768,"mime-type":"image\/jpeg","url":"https:\/\/www.studioimmobiliarefarina.eu\/wp-content\/uploads\/2026\/01\/WhatsApp-Image-2026-01-26-at-12.54.15-4-1-1024x768.jpeg"},"post-featured-image":{"file":"WhatsApp-Image-2026-01-26-at-12.54.15-4-1-1240x720.jpeg","width":1240,"height":720,"mime-type":"image\/jpeg","url":"https:\/\/www.studioimmobiliarefarina.eu\/wp-content\/uploads\/2026\/01\/WhatsApp-Image-2026-01-26-at-12.54.15-4-1-1240x720.jpeg"}},"image_meta":{"aperture":"0","credit":"","camera":"","caption":"","created_timestamp":"0","copyright":"","focal_length":"0","iso":"0","shutter_speed":"0","title":"","orientation":"0","keywords":[]},"ID":"63303","name":"WhatsApp-Image-2026-01-26-at-12.54.15-4-1.jpeg","path":"\/srv\/www\/studioimmobiliarefarina.eu\/wp-content\/uploads\/2026\/01\/WhatsApp-Image-2026-01-26-at-12.54.15-4-1.jpeg","url":"https:\/\/www.studioimmobiliarefarina.eu\/wp-content\/uploads\/2026\/01\/WhatsApp-Image-2026-01-26-at-12.54.15-4-1-150x150.jpeg","full_url":"https:\/\/www.studioimmobiliarefarina.eu\/wp-content\/uploads\/2026\/01\/WhatsApp-Image-2026-01-26-at-12.54.15-4-1.jpeg","title":"WhatsApp Image 2026-01-26 at 12.54.15 (4)","caption":"","description":"","alt":"","srcset":false},{"width":150,"height":150,"file":"2026\/01\/WhatsApp-Image-2026-01-26-at-12.54.16.jpeg","filesize":327411,"sizes":{"thumbnail":{"file":"WhatsApp-Image-2026-01-26-at-12.54.16-150x150.jpeg","width":150,"height":150,"mime-type":"image\/jpeg","url":"https:\/\/www.studioimmobiliarefarina.eu\/wp-content\/uploads\/2026\/01\/WhatsApp-Image-2026-01-26-at-12.54.16-150x150.jpeg"},"medium":{"file":"WhatsApp-Image-2026-01-26-at-12.54.16-300x225.jpeg","width":300,"height":225,"mime-type":"image\/jpeg","url":"https:\/\/www.studioimmobiliarefarina.eu\/wp-content\/uploads\/2026\/01\/WhatsApp-Image-2026-01-26-at-12.54.16-300x225.jpeg"},"large":{"file":"WhatsApp-Image-2026-01-26-at-12.54.16-1024x768.jpeg","width":1024,"height":768,"mime-type":"image\/jpeg","url":"https:\/\/www.studioimmobiliarefarina.eu\/wp-content\/uploads\/2026\/01\/WhatsApp-Image-2026-01-26-at-12.54.16-1024x768.jpeg"},"post-featured-image":{"file":"WhatsApp-Image-2026-01-26-at-12.54.16-1240x720.jpeg","width":1240,"height":720,"mime-type":"image\/jpeg","url":"https:\/\/www.studioimmobiliarefarina.eu\/wp-content\/uploads\/2026\/01\/WhatsApp-Image-2026-01-26-at-12.54.16-1240x720.jpeg"}},"image_meta":{"aperture":"0","credit":"","camera":"","caption":"","created_timestamp":"0","copyright":"","focal_length":"0","iso":"0","shutter_speed":"0","title":"","orientation":"0","keywords":[]},"ID":"63318","name":"WhatsApp-Image-2026-01-26-at-12.54.16.jpeg","path":"\/srv\/www\/studioimmobiliarefarina.eu\/wp-content\/uploads\/2026\/01\/WhatsApp-Image-2026-01-26-at-12.54.16.jpeg","url":"https:\/\/www.studioimmobiliarefarina.eu\/wp-content\/uploads\/2026\/01\/WhatsApp-Image-2026-01-26-at-12.54.16-150x150.jpeg","full_url":"https:\/\/www.studioimmobiliarefarina.eu\/wp-content\/uploads\/2026\/01\/WhatsApp-Image-2026-01-26-at-12.54.16.jpeg","title":"WhatsApp Image 2026-01-26 at 12.54.16","caption":"","description":"","alt":"","srcset":false},{"width":150,"height":150,"file":"2026\/01\/WhatsApp-Image-2026-01-26-at-12.54.16-1.jpeg","filesize":251419,"sizes":{"thumbnail":{"file":"WhatsApp-Image-2026-01-26-at-12.54.16-1-150x150.jpeg","width":150,"height":150,"mime-type":"image\/jpeg","url":"https:\/\/www.studioimmobiliarefarina.eu\/wp-content\/uploads\/2026\/01\/WhatsApp-Image-2026-01-26-at-12.54.16-1-150x150.jpeg"},"medium":{"file":"WhatsApp-Image-2026-01-26-at-12.54.16-1-300x225.jpeg","width":300,"height":225,"mime-type":"image\/jpeg","url":"https:\/\/www.studioimmobiliarefarina.eu\/wp-content\/uploads\/2026\/01\/WhatsApp-Image-2026-01-26-at-12.54.16-1-300x225.jpeg"},"large":{"file":"WhatsApp-Image-2026-01-26-at-12.54.16-1-1024x768.jpeg","width":1024,"height":768,"mime-type":"image\/jpeg","url":"https:\/\/www.studioimmobiliarefarina.eu\/wp-content\/uploads\/2026\/01\/WhatsApp-Image-2026-01-26-at-12.54.16-1-1024x768.jpeg"},"post-featured-image":{"file":"WhatsApp-Image-2026-01-26-at-12.54.16-1-1240x720.jpeg","width":1240,"height":720,"mime-type":"image\/jpeg","url":"https:\/\/www.studioimmobiliarefarina.eu\/wp-content\/uploads\/2026\/01\/WhatsApp-Image-2026-01-26-at-12.54.16-1-1240x720.jpeg"}},"image_meta":{"aperture":"0","credit":"","camera":"","caption":"","created_timestamp":"0","copyright":"","focal_length":"0","iso":"0","shutter_speed":"0","title":"","orientation":"0","keywords":[]},"ID":"63310","name":"WhatsApp-Image-2026-01-26-at-12.54.16-1.jpeg","path":"\/srv\/www\/studioimmobiliarefarina.eu\/wp-content\/uploads\/2026\/01\/WhatsApp-Image-2026-01-26-at-12.54.16-1.jpeg","url":"https:\/\/www.studioimmobiliarefarina.eu\/wp-content\/uploads\/2026\/01\/WhatsApp-Image-2026-01-26-at-12.54.16-1-150x150.jpeg","full_url":"https:\/\/www.studioimmobiliarefarina.eu\/wp-content\/uploads\/2026\/01\/WhatsApp-Image-2026-01-26-at-12.54.16-1.jpeg","title":"WhatsApp Image 2026-01-26 at 12.54.16 (1)","caption":"","description":"","alt":"","srcset":false},{"width":150,"height":150,"file":"2026\/01\/WhatsApp-Image-2026-01-26-at-12.54.16-2.jpeg","filesize":256543,"sizes":{"thumbnail":{"file":"WhatsApp-Image-2026-01-26-at-12.54.16-2-150x150.jpeg","width":150,"height":150,"mime-type":"image\/jpeg","url":"https:\/\/www.studioimmobiliarefarina.eu\/wp-content\/uploads\/2026\/01\/WhatsApp-Image-2026-01-26-at-12.54.16-2-150x150.jpeg"},"medium":{"file":"WhatsApp-Image-2026-01-26-at-12.54.16-2-300x225.jpeg","width":300,"height":225,"mime-type":"image\/jpeg","url":"https:\/\/www.studioimmobiliarefarina.eu\/wp-content\/uploads\/2026\/01\/WhatsApp-Image-2026-01-26-at-12.54.16-2-300x225.jpeg"},"large":{"file":"WhatsApp-Image-2026-01-26-at-12.54.16-2-1024x768.jpeg","width":1024,"height":768,"mime-type":"image\/jpeg","url":"https:\/\/www.studioimmobiliarefarina.eu\/wp-content\/uploads\/2026\/01\/WhatsApp-Image-2026-01-26-at-12.54.16-2-1024x768.jpeg"},"post-featured-image":{"file":"WhatsApp-Image-2026-01-26-at-12.54.16-2-1240x720.jpeg","width":1240,"height":720,"mime-type":"image\/jpeg","url":"https:\/\/www.studioimmobiliarefarina.eu\/wp-content\/uploads\/2026\/01\/WhatsApp-Image-2026-01-26-at-12.54.16-2-1240x720.jpeg"}},"image_meta":{"aperture":"0","credit":"","camera":"","caption":"","created_timestamp":"0","copyright":"","focal_length":"0","iso":"0","shutter_speed":"0","title":"","orientation":"0","keywords":[]},"ID":"63311","name":"WhatsApp-Image-2026-01-26-at-12.54.16-2.jpeg","path":"\/srv\/www\/studioimmobiliarefarina.eu\/wp-content\/uploads\/2026\/01\/WhatsApp-Image-2026-01-26-at-12.54.16-2.jpeg","url":"https:\/\/www.studioimmobiliarefarina.eu\/wp-content\/uploads\/2026\/01\/WhatsApp-Image-2026-01-26-at-12.54.16-2-150x150.jpeg","full_url":"https:\/\/www.studioimmobiliarefarina.eu\/wp-content\/uploads\/2026\/01\/WhatsApp-Image-2026-01-26-at-12.54.16-2.jpeg","title":"WhatsApp Image 2026-01-26 at 12.54.16 (2)","caption":"","description":"","alt":"","srcset":false},{"width":150,"height":150,"file":"2026\/01\/WhatsApp-Image-2026-01-26-at-12.54.16-4.jpeg","filesize":207549,"sizes":{"thumbnail":{"file":"WhatsApp-Image-2026-01-26-at-12.54.16-4-150x150.jpeg","width":150,"height":150,"mime-type":"image\/jpeg","url":"https:\/\/www.studioimmobiliarefarina.eu\/wp-content\/uploads\/2026\/01\/WhatsApp-Image-2026-01-26-at-12.54.16-4-150x150.jpeg"},"medium":{"file":"WhatsApp-Image-2026-01-26-at-12.54.16-4-300x225.jpeg","width":300,"height":225,"mime-type":"image\/jpeg","url":"https:\/\/www.studioimmobiliarefarina.eu\/wp-content\/uploads\/2026\/01\/WhatsApp-Image-2026-01-26-at-12.54.16-4-300x225.jpeg"},"large":{"file":"WhatsApp-Image-2026-01-26-at-12.54.16-4-1024x768.jpeg","width":1024,"height":768,"mime-type":"image\/jpeg","url":"https:\/\/www.studioimmobiliarefarina.eu\/wp-content\/uploads\/2026\/01\/WhatsApp-Image-2026-01-26-at-12.54.16-4-1024x768.jpeg"},"post-featured-image":{"file":"WhatsApp-Image-2026-01-26-at-12.54.16-4-1240x720.jpeg","width":1240,"height":720,"mime-type":"image\/jpeg","url":"https:\/\/www.studioimmobiliarefarina.eu\/wp-content\/uploads\/2026\/01\/WhatsApp-Image-2026-01-26-at-12.54.16-4-1240x720.jpeg"}},"image_meta":{"aperture":"0","credit":"","camera":"","caption":"","created_timestamp":"0","copyright":"","focal_length":"0","iso":"0","shutter_speed":"0","title":"","orientation":"0","keywords":[]},"ID":"63313","name":"WhatsApp-Image-2026-01-26-at-12.54.16-4.jpeg","path":"\/srv\/www\/studioimmobiliarefarina.eu\/wp-content\/uploads\/2026\/01\/WhatsApp-Image-2026-01-26-at-12.54.16-4.jpeg","url":"https:\/\/www.studioimmobiliarefarina.eu\/wp-content\/uploads\/2026\/01\/WhatsApp-Image-2026-01-26-at-12.54.16-4-150x150.jpeg","full_url":"https:\/\/www.studioimmobiliarefarina.eu\/wp-content\/uploads\/2026\/01\/WhatsApp-Image-2026-01-26-at-12.54.16-4.jpeg","title":"WhatsApp Image 2026-01-26 at 12.54.16 (4)","caption":"","description":"","alt":"","srcset":false},{"width":150,"height":150,"file":"2026\/01\/WhatsApp-Image-2026-01-26-at-12.54.16-6.jpeg","filesize":228783,"sizes":{"thumbnail":{"file":"WhatsApp-Image-2026-01-26-at-12.54.16-6-150x150.jpeg","width":150,"height":150,"mime-type":"image\/jpeg","url":"https:\/\/www.studioimmobiliarefarina.eu\/wp-content\/uploads\/2026\/01\/WhatsApp-Image-2026-01-26-at-12.54.16-6-150x150.jpeg"},"medium":{"file":"WhatsApp-Image-2026-01-26-at-12.54.16-6-300x225.jpeg","width":300,"height":225,"mime-type":"image\/jpeg","url":"https:\/\/www.studioimmobiliarefarina.eu\/wp-content\/uploads\/2026\/01\/WhatsApp-Image-2026-01-26-at-12.54.16-6-300x225.jpeg"},"large":{"file":"WhatsApp-Image-2026-01-26-at-12.54.16-6-1024x768.jpeg","width":1024,"height":768,"mime-type":"image\/jpeg","url":"https:\/\/www.studioimmobiliarefarina.eu\/wp-content\/uploads\/2026\/01\/WhatsApp-Image-2026-01-26-at-12.54.16-6-1024x768.jpeg"},"post-featured-image":{"file":"WhatsApp-Image-2026-01-26-at-12.54.16-6-1240x720.jpeg","width":1240,"height":720,"mime-type":"image\/jpeg","url":"https:\/\/www.studioimmobiliarefarina.eu\/wp-content\/uploads\/2026\/01\/WhatsApp-Image-2026-01-26-at-12.54.16-6-1240x720.jpeg"}},"image_meta":{"aperture":"0","credit":"","camera":"","caption":"","created_timestamp":"0","copyright":"","focal_length":"0","iso":"0","shutter_speed":"0","title":"","orientation":"0","keywords":[]},"ID":"63315","name":"WhatsApp-Image-2026-01-26-at-12.54.16-6.jpeg","path":"\/srv\/www\/studioimmobiliarefarina.eu\/wp-content\/uploads\/2026\/01\/WhatsApp-Image-2026-01-26-at-12.54.16-6.jpeg","url":"https:\/\/www.studioimmobiliarefarina.eu\/wp-content\/uploads\/2026\/01\/WhatsApp-Image-2026-01-26-at-12.54.16-6-150x150.jpeg","full_url":"https:\/\/www.studioimmobiliarefarina.eu\/wp-content\/uploads\/2026\/01\/WhatsApp-Image-2026-01-26-at-12.54.16-6.jpeg","title":"WhatsApp Image 2026-01-26 at 12.54.16 (6)","caption":"","description":"","alt":"","srcset":false},{"width":150,"height":150,"file":"2026\/01\/WhatsApp-Image-2026-01-26-at-12.54.16-8.jpeg","filesize":230745,"sizes":{"thumbnail":{"file":"WhatsApp-Image-2026-01-26-at-12.54.16-8-150x150.jpeg","width":150,"height":150,"mime-type":"image\/jpeg","url":"https:\/\/www.studioimmobiliarefarina.eu\/wp-content\/uploads\/2026\/01\/WhatsApp-Image-2026-01-26-at-12.54.16-8-150x150.jpeg"},"medium":{"file":"WhatsApp-Image-2026-01-26-at-12.54.16-8-300x225.jpeg","width":300,"height":225,"mime-type":"image\/jpeg","url":"https:\/\/www.studioimmobiliarefarina.eu\/wp-content\/uploads\/2026\/01\/WhatsApp-Image-2026-01-26-at-12.54.16-8-300x225.jpeg"},"large":{"file":"WhatsApp-Image-2026-01-26-at-12.54.16-8-1024x768.jpeg","width":1024,"height":768,"mime-type":"image\/jpeg","url":"https:\/\/www.studioimmobiliarefarina.eu\/wp-content\/uploads\/2026\/01\/WhatsApp-Image-2026-01-26-at-12.54.16-8-1024x768.jpeg"},"post-featured-image":{"file":"WhatsApp-Image-2026-01-26-at-12.54.16-8-1240x720.jpeg","width":1240,"height":720,"mime-type":"image\/jpeg","url":"https:\/\/www.studioimmobiliarefarina.eu\/wp-content\/uploads\/2026\/01\/WhatsApp-Image-2026-01-26-at-12.54.16-8-1240x720.jpeg"}},"image_meta":{"aperture":"0","credit":"","camera":"","caption":"","created_timestamp":"0","copyright":"","focal_length":"0","iso":"0","shutter_speed":"0","title":"","orientation":"0","keywords":[]},"ID":"63317","name":"WhatsApp-Image-2026-01-26-at-12.54.16-8.jpeg","path":"\/srv\/www\/studioimmobiliarefarina.eu\/wp-content\/uploads\/2026\/01\/WhatsApp-Image-2026-01-26-at-12.54.16-8.jpeg","url":"https:\/\/www.studioimmobiliarefarina.eu\/wp-content\/uploads\/2026\/01\/WhatsApp-Image-2026-01-26-at-12.54.16-8-150x150.jpeg","full_url":"https:\/\/www.studioimmobiliarefarina.eu\/wp-content\/uploads\/2026\/01\/WhatsApp-Image-2026-01-26-at-12.54.16-8.jpeg","title":"WhatsApp Image 2026-01-26 at 12.54.16 (8)","caption":"","description":"","alt":"","srcset":false},{"width":150,"height":150,"file":"2026\/01\/WhatsApp-Image-2026-01-26-at-12.54.17.jpeg","filesize":214495,"sizes":{"thumbnail":{"file":"WhatsApp-Image-2026-01-26-at-12.54.17-150x150.jpeg","width":150,"height":150,"mime-type":"image\/jpeg","url":"https:\/\/www.studioimmobiliarefarina.eu\/wp-content\/uploads\/2026\/01\/WhatsApp-Image-2026-01-26-at-12.54.17-150x150.jpeg"},"medium":{"file":"WhatsApp-Image-2026-01-26-at-12.54.17-300x225.jpeg","width":300,"height":225,"mime-type":"image\/jpeg","url":"https:\/\/www.studioimmobiliarefarina.eu\/wp-content\/uploads\/2026\/01\/WhatsApp-Image-2026-01-26-at-12.54.17-300x225.jpeg"},"large":{"file":"WhatsApp-Image-2026-01-26-at-12.54.17-1024x768.jpeg","width":1024,"height":768,"mime-type":"image\/jpeg","url":"https:\/\/www.studioimmobiliarefarina.eu\/wp-content\/uploads\/2026\/01\/WhatsApp-Image-2026-01-26-at-12.54.17-1024x768.jpeg"},"post-featured-image":{"file":"WhatsApp-Image-2026-01-26-at-12.54.17-1240x720.jpeg","width":1240,"height":720,"mime-type":"image\/jpeg","url":"https:\/\/www.studioimmobiliarefarina.eu\/wp-content\/uploads\/2026\/01\/WhatsApp-Image-2026-01-26-at-12.54.17-1240x720.jpeg"}},"image_meta":{"aperture":"0","credit":"","camera":"","caption":"","created_timestamp":"0","copyright":"","focal_length":"0","iso":"0","shutter_speed":"0","title":"","orientation":"0","keywords":[]},"ID":"63327","name":"WhatsApp-Image-2026-01-26-at-12.54.17.jpeg","path":"\/srv\/www\/studioimmobiliarefarina.eu\/wp-content\/uploads\/2026\/01\/WhatsApp-Image-2026-01-26-at-12.54.17.jpeg","url":"https:\/\/www.studioimmobiliarefarina.eu\/wp-content\/uploads\/2026\/01\/WhatsApp-Image-2026-01-26-at-12.54.17-150x150.jpeg","full_url":"https:\/\/www.studioimmobiliarefarina.eu\/wp-content\/uploads\/2026\/01\/WhatsApp-Image-2026-01-26-at-12.54.17.jpeg","title":"WhatsApp Image 2026-01-26 at 12.54.17","caption":"","description":"","alt":"","srcset":false},{"width":150,"height":150,"file":"2026\/01\/WhatsApp-Image-2026-01-26-at-12.54.17-1.jpeg","filesize":119423,"sizes":{"thumbnail":{"file":"WhatsApp-Image-2026-01-26-at-12.54.17-1-150x150.jpeg","width":150,"height":150,"mime-type":"image\/jpeg","url":"https:\/\/www.studioimmobiliarefarina.eu\/wp-content\/uploads\/2026\/01\/WhatsApp-Image-2026-01-26-at-12.54.17-1-150x150.jpeg"},"medium":{"file":"WhatsApp-Image-2026-01-26-at-12.54.17-1-300x225.jpeg","width":300,"height":225,"mime-type":"image\/jpeg","url":"https:\/\/www.studioimmobiliarefarina.eu\/wp-content\/uploads\/2026\/01\/WhatsApp-Image-2026-01-26-at-12.54.17-1-300x225.jpeg"},"large":{"file":"WhatsApp-Image-2026-01-26-at-12.54.17-1-1024x768.jpeg","width":1024,"height":768,"mime-type":"image\/jpeg","url":"https:\/\/www.studioimmobiliarefarina.eu\/wp-content\/uploads\/2026\/01\/WhatsApp-Image-2026-01-26-at-12.54.17-1-1024x768.jpeg"},"post-featured-image":{"file":"WhatsApp-Image-2026-01-26-at-12.54.17-1-1240x720.jpeg","width":1240,"height":720,"mime-type":"image\/jpeg","url":"https:\/\/www.studioimmobiliarefarina.eu\/wp-content\/uploads\/2026\/01\/WhatsApp-Image-2026-01-26-at-12.54.17-1-1240x720.jpeg"}},"image_meta":{"aperture":"0","credit":"","camera":"","caption":"","created_timestamp":"0","copyright":"","focal_length":"0","iso":"0","shutter_speed":"0","title":"","orientation":"0","keywords":[]},"ID":"63319","name":"WhatsApp-Image-2026-01-26-at-12.54.17-1.jpeg","path":"\/srv\/www\/studioimmobiliarefarina.eu\/wp-content\/uploads\/2026\/01\/WhatsApp-Image-2026-01-26-at-12.54.17-1.jpeg","url":"https:\/\/www.studioimmobiliarefarina.eu\/wp-content\/uploads\/2026\/01\/WhatsApp-Image-2026-01-26-at-12.54.17-1-150x150.jpeg","full_url":"https:\/\/www.studioimmobiliarefarina.eu\/wp-content\/uploads\/2026\/01\/WhatsApp-Image-2026-01-26-at-12.54.17-1.jpeg","title":"WhatsApp Image 2026-01-26 at 12.54.17 (1)","caption":"","description":"","alt":"","srcset":false},{"width":150,"height":150,"file":"2026\/01\/WhatsApp-Image-2026-01-26-at-12.54.17-2.jpeg","filesize":129788,"sizes":{"thumbnail":{"file":"WhatsApp-Image-2026-01-26-at-12.54.17-2-150x150.jpeg","width":150,"height":150,"mime-type":"image\/jpeg","url":"https:\/\/www.studioimmobiliarefarina.eu\/wp-content\/uploads\/2026\/01\/WhatsApp-Image-2026-01-26-at-12.54.17-2-150x150.jpeg"},"medium":{"file":"WhatsApp-Image-2026-01-26-at-12.54.17-2-300x225.jpeg","width":300,"height":225,"mime-type":"image\/jpeg","url":"https:\/\/www.studioimmobiliarefarina.eu\/wp-content\/uploads\/2026\/01\/WhatsApp-Image-2026-01-26-at-12.54.17-2-300x225.jpeg"},"large":{"file":"WhatsApp-Image-2026-01-26-at-12.54.17-2-1024x768.jpeg","width":1024,"height":768,"mime-type":"image\/jpeg","url":"https:\/\/www.studioimmobiliarefarina.eu\/wp-content\/uploads\/2026\/01\/WhatsApp-Image-2026-01-26-at-12.54.17-2-1024x768.jpeg"},"post-featured-image":{"file":"WhatsApp-Image-2026-01-26-at-12.54.17-2-1240x720.jpeg","width":1240,"height":720,"mime-type":"image\/jpeg","url":"https:\/\/www.studioimmobiliarefarina.eu\/wp-content\/uploads\/2026\/01\/WhatsApp-Image-2026-01-26-at-12.54.17-2-1240x720.jpeg"}},"image_meta":{"aperture":"0","credit":"","camera":"","caption":"","created_timestamp":"0","copyright":"","focal_length":"0","iso":"0","shutter_speed":"0","title":"","orientation":"0","keywords":[]},"ID":"63320","name":"WhatsApp-Image-2026-01-26-at-12.54.17-2.jpeg","path":"\/srv\/www\/studioimmobiliarefarina.eu\/wp-content\/uploads\/2026\/01\/WhatsApp-Image-2026-01-26-at-12.54.17-2.jpeg","url":"https:\/\/www.studioimmobiliarefarina.eu\/wp-content\/uploads\/2026\/01\/WhatsApp-Image-2026-01-26-at-12.54.17-2-150x150.jpeg","full_url":"https:\/\/www.studioimmobiliarefarina.eu\/wp-content\/uploads\/2026\/01\/WhatsApp-Image-2026-01-26-at-12.54.17-2.jpeg","title":"WhatsApp Image 2026-01-26 at 12.54.17 (2)","caption":"","description":"","alt":"","srcset":false},{"width":150,"height":150,"file":"2026\/01\/WhatsApp-Image-2026-01-26-at-12.54.17-4.jpeg","filesize":164331,"sizes":{"thumbnail":{"file":"WhatsApp-Image-2026-01-26-at-12.54.17-4-150x150.jpeg","width":150,"height":150,"mime-type":"image\/jpeg","url":"https:\/\/www.studioimmobiliarefarina.eu\/wp-content\/uploads\/2026\/01\/WhatsApp-Image-2026-01-26-at-12.54.17-4-150x150.jpeg"},"medium":{"file":"WhatsApp-Image-2026-01-26-at-12.54.17-4-300x225.jpeg","width":300,"height":225,"mime-type":"image\/jpeg","url":"https:\/\/www.studioimmobiliarefarina.eu\/wp-content\/uploads\/2026\/01\/WhatsApp-Image-2026-01-26-at-12.54.17-4-300x225.jpeg"},"large":{"file":"WhatsApp-Image-2026-01-26-at-12.54.17-4-1024x768.jpeg","width":1024,"height":768,"mime-type":"image\/jpeg","url":"https:\/\/www.studioimmobiliarefarina.eu\/wp-content\/uploads\/2026\/01\/WhatsApp-Image-2026-01-26-at-12.54.17-4-1024x768.jpeg"},"post-featured-image":{"file":"WhatsApp-Image-2026-01-26-at-12.54.17-4-1240x720.jpeg","width":1240,"height":720,"mime-type":"image\/jpeg","url":"https:\/\/www.studioimmobiliarefarina.eu\/wp-content\/uploads\/2026\/01\/WhatsApp-Image-2026-01-26-at-12.54.17-4-1240x720.jpeg"}},"image_meta":{"aperture":"0","credit":"","camera":"","caption":"","created_timestamp":"0","copyright":"","focal_length":"0","iso":"0","shutter_speed":"0","title":"","orientation":"0","keywords":[]},"ID":"63322","name":"WhatsApp-Image-2026-01-26-at-12.54.17-4.jpeg","path":"\/srv\/www\/studioimmobiliarefarina.eu\/wp-content\/uploads\/2026\/01\/WhatsApp-Image-2026-01-26-at-12.54.17-4.jpeg","url":"https:\/\/www.studioimmobiliarefarina.eu\/wp-content\/uploads\/2026\/01\/WhatsApp-Image-2026-01-26-at-12.54.17-4-150x150.jpeg","full_url":"https:\/\/www.studioimmobiliarefarina.eu\/wp-content\/uploads\/2026\/01\/WhatsApp-Image-2026-01-26-at-12.54.17-4.jpeg","title":"WhatsApp Image 2026-01-26 at 12.54.17 (4)","caption":"","description":"","alt":"","srcset":false},{"width":150,"height":150,"file":"2026\/01\/WhatsApp-Image-2026-01-26-at-12.54.17-5.jpeg","filesize":167516,"sizes":{"thumbnail":{"file":"WhatsApp-Image-2026-01-26-at-12.54.17-5-150x150.jpeg","width":150,"height":150,"mime-type":"image\/jpeg","url":"https:\/\/www.studioimmobiliarefarina.eu\/wp-content\/uploads\/2026\/01\/WhatsApp-Image-2026-01-26-at-12.54.17-5-150x150.jpeg"},"medium":{"file":"WhatsApp-Image-2026-01-26-at-12.54.17-5-300x225.jpeg","width":300,"height":225,"mime-type":"image\/jpeg","url":"https:\/\/www.studioimmobiliarefarina.eu\/wp-content\/uploads\/2026\/01\/WhatsApp-Image-2026-01-26-at-12.54.17-5-300x225.jpeg"},"large":{"file":"WhatsApp-Image-2026-01-26-at-12.54.17-5-1024x768.jpeg","width":1024,"height":768,"mime-type":"image\/jpeg","url":"https:\/\/www.studioimmobiliarefarina.eu\/wp-content\/uploads\/2026\/01\/WhatsApp-Image-2026-01-26-at-12.54.17-5-1024x768.jpeg"},"post-featured-image":{"file":"WhatsApp-Image-2026-01-26-at-12.54.17-5-1240x720.jpeg","width":1240,"height":720,"mime-type":"image\/jpeg","url":"https:\/\/www.studioimmobiliarefarina.eu\/wp-content\/uploads\/2026\/01\/WhatsApp-Image-2026-01-26-at-12.54.17-5-1240x720.jpeg"}},"image_meta":{"aperture":"0","credit":"","camera":"","caption":"","created_timestamp":"0","copyright":"","focal_length":"0","iso":"0","shutter_speed":"0","title":"","orientation":"0","keywords":[]},"ID":"63323","name":"WhatsApp-Image-2026-01-26-at-12.54.17-5.jpeg","path":"\/srv\/www\/studioimmobiliarefarina.eu\/wp-content\/uploads\/2026\/01\/WhatsApp-Image-2026-01-26-at-12.54.17-5.jpeg","url":"https:\/\/www.studioimmobiliarefarina.eu\/wp-content\/uploads\/2026\/01\/WhatsApp-Image-2026-01-26-at-12.54.17-5-150x150.jpeg","full_url":"https:\/\/www.studioimmobiliarefarina.eu\/wp-content\/uploads\/2026\/01\/WhatsApp-Image-2026-01-26-at-12.54.17-5.jpeg","title":"WhatsApp Image 2026-01-26 at 12.54.17 (5)","caption":"","description":"","alt":"","srcset":false},{"width":150,"height":150,"file":"2026\/01\/WhatsApp-Image-2026-01-26-at-12.54.17-6.jpeg","filesize":153407,"sizes":{"thumbnail":{"file":"WhatsApp-Image-2026-01-26-at-12.54.17-6-150x150.jpeg","width":150,"height":150,"mime-type":"image\/jpeg","url":"https:\/\/www.studioimmobiliarefarina.eu\/wp-content\/uploads\/2026\/01\/WhatsApp-Image-2026-01-26-at-12.54.17-6-150x150.jpeg"},"medium":{"file":"WhatsApp-Image-2026-01-26-at-12.54.17-6-300x225.jpeg","width":300,"height":225,"mime-type":"image\/jpeg","url":"https:\/\/www.studioimmobiliarefarina.eu\/wp-content\/uploads\/2026\/01\/WhatsApp-Image-2026-01-26-at-12.54.17-6-300x225.jpeg"},"large":{"file":"WhatsApp-Image-2026-01-26-at-12.54.17-6-1024x768.jpeg","width":1024,"height":768,"mime-type":"image\/jpeg","url":"https:\/\/www.studioimmobiliarefarina.eu\/wp-content\/uploads\/2026\/01\/WhatsApp-Image-2026-01-26-at-12.54.17-6-1024x768.jpeg"},"post-featured-image":{"file":"WhatsApp-Image-2026-01-26-at-12.54.17-6-1240x720.jpeg","width":1240,"height":720,"mime-type":"image\/jpeg","url":"https:\/\/www.studioimmobiliarefarina.eu\/wp-content\/uploads\/2026\/01\/WhatsApp-Image-2026-01-26-at-12.54.17-6-1240x720.jpeg"}},"image_meta":{"aperture":"0","credit":"","camera":"","caption":"","created_timestamp":"0","copyright":"","focal_length":"0","iso":"0","shutter_speed":"0","title":"","orientation":"0","keywords":[]},"ID":"63324","name":"WhatsApp-Image-2026-01-26-at-12.54.17-6.jpeg","path":"\/srv\/www\/studioimmobiliarefarina.eu\/wp-content\/uploads\/2026\/01\/WhatsApp-Image-2026-01-26-at-12.54.17-6.jpeg","url":"https:\/\/www.studioimmobiliarefarina.eu\/wp-content\/uploads\/2026\/01\/WhatsApp-Image-2026-01-26-at-12.54.17-6-150x150.jpeg","full_url":"https:\/\/www.studioimmobiliarefarina.eu\/wp-content\/uploads\/2026\/01\/WhatsApp-Image-2026-01-26-at-12.54.17-6.jpeg","title":"WhatsApp Image 2026-01-26 at 12.54.17 (6)","caption":"","description":"","alt":"","srcset":false},{"width":150,"height":150,"file":"2026\/01\/WhatsApp-Image-2026-01-26-at-12.54.17-7.jpeg","filesize":203864,"sizes":{"thumbnail":{"file":"WhatsApp-Image-2026-01-26-at-12.54.17-7-150x150.jpeg","width":150,"height":150,"mime-type":"image\/jpeg","url":"https:\/\/www.studioimmobiliarefarina.eu\/wp-content\/uploads\/2026\/01\/WhatsApp-Image-2026-01-26-at-12.54.17-7-150x150.jpeg"},"medium":{"file":"WhatsApp-Image-2026-01-26-at-12.54.17-7-300x225.jpeg","width":300,"height":225,"mime-type":"image\/jpeg","url":"https:\/\/www.studioimmobiliarefarina.eu\/wp-content\/uploads\/2026\/01\/WhatsApp-Image-2026-01-26-at-12.54.17-7-300x225.jpeg"},"large":{"file":"WhatsApp-Image-2026-01-26-at-12.54.17-7-1024x768.jpeg","width":1024,"height":768,"mime-type":"image\/jpeg","url":"https:\/\/www.studioimmobiliarefarina.eu\/wp-content\/uploads\/2026\/01\/WhatsApp-Image-2026-01-26-at-12.54.17-7-1024x768.jpeg"},"post-featured-image":{"file":"WhatsApp-Image-2026-01-26-at-12.54.17-7-1240x720.jpeg","width":1240,"height":720,"mime-type":"image\/jpeg","url":"https:\/\/www.studioimmobiliarefarina.eu\/wp-content\/uploads\/2026\/01\/WhatsApp-Image-2026-01-26-at-12.54.17-7-1240x720.jpeg"}},"image_meta":{"aperture":"0","credit":"","camera":"","caption":"","created_timestamp":"0","copyright":"","focal_length":"0","iso":"0","shutter_speed":"0","title":"","orientation":"0","keywords":[]},"ID":"63325","name":"WhatsApp-Image-2026-01-26-at-12.54.17-7.jpeg","path":"\/srv\/www\/studioimmobiliarefarina.eu\/wp-content\/uploads\/2026\/01\/WhatsApp-Image-2026-01-26-at-12.54.17-7.jpeg","url":"https:\/\/www.studioimmobiliarefarina.eu\/wp-content\/uploads\/2026\/01\/WhatsApp-Image-2026-01-26-at-12.54.17-7-150x150.jpeg","full_url":"https:\/\/www.studioimmobiliarefarina.eu\/wp-content\/uploads\/2026\/01\/WhatsApp-Image-2026-01-26-at-12.54.17-7.jpeg","title":"WhatsApp Image 2026-01-26 at 12.54.17 (7)","caption":"","description":"","alt":"","srcset":false},{"width":150,"height":150,"file":"2026\/01\/WhatsApp-Image-2026-01-26-at-12.54.17-8.jpeg","filesize":99025,"sizes":{"thumbnail":{"file":"WhatsApp-Image-2026-01-26-at-12.54.17-8-150x150.jpeg","width":150,"height":150,"mime-type":"image\/jpeg","url":"https:\/\/www.studioimmobiliarefarina.eu\/wp-content\/uploads\/2026\/01\/WhatsApp-Image-2026-01-26-at-12.54.17-8-150x150.jpeg"},"medium":{"file":"WhatsApp-Image-2026-01-26-at-12.54.17-8-300x225.jpeg","width":300,"height":225,"mime-type":"image\/jpeg","url":"https:\/\/www.studioimmobiliarefarina.eu\/wp-content\/uploads\/2026\/01\/WhatsApp-Image-2026-01-26-at-12.54.17-8-300x225.jpeg"},"large":{"file":"WhatsApp-Image-2026-01-26-at-12.54.17-8-1024x768.jpeg","width":1024,"height":768,"mime-type":"image\/jpeg","url":"https:\/\/www.studioimmobiliarefarina.eu\/wp-content\/uploads\/2026\/01\/WhatsApp-Image-2026-01-26-at-12.54.17-8-1024x768.jpeg"},"post-featured-image":{"file":"WhatsApp-Image-2026-01-26-at-12.54.17-8-1240x720.jpeg","width":1240,"height":720,"mime-type":"image\/jpeg","url":"https:\/\/www.studioimmobiliarefarina.eu\/wp-content\/uploads\/2026\/01\/WhatsApp-Image-2026-01-26-at-12.54.17-8-1240x720.jpeg"}},"image_meta":{"aperture":"0","credit":"","camera":"","caption":"","created_timestamp":"0","copyright":"","focal_length":"0","iso":"0","shutter_speed":"0","title":"","orientation":"0","keywords":[]},"ID":"63326","name":"WhatsApp-Image-2026-01-26-at-12.54.17-8.jpeg","path":"\/srv\/www\/studioimmobiliarefarina.eu\/wp-content\/uploads\/2026\/01\/WhatsApp-Image-2026-01-26-at-12.54.17-8.jpeg","url":"https:\/\/www.studioimmobiliarefarina.eu\/wp-content\/uploads\/2026\/01\/WhatsApp-Image-2026-01-26-at-12.54.17-8-150x150.jpeg","full_url":"https:\/\/www.studioimmobiliarefarina.eu\/wp-content\/uploads\/2026\/01\/WhatsApp-Image-2026-01-26-at-12.54.17-8.jpeg","title":"WhatsApp Image 2026-01-26 at 12.54.17 (8)","caption":"","description":"","alt":"","srcset":false},{"width":150,"height":150,"file":"2026\/01\/WhatsApp-Image-2026-01-26-at-12.54.18.jpeg","filesize":180465,"sizes":{"thumbnail":{"file":"WhatsApp-Image-2026-01-26-at-12.54.18-150x150.jpeg","width":150,"height":150,"mime-type":"image\/jpeg","url":"https:\/\/www.studioimmobiliarefarina.eu\/wp-content\/uploads\/2026\/01\/WhatsApp-Image-2026-01-26-at-12.54.18-150x150.jpeg"},"medium":{"file":"WhatsApp-Image-2026-01-26-at-12.54.18-300x225.jpeg","width":300,"height":225,"mime-type":"image\/jpeg","url":"https:\/\/www.studioimmobiliarefarina.eu\/wp-content\/uploads\/2026\/01\/WhatsApp-Image-2026-01-26-at-12.54.18-300x225.jpeg"},"large":{"file":"WhatsApp-Image-2026-01-26-at-12.54.18-1024x768.jpeg","width":1024,"height":768,"mime-type":"image\/jpeg","url":"https:\/\/www.studioimmobiliarefarina.eu\/wp-content\/uploads\/2026\/01\/WhatsApp-Image-2026-01-26-at-12.54.18-1024x768.jpeg"},"post-featured-image":{"file":"WhatsApp-Image-2026-01-26-at-12.54.18-1240x720.jpeg","width":1240,"height":720,"mime-type":"image\/jpeg","url":"https:\/\/www.studioimmobiliarefarina.eu\/wp-content\/uploads\/2026\/01\/WhatsApp-Image-2026-01-26-at-12.54.18-1240x720.jpeg"}},"image_meta":{"aperture":"0","credit":"","camera":"","caption":"","created_timestamp":"0","copyright":"","focal_length":"0","iso":"0","shutter_speed":"0","title":"","orientation":"0","keywords":[]},"ID":"63340","name":"WhatsApp-Image-2026-01-26-at-12.54.18.jpeg","path":"\/srv\/www\/studioimmobiliarefarina.eu\/wp-content\/uploads\/2026\/01\/WhatsApp-Image-2026-01-26-at-12.54.18.jpeg","url":"https:\/\/www.studioimmobiliarefarina.eu\/wp-content\/uploads\/2026\/01\/WhatsApp-Image-2026-01-26-at-12.54.18-150x150.jpeg","full_url":"https:\/\/www.studioimmobiliarefarina.eu\/wp-content\/uploads\/2026\/01\/WhatsApp-Image-2026-01-26-at-12.54.18.jpeg","title":"WhatsApp Image 2026-01-26 at 12.54.18","caption":"","description":"","alt":"","srcset":false},{"width":150,"height":150,"file":"2026\/01\/WhatsApp-Image-2026-01-26-at-12.54.18-1.jpeg","filesize":143146,"sizes":{"thumbnail":{"file":"WhatsApp-Image-2026-01-26-at-12.54.18-1-150x150.jpeg","width":150,"height":150,"mime-type":"image\/jpeg","url":"https:\/\/www.studioimmobiliarefarina.eu\/wp-content\/uploads\/2026\/01\/WhatsApp-Image-2026-01-26-at-12.54.18-1-150x150.jpeg"},"medium":{"file":"WhatsApp-Image-2026-01-26-at-12.54.18-1-300x225.jpeg","width":300,"height":225,"mime-type":"image\/jpeg","url":"https:\/\/www.studioimmobiliarefarina.eu\/wp-content\/uploads\/2026\/01\/WhatsApp-Image-2026-01-26-at-12.54.18-1-300x225.jpeg"},"large":{"file":"WhatsApp-Image-2026-01-26-at-12.54.18-1-1024x768.jpeg","width":1024,"height":768,"mime-type":"image\/jpeg","url":"https:\/\/www.studioimmobiliarefarina.eu\/wp-content\/uploads\/2026\/01\/WhatsApp-Image-2026-01-26-at-12.54.18-1-1024x768.jpeg"},"post-featured-image":{"file":"WhatsApp-Image-2026-01-26-at-12.54.18-1-1240x720.jpeg","width":1240,"height":720,"mime-type":"image\/jpeg","url":"https:\/\/www.studioimmobiliarefarina.eu\/wp-content\/uploads\/2026\/01\/WhatsApp-Image-2026-01-26-at-12.54.18-1-1240x720.jpeg"}},"image_meta":{"aperture":"0","credit":"","camera":"","caption":"","created_timestamp":"0","copyright":"","focal_length":"0","iso":"0","shutter_speed":"0","title":"","orientation":"0","keywords":[]},"ID":"63328","name":"WhatsApp-Image-2026-01-26-at-12.54.18-1.jpeg","path":"\/srv\/www\/studioimmobiliarefarina.eu\/wp-content\/uploads\/2026\/01\/WhatsApp-Image-2026-01-26-at-12.54.18-1.jpeg","url":"https:\/\/www.studioimmobiliarefarina.eu\/wp-content\/uploads\/2026\/01\/WhatsApp-Image-2026-01-26-at-12.54.18-1-150x150.jpeg","full_url":"https:\/\/www.studioimmobiliarefarina.eu\/wp-content\/uploads\/2026\/01\/WhatsApp-Image-2026-01-26-at-12.54.18-1.jpeg","title":"WhatsApp Image 2026-01-26 at 12.54.18 (1)","caption":"","description":"","alt":"","srcset":false},{"width":150,"height":150,"file":"2026\/01\/WhatsApp-Image-2026-01-26-at-12.54.18-2.jpeg","filesize":279631,"sizes":{"thumbnail":{"file":"WhatsApp-Image-2026-01-26-at-12.54.18-2-150x150.jpeg","width":150,"height":150,"mime-type":"image\/jpeg","url":"https:\/\/www.studioimmobiliarefarina.eu\/wp-content\/uploads\/2026\/01\/WhatsApp-Image-2026-01-26-at-12.54.18-2-150x150.jpeg"},"medium":{"file":"WhatsApp-Image-2026-01-26-at-12.54.18-2-300x225.jpeg","width":300,"height":225,"mime-type":"image\/jpeg","url":"https:\/\/www.studioimmobiliarefarina.eu\/wp-content\/uploads\/2026\/01\/WhatsApp-Image-2026-01-26-at-12.54.18-2-300x225.jpeg"},"large":{"file":"WhatsApp-Image-2026-01-26-at-12.54.18-2-1024x768.jpeg","width":1024,"height":768,"mime-type":"image\/jpeg","url":"https:\/\/www.studioimmobiliarefarina.eu\/wp-content\/uploads\/2026\/01\/WhatsApp-Image-2026-01-26-at-12.54.18-2-1024x768.jpeg"},"post-featured-image":{"file":"WhatsApp-Image-2026-01-26-at-12.54.18-2-1240x720.jpeg","width":1240,"height":720,"mime-type":"image\/jpeg","url":"https:\/\/www.studioimmobiliarefarina.eu\/wp-content\/uploads\/2026\/01\/WhatsApp-Image-2026-01-26-at-12.54.18-2-1240x720.jpeg"}},"image_meta":{"aperture":"0","credit":"","camera":"","caption":"","created_timestamp":"0","copyright":"","focal_length":"0","iso":"0","shutter_speed":"0","title":"","orientation":"0","keywords":[]},"ID":"63329","name":"WhatsApp-Image-2026-01-26-at-12.54.18-2.jpeg","path":"\/srv\/www\/studioimmobiliarefarina.eu\/wp-content\/uploads\/2026\/01\/WhatsApp-Image-2026-01-26-at-12.54.18-2.jpeg","url":"https:\/\/www.studioimmobiliarefarina.eu\/wp-content\/uploads\/2026\/01\/WhatsApp-Image-2026-01-26-at-12.54.18-2-150x150.jpeg","full_url":"https:\/\/www.studioimmobiliarefarina.eu\/wp-content\/uploads\/2026\/01\/WhatsApp-Image-2026-01-26-at-12.54.18-2.jpeg","title":"WhatsApp Image 2026-01-26 at 12.54.18 (2)","caption":"","description":"","alt":"","srcset":false},{"width":150,"height":150,"file":"2026\/01\/WhatsApp-Image-2026-01-26-at-12.54.18-3.jpeg","filesize":333144,"sizes":{"thumbnail":{"file":"WhatsApp-Image-2026-01-26-at-12.54.18-3-150x150.jpeg","width":150,"height":150,"mime-type":"image\/jpeg","url":"https:\/\/www.studioimmobiliarefarina.eu\/wp-content\/uploads\/2026\/01\/WhatsApp-Image-2026-01-26-at-12.54.18-3-150x150.jpeg"},"medium":{"file":"WhatsApp-Image-2026-01-26-at-12.54.18-3-300x225.jpeg","width":300,"height":225,"mime-type":"image\/jpeg","url":"https:\/\/www.studioimmobiliarefarina.eu\/wp-content\/uploads\/2026\/01\/WhatsApp-Image-2026-01-26-at-12.54.18-3-300x225.jpeg"},"large":{"file":"WhatsApp-Image-2026-01-26-at-12.54.18-3-1024x768.jpeg","width":1024,"height":768,"mime-type":"image\/jpeg","url":"https:\/\/www.studioimmobiliarefarina.eu\/wp-content\/uploads\/2026\/01\/WhatsApp-Image-2026-01-26-at-12.54.18-3-1024x768.jpeg"},"post-featured-image":{"file":"WhatsApp-Image-2026-01-26-at-12.54.18-3-1240x720.jpeg","width":1240,"height":720,"mime-type":"image\/jpeg","url":"https:\/\/www.studioimmobiliarefarina.eu\/wp-content\/uploads\/2026\/01\/WhatsApp-Image-2026-01-26-at-12.54.18-3-1240x720.jpeg"}},"image_meta":{"aperture":"0","credit":"","camera":"","caption":"","created_timestamp":"0","copyright":"","focal_length":"0","iso":"0","shutter_speed":"0","title":"","orientation":"0","keywords":[]},"ID":"63330","name":"WhatsApp-Image-2026-01-26-at-12.54.18-3.jpeg","path":"\/srv\/www\/studioimmobiliarefarina.eu\/wp-content\/uploads\/2026\/01\/WhatsApp-Image-2026-01-26-at-12.54.18-3.jpeg","url":"https:\/\/www.studioimmobiliarefarina.eu\/wp-content\/uploads\/2026\/01\/WhatsApp-Image-2026-01-26-at-12.54.18-3-150x150.jpeg","full_url":"https:\/\/www.studioimmobiliarefarina.eu\/wp-content\/uploads\/2026\/01\/WhatsApp-Image-2026-01-26-at-12.54.18-3.jpeg","title":"WhatsApp Image 2026-01-26 at 12.54.18 (3)","caption":"","description":"","alt":"","srcset":false},{"width":150,"height":150,"file":"2026\/01\/WhatsApp-Image-2026-01-26-at-12.54.18-4.jpeg","filesize":335235,"sizes":{"thumbnail":{"file":"WhatsApp-Image-2026-01-26-at-12.54.18-4-150x150.jpeg","width":150,"height":150,"mime-type":"image\/jpeg","url":"https:\/\/www.studioimmobiliarefarina.eu\/wp-content\/uploads\/2026\/01\/WhatsApp-Image-2026-01-26-at-12.54.18-4-150x150.jpeg"},"medium":{"file":"WhatsApp-Image-2026-01-26-at-12.54.18-4-300x225.jpeg","width":300,"height":225,"mime-type":"image\/jpeg","url":"https:\/\/www.studioimmobiliarefarina.eu\/wp-content\/uploads\/2026\/01\/WhatsApp-Image-2026-01-26-at-12.54.18-4-300x225.jpeg"},"large":{"file":"WhatsApp-Image-2026-01-26-at-12.54.18-4-1024x768.jpeg","width":1024,"height":768,"mime-type":"image\/jpeg","url":"https:\/\/www.studioimmobiliarefarina.eu\/wp-content\/uploads\/2026\/01\/WhatsApp-Image-2026-01-26-at-12.54.18-4-1024x768.jpeg"},"post-featured-image":{"file":"WhatsApp-Image-2026-01-26-at-12.54.18-4-1240x720.jpeg","width":1240,"height":720,"mime-type":"image\/jpeg","url":"https:\/\/www.studioimmobiliarefarina.eu\/wp-content\/uploads\/2026\/01\/WhatsApp-Image-2026-01-26-at-12.54.18-4-1240x720.jpeg"}},"image_meta":{"aperture":"0","credit":"","camera":"","caption":"","created_timestamp":"0","copyright":"","focal_length":"0","iso":"0","shutter_speed":"0","title":"","orientation":"0","keywords":[]},"ID":"63331","name":"WhatsApp-Image-2026-01-26-at-12.54.18-4.jpeg","path":"\/srv\/www\/studioimmobiliarefarina.eu\/wp-content\/uploads\/2026\/01\/WhatsApp-Image-2026-01-26-at-12.54.18-4.jpeg","url":"https:\/\/www.studioimmobiliarefarina.eu\/wp-content\/uploads\/2026\/01\/WhatsApp-Image-2026-01-26-at-12.54.18-4-150x150.jpeg","full_url":"https:\/\/www.studioimmobiliarefarina.eu\/wp-content\/uploads\/2026\/01\/WhatsApp-Image-2026-01-26-at-12.54.18-4.jpeg","title":"WhatsApp Image 2026-01-26 at 12.54.18 (4)","caption":"","description":"","alt":"","srcset":false},{"width":150,"height":150,"file":"2026\/01\/WhatsApp-Image-2026-01-26-at-12.54.18-5.jpeg","filesize":227534,"sizes":{"thumbnail":{"file":"WhatsApp-Image-2026-01-26-at-12.54.18-5-150x150.jpeg","width":150,"height":150,"mime-type":"image\/jpeg","url":"https:\/\/www.studioimmobiliarefarina.eu\/wp-content\/uploads\/2026\/01\/WhatsApp-Image-2026-01-26-at-12.54.18-5-150x150.jpeg"},"medium":{"file":"WhatsApp-Image-2026-01-26-at-12.54.18-5-300x225.jpeg","width":300,"height":225,"mime-type":"image\/jpeg","url":"https:\/\/www.studioimmobiliarefarina.eu\/wp-content\/uploads\/2026\/01\/WhatsApp-Image-2026-01-26-at-12.54.18-5-300x225.jpeg"},"large":{"file":"WhatsApp-Image-2026-01-26-at-12.54.18-5-1024x768.jpeg","width":1024,"height":768,"mime-type":"image\/jpeg","url":"https:\/\/www.studioimmobiliarefarina.eu\/wp-content\/uploads\/2026\/01\/WhatsApp-Image-2026-01-26-at-12.54.18-5-1024x768.jpeg"},"post-featured-image":{"file":"WhatsApp-Image-2026-01-26-at-12.54.18-5-1240x720.jpeg","width":1240,"height":720,"mime-type":"image\/jpeg","url":"https:\/\/www.studioimmobiliarefarina.eu\/wp-content\/uploads\/2026\/01\/WhatsApp-Image-2026-01-26-at-12.54.18-5-1240x720.jpeg"}},"image_meta":{"aperture":"0","credit":"","camera":"","caption":"","created_timestamp":"0","copyright":"","focal_length":"0","iso":"0","shutter_speed":"0","title":"","orientation":"0","keywords":[]},"ID":"63332","name":"WhatsApp-Image-2026-01-26-at-12.54.18-5.jpeg","path":"\/srv\/www\/studioimmobiliarefarina.eu\/wp-content\/uploads\/2026\/01\/WhatsApp-Image-2026-01-26-at-12.54.18-5.jpeg","url":"https:\/\/www.studioimmobiliarefarina.eu\/wp-content\/uploads\/2026\/01\/WhatsApp-Image-2026-01-26-at-12.54.18-5-150x150.jpeg","full_url":"https:\/\/www.studioimmobiliarefarina.eu\/wp-content\/uploads\/2026\/01\/WhatsApp-Image-2026-01-26-at-12.54.18-5.jpeg","title":"WhatsApp Image 2026-01-26 at 12.54.18 (5)","caption":"","description":"","alt":"","srcset":false},{"width":150,"height":150,"file":"2026\/01\/WhatsApp-Image-2026-01-26-at-12.54.18-6.jpeg","filesize":157716,"sizes":{"thumbnail":{"file":"WhatsApp-Image-2026-01-26-at-12.54.18-6-150x150.jpeg","width":150,"height":150,"mime-type":"image\/jpeg","url":"https:\/\/www.studioimmobiliarefarina.eu\/wp-content\/uploads\/2026\/01\/WhatsApp-Image-2026-01-26-at-12.54.18-6-150x150.jpeg"},"medium":{"file":"WhatsApp-Image-2026-01-26-at-12.54.18-6-300x225.jpeg","width":300,"height":225,"mime-type":"image\/jpeg","url":"https:\/\/www.studioimmobiliarefarina.eu\/wp-content\/uploads\/2026\/01\/WhatsApp-Image-2026-01-26-at-12.54.18-6-300x225.jpeg"},"large":{"file":"WhatsApp-Image-2026-01-26-at-12.54.18-6-1024x768.jpeg","width":1024,"height":768,"mime-type":"image\/jpeg","url":"https:\/\/www.studioimmobiliarefarina.eu\/wp-content\/uploads\/2026\/01\/WhatsApp-Image-2026-01-26-at-12.54.18-6-1024x768.jpeg"},"post-featured-image":{"file":"WhatsApp-Image-2026-01-26-at-12.54.18-6-1240x720.jpeg","width":1240,"height":720,"mime-type":"image\/jpeg","url":"https:\/\/www.studioimmobiliarefarina.eu\/wp-content\/uploads\/2026\/01\/WhatsApp-Image-2026-01-26-at-12.54.18-6-1240x720.jpeg"}},"image_meta":{"aperture":"0","credit":"","camera":"","caption":"","created_timestamp":"0","copyright":"","focal_length":"0","iso":"0","shutter_speed":"0","title":"","orientation":"0","keywords":[]},"ID":"63333","name":"WhatsApp-Image-2026-01-26-at-12.54.18-6.jpeg","path":"\/srv\/www\/studioimmobiliarefarina.eu\/wp-content\/uploads\/2026\/01\/WhatsApp-Image-2026-01-26-at-12.54.18-6.jpeg","url":"https:\/\/www.studioimmobiliarefarina.eu\/wp-content\/uploads\/2026\/01\/WhatsApp-Image-2026-01-26-at-12.54.18-6-150x150.jpeg","full_url":"https:\/\/www.studioimmobiliarefarina.eu\/wp-content\/uploads\/2026\/01\/WhatsApp-Image-2026-01-26-at-12.54.18-6.jpeg","title":"WhatsApp Image 2026-01-26 at 12.54.18 (6)","caption":"","description":"","alt":"","srcset":false},{"width":150,"height":150,"file":"2026\/01\/WhatsApp-Image-2026-01-26-at-12.54.18-7.jpeg","filesize":93378,"sizes":{"thumbnail":{"file":"WhatsApp-Image-2026-01-26-at-12.54.18-7-150x150.jpeg","width":150,"height":150,"mime-type":"image\/jpeg","url":"https:\/\/www.studioimmobiliarefarina.eu\/wp-content\/uploads\/2026\/01\/WhatsApp-Image-2026-01-26-at-12.54.18-7-150x150.jpeg"},"medium":{"file":"WhatsApp-Image-2026-01-26-at-12.54.18-7-300x225.jpeg","width":300,"height":225,"mime-type":"image\/jpeg","url":"https:\/\/www.studioimmobiliarefarina.eu\/wp-content\/uploads\/2026\/01\/WhatsApp-Image-2026-01-26-at-12.54.18-7-300x225.jpeg"},"large":{"file":"WhatsApp-Image-2026-01-26-at-12.54.18-7-1024x768.jpeg","width":1024,"height":768,"mime-type":"image\/jpeg","url":"https:\/\/www.studioimmobiliarefarina.eu\/wp-content\/uploads\/2026\/01\/WhatsApp-Image-2026-01-26-at-12.54.18-7-1024x768.jpeg"},"post-featured-image":{"file":"WhatsApp-Image-2026-01-26-at-12.54.18-7-1240x720.jpeg","width":1240,"height":720,"mime-type":"image\/jpeg","url":"https:\/\/www.studioimmobiliarefarina.eu\/wp-content\/uploads\/2026\/01\/WhatsApp-Image-2026-01-26-at-12.54.18-7-1240x720.jpeg"}},"image_meta":{"aperture":"0","credit":"","camera":"","caption":"","created_timestamp":"0","copyright":"","focal_length":"0","iso":"0","shutter_speed":"0","title":"","orientation":"0","keywords":[]},"ID":"63334","name":"WhatsApp-Image-2026-01-26-at-12.54.18-7.jpeg","path":"\/srv\/www\/studioimmobiliarefarina.eu\/wp-content\/uploads\/2026\/01\/WhatsApp-Image-2026-01-26-at-12.54.18-7.jpeg","url":"https:\/\/www.studioimmobiliarefarina.eu\/wp-content\/uploads\/2026\/01\/WhatsApp-Image-2026-01-26-at-12.54.18-7-150x150.jpeg","full_url":"https:\/\/www.studioimmobiliarefarina.eu\/wp-content\/uploads\/2026\/01\/WhatsApp-Image-2026-01-26-at-12.54.18-7.jpeg","title":"WhatsApp Image 2026-01-26 at 12.54.18 (7)","caption":"","description":"","alt":"","srcset":false},{"width":150,"height":150,"file":"2026\/01\/WhatsApp-Image-2026-01-26-at-12.54.18-8.jpeg","filesize":177792,"sizes":{"thumbnail":{"file":"WhatsApp-Image-2026-01-26-at-12.54.18-8-150x150.jpeg","width":150,"height":150,"mime-type":"image\/jpeg","url":"https:\/\/www.studioimmobiliarefarina.eu\/wp-content\/uploads\/2026\/01\/WhatsApp-Image-2026-01-26-at-12.54.18-8-150x150.jpeg"},"medium":{"file":"WhatsApp-Image-2026-01-26-at-12.54.18-8-300x225.jpeg","width":300,"height":225,"mime-type":"image\/jpeg","url":"https:\/\/www.studioimmobiliarefarina.eu\/wp-content\/uploads\/2026\/01\/WhatsApp-Image-2026-01-26-at-12.54.18-8-300x225.jpeg"},"large":{"file":"WhatsApp-Image-2026-01-26-at-12.54.18-8-1024x768.jpeg","width":1024,"height":768,"mime-type":"image\/jpeg","url":"https:\/\/www.studioimmobiliarefarina.eu\/wp-content\/uploads\/2026\/01\/WhatsApp-Image-2026-01-26-at-12.54.18-8-1024x768.jpeg"},"post-featured-image":{"file":"WhatsApp-Image-2026-01-26-at-12.54.18-8-1240x720.jpeg","width":1240,"height":720,"mime-type":"image\/jpeg","url":"https:\/\/www.studioimmobiliarefarina.eu\/wp-content\/uploads\/2026\/01\/WhatsApp-Image-2026-01-26-at-12.54.18-8-1240x720.jpeg"}},"image_meta":{"aperture":"0","credit":"","camera":"","caption":"","created_timestamp":"0","copyright":"","focal_length":"0","iso":"0","shutter_speed":"0","title":"","orientation":"0","keywords":[]},"ID":"63335","name":"WhatsApp-Image-2026-01-26-at-12.54.18-8.jpeg","path":"\/srv\/www\/studioimmobiliarefarina.eu\/wp-content\/uploads\/2026\/01\/WhatsApp-Image-2026-01-26-at-12.54.18-8.jpeg","url":"https:\/\/www.studioimmobiliarefarina.eu\/wp-content\/uploads\/2026\/01\/WhatsApp-Image-2026-01-26-at-12.54.18-8-150x150.jpeg","full_url":"https:\/\/www.studioimmobiliarefarina.eu\/wp-content\/uploads\/2026\/01\/WhatsApp-Image-2026-01-26-at-12.54.18-8.jpeg","title":"WhatsApp Image 2026-01-26 at 12.54.18 (8)","caption":"","description":"","alt":"","srcset":false},{"width":150,"height":150,"file":"2026\/01\/WhatsApp-Image-2026-01-26-at-12.54.18-9.jpeg","filesize":317549,"sizes":{"thumbnail":{"file":"WhatsApp-Image-2026-01-26-at-12.54.18-9-150x150.jpeg","width":150,"height":150,"mime-type":"image\/jpeg","url":"https:\/\/www.studioimmobiliarefarina.eu\/wp-content\/uploads\/2026\/01\/WhatsApp-Image-2026-01-26-at-12.54.18-9-150x150.jpeg"},"medium":{"file":"WhatsApp-Image-2026-01-26-at-12.54.18-9-300x225.jpeg","width":300,"height":225,"mime-type":"image\/jpeg","url":"https:\/\/www.studioimmobiliarefarina.eu\/wp-content\/uploads\/2026\/01\/WhatsApp-Image-2026-01-26-at-12.54.18-9-300x225.jpeg"},"large":{"file":"WhatsApp-Image-2026-01-26-at-12.54.18-9-1024x768.jpeg","width":1024,"height":768,"mime-type":"image\/jpeg","url":"https:\/\/www.studioimmobiliarefarina.eu\/wp-content\/uploads\/2026\/01\/WhatsApp-Image-2026-01-26-at-12.54.18-9-1024x768.jpeg"},"post-featured-image":{"file":"WhatsApp-Image-2026-01-26-at-12.54.18-9-1240x720.jpeg","width":1240,"height":720,"mime-type":"image\/jpeg","url":"https:\/\/www.studioimmobiliarefarina.eu\/wp-content\/uploads\/2026\/01\/WhatsApp-Image-2026-01-26-at-12.54.18-9-1240x720.jpeg"}},"image_meta":{"aperture":"0","credit":"","camera":"","caption":"","created_timestamp":"0","copyright":"","focal_length":"0","iso":"0","shutter_speed":"0","title":"","orientation":"0","keywords":[]},"ID":"63336","name":"WhatsApp-Image-2026-01-26-at-12.54.18-9.jpeg","path":"\/srv\/www\/studioimmobiliarefarina.eu\/wp-content\/uploads\/2026\/01\/WhatsApp-Image-2026-01-26-at-12.54.18-9.jpeg","url":"https:\/\/www.studioimmobiliarefarina.eu\/wp-content\/uploads\/2026\/01\/WhatsApp-Image-2026-01-26-at-12.54.18-9-150x150.jpeg","full_url":"https:\/\/www.studioimmobiliarefarina.eu\/wp-content\/uploads\/2026\/01\/WhatsApp-Image-2026-01-26-at-12.54.18-9.jpeg","title":"WhatsApp Image 2026-01-26 at 12.54.18 (9)","caption":"","description":"","alt":"","srcset":false},{"width":150,"height":150,"file":"2026\/01\/WhatsApp-Image-2026-01-26-at-12.54.18-10.jpeg","filesize":112516,"sizes":{"thumbnail":{"file":"WhatsApp-Image-2026-01-26-at-12.54.18-10-150x150.jpeg","width":150,"height":150,"mime-type":"image\/jpeg","url":"https:\/\/www.studioimmobiliarefarina.eu\/wp-content\/uploads\/2026\/01\/WhatsApp-Image-2026-01-26-at-12.54.18-10-150x150.jpeg"},"medium":{"file":"WhatsApp-Image-2026-01-26-at-12.54.18-10-300x225.jpeg","width":300,"height":225,"mime-type":"image\/jpeg","url":"https:\/\/www.studioimmobiliarefarina.eu\/wp-content\/uploads\/2026\/01\/WhatsApp-Image-2026-01-26-at-12.54.18-10-300x225.jpeg"},"large":{"file":"WhatsApp-Image-2026-01-26-at-12.54.18-10-1024x768.jpeg","width":1024,"height":768,"mime-type":"image\/jpeg","url":"https:\/\/www.studioimmobiliarefarina.eu\/wp-content\/uploads\/2026\/01\/WhatsApp-Image-2026-01-26-at-12.54.18-10-1024x768.jpeg"},"post-featured-image":{"file":"WhatsApp-Image-2026-01-26-at-12.54.18-10-1240x720.jpeg","width":1240,"height":720,"mime-type":"image\/jpeg","url":"https:\/\/www.studioimmobiliarefarina.eu\/wp-content\/uploads\/2026\/01\/WhatsApp-Image-2026-01-26-at-12.54.18-10-1240x720.jpeg"}},"image_meta":{"aperture":"0","credit":"","camera":"","caption":"","created_timestamp":"0","copyright":"","focal_length":"0","iso":"0","shutter_speed":"0","title":"","orientation":"0","keywords":[]},"ID":"63337","name":"WhatsApp-Image-2026-01-26-at-12.54.18-10.jpeg","path":"\/srv\/www\/studioimmobiliarefarina.eu\/wp-content\/uploads\/2026\/01\/WhatsApp-Image-2026-01-26-at-12.54.18-10.jpeg","url":"https:\/\/www.studioimmobiliarefarina.eu\/wp-content\/uploads\/2026\/01\/WhatsApp-Image-2026-01-26-at-12.54.18-10-150x150.jpeg","full_url":"https:\/\/www.studioimmobiliarefarina.eu\/wp-content\/uploads\/2026\/01\/WhatsApp-Image-2026-01-26-at-12.54.18-10.jpeg","title":"WhatsApp Image 2026-01-26 at 12.54.18 (10)","caption":"","description":"","alt":"","srcset":false},{"width":150,"height":150,"file":"2026\/01\/WhatsApp-Image-2026-01-26-at-12.54.18-11.jpeg","filesize":313888,"sizes":{"thumbnail":{"file":"WhatsApp-Image-2026-01-26-at-12.54.18-11-150x150.jpeg","width":150,"height":150,"mime-type":"image\/jpeg","url":"https:\/\/www.studioimmobiliarefarina.eu\/wp-content\/uploads\/2026\/01\/WhatsApp-Image-2026-01-26-at-12.54.18-11-150x150.jpeg"},"medium":{"file":"WhatsApp-Image-2026-01-26-at-12.54.18-11-300x225.jpeg","width":300,"height":225,"mime-type":"image\/jpeg","url":"https:\/\/www.studioimmobiliarefarina.eu\/wp-content\/uploads\/2026\/01\/WhatsApp-Image-2026-01-26-at-12.54.18-11-300x225.jpeg"},"large":{"file":"WhatsApp-Image-2026-01-26-at-12.54.18-11-1024x768.jpeg","width":1024,"height":768,"mime-type":"image\/jpeg","url":"https:\/\/www.studioimmobiliarefarina.eu\/wp-content\/uploads\/2026\/01\/WhatsApp-Image-2026-01-26-at-12.54.18-11-1024x768.jpeg"},"post-featured-image":{"file":"WhatsApp-Image-2026-01-26-at-12.54.18-11-1240x720.jpeg","width":1240,"height":720,"mime-type":"image\/jpeg","url":"https:\/\/www.studioimmobiliarefarina.eu\/wp-content\/uploads\/2026\/01\/WhatsApp-Image-2026-01-26-at-12.54.18-11-1240x720.jpeg"}},"image_meta":{"aperture":"0","credit":"","camera":"","caption":"","created_timestamp":"0","copyright":"","focal_length":"0","iso":"0","shutter_speed":"0","title":"","orientation":"0","keywords":[]},"ID":"63338","name":"WhatsApp-Image-2026-01-26-at-12.54.18-11.jpeg","path":"\/srv\/www\/studioimmobiliarefarina.eu\/wp-content\/uploads\/2026\/01\/WhatsApp-Image-2026-01-26-at-12.54.18-11.jpeg","url":"https:\/\/www.studioimmobiliarefarina.eu\/wp-content\/uploads\/2026\/01\/WhatsApp-Image-2026-01-26-at-12.54.18-11-150x150.jpeg","full_url":"https:\/\/www.studioimmobiliarefarina.eu\/wp-content\/uploads\/2026\/01\/WhatsApp-Image-2026-01-26-at-12.54.18-11.jpeg","title":"WhatsApp Image 2026-01-26 at 12.54.18 (11)","caption":"","description":"","alt":"","srcset":false},{"width":150,"height":150,"file":"2026\/01\/WhatsApp-Image-2026-01-26-at-12.54.18-12.jpeg","filesize":317855,"sizes":{"thumbnail":{"file":"WhatsApp-Image-2026-01-26-at-12.54.18-12-150x150.jpeg","width":150,"height":150,"mime-type":"image\/jpeg","url":"https:\/\/www.studioimmobiliarefarina.eu\/wp-content\/uploads\/2026\/01\/WhatsApp-Image-2026-01-26-at-12.54.18-12-150x150.jpeg"},"medium":{"file":"WhatsApp-Image-2026-01-26-at-12.54.18-12-300x225.jpeg","width":300,"height":225,"mime-type":"image\/jpeg","url":"https:\/\/www.studioimmobiliarefarina.eu\/wp-content\/uploads\/2026\/01\/WhatsApp-Image-2026-01-26-at-12.54.18-12-300x225.jpeg"},"large":{"file":"WhatsApp-Image-2026-01-26-at-12.54.18-12-1024x768.jpeg","width":1024,"height":768,"mime-type":"image\/jpeg","url":"https:\/\/www.studioimmobiliarefarina.eu\/wp-content\/uploads\/2026\/01\/WhatsApp-Image-2026-01-26-at-12.54.18-12-1024x768.jpeg"},"post-featured-image":{"file":"WhatsApp-Image-2026-01-26-at-12.54.18-12-1240x720.jpeg","width":1240,"height":720,"mime-type":"image\/jpeg","url":"https:\/\/www.studioimmobiliarefarina.eu\/wp-content\/uploads\/2026\/01\/WhatsApp-Image-2026-01-26-at-12.54.18-12-1240x720.jpeg"}},"image_meta":{"aperture":"0","credit":"","camera":"","caption":"","created_timestamp":"0","copyright":"","focal_length":"0","iso":"0","shutter_speed":"0","title":"","orientation":"0","keywords":[]},"ID":"63339","name":"WhatsApp-Image-2026-01-26-at-12.54.18-12.jpeg","path":"\/srv\/www\/studioimmobiliarefarina.eu\/wp-content\/uploads\/2026\/01\/WhatsApp-Image-2026-01-26-at-12.54.18-12.jpeg","url":"https:\/\/www.studioimmobiliarefarina.eu\/wp-content\/uploads\/2026\/01\/WhatsApp-Image-2026-01-26-at-12.54.18-12-150x150.jpeg","full_url":"https:\/\/www.studioimmobiliarefarina.eu\/wp-content\/uploads\/2026\/01\/WhatsApp-Image-2026-01-26-at-12.54.18-12.jpeg","title":"WhatsApp Image 2026-01-26 at 12.54.18 (12)","caption":"","description":"","alt":"","srcset":false},{"width":150,"height":150,"file":"2026\/01\/WhatsApp-Image-2026-01-26-at-13.56.07.jpeg","filesize":264996,"sizes":{"thumbnail":{"file":"WhatsApp-Image-2026-01-26-at-13.56.07-150x150.jpeg","width":150,"height":150,"mime-type":"image\/jpeg","url":"https:\/\/www.studioimmobiliarefarina.eu\/wp-content\/uploads\/2026\/01\/WhatsApp-Image-2026-01-26-at-13.56.07-150x150.jpeg"},"medium":{"file":"WhatsApp-Image-2026-01-26-at-13.56.07-300x225.jpeg","width":300,"height":225,"mime-type":"image\/jpeg","url":"https:\/\/www.studioimmobiliarefarina.eu\/wp-content\/uploads\/2026\/01\/WhatsApp-Image-2026-01-26-at-13.56.07-300x225.jpeg"},"large":{"file":"WhatsApp-Image-2026-01-26-at-13.56.07-1024x768.jpeg","width":1024,"height":768,"mime-type":"image\/jpeg","url":"https:\/\/www.studioimmobiliarefarina.eu\/wp-content\/uploads\/2026\/01\/WhatsApp-Image-2026-01-26-at-13.56.07-1024x768.jpeg"},"post-featured-image":{"file":"WhatsApp-Image-2026-01-26-at-13.56.07-1240x720.jpeg","width":1240,"height":720,"mime-type":"image\/jpeg","url":"https:\/\/www.studioimmobiliarefarina.eu\/wp-content\/uploads\/2026\/01\/WhatsApp-Image-2026-01-26-at-13.56.07-1240x720.jpeg"}},"image_meta":{"aperture":"0","credit":"","camera":"","caption":"","created_timestamp":"0","copyright":"","focal_length":"0","iso":"0","shutter_speed":"0","title":"","orientation":"0","keywords":[]},"ID":"63341","name":"WhatsApp-Image-2026-01-26-at-13.56.07.jpeg","path":"\/srv\/www\/studioimmobiliarefarina.eu\/wp-content\/uploads\/2026\/01\/WhatsApp-Image-2026-01-26-at-13.56.07.jpeg","url":"https:\/\/www.studioimmobiliarefarina.eu\/wp-content\/uploads\/2026\/01\/WhatsApp-Image-2026-01-26-at-13.56.07-150x150.jpeg","full_url":"https:\/\/www.studioimmobiliarefarina.eu\/wp-content\/uploads\/2026\/01\/WhatsApp-Image-2026-01-26-at-13.56.07.jpeg","title":"WhatsApp Image 2026-01-26 at 13.56.07","caption":"","description":"","alt":"","srcset":false},{"width":150,"height":150,"file":"2026\/01\/WhatsApp-Image-2026-01-26-at-13.56.08-1.jpeg","filesize":192781,"sizes":{"thumbnail":{"file":"WhatsApp-Image-2026-01-26-at-13.56.08-1-150x150.jpeg","width":150,"height":150,"mime-type":"image\/jpeg","url":"https:\/\/www.studioimmobiliarefarina.eu\/wp-content\/uploads\/2026\/01\/WhatsApp-Image-2026-01-26-at-13.56.08-1-150x150.jpeg"},"medium":{"file":"WhatsApp-Image-2026-01-26-at-13.56.08-1-300x225.jpeg","width":300,"height":225,"mime-type":"image\/jpeg","url":"https:\/\/www.studioimmobiliarefarina.eu\/wp-content\/uploads\/2026\/01\/WhatsApp-Image-2026-01-26-at-13.56.08-1-300x225.jpeg"},"large":{"file":"WhatsApp-Image-2026-01-26-at-13.56.08-1-1024x768.jpeg","width":1024,"height":768,"mime-type":"image\/jpeg","url":"https:\/\/www.studioimmobiliarefarina.eu\/wp-content\/uploads\/2026\/01\/WhatsApp-Image-2026-01-26-at-13.56.08-1-1024x768.jpeg"},"post-featured-image":{"file":"WhatsApp-Image-2026-01-26-at-13.56.08-1-1240x720.jpeg","width":1240,"height":720,"mime-type":"image\/jpeg","url":"https:\/\/www.studioimmobiliarefarina.eu\/wp-content\/uploads\/2026\/01\/WhatsApp-Image-2026-01-26-at-13.56.08-1-1240x720.jpeg"}},"image_meta":{"aperture":"0","credit":"","camera":"","caption":"","created_timestamp":"0","copyright":"","focal_length":"0","iso":"0","shutter_speed":"0","title":"","orientation":"0","keywords":[]},"ID":"63342","name":"WhatsApp-Image-2026-01-26-at-13.56.08-1.jpeg","path":"\/srv\/www\/studioimmobiliarefarina.eu\/wp-content\/uploads\/2026\/01\/WhatsApp-Image-2026-01-26-at-13.56.08-1.jpeg","url":"https:\/\/www.studioimmobiliarefarina.eu\/wp-content\/uploads\/2026\/01\/WhatsApp-Image-2026-01-26-at-13.56.08-1-150x150.jpeg","full_url":"https:\/\/www.studioimmobiliarefarina.eu\/wp-content\/uploads\/2026\/01\/WhatsApp-Image-2026-01-26-at-13.56.08-1.jpeg","title":"WhatsApp Image 2026-01-26 at 13.56.08 (1)","caption":"","description":"","alt":"","srcset":false},{"width":150,"height":150,"file":"2026\/01\/WhatsApp-Image-2026-01-26-at-13.56.08.jpeg","filesize":195341,"sizes":{"thumbnail":{"file":"WhatsApp-Image-2026-01-26-at-13.56.08-150x150.jpeg","width":150,"height":150,"mime-type":"image\/jpeg","url":"https:\/\/www.studioimmobiliarefarina.eu\/wp-content\/uploads\/2026\/01\/WhatsApp-Image-2026-01-26-at-13.56.08-150x150.jpeg"},"medium":{"file":"WhatsApp-Image-2026-01-26-at-13.56.08-300x225.jpeg","width":300,"height":225,"mime-type":"image\/jpeg","url":"https:\/\/www.studioimmobiliarefarina.eu\/wp-content\/uploads\/2026\/01\/WhatsApp-Image-2026-01-26-at-13.56.08-300x225.jpeg"},"large":{"file":"WhatsApp-Image-2026-01-26-at-13.56.08-1024x768.jpeg","width":1024,"height":768,"mime-type":"image\/jpeg","url":"https:\/\/www.studioimmobiliarefarina.eu\/wp-content\/uploads\/2026\/01\/WhatsApp-Image-2026-01-26-at-13.56.08-1024x768.jpeg"},"post-featured-image":{"file":"WhatsApp-Image-2026-01-26-at-13.56.08-1240x720.jpeg","width":1240,"height":720,"mime-type":"image\/jpeg","url":"https:\/\/www.studioimmobiliarefarina.eu\/wp-content\/uploads\/2026\/01\/WhatsApp-Image-2026-01-26-at-13.56.08-1240x720.jpeg"}},"image_meta":{"aperture":"0","credit":"","camera":"","caption":"","created_timestamp":"0","copyright":"","focal_length":"0","iso":"0","shutter_speed":"0","title":"","orientation":"0","keywords":[]},"ID":"63347","name":"WhatsApp-Image-2026-01-26-at-13.56.08.jpeg","path":"\/srv\/www\/studioimmobiliarefarina.eu\/wp-content\/uploads\/2026\/01\/WhatsApp-Image-2026-01-26-at-13.56.08.jpeg","url":"https:\/\/www.studioimmobiliarefarina.eu\/wp-content\/uploads\/2026\/01\/WhatsApp-Image-2026-01-26-at-13.56.08-150x150.jpeg","full_url":"https:\/\/www.studioimmobiliarefarina.eu\/wp-content\/uploads\/2026\/01\/WhatsApp-Image-2026-01-26-at-13.56.08.jpeg","title":"WhatsApp Image 2026-01-26 at 13.56.08","caption":"","description":"","alt":"","srcset":false},{"width":150,"height":150,"file":"2026\/01\/WhatsApp-Image-2026-01-26-at-13.56.08-2.jpeg","filesize":215626,"sizes":{"thumbnail":{"file":"WhatsApp-Image-2026-01-26-at-13.56.08-2-150x150.jpeg","width":150,"height":150,"mime-type":"image\/jpeg","url":"https:\/\/www.studioimmobiliarefarina.eu\/wp-content\/uploads\/2026\/01\/WhatsApp-Image-2026-01-26-at-13.56.08-2-150x150.jpeg"},"medium":{"file":"WhatsApp-Image-2026-01-26-at-13.56.08-2-300x225.jpeg","width":300,"height":225,"mime-type":"image\/jpeg","url":"https:\/\/www.studioimmobiliarefarina.eu\/wp-content\/uploads\/2026\/01\/WhatsApp-Image-2026-01-26-at-13.56.08-2-300x225.jpeg"},"large":{"file":"WhatsApp-Image-2026-01-26-at-13.56.08-2-1024x768.jpeg","width":1024,"height":768,"mime-type":"image\/jpeg","url":"https:\/\/www.studioimmobiliarefarina.eu\/wp-content\/uploads\/2026\/01\/WhatsApp-Image-2026-01-26-at-13.56.08-2-1024x768.jpeg"},"post-featured-image":{"file":"WhatsApp-Image-2026-01-26-at-13.56.08-2-1240x720.jpeg","width":1240,"height":720,"mime-type":"image\/jpeg","url":"https:\/\/www.studioimmobiliarefarina.eu\/wp-content\/uploads\/2026\/01\/WhatsApp-Image-2026-01-26-at-13.56.08-2-1240x720.jpeg"}},"image_meta":{"aperture":"0","credit":"","camera":"","caption":"","created_timestamp":"0","copyright":"","focal_length":"0","iso":"0","shutter_speed":"0","title":"","orientation":"0","keywords":[]},"ID":"63343","name":"WhatsApp-Image-2026-01-26-at-13.56.08-2.jpeg","path":"\/srv\/www\/studioimmobiliarefarina.eu\/wp-content\/uploads\/2026\/01\/WhatsApp-Image-2026-01-26-at-13.56.08-2.jpeg","url":"https:\/\/www.studioimmobiliarefarina.eu\/wp-content\/uploads\/2026\/01\/WhatsApp-Image-2026-01-26-at-13.56.08-2-150x150.jpeg","full_url":"https:\/\/www.studioimmobiliarefarina.eu\/wp-content\/uploads\/2026\/01\/WhatsApp-Image-2026-01-26-at-13.56.08-2.jpeg","title":"WhatsApp Image 2026-01-26 at 13.56.08 (2)","caption":"","description":"","alt":"","srcset":false},{"width":150,"height":150,"file":"2026\/01\/WhatsApp-Image-2026-01-26-at-13.56.08-4.jpeg","filesize":276602,"sizes":{"thumbnail":{"file":"WhatsApp-Image-2026-01-26-at-13.56.08-4-150x150.jpeg","width":150,"height":150,"mime-type":"image\/jpeg","url":"https:\/\/www.studioimmobiliarefarina.eu\/wp-content\/uploads\/2026\/01\/WhatsApp-Image-2026-01-26-at-13.56.08-4-150x150.jpeg"},"medium":{"file":"WhatsApp-Image-2026-01-26-at-13.56.08-4-300x225.jpeg","width":300,"height":225,"mime-type":"image\/jpeg","url":"https:\/\/www.studioimmobiliarefarina.eu\/wp-content\/uploads\/2026\/01\/WhatsApp-Image-2026-01-26-at-13.56.08-4-300x225.jpeg"},"large":{"file":"WhatsApp-Image-2026-01-26-at-13.56.08-4-1024x768.jpeg","width":1024,"height":768,"mime-type":"image\/jpeg","url":"https:\/\/www.studioimmobiliarefarina.eu\/wp-content\/uploads\/2026\/01\/WhatsApp-Image-2026-01-26-at-13.56.08-4-1024x768.jpeg"},"post-featured-image":{"file":"WhatsApp-Image-2026-01-26-at-13.56.08-4-1240x720.jpeg","width":1240,"height":720,"mime-type":"image\/jpeg","url":"https:\/\/www.studioimmobiliarefarina.eu\/wp-content\/uploads\/2026\/01\/WhatsApp-Image-2026-01-26-at-13.56.08-4-1240x720.jpeg"}},"image_meta":{"aperture":"0","credit":"","camera":"","caption":"","created_timestamp":"0","copyright":"","focal_length":"0","iso":"0","shutter_speed":"0","title":"","orientation":"0","keywords":[]},"ID":"63345","name":"WhatsApp-Image-2026-01-26-at-13.56.08-4.jpeg","path":"\/srv\/www\/studioimmobiliarefarina.eu\/wp-content\/uploads\/2026\/01\/WhatsApp-Image-2026-01-26-at-13.56.08-4.jpeg","url":"https:\/\/www.studioimmobiliarefarina.eu\/wp-content\/uploads\/2026\/01\/WhatsApp-Image-2026-01-26-at-13.56.08-4-150x150.jpeg","full_url":"https:\/\/www.studioimmobiliarefarina.eu\/wp-content\/uploads\/2026\/01\/WhatsApp-Image-2026-01-26-at-13.56.08-4.jpeg","title":"WhatsApp Image 2026-01-26 at 13.56.08 (4)","caption":"","description":"","alt":"","srcset":false},{"width":150,"height":150,"file":"2026\/01\/WhatsApp-Image-2026-01-26-at-13.56.08-5.jpeg","filesize":409698,"sizes":{"thumbnail":{"file":"WhatsApp-Image-2026-01-26-at-13.56.08-5-150x150.jpeg","width":150,"height":150,"mime-type":"image\/jpeg","url":"https:\/\/www.studioimmobiliarefarina.eu\/wp-content\/uploads\/2026\/01\/WhatsApp-Image-2026-01-26-at-13.56.08-5-150x150.jpeg"},"medium":{"file":"WhatsApp-Image-2026-01-26-at-13.56.08-5-300x225.jpeg","width":300,"height":225,"mime-type":"image\/jpeg","url":"https:\/\/www.studioimmobiliarefarina.eu\/wp-content\/uploads\/2026\/01\/WhatsApp-Image-2026-01-26-at-13.56.08-5-300x225.jpeg"},"large":{"file":"WhatsApp-Image-2026-01-26-at-13.56.08-5-1024x768.jpeg","width":1024,"height":768,"mime-type":"image\/jpeg","url":"https:\/\/www.studioimmobiliarefarina.eu\/wp-content\/uploads\/2026\/01\/WhatsApp-Image-2026-01-26-at-13.56.08-5-1024x768.jpeg"},"post-featured-image":{"file":"WhatsApp-Image-2026-01-26-at-13.56.08-5-1240x720.jpeg","width":1240,"height":720,"mime-type":"image\/jpeg","url":"https:\/\/www.studioimmobiliarefarina.eu\/wp-content\/uploads\/2026\/01\/WhatsApp-Image-2026-01-26-at-13.56.08-5-1240x720.jpeg"}},"image_meta":{"aperture":"0","credit":"","camera":"","caption":"","created_timestamp":"0","copyright":"","focal_length":"0","iso":"0","shutter_speed":"0","title":"","orientation":"0","keywords":[]},"ID":"63346","name":"WhatsApp-Image-2026-01-26-at-13.56.08-5.jpeg","path":"\/srv\/www\/studioimmobiliarefarina.eu\/wp-content\/uploads\/2026\/01\/WhatsApp-Image-2026-01-26-at-13.56.08-5.jpeg","url":"https:\/\/www.studioimmobiliarefarina.eu\/wp-content\/uploads\/2026\/01\/WhatsApp-Image-2026-01-26-at-13.56.08-5-150x150.jpeg","full_url":"https:\/\/www.studioimmobiliarefarina.eu\/wp-content\/uploads\/2026\/01\/WhatsApp-Image-2026-01-26-at-13.56.08-5.jpeg","title":"WhatsApp Image 2026-01-26 at 13.56.08 (5)","caption":"","description":"","alt":"","srcset":false}],"REAL_HOMES_change_gallery_slider_type":"0","REAL_HOMES_gallery_slider_type":"thumb-on-right","inspiry_floor_plans":[{"inspiry_floor_plan_name":"mappa propriet\u00e0","inspiry_floor_plan_image":"https:\/\/www.studioimmobiliarefarina.eu\/wp-content\/uploads\/2026\/01\/WhatsApp-Image-2026-01-26-at-16.57.02.jpeg"},{"inspiry_floor_plan_name":"planimetria","inspiry_floor_plan_image":"https:\/\/www.studioimmobiliarefarina.eu\/wp-content\/uploads\/2026\/01\/WhatsApp-Image-2026-01-26-at-14.28.35-1.jpeg"}],"inspiry_video_group":[{"inspiry_video_group_url":"https:\/\/youtu.be\/yLQNK6sR41w?si=Y5yhPDdI9KWMs4JN"}],"REAL_HOMES_360_virtual_tour":"","REAL_HOMES_tour_video_url":"","REAL_HOMES_tour_video_image":[],"REAL_HOMES_agent_display_option":"none","REAL_HOMES_agents":[],"REAL_HOMES_energy_class":"none","REAL_HOMES_energy_performance":"","REAL_HOMES_epc_current_rating":"","REAL_HOMES_epc_potential_rating":"","ere_property_schedule_tour":"global","ere_property_schedule_time_slots":"","ere_property_schedule_description":"","REAL_HOMES_sticky":"0","inspiry_property_label":"","inspiry_property_label_color":"","inspiry_property_tax":"0","inspiry_additional_fee":"0","REAL_HOMES_attachments":[],"inspiry_property_owner_name":"","inspiry_property_owner_contact":"","inspiry_property_owner_address":"","REAL_HOMES_property_private_note":"","inspiry_message_to_reviewer":"","REAL_HOMES_add_in_slider":"no","REAL_HOMES_slider_image":[],"REAL_HOMES_page_banner_image":[],"REAL_HOMES_hide_property_advance_search":"0","inspiry_posto_auto":"","REAL_HOMES_custom_header_display":"default","REAL_HOMES_custom_header_position":"relative","REAL_HOMES_hide_advance_search":"0","REAL_HOMES_custom_search_form":"default","REAL_HOMES_search_form_margin_top":"","REAL_HOMES_search_form_margin_bottom":"","REAL_HOMES_custom_footer_display":"default"},"_links":{"self":[{"href":"https:\/\/www.studioimmobiliarefarina.eu\/en\/wp-json\/wp\/v2\/property\/63294"}],"collection":[{"href":"https:\/\/www.studioimmobiliarefarina.eu\/en\/wp-json\/wp\/v2\/property"}],"about":[{"href":"https:\/\/www.studioimmobiliarefarina.eu\/en\/wp-json\/wp\/v2\/types\/property"}],"author":[{"embeddable":true,"href":"https:\/\/www.studioimmobiliarefarina.eu\/en\/wp-json\/wp\/v2\/users\/2"}],"replies":[{"embeddable":true,"href":"https:\/\/www.studioimmobiliarefarina.eu\/en\/wp-json\/wp\/v2\/comments?post=63294"}],"version-history":[{"count":3,"href":"https:\/\/www.studioimmobiliarefarina.eu\/en\/wp-json\/wp\/v2\/property\/63294\/revisions"}],"predecessor-version":[{"id":63350,"href":"https:\/\/www.studioimmobiliarefarina.eu\/en\/wp-json\/wp\/v2\/property\/63294\/revisions\/63350"}],"wp:featuredmedia":[{"embeddable":true,"href":"https:\/\/www.studioimmobiliarefarina.eu\/en\/wp-json\/wp\/v2\/media\/63309"}],"wp:attachment":[{"href":"https:\/\/www.studioimmobiliarefarina.eu\/en\/wp-json\/wp\/v2\/media?parent=63294"}],"wp:term":[{"taxonomy":"property-feature","embeddable":true,"href":"https:\/\/www.studioimmobiliarefarina.eu\/en\/wp-json\/wp\/v2\/property-feature?post=63294"},{"taxonomy":"property-type","embeddable":true,"href":"https:\/\/www.studioimmobiliarefarina.eu\/en\/wp-json\/wp\/v2\/property-type?post=63294"},{"taxonomy":"property-city","embeddable":true,"href":"https:\/\/www.studioimmobiliarefarina.eu\/en\/wp-json\/wp\/v2\/property-city?post=63294"},{"taxonomy":"property-status","embeddable":true,"href":"https:\/\/www.studioimmobiliarefarina.eu\/en\/wp-json\/wp\/v2\/property-status?post=63294"}],"curies":[{"name":"wp","href":"https:\/\/api.w.org\/{rel}","templated":true}]}}