{"id":63244,"date":"2026-01-22T19:18:35","date_gmt":"2026-01-22T18:18:35","guid":{"rendered":"https:\/\/www.studioimmobiliarefarina.eu\/?post_type=property&#038;p=63244"},"modified":"2026-04-10T21:01:19","modified_gmt":"2026-04-10T19:01:19","slug":"gessopalena-casa-in-pietra-con-rimessa-e-terreno-v8026","status":"publish","type":"property","link":"https:\/\/www.studioimmobiliarefarina.eu\/en\/property\/gessopalena-casa-in-pietra-con-rimessa-e-terreno-v8026\/","title":{"rendered":"Gessopalena, Casa in pietra con rimessa e terreno [V8026]"},"content":{"rendered":"\n<p>Lo Studio Immobiliare Farina vi presenta una propriet\u00e0 nel comune di Gessopalena, un caratteristico borgo dell\u2019entroterra abruzzese immerso nella natura del Parco Nazionale della Maiella. Il paese offre i principali servizi per la vita quotidiana: sono presenti negozi di alimentari e piccoli supermercati, bar e ristoranti tipici, ufficio postale, farmacia e servizi comunali. Gessopalena \u00e8 collegata ai centri vicini tramite la rete stradale provinciale e, pur mantenendo un\u2019atmosfera tranquilla e autentica, consente di raggiungere facilmente localit\u00e0 pi\u00f9 grandi dove si trovano ulteriori servizi e stazioni ferroviarie. Dal paese si raggiunge la Majella in circa 20 minuti, ideale per escursioni, trekking e attivit\u00e0 all\u2019aria aperta, mentre la Costa dei Trabocchi e le spiagge dell\u2019Adriatico sono a circa 45 minuti di auto. Localit\u00e0 turistiche come Lanciano distano circa 40 minuti, Chieti circa 50 minuti e le stazioni sciistiche dell\u2019Alto Sangro si raggiungono in poco pi\u00f9 di un\u2019ora.<br>La casa \u00e8 una propriet\u00e0 completamente indipendente, situata in un contesto estremamente riservato, circondata da tre ettari di terreno, due da un lato e uno dall\u2019altro, che garantiscono privacy assoluta e un contatto diretto con la natura.<br>Il piano terra, in parte seminterrato, \u00e8 accessibile tramite una porta finestra che conduce direttamente alla zona living, composta da cucina, tavolo da pranzo e area salotto con camino, illuminata da due finestre e da una porta finestra. Un passaggio conduce alla zona di servizio, dove alcune porte devono ancora essere installate, poich\u00e9 la casa non \u00e8 completamente ultimata. Qui si trova un bagno con doccia, da completare, e un ripostiglio dotato di finestra.<br>Salendo la scalinata interna si arriva al piano superiore, dove un disimpegno conduce frontalmente a una porta finestra che si apre su un balcone panoramico, dal quale lo sguardo spazia su tutto il terreno fino ad arrivare al mare nelle giornate pi\u00f9 limpide. Sullo stesso piano si trova una prima camera da letto doppia, con splendida vista sia sulla Maiella sia sul terreno circostante, e una seconda camera molto ampia, utilizzabile anche come quadrupla o con la possibilit\u00e0 di ricavare un ulteriore bagno. Questa stanza dispone di un balcone affacciato sul terreno fino a vedere il mare e di una finestra con vista diretta sulla Maiella.<br>L\u2019immobile \u00e8 servito da acqua ed elettricit\u00e0, mentre per lo scarico \u00e8 presente un pozzo biologico; non \u00e8 allacciato al gas metano, ma \u00e8 possibile installare un bombolone. Si tratta di un edificio antico interamente ristrutturato nelle parti strutturali, con solaio nuovo, tetto nuovo e impianti nuovi, gi\u00e0 predisposti per l\u2019installazione dei termosifoni. Gli infissi sono in doppio vetro con struttura in alluminio e al piano terra \u00e8 presente un camino.<br>A pochi metri dall\u2019abitazione, all\u2019interno della propriet\u00e0, \u00e8 compresa una rimessa che potrebbe essere ristrutturata e trasformata in una dependance. Inoltre, grazie all\u2019estensione complessiva dei tre ettari di terreno, esiste la possibilit\u00e0 di ampliare le volumetrie della casa, rendendo questa propriet\u00e0 una soluzione ideale sia come residenza privata immersa nella natura sia come progetto di accoglienza turistica.<\/p>\n\n\n\n<div class=\"is-layout-constrained wp-block-group\"><div class=\"wp-block-group__inner-container\">\n<p>Nota informativa:<\/p>\n\n\n\n<p>I dati e le immagini si intendono corretti ma non garantiti.<\/p>\n\n\n\n<p>Le caratteristiche tecniche, la disposizione interna e gli accessori indicati potrebbero in alcuni casi essere diversi dall\u2019effettivo stato di fatto dell\u2019immobile.<\/p>\n\n\n\n<p>A causa delle difformit\u00e0 dei dati pubblicati dai vari portali, lo Studio Farina declina ogni responsabilit\u00e0 per eventuali involontarie incoerenze.<\/p>\n\n\n\n<p>Si precisa che le descrizioni riportate non rappresentano alcun impegno contrattuale<\/p>\n\n\n\n<p>Per garantire la privacy l\u2019indirizzo pu\u00f2 non rispecchiare esattamente l\u2019ubicazione dell\u2019immobile ed \u00e8 utile solo al fine di fornire un riferimento generico per la sua localizzazione.<\/p>\n<\/div><\/div>\n","protected":false},"excerpt":{"rendered":"<p>Lo Studio Immobiliare Farina vi presenta una propriet\u00e0 nel comune di Gessopalena, un caratteristico borgo dell\u2019entroterra abruzzese immerso nella natura del Parco Nazionale della Maiella. Il paese offre i principali servizi per la vita quotidiana: sono presenti negozi di alimentari e piccoli supermercati, bar e ristoranti tipici, ufficio postale, farmacia e servizi comunali. Gessopalena \u00e8&#8230;<\/p>\n","protected":false},"author":2,"featured_media":63268,"parent":0,"menu_order":0,"comment_status":"closed","ping_status":"closed","template":"","property-feature":[543,491,592,354,560,342,345,63,492,461,418,403,471,475,507,334,358,452,343,344,408,456],"property-type":[],"property-city":[50,150,233],"property-status":[22],"yoast_head":"<!-- This site is optimized with the Yoast SEO plugin v21.1 - https:\/\/yoast.com\/wordpress\/plugins\/seo\/ -->\n<title>Gessopalena, Casa in pietra con rimessa e terreno [V8026] | Studio Immobiliare Farina<\/title>\n<meta name=\"robots\" content=\"index, follow, max-snippet:-1, max-image-preview:large, max-video-preview:-1\" \/>\n<link rel=\"canonical\" href=\"https:\/\/www.studioimmobiliarefarina.eu\/property\/gessopalena-casa-in-pietra-con-rimessa-e-terreno-v8026\/\" \/>\n<meta property=\"og:locale\" content=\"en_US\" \/>\n<meta property=\"og:type\" content=\"article\" \/>\n<meta property=\"og:title\" content=\"Gessopalena, Casa in pietra con rimessa e terreno [V8026] | Studio Immobiliare Farina\" \/>\n<meta property=\"og:description\" content=\"Lo Studio Immobiliare Farina vi presenta una propriet\u00e0 nel comune di Gessopalena, un caratteristico borgo dell\u2019entroterra abruzzese immerso nella natura del Parco Nazionale della Maiella. Il paese offre i principali servizi per la vita quotidiana: sono presenti negozi di alimentari e piccoli supermercati, bar e ristoranti tipici, ufficio postale, farmacia e servizi comunali. Gessopalena \u00e8...\" \/>\n<meta property=\"og:url\" content=\"https:\/\/www.studioimmobiliarefarina.eu\/property\/gessopalena-casa-in-pietra-con-rimessa-e-terreno-v8026\/\" \/>\n<meta property=\"og:site_name\" content=\"Studio Immobiliare Farina\" \/>\n<meta property=\"article:publisher\" content=\"https:\/\/www.facebook.com\/Studio-Immobiliare-Farina-_-gruppofarina-547150035296080\/timeline\/?ref=ts\" \/>\n<meta property=\"article:modified_time\" content=\"2026-04-10T19:01:19+00:00\" \/>\n<meta property=\"og:image\" content=\"https:\/\/www.studioimmobiliarefarina.eu\/wp-content\/uploads\/2026\/01\/WhatsApp-Image-2026-01-22-at-18.20.03.jpeg\" \/>\n\t<meta property=\"og:image:width\" content=\"1280\" \/>\n\t<meta property=\"og:image:height\" content=\"960\" \/>\n\t<meta property=\"og:image:type\" content=\"image\/jpeg\" \/>\n<meta name=\"twitter:card\" content=\"summary_large_image\" \/>\n<meta name=\"twitter:label1\" content=\"Est. reading time\" \/>\n\t<meta name=\"twitter:data1\" content=\"4 minutes\" \/>\n<script type=\"application\/ld+json\" class=\"yoast-schema-graph\">{\"@context\":\"https:\/\/schema.org\",\"@graph\":[{\"@type\":\"WebPage\",\"@id\":\"https:\/\/www.studioimmobiliarefarina.eu\/property\/gessopalena-casa-in-pietra-con-rimessa-e-terreno-v8026\/\",\"url\":\"https:\/\/www.studioimmobiliarefarina.eu\/property\/gessopalena-casa-in-pietra-con-rimessa-e-terreno-v8026\/\",\"name\":\"Gessopalena, Casa in pietra con rimessa e terreno [V8026] | Studio Immobiliare Farina\",\"isPartOf\":{\"@id\":\"https:\/\/www.studioimmobiliarefarina.eu\/#website\"},\"datePublished\":\"2026-01-22T18:18:35+00:00\",\"dateModified\":\"2026-04-10T19:01:19+00:00\",\"breadcrumb\":{\"@id\":\"https:\/\/www.studioimmobiliarefarina.eu\/property\/gessopalena-casa-in-pietra-con-rimessa-e-terreno-v8026\/#breadcrumb\"},\"inLanguage\":\"en-US\",\"potentialAction\":[{\"@type\":\"ReadAction\",\"target\":[\"https:\/\/www.studioimmobiliarefarina.eu\/property\/gessopalena-casa-in-pietra-con-rimessa-e-terreno-v8026\/\"]}]},{\"@type\":\"BreadcrumbList\",\"@id\":\"https:\/\/www.studioimmobiliarefarina.eu\/property\/gessopalena-casa-in-pietra-con-rimessa-e-terreno-v8026\/#breadcrumb\",\"itemListElement\":[{\"@type\":\"ListItem\",\"position\":1,\"name\":\"Home\",\"item\":\"https:\/\/www.studioimmobiliarefarina.eu\/\"},{\"@type\":\"ListItem\",\"position\":2,\"name\":\"Properties\",\"item\":\"https:\/\/www.studioimmobiliarefarina.eu\/en\/property\/\"},{\"@type\":\"ListItem\",\"position\":3,\"name\":\"Gessopalena, Casa in pietra con rimessa e terreno [V8026]\"}]},{\"@type\":\"WebSite\",\"@id\":\"https:\/\/www.studioimmobiliarefarina.eu\/#website\",\"url\":\"https:\/\/www.studioimmobiliarefarina.eu\/\",\"name\":\"Studio Immobiliare Farina\",\"description\":\"La casa che ho nel cuore\",\"publisher\":{\"@id\":\"https:\/\/www.studioimmobiliarefarina.eu\/#organization\"},\"potentialAction\":[{\"@type\":\"SearchAction\",\"target\":{\"@type\":\"EntryPoint\",\"urlTemplate\":\"https:\/\/www.studioimmobiliarefarina.eu\/?s={search_term_string}\"},\"query-input\":\"required name=search_term_string\"}],\"inLanguage\":\"en-US\"},{\"@type\":\"Organization\",\"@id\":\"https:\/\/www.studioimmobiliarefarina.eu\/#organization\",\"name\":\"Studio Immobiliare Farina\",\"url\":\"https:\/\/www.studioimmobiliarefarina.eu\/\",\"logo\":{\"@type\":\"ImageObject\",\"inLanguage\":\"en-US\",\"@id\":\"https:\/\/www.studioimmobiliarefarina.eu\/#\/schema\/logo\/image\/\",\"url\":\"https:\/\/www.studioimmobiliarefarina.eu\/wp-content\/uploads\/2022\/10\/Logo-sito-pOSpiccolo.png\",\"contentUrl\":\"https:\/\/www.studioimmobiliarefarina.eu\/wp-content\/uploads\/2022\/10\/Logo-sito-pOSpiccolo.png\",\"width\":328,\"height\":135,\"caption\":\"Studio Immobiliare Farina\"},\"image\":{\"@id\":\"https:\/\/www.studioimmobiliarefarina.eu\/#\/schema\/logo\/image\/\"},\"sameAs\":[\"https:\/\/www.facebook.com\/Studio-Immobiliare-Farina-_-gruppofarina-547150035296080\/timeline\/?ref=ts\",\"https:\/\/www.instagram.com\/studio__immobiliare__farina\/\"]}]}<\/script>\n<!-- \/ Yoast SEO plugin. -->","yoast_head_json":{"title":"Gessopalena, Casa in pietra con rimessa e terreno [V8026] | Studio Immobiliare Farina","robots":{"index":"index","follow":"follow","max-snippet":"max-snippet:-1","max-image-preview":"max-image-preview:large","max-video-preview":"max-video-preview:-1"},"canonical":"https:\/\/www.studioimmobiliarefarina.eu\/property\/gessopalena-casa-in-pietra-con-rimessa-e-terreno-v8026\/","og_locale":"en_US","og_type":"article","og_title":"Gessopalena, Casa in pietra con rimessa e terreno [V8026] | Studio Immobiliare Farina","og_description":"Lo Studio Immobiliare Farina vi presenta una propriet\u00e0 nel comune di Gessopalena, un caratteristico borgo dell\u2019entroterra abruzzese immerso nella natura del Parco Nazionale della Maiella. Il paese offre i principali servizi per la vita quotidiana: sono presenti negozi di alimentari e piccoli supermercati, bar e ristoranti tipici, ufficio postale, farmacia e servizi comunali. Gessopalena \u00e8...","og_url":"https:\/\/www.studioimmobiliarefarina.eu\/property\/gessopalena-casa-in-pietra-con-rimessa-e-terreno-v8026\/","og_site_name":"Studio Immobiliare Farina","article_publisher":"https:\/\/www.facebook.com\/Studio-Immobiliare-Farina-_-gruppofarina-547150035296080\/timeline\/?ref=ts","article_modified_time":"2026-04-10T19:01:19+00:00","og_image":[{"width":1280,"height":960,"url":"https:\/\/www.studioimmobiliarefarina.eu\/wp-content\/uploads\/2026\/01\/WhatsApp-Image-2026-01-22-at-18.20.03.jpeg","type":"image\/jpeg"}],"twitter_card":"summary_large_image","twitter_misc":{"Est. reading time":"4 minutes"},"schema":{"@context":"https:\/\/schema.org","@graph":[{"@type":"WebPage","@id":"https:\/\/www.studioimmobiliarefarina.eu\/property\/gessopalena-casa-in-pietra-con-rimessa-e-terreno-v8026\/","url":"https:\/\/www.studioimmobiliarefarina.eu\/property\/gessopalena-casa-in-pietra-con-rimessa-e-terreno-v8026\/","name":"Gessopalena, Casa in pietra con rimessa e terreno [V8026] | Studio Immobiliare Farina","isPartOf":{"@id":"https:\/\/www.studioimmobiliarefarina.eu\/#website"},"datePublished":"2026-01-22T18:18:35+00:00","dateModified":"2026-04-10T19:01:19+00:00","breadcrumb":{"@id":"https:\/\/www.studioimmobiliarefarina.eu\/property\/gessopalena-casa-in-pietra-con-rimessa-e-terreno-v8026\/#breadcrumb"},"inLanguage":"en-US","potentialAction":[{"@type":"ReadAction","target":["https:\/\/www.studioimmobiliarefarina.eu\/property\/gessopalena-casa-in-pietra-con-rimessa-e-terreno-v8026\/"]}]},{"@type":"BreadcrumbList","@id":"https:\/\/www.studioimmobiliarefarina.eu\/property\/gessopalena-casa-in-pietra-con-rimessa-e-terreno-v8026\/#breadcrumb","itemListElement":[{"@type":"ListItem","position":1,"name":"Home","item":"https:\/\/www.studioimmobiliarefarina.eu\/"},{"@type":"ListItem","position":2,"name":"Properties","item":"https:\/\/www.studioimmobiliarefarina.eu\/en\/property\/"},{"@type":"ListItem","position":3,"name":"Gessopalena, Casa in pietra con rimessa e terreno [V8026]"}]},{"@type":"WebSite","@id":"https:\/\/www.studioimmobiliarefarina.eu\/#website","url":"https:\/\/www.studioimmobiliarefarina.eu\/","name":"Studio Immobiliare Farina","description":"La casa che ho nel cuore","publisher":{"@id":"https:\/\/www.studioimmobiliarefarina.eu\/#organization"},"potentialAction":[{"@type":"SearchAction","target":{"@type":"EntryPoint","urlTemplate":"https:\/\/www.studioimmobiliarefarina.eu\/?s={search_term_string}"},"query-input":"required name=search_term_string"}],"inLanguage":"en-US"},{"@type":"Organization","@id":"https:\/\/www.studioimmobiliarefarina.eu\/#organization","name":"Studio Immobiliare Farina","url":"https:\/\/www.studioimmobiliarefarina.eu\/","logo":{"@type":"ImageObject","inLanguage":"en-US","@id":"https:\/\/www.studioimmobiliarefarina.eu\/#\/schema\/logo\/image\/","url":"https:\/\/www.studioimmobiliarefarina.eu\/wp-content\/uploads\/2022\/10\/Logo-sito-pOSpiccolo.png","contentUrl":"https:\/\/www.studioimmobiliarefarina.eu\/wp-content\/uploads\/2022\/10\/Logo-sito-pOSpiccolo.png","width":328,"height":135,"caption":"Studio Immobiliare Farina"},"image":{"@id":"https:\/\/www.studioimmobiliarefarina.eu\/#\/schema\/logo\/image\/"},"sameAs":["https:\/\/www.facebook.com\/Studio-Immobiliare-Farina-_-gruppofarina-547150035296080\/timeline\/?ref=ts","https:\/\/www.instagram.com\/studio__immobiliare__farina\/"]}]}},"property_meta":{"REAL_HOMES_property_price":"98000","REAL_HOMES_property_old_price":"","REAL_HOMES_property_price_prefix":"","REAL_HOMES_property_price_postfix":"","REAL_HOMES_property_size":"75+30","REAL_HOMES_property_size_postfix":"mq","REAL_HOMES_property_lot_size":"30000","REAL_HOMES_property_lot_size_postfix":"mq","REAL_HOMES_property_bedrooms":"2","REAL_HOMES_property_bathrooms":"1","REAL_HOMES_property_garage":"","REAL_HOMES_property_id":"V8026","REAL_HOMES_property_year_built":"","REAL_HOMES_featured":"0","REAL_HOMES_additional_details_list":[],"REAL_HOMES_property_location":{"latitude":"42.056635","longitude":"14.273115","zoom":"0"},"REAL_HOMES_property_address":"Gessopalena, Chieti, 66019, Italia","REAL_HOMES_property_map":"0","REAL_HOMES_property_images":[{"width":150,"height":150,"file":"2026\/01\/WhatsApp-Image-2026-01-22-at-18.20.04-7.jpeg","filesize":335735,"sizes":{"thumbnail":{"file":"WhatsApp-Image-2026-01-22-at-18.20.04-7-150x150.jpeg","width":150,"height":150,"mime-type":"image\/jpeg","url":"https:\/\/www.studioimmobiliarefarina.eu\/wp-content\/uploads\/2026\/01\/WhatsApp-Image-2026-01-22-at-18.20.04-7-150x150.jpeg"},"medium":{"file":"WhatsApp-Image-2026-01-22-at-18.20.04-7-300x225.jpeg","width":300,"height":225,"mime-type":"image\/jpeg","url":"https:\/\/www.studioimmobiliarefarina.eu\/wp-content\/uploads\/2026\/01\/WhatsApp-Image-2026-01-22-at-18.20.04-7-300x225.jpeg"},"large":{"file":"WhatsApp-Image-2026-01-22-at-18.20.04-7-1024x768.jpeg","width":1024,"height":768,"mime-type":"image\/jpeg","url":"https:\/\/www.studioimmobiliarefarina.eu\/wp-content\/uploads\/2026\/01\/WhatsApp-Image-2026-01-22-at-18.20.04-7-1024x768.jpeg"},"post-featured-image":{"file":"WhatsApp-Image-2026-01-22-at-18.20.04-7-1240x720.jpeg","width":1240,"height":720,"mime-type":"image\/jpeg","url":"https:\/\/www.studioimmobiliarefarina.eu\/wp-content\/uploads\/2026\/01\/WhatsApp-Image-2026-01-22-at-18.20.04-7-1240x720.jpeg"}},"image_meta":{"aperture":"0","credit":"","camera":"","caption":"","created_timestamp":"0","copyright":"","focal_length":"0","iso":"0","shutter_speed":"0","title":"","orientation":"0","keywords":[]},"ID":"63275","name":"WhatsApp-Image-2026-01-22-at-18.20.04-7.jpeg","path":"\/srv\/www\/studioimmobiliarefarina.eu\/wp-content\/uploads\/2026\/01\/WhatsApp-Image-2026-01-22-at-18.20.04-7.jpeg","url":"https:\/\/www.studioimmobiliarefarina.eu\/wp-content\/uploads\/2026\/01\/WhatsApp-Image-2026-01-22-at-18.20.04-7-150x150.jpeg","full_url":"https:\/\/www.studioimmobiliarefarina.eu\/wp-content\/uploads\/2026\/01\/WhatsApp-Image-2026-01-22-at-18.20.04-7.jpeg","title":"WhatsApp Image 2026-01-22 at 18.20.04 (7)","caption":"","description":"","alt":"","srcset":false},{"width":150,"height":150,"file":"2026\/01\/WhatsApp-Image-2026-01-22-at-18.20.00.jpeg","filesize":234660,"sizes":{"thumbnail":{"file":"WhatsApp-Image-2026-01-22-at-18.20.00-150x150.jpeg","width":150,"height":150,"mime-type":"image\/jpeg","url":"https:\/\/www.studioimmobiliarefarina.eu\/wp-content\/uploads\/2026\/01\/WhatsApp-Image-2026-01-22-at-18.20.00-150x150.jpeg"},"medium":{"file":"WhatsApp-Image-2026-01-22-at-18.20.00-300x225.jpeg","width":300,"height":225,"mime-type":"image\/jpeg","url":"https:\/\/www.studioimmobiliarefarina.eu\/wp-content\/uploads\/2026\/01\/WhatsApp-Image-2026-01-22-at-18.20.00-300x225.jpeg"},"large":{"file":"WhatsApp-Image-2026-01-22-at-18.20.00-1024x768.jpeg","width":1024,"height":768,"mime-type":"image\/jpeg","url":"https:\/\/www.studioimmobiliarefarina.eu\/wp-content\/uploads\/2026\/01\/WhatsApp-Image-2026-01-22-at-18.20.00-1024x768.jpeg"},"post-featured-image":{"file":"WhatsApp-Image-2026-01-22-at-18.20.00-1240x720.jpeg","width":1240,"height":720,"mime-type":"image\/jpeg","url":"https:\/\/www.studioimmobiliarefarina.eu\/wp-content\/uploads\/2026\/01\/WhatsApp-Image-2026-01-22-at-18.20.00-1240x720.jpeg"}},"image_meta":{"aperture":"0","credit":"","camera":"","caption":"","created_timestamp":"0","copyright":"","focal_length":"0","iso":"0","shutter_speed":"0","title":"","orientation":"0","keywords":[]},"ID":"63246","name":"WhatsApp-Image-2026-01-22-at-18.20.00.jpeg","path":"\/srv\/www\/studioimmobiliarefarina.eu\/wp-content\/uploads\/2026\/01\/WhatsApp-Image-2026-01-22-at-18.20.00.jpeg","url":"https:\/\/www.studioimmobiliarefarina.eu\/wp-content\/uploads\/2026\/01\/WhatsApp-Image-2026-01-22-at-18.20.00-150x150.jpeg","full_url":"https:\/\/www.studioimmobiliarefarina.eu\/wp-content\/uploads\/2026\/01\/WhatsApp-Image-2026-01-22-at-18.20.00.jpeg","title":"WhatsApp Image 2026-01-22 at 18.20.00","caption":"","description":"","alt":"","srcset":false},{"width":150,"height":150,"file":"2026\/01\/WhatsApp-Image-2026-01-22-at-18.20.04-4.jpeg","filesize":106533,"sizes":{"thumbnail":{"file":"WhatsApp-Image-2026-01-22-at-18.20.04-4-150x150.jpeg","width":150,"height":150,"mime-type":"image\/jpeg","url":"https:\/\/www.studioimmobiliarefarina.eu\/wp-content\/uploads\/2026\/01\/WhatsApp-Image-2026-01-22-at-18.20.04-4-150x150.jpeg"},"medium":{"file":"WhatsApp-Image-2026-01-22-at-18.20.04-4-300x225.jpeg","width":300,"height":225,"mime-type":"image\/jpeg","url":"https:\/\/www.studioimmobiliarefarina.eu\/wp-content\/uploads\/2026\/01\/WhatsApp-Image-2026-01-22-at-18.20.04-4-300x225.jpeg"},"large":{"file":"WhatsApp-Image-2026-01-22-at-18.20.04-4-1024x768.jpeg","width":1024,"height":768,"mime-type":"image\/jpeg","url":"https:\/\/www.studioimmobiliarefarina.eu\/wp-content\/uploads\/2026\/01\/WhatsApp-Image-2026-01-22-at-18.20.04-4-1024x768.jpeg"},"post-featured-image":{"file":"WhatsApp-Image-2026-01-22-at-18.20.04-4-1240x720.jpeg","width":1240,"height":720,"mime-type":"image\/jpeg","url":"https:\/\/www.studioimmobiliarefarina.eu\/wp-content\/uploads\/2026\/01\/WhatsApp-Image-2026-01-22-at-18.20.04-4-1240x720.jpeg"}},"image_meta":{"aperture":"0","credit":"","camera":"","caption":"","created_timestamp":"0","copyright":"","focal_length":"0","iso":"0","shutter_speed":"0","title":"","orientation":"0","keywords":[]},"ID":"63272","name":"WhatsApp-Image-2026-01-22-at-18.20.04-4.jpeg","path":"\/srv\/www\/studioimmobiliarefarina.eu\/wp-content\/uploads\/2026\/01\/WhatsApp-Image-2026-01-22-at-18.20.04-4.jpeg","url":"https:\/\/www.studioimmobiliarefarina.eu\/wp-content\/uploads\/2026\/01\/WhatsApp-Image-2026-01-22-at-18.20.04-4-150x150.jpeg","full_url":"https:\/\/www.studioimmobiliarefarina.eu\/wp-content\/uploads\/2026\/01\/WhatsApp-Image-2026-01-22-at-18.20.04-4.jpeg","title":"WhatsApp Image 2026-01-22 at 18.20.04 (4)","caption":"","description":"","alt":"","srcset":false},{"width":150,"height":150,"file":"2026\/01\/WhatsApp-Image-2026-01-22-at-18.20.03-6.jpeg","filesize":386628,"sizes":{"thumbnail":{"file":"WhatsApp-Image-2026-01-22-at-18.20.03-6-150x150.jpeg","width":150,"height":150,"mime-type":"image\/jpeg","url":"https:\/\/www.studioimmobiliarefarina.eu\/wp-content\/uploads\/2026\/01\/WhatsApp-Image-2026-01-22-at-18.20.03-6-150x150.jpeg"},"medium":{"file":"WhatsApp-Image-2026-01-22-at-18.20.03-6-300x225.jpeg","width":300,"height":225,"mime-type":"image\/jpeg","url":"https:\/\/www.studioimmobiliarefarina.eu\/wp-content\/uploads\/2026\/01\/WhatsApp-Image-2026-01-22-at-18.20.03-6-300x225.jpeg"},"large":{"file":"WhatsApp-Image-2026-01-22-at-18.20.03-6-1024x768.jpeg","width":1024,"height":768,"mime-type":"image\/jpeg","url":"https:\/\/www.studioimmobiliarefarina.eu\/wp-content\/uploads\/2026\/01\/WhatsApp-Image-2026-01-22-at-18.20.03-6-1024x768.jpeg"},"post-featured-image":{"file":"WhatsApp-Image-2026-01-22-at-18.20.03-6-1240x720.jpeg","width":1240,"height":720,"mime-type":"image\/jpeg","url":"https:\/\/www.studioimmobiliarefarina.eu\/wp-content\/uploads\/2026\/01\/WhatsApp-Image-2026-01-22-at-18.20.03-6-1240x720.jpeg"}},"image_meta":{"aperture":"0","credit":"","camera":"","caption":"","created_timestamp":"0","copyright":"","focal_length":"0","iso":"0","shutter_speed":"0","title":"","orientation":"0","keywords":[]},"ID":"63265","name":"WhatsApp-Image-2026-01-22-at-18.20.03-6.jpeg","path":"\/srv\/www\/studioimmobiliarefarina.eu\/wp-content\/uploads\/2026\/01\/WhatsApp-Image-2026-01-22-at-18.20.03-6.jpeg","url":"https:\/\/www.studioimmobiliarefarina.eu\/wp-content\/uploads\/2026\/01\/WhatsApp-Image-2026-01-22-at-18.20.03-6-150x150.jpeg","full_url":"https:\/\/www.studioimmobiliarefarina.eu\/wp-content\/uploads\/2026\/01\/WhatsApp-Image-2026-01-22-at-18.20.03-6.jpeg","title":"WhatsApp Image 2026-01-22 at 18.20.03 (6)","caption":"","description":"","alt":"","srcset":false},{"width":150,"height":150,"file":"2026\/01\/WhatsApp-Image-2026-01-22-at-18.20.02-8.jpeg","filesize":373218,"sizes":{"thumbnail":{"file":"WhatsApp-Image-2026-01-22-at-18.20.02-8-150x150.jpeg","width":150,"height":150,"mime-type":"image\/jpeg","url":"https:\/\/www.studioimmobiliarefarina.eu\/wp-content\/uploads\/2026\/01\/WhatsApp-Image-2026-01-22-at-18.20.02-8-150x150.jpeg"},"medium":{"file":"WhatsApp-Image-2026-01-22-at-18.20.02-8-300x225.jpeg","width":300,"height":225,"mime-type":"image\/jpeg","url":"https:\/\/www.studioimmobiliarefarina.eu\/wp-content\/uploads\/2026\/01\/WhatsApp-Image-2026-01-22-at-18.20.02-8-300x225.jpeg"},"large":{"file":"WhatsApp-Image-2026-01-22-at-18.20.02-8-1024x768.jpeg","width":1024,"height":768,"mime-type":"image\/jpeg","url":"https:\/\/www.studioimmobiliarefarina.eu\/wp-content\/uploads\/2026\/01\/WhatsApp-Image-2026-01-22-at-18.20.02-8-1024x768.jpeg"},"post-featured-image":{"file":"WhatsApp-Image-2026-01-22-at-18.20.02-8-1240x720.jpeg","width":1240,"height":720,"mime-type":"image\/jpeg","url":"https:\/\/www.studioimmobiliarefarina.eu\/wp-content\/uploads\/2026\/01\/WhatsApp-Image-2026-01-22-at-18.20.02-8-1240x720.jpeg"}},"image_meta":{"aperture":"0","credit":"","camera":"","caption":"","created_timestamp":"0","copyright":"","focal_length":"0","iso":"0","shutter_speed":"0","title":"","orientation":"0","keywords":[]},"ID":"63258","name":"WhatsApp-Image-2026-01-22-at-18.20.02-8.jpeg","path":"\/srv\/www\/studioimmobiliarefarina.eu\/wp-content\/uploads\/2026\/01\/WhatsApp-Image-2026-01-22-at-18.20.02-8.jpeg","url":"https:\/\/www.studioimmobiliarefarina.eu\/wp-content\/uploads\/2026\/01\/WhatsApp-Image-2026-01-22-at-18.20.02-8-150x150.jpeg","full_url":"https:\/\/www.studioimmobiliarefarina.eu\/wp-content\/uploads\/2026\/01\/WhatsApp-Image-2026-01-22-at-18.20.02-8.jpeg","title":"WhatsApp Image 2026-01-22 at 18.20.02 (8)","caption":"","description":"","alt":"","srcset":false},{"width":150,"height":150,"file":"2026\/01\/WhatsApp-Image-2026-01-22-at-18.20.04-10.jpeg","filesize":313570,"sizes":{"thumbnail":{"file":"WhatsApp-Image-2026-01-22-at-18.20.04-10-150x150.jpeg","width":150,"height":150,"mime-type":"image\/jpeg","url":"https:\/\/www.studioimmobiliarefarina.eu\/wp-content\/uploads\/2026\/01\/WhatsApp-Image-2026-01-22-at-18.20.04-10-150x150.jpeg"},"medium":{"file":"WhatsApp-Image-2026-01-22-at-18.20.04-10-300x225.jpeg","width":300,"height":225,"mime-type":"image\/jpeg","url":"https:\/\/www.studioimmobiliarefarina.eu\/wp-content\/uploads\/2026\/01\/WhatsApp-Image-2026-01-22-at-18.20.04-10-300x225.jpeg"},"large":{"file":"WhatsApp-Image-2026-01-22-at-18.20.04-10-1024x768.jpeg","width":1024,"height":768,"mime-type":"image\/jpeg","url":"https:\/\/www.studioimmobiliarefarina.eu\/wp-content\/uploads\/2026\/01\/WhatsApp-Image-2026-01-22-at-18.20.04-10-1024x768.jpeg"},"post-featured-image":{"file":"WhatsApp-Image-2026-01-22-at-18.20.04-10-1240x720.jpeg","width":1240,"height":720,"mime-type":"image\/jpeg","url":"https:\/\/www.studioimmobiliarefarina.eu\/wp-content\/uploads\/2026\/01\/WhatsApp-Image-2026-01-22-at-18.20.04-10-1240x720.jpeg"}},"image_meta":{"aperture":"0","credit":"","camera":"","caption":"","created_timestamp":"0","copyright":"","focal_length":"0","iso":"0","shutter_speed":"0","title":"","orientation":"0","keywords":[]},"ID":"63278","name":"WhatsApp-Image-2026-01-22-at-18.20.04-10.jpeg","path":"\/srv\/www\/studioimmobiliarefarina.eu\/wp-content\/uploads\/2026\/01\/WhatsApp-Image-2026-01-22-at-18.20.04-10.jpeg","url":"https:\/\/www.studioimmobiliarefarina.eu\/wp-content\/uploads\/2026\/01\/WhatsApp-Image-2026-01-22-at-18.20.04-10-150x150.jpeg","full_url":"https:\/\/www.studioimmobiliarefarina.eu\/wp-content\/uploads\/2026\/01\/WhatsApp-Image-2026-01-22-at-18.20.04-10.jpeg","title":"WhatsApp Image 2026-01-22 at 18.20.04 (10)","caption":"","description":"","alt":"","srcset":false},{"width":150,"height":150,"file":"2026\/01\/WhatsApp-Image-2026-01-22-at-18.20.03.jpeg","filesize":395511,"sizes":{"thumbnail":{"file":"WhatsApp-Image-2026-01-22-at-18.20.03-150x150.jpeg","width":150,"height":150,"mime-type":"image\/jpeg","url":"https:\/\/www.studioimmobiliarefarina.eu\/wp-content\/uploads\/2026\/01\/WhatsApp-Image-2026-01-22-at-18.20.03-150x150.jpeg"},"medium":{"file":"WhatsApp-Image-2026-01-22-at-18.20.03-300x225.jpeg","width":300,"height":225,"mime-type":"image\/jpeg","url":"https:\/\/www.studioimmobiliarefarina.eu\/wp-content\/uploads\/2026\/01\/WhatsApp-Image-2026-01-22-at-18.20.03-300x225.jpeg"},"large":{"file":"WhatsApp-Image-2026-01-22-at-18.20.03-1024x768.jpeg","width":1024,"height":768,"mime-type":"image\/jpeg","url":"https:\/\/www.studioimmobiliarefarina.eu\/wp-content\/uploads\/2026\/01\/WhatsApp-Image-2026-01-22-at-18.20.03-1024x768.jpeg"},"post-featured-image":{"file":"WhatsApp-Image-2026-01-22-at-18.20.03-1240x720.jpeg","width":1240,"height":720,"mime-type":"image\/jpeg","url":"https:\/\/www.studioimmobiliarefarina.eu\/wp-content\/uploads\/2026\/01\/WhatsApp-Image-2026-01-22-at-18.20.03-1240x720.jpeg"},"property-thumb-image":{"file":"WhatsApp-Image-2026-01-22-at-18.20.03-488x326.jpeg","width":488,"height":326,"mime-type":"image\/jpeg","url":"https:\/\/www.studioimmobiliarefarina.eu\/wp-content\/uploads\/2026\/01\/WhatsApp-Image-2026-01-22-at-18.20.03-488x326.jpeg"},"modern-property-child-slider":{"file":"WhatsApp-Image-2026-01-22-at-18.20.03-680x510.jpeg","width":680,"height":510,"mime-type":"image\/jpeg","url":"https:\/\/www.studioimmobiliarefarina.eu\/wp-content\/uploads\/2026\/01\/WhatsApp-Image-2026-01-22-at-18.20.03-680x510.jpeg"},"post-thumbnail":{"file":"WhatsApp-Image-2026-01-22-at-18.20.03-150x113.jpeg","width":150,"height":113,"mime-type":"image\/jpeg","url":"https:\/\/www.studioimmobiliarefarina.eu\/wp-content\/uploads\/2026\/01\/WhatsApp-Image-2026-01-22-at-18.20.03-150x113.jpeg"},"property-detail-video-image":{"file":"WhatsApp-Image-2026-01-22-at-18.20.03-818x417.jpeg","width":818,"height":417,"mime-type":"image\/jpeg","url":"https:\/\/www.studioimmobiliarefarina.eu\/wp-content\/uploads\/2026\/01\/WhatsApp-Image-2026-01-22-at-18.20.03-818x417.jpeg"}},"image_meta":{"aperture":"0","credit":"","camera":"","caption":"","created_timestamp":"0","copyright":"","focal_length":"0","iso":"0","shutter_speed":"0","title":"","orientation":"0","keywords":[]},"ID":"63268","name":"WhatsApp-Image-2026-01-22-at-18.20.03.jpeg","path":"\/srv\/www\/studioimmobiliarefarina.eu\/wp-content\/uploads\/2026\/01\/WhatsApp-Image-2026-01-22-at-18.20.03.jpeg","url":"https:\/\/www.studioimmobiliarefarina.eu\/wp-content\/uploads\/2026\/01\/WhatsApp-Image-2026-01-22-at-18.20.03-150x150.jpeg","full_url":"https:\/\/www.studioimmobiliarefarina.eu\/wp-content\/uploads\/2026\/01\/WhatsApp-Image-2026-01-22-at-18.20.03.jpeg","title":"WhatsApp Image 2026-01-22 at 18.20.03","caption":"","description":"","alt":"","srcset":false},{"width":150,"height":150,"file":"2026\/01\/WhatsApp-Image-2026-01-22-at-18.20.02-7.jpeg","filesize":330720,"sizes":{"thumbnail":{"file":"WhatsApp-Image-2026-01-22-at-18.20.02-7-150x150.jpeg","width":150,"height":150,"mime-type":"image\/jpeg","url":"https:\/\/www.studioimmobiliarefarina.eu\/wp-content\/uploads\/2026\/01\/WhatsApp-Image-2026-01-22-at-18.20.02-7-150x150.jpeg"},"medium":{"file":"WhatsApp-Image-2026-01-22-at-18.20.02-7-300x225.jpeg","width":300,"height":225,"mime-type":"image\/jpeg","url":"https:\/\/www.studioimmobiliarefarina.eu\/wp-content\/uploads\/2026\/01\/WhatsApp-Image-2026-01-22-at-18.20.02-7-300x225.jpeg"},"large":{"file":"WhatsApp-Image-2026-01-22-at-18.20.02-7-1024x768.jpeg","width":1024,"height":768,"mime-type":"image\/jpeg","url":"https:\/\/www.studioimmobiliarefarina.eu\/wp-content\/uploads\/2026\/01\/WhatsApp-Image-2026-01-22-at-18.20.02-7-1024x768.jpeg"},"post-featured-image":{"file":"WhatsApp-Image-2026-01-22-at-18.20.02-7-1240x720.jpeg","width":1240,"height":720,"mime-type":"image\/jpeg","url":"https:\/\/www.studioimmobiliarefarina.eu\/wp-content\/uploads\/2026\/01\/WhatsApp-Image-2026-01-22-at-18.20.02-7-1240x720.jpeg"}},"image_meta":{"aperture":"0","credit":"","camera":"","caption":"","created_timestamp":"0","copyright":"","focal_length":"0","iso":"0","shutter_speed":"0","title":"","orientation":"0","keywords":[]},"ID":"63257","name":"WhatsApp-Image-2026-01-22-at-18.20.02-7.jpeg","path":"\/srv\/www\/studioimmobiliarefarina.eu\/wp-content\/uploads\/2026\/01\/WhatsApp-Image-2026-01-22-at-18.20.02-7.jpeg","url":"https:\/\/www.studioimmobiliarefarina.eu\/wp-content\/uploads\/2026\/01\/WhatsApp-Image-2026-01-22-at-18.20.02-7-150x150.jpeg","full_url":"https:\/\/www.studioimmobiliarefarina.eu\/wp-content\/uploads\/2026\/01\/WhatsApp-Image-2026-01-22-at-18.20.02-7.jpeg","title":"WhatsApp Image 2026-01-22 at 18.20.02 (7)","caption":"","description":"","alt":"","srcset":false},{"width":150,"height":150,"file":"2026\/01\/WhatsApp-Image-2026-01-22-at-18.20.04-6.jpeg","filesize":270198,"sizes":{"thumbnail":{"file":"WhatsApp-Image-2026-01-22-at-18.20.04-6-150x150.jpeg","width":150,"height":150,"mime-type":"image\/jpeg","url":"https:\/\/www.studioimmobiliarefarina.eu\/wp-content\/uploads\/2026\/01\/WhatsApp-Image-2026-01-22-at-18.20.04-6-150x150.jpeg"},"medium":{"file":"WhatsApp-Image-2026-01-22-at-18.20.04-6-300x225.jpeg","width":300,"height":225,"mime-type":"image\/jpeg","url":"https:\/\/www.studioimmobiliarefarina.eu\/wp-content\/uploads\/2026\/01\/WhatsApp-Image-2026-01-22-at-18.20.04-6-300x225.jpeg"},"large":{"file":"WhatsApp-Image-2026-01-22-at-18.20.04-6-1024x768.jpeg","width":1024,"height":768,"mime-type":"image\/jpeg","url":"https:\/\/www.studioimmobiliarefarina.eu\/wp-content\/uploads\/2026\/01\/WhatsApp-Image-2026-01-22-at-18.20.04-6-1024x768.jpeg"},"post-featured-image":{"file":"WhatsApp-Image-2026-01-22-at-18.20.04-6-1240x720.jpeg","width":1240,"height":720,"mime-type":"image\/jpeg","url":"https:\/\/www.studioimmobiliarefarina.eu\/wp-content\/uploads\/2026\/01\/WhatsApp-Image-2026-01-22-at-18.20.04-6-1240x720.jpeg"}},"image_meta":{"aperture":"0","credit":"","camera":"","caption":"","created_timestamp":"0","copyright":"","focal_length":"0","iso":"0","shutter_speed":"0","title":"","orientation":"0","keywords":[]},"ID":"63274","name":"WhatsApp-Image-2026-01-22-at-18.20.04-6.jpeg","path":"\/srv\/www\/studioimmobiliarefarina.eu\/wp-content\/uploads\/2026\/01\/WhatsApp-Image-2026-01-22-at-18.20.04-6.jpeg","url":"https:\/\/www.studioimmobiliarefarina.eu\/wp-content\/uploads\/2026\/01\/WhatsApp-Image-2026-01-22-at-18.20.04-6-150x150.jpeg","full_url":"https:\/\/www.studioimmobiliarefarina.eu\/wp-content\/uploads\/2026\/01\/WhatsApp-Image-2026-01-22-at-18.20.04-6.jpeg","title":"WhatsApp Image 2026-01-22 at 18.20.04 (6)","caption":"","description":"","alt":"","srcset":false},{"width":150,"height":150,"file":"2026\/01\/WhatsApp-Image-2026-01-22-at-18.20.04-5.jpeg","filesize":108396,"sizes":{"thumbnail":{"file":"WhatsApp-Image-2026-01-22-at-18.20.04-5-150x150.jpeg","width":150,"height":150,"mime-type":"image\/jpeg","url":"https:\/\/www.studioimmobiliarefarina.eu\/wp-content\/uploads\/2026\/01\/WhatsApp-Image-2026-01-22-at-18.20.04-5-150x150.jpeg"},"medium":{"file":"WhatsApp-Image-2026-01-22-at-18.20.04-5-300x225.jpeg","width":300,"height":225,"mime-type":"image\/jpeg","url":"https:\/\/www.studioimmobiliarefarina.eu\/wp-content\/uploads\/2026\/01\/WhatsApp-Image-2026-01-22-at-18.20.04-5-300x225.jpeg"},"large":{"file":"WhatsApp-Image-2026-01-22-at-18.20.04-5-1024x768.jpeg","width":1024,"height":768,"mime-type":"image\/jpeg","url":"https:\/\/www.studioimmobiliarefarina.eu\/wp-content\/uploads\/2026\/01\/WhatsApp-Image-2026-01-22-at-18.20.04-5-1024x768.jpeg"},"post-featured-image":{"file":"WhatsApp-Image-2026-01-22-at-18.20.04-5-1240x720.jpeg","width":1240,"height":720,"mime-type":"image\/jpeg","url":"https:\/\/www.studioimmobiliarefarina.eu\/wp-content\/uploads\/2026\/01\/WhatsApp-Image-2026-01-22-at-18.20.04-5-1240x720.jpeg"}},"image_meta":{"aperture":"0","credit":"","camera":"","caption":"","created_timestamp":"0","copyright":"","focal_length":"0","iso":"0","shutter_speed":"0","title":"","orientation":"0","keywords":[]},"ID":"63273","name":"WhatsApp-Image-2026-01-22-at-18.20.04-5.jpeg","path":"\/srv\/www\/studioimmobiliarefarina.eu\/wp-content\/uploads\/2026\/01\/WhatsApp-Image-2026-01-22-at-18.20.04-5.jpeg","url":"https:\/\/www.studioimmobiliarefarina.eu\/wp-content\/uploads\/2026\/01\/WhatsApp-Image-2026-01-22-at-18.20.04-5-150x150.jpeg","full_url":"https:\/\/www.studioimmobiliarefarina.eu\/wp-content\/uploads\/2026\/01\/WhatsApp-Image-2026-01-22-at-18.20.04-5.jpeg","title":"WhatsApp Image 2026-01-22 at 18.20.04 (5)","caption":"","description":"","alt":"","srcset":false},{"width":150,"height":150,"file":"2026\/01\/WhatsApp-Image-2026-01-22-at-18.20.04-9.jpeg","filesize":112064,"sizes":{"thumbnail":{"file":"WhatsApp-Image-2026-01-22-at-18.20.04-9-150x150.jpeg","width":150,"height":150,"mime-type":"image\/jpeg","url":"https:\/\/www.studioimmobiliarefarina.eu\/wp-content\/uploads\/2026\/01\/WhatsApp-Image-2026-01-22-at-18.20.04-9-150x150.jpeg"},"medium":{"file":"WhatsApp-Image-2026-01-22-at-18.20.04-9-300x225.jpeg","width":300,"height":225,"mime-type":"image\/jpeg","url":"https:\/\/www.studioimmobiliarefarina.eu\/wp-content\/uploads\/2026\/01\/WhatsApp-Image-2026-01-22-at-18.20.04-9-300x225.jpeg"},"large":{"file":"WhatsApp-Image-2026-01-22-at-18.20.04-9-1024x768.jpeg","width":1024,"height":768,"mime-type":"image\/jpeg","url":"https:\/\/www.studioimmobiliarefarina.eu\/wp-content\/uploads\/2026\/01\/WhatsApp-Image-2026-01-22-at-18.20.04-9-1024x768.jpeg"},"post-featured-image":{"file":"WhatsApp-Image-2026-01-22-at-18.20.04-9-1240x720.jpeg","width":1240,"height":720,"mime-type":"image\/jpeg","url":"https:\/\/www.studioimmobiliarefarina.eu\/wp-content\/uploads\/2026\/01\/WhatsApp-Image-2026-01-22-at-18.20.04-9-1240x720.jpeg"}},"image_meta":{"aperture":"0","credit":"","camera":"","caption":"","created_timestamp":"0","copyright":"","focal_length":"0","iso":"0","shutter_speed":"0","title":"","orientation":"0","keywords":[]},"ID":"63277","name":"WhatsApp-Image-2026-01-22-at-18.20.04-9.jpeg","path":"\/srv\/www\/studioimmobiliarefarina.eu\/wp-content\/uploads\/2026\/01\/WhatsApp-Image-2026-01-22-at-18.20.04-9.jpeg","url":"https:\/\/www.studioimmobiliarefarina.eu\/wp-content\/uploads\/2026\/01\/WhatsApp-Image-2026-01-22-at-18.20.04-9-150x150.jpeg","full_url":"https:\/\/www.studioimmobiliarefarina.eu\/wp-content\/uploads\/2026\/01\/WhatsApp-Image-2026-01-22-at-18.20.04-9.jpeg","title":"WhatsApp Image 2026-01-22 at 18.20.04 (9)","caption":"","description":"","alt":"","srcset":false},{"width":150,"height":150,"file":"2026\/01\/WhatsApp-Image-2026-01-22-at-18.20.02.jpeg","filesize":402844,"sizes":{"thumbnail":{"file":"WhatsApp-Image-2026-01-22-at-18.20.02-150x150.jpeg","width":150,"height":150,"mime-type":"image\/jpeg","url":"https:\/\/www.studioimmobiliarefarina.eu\/wp-content\/uploads\/2026\/01\/WhatsApp-Image-2026-01-22-at-18.20.02-150x150.jpeg"},"medium":{"file":"WhatsApp-Image-2026-01-22-at-18.20.02-300x225.jpeg","width":300,"height":225,"mime-type":"image\/jpeg","url":"https:\/\/www.studioimmobiliarefarina.eu\/wp-content\/uploads\/2026\/01\/WhatsApp-Image-2026-01-22-at-18.20.02-300x225.jpeg"},"large":{"file":"WhatsApp-Image-2026-01-22-at-18.20.02-1024x768.jpeg","width":1024,"height":768,"mime-type":"image\/jpeg","url":"https:\/\/www.studioimmobiliarefarina.eu\/wp-content\/uploads\/2026\/01\/WhatsApp-Image-2026-01-22-at-18.20.02-1024x768.jpeg"},"post-featured-image":{"file":"WhatsApp-Image-2026-01-22-at-18.20.02-1240x720.jpeg","width":1240,"height":720,"mime-type":"image\/jpeg","url":"https:\/\/www.studioimmobiliarefarina.eu\/wp-content\/uploads\/2026\/01\/WhatsApp-Image-2026-01-22-at-18.20.02-1240x720.jpeg"}},"image_meta":{"aperture":"0","credit":"","camera":"","caption":"","created_timestamp":"0","copyright":"","focal_length":"0","iso":"0","shutter_speed":"0","title":"","orientation":"0","keywords":[]},"ID":"63259","name":"WhatsApp-Image-2026-01-22-at-18.20.02.jpeg","path":"\/srv\/www\/studioimmobiliarefarina.eu\/wp-content\/uploads\/2026\/01\/WhatsApp-Image-2026-01-22-at-18.20.02.jpeg","url":"https:\/\/www.studioimmobiliarefarina.eu\/wp-content\/uploads\/2026\/01\/WhatsApp-Image-2026-01-22-at-18.20.02-150x150.jpeg","full_url":"https:\/\/www.studioimmobiliarefarina.eu\/wp-content\/uploads\/2026\/01\/WhatsApp-Image-2026-01-22-at-18.20.02.jpeg","title":"WhatsApp Image 2026-01-22 at 18.20.02","caption":"","description":"","alt":"","srcset":false},{"width":150,"height":150,"file":"2026\/01\/WhatsApp-Image-2026-01-22-at-18.20.04-3.jpeg","filesize":112615,"sizes":{"thumbnail":{"file":"WhatsApp-Image-2026-01-22-at-18.20.04-3-150x150.jpeg","width":150,"height":150,"mime-type":"image\/jpeg","url":"https:\/\/www.studioimmobiliarefarina.eu\/wp-content\/uploads\/2026\/01\/WhatsApp-Image-2026-01-22-at-18.20.04-3-150x150.jpeg"},"medium":{"file":"WhatsApp-Image-2026-01-22-at-18.20.04-3-300x225.jpeg","width":300,"height":225,"mime-type":"image\/jpeg","url":"https:\/\/www.studioimmobiliarefarina.eu\/wp-content\/uploads\/2026\/01\/WhatsApp-Image-2026-01-22-at-18.20.04-3-300x225.jpeg"},"large":{"file":"WhatsApp-Image-2026-01-22-at-18.20.04-3-1024x768.jpeg","width":1024,"height":768,"mime-type":"image\/jpeg","url":"https:\/\/www.studioimmobiliarefarina.eu\/wp-content\/uploads\/2026\/01\/WhatsApp-Image-2026-01-22-at-18.20.04-3-1024x768.jpeg"},"post-featured-image":{"file":"WhatsApp-Image-2026-01-22-at-18.20.04-3-1240x720.jpeg","width":1240,"height":720,"mime-type":"image\/jpeg","url":"https:\/\/www.studioimmobiliarefarina.eu\/wp-content\/uploads\/2026\/01\/WhatsApp-Image-2026-01-22-at-18.20.04-3-1240x720.jpeg"}},"image_meta":{"aperture":"0","credit":"","camera":"","caption":"","created_timestamp":"0","copyright":"","focal_length":"0","iso":"0","shutter_speed":"0","title":"","orientation":"0","keywords":[]},"ID":"63271","name":"WhatsApp-Image-2026-01-22-at-18.20.04-3.jpeg","path":"\/srv\/www\/studioimmobiliarefarina.eu\/wp-content\/uploads\/2026\/01\/WhatsApp-Image-2026-01-22-at-18.20.04-3.jpeg","url":"https:\/\/www.studioimmobiliarefarina.eu\/wp-content\/uploads\/2026\/01\/WhatsApp-Image-2026-01-22-at-18.20.04-3-150x150.jpeg","full_url":"https:\/\/www.studioimmobiliarefarina.eu\/wp-content\/uploads\/2026\/01\/WhatsApp-Image-2026-01-22-at-18.20.04-3.jpeg","title":"WhatsApp Image 2026-01-22 at 18.20.04 (3)","caption":"","description":"","alt":"","srcset":false},{"width":150,"height":150,"file":"2026\/01\/WhatsApp-Image-2026-01-22-at-18.20.03-2.jpeg","filesize":81750,"sizes":{"thumbnail":{"file":"WhatsApp-Image-2026-01-22-at-18.20.03-2-150x150.jpeg","width":150,"height":150,"mime-type":"image\/jpeg","url":"https:\/\/www.studioimmobiliarefarina.eu\/wp-content\/uploads\/2026\/01\/WhatsApp-Image-2026-01-22-at-18.20.03-2-150x150.jpeg"},"medium":{"file":"WhatsApp-Image-2026-01-22-at-18.20.03-2-300x225.jpeg","width":300,"height":225,"mime-type":"image\/jpeg","url":"https:\/\/www.studioimmobiliarefarina.eu\/wp-content\/uploads\/2026\/01\/WhatsApp-Image-2026-01-22-at-18.20.03-2-300x225.jpeg"},"large":{"file":"WhatsApp-Image-2026-01-22-at-18.20.03-2-1024x768.jpeg","width":1024,"height":768,"mime-type":"image\/jpeg","url":"https:\/\/www.studioimmobiliarefarina.eu\/wp-content\/uploads\/2026\/01\/WhatsApp-Image-2026-01-22-at-18.20.03-2-1024x768.jpeg"},"post-featured-image":{"file":"WhatsApp-Image-2026-01-22-at-18.20.03-2-1240x720.jpeg","width":1240,"height":720,"mime-type":"image\/jpeg","url":"https:\/\/www.studioimmobiliarefarina.eu\/wp-content\/uploads\/2026\/01\/WhatsApp-Image-2026-01-22-at-18.20.03-2-1240x720.jpeg"}},"image_meta":{"aperture":"0","credit":"","camera":"","caption":"","created_timestamp":"0","copyright":"","focal_length":"0","iso":"0","shutter_speed":"0","title":"","orientation":"0","keywords":[]},"ID":"63261","name":"WhatsApp-Image-2026-01-22-at-18.20.03-2.jpeg","path":"\/srv\/www\/studioimmobiliarefarina.eu\/wp-content\/uploads\/2026\/01\/WhatsApp-Image-2026-01-22-at-18.20.03-2.jpeg","url":"https:\/\/www.studioimmobiliarefarina.eu\/wp-content\/uploads\/2026\/01\/WhatsApp-Image-2026-01-22-at-18.20.03-2-150x150.jpeg","full_url":"https:\/\/www.studioimmobiliarefarina.eu\/wp-content\/uploads\/2026\/01\/WhatsApp-Image-2026-01-22-at-18.20.03-2.jpeg","title":"WhatsApp Image 2026-01-22 at 18.20.03 (2)","caption":"","description":"","alt":"","srcset":false},{"width":150,"height":150,"file":"2026\/01\/WhatsApp-Image-2026-01-22-at-18.20.03-1.jpeg","filesize":85851,"sizes":{"thumbnail":{"file":"WhatsApp-Image-2026-01-22-at-18.20.03-1-150x150.jpeg","width":150,"height":150,"mime-type":"image\/jpeg","url":"https:\/\/www.studioimmobiliarefarina.eu\/wp-content\/uploads\/2026\/01\/WhatsApp-Image-2026-01-22-at-18.20.03-1-150x150.jpeg"},"medium":{"file":"WhatsApp-Image-2026-01-22-at-18.20.03-1-225x300.jpeg","width":225,"height":300,"mime-type":"image\/jpeg","url":"https:\/\/www.studioimmobiliarefarina.eu\/wp-content\/uploads\/2026\/01\/WhatsApp-Image-2026-01-22-at-18.20.03-1-225x300.jpeg"},"large":{"file":"WhatsApp-Image-2026-01-22-at-18.20.03-1-768x1024.jpeg","width":768,"height":1024,"mime-type":"image\/jpeg","url":"https:\/\/www.studioimmobiliarefarina.eu\/wp-content\/uploads\/2026\/01\/WhatsApp-Image-2026-01-22-at-18.20.03-1-768x1024.jpeg"},"post-featured-image":{"file":"WhatsApp-Image-2026-01-22-at-18.20.03-1-960x720.jpeg","width":960,"height":720,"mime-type":"image\/jpeg","url":"https:\/\/www.studioimmobiliarefarina.eu\/wp-content\/uploads\/2026\/01\/WhatsApp-Image-2026-01-22-at-18.20.03-1-960x720.jpeg"}},"image_meta":{"aperture":"0","credit":"","camera":"","caption":"","created_timestamp":"0","copyright":"","focal_length":"0","iso":"0","shutter_speed":"0","title":"","orientation":"0","keywords":[]},"ID":"63260","name":"WhatsApp-Image-2026-01-22-at-18.20.03-1.jpeg","path":"\/srv\/www\/studioimmobiliarefarina.eu\/wp-content\/uploads\/2026\/01\/WhatsApp-Image-2026-01-22-at-18.20.03-1.jpeg","url":"https:\/\/www.studioimmobiliarefarina.eu\/wp-content\/uploads\/2026\/01\/WhatsApp-Image-2026-01-22-at-18.20.03-1-150x150.jpeg","full_url":"https:\/\/www.studioimmobiliarefarina.eu\/wp-content\/uploads\/2026\/01\/WhatsApp-Image-2026-01-22-at-18.20.03-1.jpeg","title":"WhatsApp Image 2026-01-22 at 18.20.03 (1)","caption":"","description":"","alt":"","srcset":false},{"width":150,"height":150,"file":"2026\/01\/WhatsApp-Image-2026-01-22-at-18.20.04-2.jpeg","filesize":129107,"sizes":{"thumbnail":{"file":"WhatsApp-Image-2026-01-22-at-18.20.04-2-150x150.jpeg","width":150,"height":150,"mime-type":"image\/jpeg","url":"https:\/\/www.studioimmobiliarefarina.eu\/wp-content\/uploads\/2026\/01\/WhatsApp-Image-2026-01-22-at-18.20.04-2-150x150.jpeg"},"medium":{"file":"WhatsApp-Image-2026-01-22-at-18.20.04-2-300x225.jpeg","width":300,"height":225,"mime-type":"image\/jpeg","url":"https:\/\/www.studioimmobiliarefarina.eu\/wp-content\/uploads\/2026\/01\/WhatsApp-Image-2026-01-22-at-18.20.04-2-300x225.jpeg"},"large":{"file":"WhatsApp-Image-2026-01-22-at-18.20.04-2-1024x768.jpeg","width":1024,"height":768,"mime-type":"image\/jpeg","url":"https:\/\/www.studioimmobiliarefarina.eu\/wp-content\/uploads\/2026\/01\/WhatsApp-Image-2026-01-22-at-18.20.04-2-1024x768.jpeg"},"post-featured-image":{"file":"WhatsApp-Image-2026-01-22-at-18.20.04-2-1240x720.jpeg","width":1240,"height":720,"mime-type":"image\/jpeg","url":"https:\/\/www.studioimmobiliarefarina.eu\/wp-content\/uploads\/2026\/01\/WhatsApp-Image-2026-01-22-at-18.20.04-2-1240x720.jpeg"}},"image_meta":{"aperture":"0","credit":"","camera":"","caption":"","created_timestamp":"0","copyright":"","focal_length":"0","iso":"0","shutter_speed":"0","title":"","orientation":"0","keywords":[]},"ID":"63270","name":"WhatsApp-Image-2026-01-22-at-18.20.04-2.jpeg","path":"\/srv\/www\/studioimmobiliarefarina.eu\/wp-content\/uploads\/2026\/01\/WhatsApp-Image-2026-01-22-at-18.20.04-2.jpeg","url":"https:\/\/www.studioimmobiliarefarina.eu\/wp-content\/uploads\/2026\/01\/WhatsApp-Image-2026-01-22-at-18.20.04-2-150x150.jpeg","full_url":"https:\/\/www.studioimmobiliarefarina.eu\/wp-content\/uploads\/2026\/01\/WhatsApp-Image-2026-01-22-at-18.20.04-2.jpeg","title":"WhatsApp Image 2026-01-22 at 18.20.04 (2)","caption":"","description":"","alt":"","srcset":false},{"width":150,"height":150,"file":"2026\/01\/WhatsApp-Image-2026-01-22-at-18.20.04-1.jpeg","filesize":92163,"sizes":{"thumbnail":{"file":"WhatsApp-Image-2026-01-22-at-18.20.04-1-150x150.jpeg","width":150,"height":150,"mime-type":"image\/jpeg","url":"https:\/\/www.studioimmobiliarefarina.eu\/wp-content\/uploads\/2026\/01\/WhatsApp-Image-2026-01-22-at-18.20.04-1-150x150.jpeg"},"medium":{"file":"WhatsApp-Image-2026-01-22-at-18.20.04-1-300x225.jpeg","width":300,"height":225,"mime-type":"image\/jpeg","url":"https:\/\/www.studioimmobiliarefarina.eu\/wp-content\/uploads\/2026\/01\/WhatsApp-Image-2026-01-22-at-18.20.04-1-300x225.jpeg"},"large":{"file":"WhatsApp-Image-2026-01-22-at-18.20.04-1-1024x768.jpeg","width":1024,"height":768,"mime-type":"image\/jpeg","url":"https:\/\/www.studioimmobiliarefarina.eu\/wp-content\/uploads\/2026\/01\/WhatsApp-Image-2026-01-22-at-18.20.04-1-1024x768.jpeg"},"post-featured-image":{"file":"WhatsApp-Image-2026-01-22-at-18.20.04-1-1240x720.jpeg","width":1240,"height":720,"mime-type":"image\/jpeg","url":"https:\/\/www.studioimmobiliarefarina.eu\/wp-content\/uploads\/2026\/01\/WhatsApp-Image-2026-01-22-at-18.20.04-1-1240x720.jpeg"}},"image_meta":{"aperture":"0","credit":"","camera":"","caption":"","created_timestamp":"0","copyright":"","focal_length":"0","iso":"0","shutter_speed":"0","title":"","orientation":"0","keywords":[]},"ID":"63269","name":"WhatsApp-Image-2026-01-22-at-18.20.04-1.jpeg","path":"\/srv\/www\/studioimmobiliarefarina.eu\/wp-content\/uploads\/2026\/01\/WhatsApp-Image-2026-01-22-at-18.20.04-1.jpeg","url":"https:\/\/www.studioimmobiliarefarina.eu\/wp-content\/uploads\/2026\/01\/WhatsApp-Image-2026-01-22-at-18.20.04-1-150x150.jpeg","full_url":"https:\/\/www.studioimmobiliarefarina.eu\/wp-content\/uploads\/2026\/01\/WhatsApp-Image-2026-01-22-at-18.20.04-1.jpeg","title":"WhatsApp Image 2026-01-22 at 18.20.04 (1)","caption":"","description":"","alt":"","srcset":false},{"width":150,"height":150,"file":"2026\/01\/WhatsApp-Image-2026-01-22-at-18.20.03-4.jpeg","filesize":92167,"sizes":{"thumbnail":{"file":"WhatsApp-Image-2026-01-22-at-18.20.03-4-150x150.jpeg","width":150,"height":150,"mime-type":"image\/jpeg","url":"https:\/\/www.studioimmobiliarefarina.eu\/wp-content\/uploads\/2026\/01\/WhatsApp-Image-2026-01-22-at-18.20.03-4-150x150.jpeg"},"medium":{"file":"WhatsApp-Image-2026-01-22-at-18.20.03-4-300x225.jpeg","width":300,"height":225,"mime-type":"image\/jpeg","url":"https:\/\/www.studioimmobiliarefarina.eu\/wp-content\/uploads\/2026\/01\/WhatsApp-Image-2026-01-22-at-18.20.03-4-300x225.jpeg"},"large":{"file":"WhatsApp-Image-2026-01-22-at-18.20.03-4-1024x768.jpeg","width":1024,"height":768,"mime-type":"image\/jpeg","url":"https:\/\/www.studioimmobiliarefarina.eu\/wp-content\/uploads\/2026\/01\/WhatsApp-Image-2026-01-22-at-18.20.03-4-1024x768.jpeg"},"post-featured-image":{"file":"WhatsApp-Image-2026-01-22-at-18.20.03-4-1240x720.jpeg","width":1240,"height":720,"mime-type":"image\/jpeg","url":"https:\/\/www.studioimmobiliarefarina.eu\/wp-content\/uploads\/2026\/01\/WhatsApp-Image-2026-01-22-at-18.20.03-4-1240x720.jpeg"}},"image_meta":{"aperture":"0","credit":"","camera":"","caption":"","created_timestamp":"0","copyright":"","focal_length":"0","iso":"0","shutter_speed":"0","title":"","orientation":"0","keywords":[]},"ID":"63263","name":"WhatsApp-Image-2026-01-22-at-18.20.03-4.jpeg","path":"\/srv\/www\/studioimmobiliarefarina.eu\/wp-content\/uploads\/2026\/01\/WhatsApp-Image-2026-01-22-at-18.20.03-4.jpeg","url":"https:\/\/www.studioimmobiliarefarina.eu\/wp-content\/uploads\/2026\/01\/WhatsApp-Image-2026-01-22-at-18.20.03-4-150x150.jpeg","full_url":"https:\/\/www.studioimmobiliarefarina.eu\/wp-content\/uploads\/2026\/01\/WhatsApp-Image-2026-01-22-at-18.20.03-4.jpeg","title":"WhatsApp Image 2026-01-22 at 18.20.03 (4)","caption":"","description":"","alt":"","srcset":false},{"width":150,"height":150,"file":"2026\/01\/WhatsApp-Image-2026-01-22-at-18.20.02-3.jpeg","filesize":390572,"sizes":{"thumbnail":{"file":"WhatsApp-Image-2026-01-22-at-18.20.02-3-150x150.jpeg","width":150,"height":150,"mime-type":"image\/jpeg","url":"https:\/\/www.studioimmobiliarefarina.eu\/wp-content\/uploads\/2026\/01\/WhatsApp-Image-2026-01-22-at-18.20.02-3-150x150.jpeg"},"medium":{"file":"WhatsApp-Image-2026-01-22-at-18.20.02-3-300x225.jpeg","width":300,"height":225,"mime-type":"image\/jpeg","url":"https:\/\/www.studioimmobiliarefarina.eu\/wp-content\/uploads\/2026\/01\/WhatsApp-Image-2026-01-22-at-18.20.02-3-300x225.jpeg"},"large":{"file":"WhatsApp-Image-2026-01-22-at-18.20.02-3-1024x768.jpeg","width":1024,"height":768,"mime-type":"image\/jpeg","url":"https:\/\/www.studioimmobiliarefarina.eu\/wp-content\/uploads\/2026\/01\/WhatsApp-Image-2026-01-22-at-18.20.02-3-1024x768.jpeg"},"post-featured-image":{"file":"WhatsApp-Image-2026-01-22-at-18.20.02-3-1240x720.jpeg","width":1240,"height":720,"mime-type":"image\/jpeg","url":"https:\/\/www.studioimmobiliarefarina.eu\/wp-content\/uploads\/2026\/01\/WhatsApp-Image-2026-01-22-at-18.20.02-3-1240x720.jpeg"}},"image_meta":{"aperture":"0","credit":"","camera":"","caption":"","created_timestamp":"0","copyright":"","focal_length":"0","iso":"0","shutter_speed":"0","title":"","orientation":"0","keywords":[]},"ID":"63253","name":"WhatsApp-Image-2026-01-22-at-18.20.02-3.jpeg","path":"\/srv\/www\/studioimmobiliarefarina.eu\/wp-content\/uploads\/2026\/01\/WhatsApp-Image-2026-01-22-at-18.20.02-3.jpeg","url":"https:\/\/www.studioimmobiliarefarina.eu\/wp-content\/uploads\/2026\/01\/WhatsApp-Image-2026-01-22-at-18.20.02-3-150x150.jpeg","full_url":"https:\/\/www.studioimmobiliarefarina.eu\/wp-content\/uploads\/2026\/01\/WhatsApp-Image-2026-01-22-at-18.20.02-3.jpeg","title":"WhatsApp Image 2026-01-22 at 18.20.02 (3)","caption":"","description":"","alt":"","srcset":false},{"width":150,"height":150,"file":"2026\/01\/WhatsApp-Image-2026-01-22-at-18.20.04.jpeg","filesize":116957,"sizes":{"thumbnail":{"file":"WhatsApp-Image-2026-01-22-at-18.20.04-150x150.jpeg","width":150,"height":150,"mime-type":"image\/jpeg","url":"https:\/\/www.studioimmobiliarefarina.eu\/wp-content\/uploads\/2026\/01\/WhatsApp-Image-2026-01-22-at-18.20.04-150x150.jpeg"},"medium":{"file":"WhatsApp-Image-2026-01-22-at-18.20.04-300x225.jpeg","width":300,"height":225,"mime-type":"image\/jpeg","url":"https:\/\/www.studioimmobiliarefarina.eu\/wp-content\/uploads\/2026\/01\/WhatsApp-Image-2026-01-22-at-18.20.04-300x225.jpeg"},"large":{"file":"WhatsApp-Image-2026-01-22-at-18.20.04-1024x768.jpeg","width":1024,"height":768,"mime-type":"image\/jpeg","url":"https:\/\/www.studioimmobiliarefarina.eu\/wp-content\/uploads\/2026\/01\/WhatsApp-Image-2026-01-22-at-18.20.04-1024x768.jpeg"},"post-featured-image":{"file":"WhatsApp-Image-2026-01-22-at-18.20.04-1240x720.jpeg","width":1240,"height":720,"mime-type":"image\/jpeg","url":"https:\/\/www.studioimmobiliarefarina.eu\/wp-content\/uploads\/2026\/01\/WhatsApp-Image-2026-01-22-at-18.20.04-1240x720.jpeg"}},"image_meta":{"aperture":"0","credit":"","camera":"","caption":"","created_timestamp":"0","copyright":"","focal_length":"0","iso":"0","shutter_speed":"0","title":"","orientation":"0","keywords":[]},"ID":"63279","name":"WhatsApp-Image-2026-01-22-at-18.20.04.jpeg","path":"\/srv\/www\/studioimmobiliarefarina.eu\/wp-content\/uploads\/2026\/01\/WhatsApp-Image-2026-01-22-at-18.20.04.jpeg","url":"https:\/\/www.studioimmobiliarefarina.eu\/wp-content\/uploads\/2026\/01\/WhatsApp-Image-2026-01-22-at-18.20.04-150x150.jpeg","full_url":"https:\/\/www.studioimmobiliarefarina.eu\/wp-content\/uploads\/2026\/01\/WhatsApp-Image-2026-01-22-at-18.20.04.jpeg","title":"WhatsApp Image 2026-01-22 at 18.20.04","caption":"","description":"","alt":"","srcset":false},{"width":150,"height":150,"file":"2026\/01\/WhatsApp-Image-2026-01-22-at-18.20.03-7.jpeg","filesize":71419,"sizes":{"thumbnail":{"file":"WhatsApp-Image-2026-01-22-at-18.20.03-7-150x150.jpeg","width":150,"height":150,"mime-type":"image\/jpeg","url":"https:\/\/www.studioimmobiliarefarina.eu\/wp-content\/uploads\/2026\/01\/WhatsApp-Image-2026-01-22-at-18.20.03-7-150x150.jpeg"},"medium":{"file":"WhatsApp-Image-2026-01-22-at-18.20.03-7-300x225.jpeg","width":300,"height":225,"mime-type":"image\/jpeg","url":"https:\/\/www.studioimmobiliarefarina.eu\/wp-content\/uploads\/2026\/01\/WhatsApp-Image-2026-01-22-at-18.20.03-7-300x225.jpeg"},"large":{"file":"WhatsApp-Image-2026-01-22-at-18.20.03-7-1024x768.jpeg","width":1024,"height":768,"mime-type":"image\/jpeg","url":"https:\/\/www.studioimmobiliarefarina.eu\/wp-content\/uploads\/2026\/01\/WhatsApp-Image-2026-01-22-at-18.20.03-7-1024x768.jpeg"},"post-featured-image":{"file":"WhatsApp-Image-2026-01-22-at-18.20.03-7-1240x720.jpeg","width":1240,"height":720,"mime-type":"image\/jpeg","url":"https:\/\/www.studioimmobiliarefarina.eu\/wp-content\/uploads\/2026\/01\/WhatsApp-Image-2026-01-22-at-18.20.03-7-1240x720.jpeg"}},"image_meta":{"aperture":"0","credit":"","camera":"","caption":"","created_timestamp":"0","copyright":"","focal_length":"0","iso":"0","shutter_speed":"0","title":"","orientation":"0","keywords":[]},"ID":"63266","name":"WhatsApp-Image-2026-01-22-at-18.20.03-7.jpeg","path":"\/srv\/www\/studioimmobiliarefarina.eu\/wp-content\/uploads\/2026\/01\/WhatsApp-Image-2026-01-22-at-18.20.03-7.jpeg","url":"https:\/\/www.studioimmobiliarefarina.eu\/wp-content\/uploads\/2026\/01\/WhatsApp-Image-2026-01-22-at-18.20.03-7-150x150.jpeg","full_url":"https:\/\/www.studioimmobiliarefarina.eu\/wp-content\/uploads\/2026\/01\/WhatsApp-Image-2026-01-22-at-18.20.03-7.jpeg","title":"WhatsApp Image 2026-01-22 at 18.20.03 (7)","caption":"","description":"","alt":"","srcset":false},{"width":150,"height":150,"file":"2026\/01\/WhatsApp-Image-2026-01-22-at-18.20.03-8.jpeg","filesize":93276,"sizes":{"thumbnail":{"file":"WhatsApp-Image-2026-01-22-at-18.20.03-8-150x150.jpeg","width":150,"height":150,"mime-type":"image\/jpeg","url":"https:\/\/www.studioimmobiliarefarina.eu\/wp-content\/uploads\/2026\/01\/WhatsApp-Image-2026-01-22-at-18.20.03-8-150x150.jpeg"},"medium":{"file":"WhatsApp-Image-2026-01-22-at-18.20.03-8-300x225.jpeg","width":300,"height":225,"mime-type":"image\/jpeg","url":"https:\/\/www.studioimmobiliarefarina.eu\/wp-content\/uploads\/2026\/01\/WhatsApp-Image-2026-01-22-at-18.20.03-8-300x225.jpeg"},"large":{"file":"WhatsApp-Image-2026-01-22-at-18.20.03-8-1024x768.jpeg","width":1024,"height":768,"mime-type":"image\/jpeg","url":"https:\/\/www.studioimmobiliarefarina.eu\/wp-content\/uploads\/2026\/01\/WhatsApp-Image-2026-01-22-at-18.20.03-8-1024x768.jpeg"},"post-featured-image":{"file":"WhatsApp-Image-2026-01-22-at-18.20.03-8-1240x720.jpeg","width":1240,"height":720,"mime-type":"image\/jpeg","url":"https:\/\/www.studioimmobiliarefarina.eu\/wp-content\/uploads\/2026\/01\/WhatsApp-Image-2026-01-22-at-18.20.03-8-1240x720.jpeg"}},"image_meta":{"aperture":"0","credit":"","camera":"","caption":"","created_timestamp":"0","copyright":"","focal_length":"0","iso":"0","shutter_speed":"0","title":"","orientation":"0","keywords":[]},"ID":"63267","name":"WhatsApp-Image-2026-01-22-at-18.20.03-8.jpeg","path":"\/srv\/www\/studioimmobiliarefarina.eu\/wp-content\/uploads\/2026\/01\/WhatsApp-Image-2026-01-22-at-18.20.03-8.jpeg","url":"https:\/\/www.studioimmobiliarefarina.eu\/wp-content\/uploads\/2026\/01\/WhatsApp-Image-2026-01-22-at-18.20.03-8-150x150.jpeg","full_url":"https:\/\/www.studioimmobiliarefarina.eu\/wp-content\/uploads\/2026\/01\/WhatsApp-Image-2026-01-22-at-18.20.03-8.jpeg","title":"WhatsApp Image 2026-01-22 at 18.20.03 (8)","caption":"","description":"","alt":"","srcset":false},{"width":150,"height":150,"file":"2026\/01\/WhatsApp-Image-2026-01-22-at-18.20.03-5.jpeg","filesize":290732,"sizes":{"thumbnail":{"file":"WhatsApp-Image-2026-01-22-at-18.20.03-5-150x150.jpeg","width":150,"height":150,"mime-type":"image\/jpeg","url":"https:\/\/www.studioimmobiliarefarina.eu\/wp-content\/uploads\/2026\/01\/WhatsApp-Image-2026-01-22-at-18.20.03-5-150x150.jpeg"},"medium":{"file":"WhatsApp-Image-2026-01-22-at-18.20.03-5-300x225.jpeg","width":300,"height":225,"mime-type":"image\/jpeg","url":"https:\/\/www.studioimmobiliarefarina.eu\/wp-content\/uploads\/2026\/01\/WhatsApp-Image-2026-01-22-at-18.20.03-5-300x225.jpeg"},"large":{"file":"WhatsApp-Image-2026-01-22-at-18.20.03-5-1024x768.jpeg","width":1024,"height":768,"mime-type":"image\/jpeg","url":"https:\/\/www.studioimmobiliarefarina.eu\/wp-content\/uploads\/2026\/01\/WhatsApp-Image-2026-01-22-at-18.20.03-5-1024x768.jpeg"},"post-featured-image":{"file":"WhatsApp-Image-2026-01-22-at-18.20.03-5-1240x720.jpeg","width":1240,"height":720,"mime-type":"image\/jpeg","url":"https:\/\/www.studioimmobiliarefarina.eu\/wp-content\/uploads\/2026\/01\/WhatsApp-Image-2026-01-22-at-18.20.03-5-1240x720.jpeg"}},"image_meta":{"aperture":"0","credit":"","camera":"","caption":"","created_timestamp":"0","copyright":"","focal_length":"0","iso":"0","shutter_speed":"0","title":"","orientation":"0","keywords":[]},"ID":"63264","name":"WhatsApp-Image-2026-01-22-at-18.20.03-5.jpeg","path":"\/srv\/www\/studioimmobiliarefarina.eu\/wp-content\/uploads\/2026\/01\/WhatsApp-Image-2026-01-22-at-18.20.03-5.jpeg","url":"https:\/\/www.studioimmobiliarefarina.eu\/wp-content\/uploads\/2026\/01\/WhatsApp-Image-2026-01-22-at-18.20.03-5-150x150.jpeg","full_url":"https:\/\/www.studioimmobiliarefarina.eu\/wp-content\/uploads\/2026\/01\/WhatsApp-Image-2026-01-22-at-18.20.03-5.jpeg","title":"WhatsApp Image 2026-01-22 at 18.20.03 (5)","caption":"","description":"","alt":"","srcset":false},{"width":150,"height":150,"file":"2026\/01\/WhatsApp-Image-2026-01-22-at-18.20.03-3.jpeg","filesize":323723,"sizes":{"thumbnail":{"file":"WhatsApp-Image-2026-01-22-at-18.20.03-3-150x150.jpeg","width":150,"height":150,"mime-type":"image\/jpeg","url":"https:\/\/www.studioimmobiliarefarina.eu\/wp-content\/uploads\/2026\/01\/WhatsApp-Image-2026-01-22-at-18.20.03-3-150x150.jpeg"},"medium":{"file":"WhatsApp-Image-2026-01-22-at-18.20.03-3-300x225.jpeg","width":300,"height":225,"mime-type":"image\/jpeg","url":"https:\/\/www.studioimmobiliarefarina.eu\/wp-content\/uploads\/2026\/01\/WhatsApp-Image-2026-01-22-at-18.20.03-3-300x225.jpeg"},"large":{"file":"WhatsApp-Image-2026-01-22-at-18.20.03-3-1024x768.jpeg","width":1024,"height":768,"mime-type":"image\/jpeg","url":"https:\/\/www.studioimmobiliarefarina.eu\/wp-content\/uploads\/2026\/01\/WhatsApp-Image-2026-01-22-at-18.20.03-3-1024x768.jpeg"},"post-featured-image":{"file":"WhatsApp-Image-2026-01-22-at-18.20.03-3-1240x720.jpeg","width":1240,"height":720,"mime-type":"image\/jpeg","url":"https:\/\/www.studioimmobiliarefarina.eu\/wp-content\/uploads\/2026\/01\/WhatsApp-Image-2026-01-22-at-18.20.03-3-1240x720.jpeg"}},"image_meta":{"aperture":"0","credit":"","camera":"","caption":"","created_timestamp":"0","copyright":"","focal_length":"0","iso":"0","shutter_speed":"0","title":"","orientation":"0","keywords":[]},"ID":"63262","name":"WhatsApp-Image-2026-01-22-at-18.20.03-3.jpeg","path":"\/srv\/www\/studioimmobiliarefarina.eu\/wp-content\/uploads\/2026\/01\/WhatsApp-Image-2026-01-22-at-18.20.03-3.jpeg","url":"https:\/\/www.studioimmobiliarefarina.eu\/wp-content\/uploads\/2026\/01\/WhatsApp-Image-2026-01-22-at-18.20.03-3-150x150.jpeg","full_url":"https:\/\/www.studioimmobiliarefarina.eu\/wp-content\/uploads\/2026\/01\/WhatsApp-Image-2026-01-22-at-18.20.03-3.jpeg","title":"WhatsApp Image 2026-01-22 at 18.20.03 (3)","caption":"","description":"","alt":"","srcset":false},{"width":150,"height":150,"file":"2026\/01\/WhatsApp-Image-2026-01-22-at-18.20.04-8.jpeg","filesize":274569,"sizes":{"thumbnail":{"file":"WhatsApp-Image-2026-01-22-at-18.20.04-8-150x150.jpeg","width":150,"height":150,"mime-type":"image\/jpeg","url":"https:\/\/www.studioimmobiliarefarina.eu\/wp-content\/uploads\/2026\/01\/WhatsApp-Image-2026-01-22-at-18.20.04-8-150x150.jpeg"},"medium":{"file":"WhatsApp-Image-2026-01-22-at-18.20.04-8-300x225.jpeg","width":300,"height":225,"mime-type":"image\/jpeg","url":"https:\/\/www.studioimmobiliarefarina.eu\/wp-content\/uploads\/2026\/01\/WhatsApp-Image-2026-01-22-at-18.20.04-8-300x225.jpeg"},"large":{"file":"WhatsApp-Image-2026-01-22-at-18.20.04-8-1024x768.jpeg","width":1024,"height":768,"mime-type":"image\/jpeg","url":"https:\/\/www.studioimmobiliarefarina.eu\/wp-content\/uploads\/2026\/01\/WhatsApp-Image-2026-01-22-at-18.20.04-8-1024x768.jpeg"},"post-featured-image":{"file":"WhatsApp-Image-2026-01-22-at-18.20.04-8-1240x720.jpeg","width":1240,"height":720,"mime-type":"image\/jpeg","url":"https:\/\/www.studioimmobiliarefarina.eu\/wp-content\/uploads\/2026\/01\/WhatsApp-Image-2026-01-22-at-18.20.04-8-1240x720.jpeg"}},"image_meta":{"aperture":"0","credit":"","camera":"","caption":"","created_timestamp":"0","copyright":"","focal_length":"0","iso":"0","shutter_speed":"0","title":"","orientation":"0","keywords":[]},"ID":"63276","name":"WhatsApp-Image-2026-01-22-at-18.20.04-8.jpeg","path":"\/srv\/www\/studioimmobiliarefarina.eu\/wp-content\/uploads\/2026\/01\/WhatsApp-Image-2026-01-22-at-18.20.04-8.jpeg","url":"https:\/\/www.studioimmobiliarefarina.eu\/wp-content\/uploads\/2026\/01\/WhatsApp-Image-2026-01-22-at-18.20.04-8-150x150.jpeg","full_url":"https:\/\/www.studioimmobiliarefarina.eu\/wp-content\/uploads\/2026\/01\/WhatsApp-Image-2026-01-22-at-18.20.04-8.jpeg","title":"WhatsApp Image 2026-01-22 at 18.20.04 (8)","caption":"","description":"","alt":"","srcset":false},{"width":150,"height":150,"file":"2026\/01\/WhatsApp-Image-2026-01-22-at-18.20.02-6.jpeg","filesize":363647,"sizes":{"thumbnail":{"file":"WhatsApp-Image-2026-01-22-at-18.20.02-6-150x150.jpeg","width":150,"height":150,"mime-type":"image\/jpeg","url":"https:\/\/www.studioimmobiliarefarina.eu\/wp-content\/uploads\/2026\/01\/WhatsApp-Image-2026-01-22-at-18.20.02-6-150x150.jpeg"},"medium":{"file":"WhatsApp-Image-2026-01-22-at-18.20.02-6-300x225.jpeg","width":300,"height":225,"mime-type":"image\/jpeg","url":"https:\/\/www.studioimmobiliarefarina.eu\/wp-content\/uploads\/2026\/01\/WhatsApp-Image-2026-01-22-at-18.20.02-6-300x225.jpeg"},"large":{"file":"WhatsApp-Image-2026-01-22-at-18.20.02-6-1024x768.jpeg","width":1024,"height":768,"mime-type":"image\/jpeg","url":"https:\/\/www.studioimmobiliarefarina.eu\/wp-content\/uploads\/2026\/01\/WhatsApp-Image-2026-01-22-at-18.20.02-6-1024x768.jpeg"},"post-featured-image":{"file":"WhatsApp-Image-2026-01-22-at-18.20.02-6-1240x720.jpeg","width":1240,"height":720,"mime-type":"image\/jpeg","url":"https:\/\/www.studioimmobiliarefarina.eu\/wp-content\/uploads\/2026\/01\/WhatsApp-Image-2026-01-22-at-18.20.02-6-1240x720.jpeg"}},"image_meta":{"aperture":"0","credit":"","camera":"","caption":"","created_timestamp":"0","copyright":"","focal_length":"0","iso":"0","shutter_speed":"0","title":"","orientation":"0","keywords":[]},"ID":"63256","name":"WhatsApp-Image-2026-01-22-at-18.20.02-6.jpeg","path":"\/srv\/www\/studioimmobiliarefarina.eu\/wp-content\/uploads\/2026\/01\/WhatsApp-Image-2026-01-22-at-18.20.02-6.jpeg","url":"https:\/\/www.studioimmobiliarefarina.eu\/wp-content\/uploads\/2026\/01\/WhatsApp-Image-2026-01-22-at-18.20.02-6-150x150.jpeg","full_url":"https:\/\/www.studioimmobiliarefarina.eu\/wp-content\/uploads\/2026\/01\/WhatsApp-Image-2026-01-22-at-18.20.02-6.jpeg","title":"WhatsApp Image 2026-01-22 at 18.20.02 (6)","caption":"","description":"","alt":"","srcset":false},{"width":150,"height":150,"file":"2026\/01\/WhatsApp-Image-2026-01-22-at-18.20.01-1.jpeg","filesize":268300,"sizes":{"thumbnail":{"file":"WhatsApp-Image-2026-01-22-at-18.20.01-1-150x150.jpeg","width":150,"height":150,"mime-type":"image\/jpeg","url":"https:\/\/www.studioimmobiliarefarina.eu\/wp-content\/uploads\/2026\/01\/WhatsApp-Image-2026-01-22-at-18.20.01-1-150x150.jpeg"},"medium":{"file":"WhatsApp-Image-2026-01-22-at-18.20.01-1-300x225.jpeg","width":300,"height":225,"mime-type":"image\/jpeg","url":"https:\/\/www.studioimmobiliarefarina.eu\/wp-content\/uploads\/2026\/01\/WhatsApp-Image-2026-01-22-at-18.20.01-1-300x225.jpeg"},"large":{"file":"WhatsApp-Image-2026-01-22-at-18.20.01-1-1024x768.jpeg","width":1024,"height":768,"mime-type":"image\/jpeg","url":"https:\/\/www.studioimmobiliarefarina.eu\/wp-content\/uploads\/2026\/01\/WhatsApp-Image-2026-01-22-at-18.20.01-1-1024x768.jpeg"},"post-featured-image":{"file":"WhatsApp-Image-2026-01-22-at-18.20.01-1-1240x720.jpeg","width":1240,"height":720,"mime-type":"image\/jpeg","url":"https:\/\/www.studioimmobiliarefarina.eu\/wp-content\/uploads\/2026\/01\/WhatsApp-Image-2026-01-22-at-18.20.01-1-1240x720.jpeg"}},"image_meta":{"aperture":"0","credit":"","camera":"","caption":"","created_timestamp":"0","copyright":"","focal_length":"0","iso":"0","shutter_speed":"0","title":"","orientation":"0","keywords":[]},"ID":"63247","name":"WhatsApp-Image-2026-01-22-at-18.20.01-1.jpeg","path":"\/srv\/www\/studioimmobiliarefarina.eu\/wp-content\/uploads\/2026\/01\/WhatsApp-Image-2026-01-22-at-18.20.01-1.jpeg","url":"https:\/\/www.studioimmobiliarefarina.eu\/wp-content\/uploads\/2026\/01\/WhatsApp-Image-2026-01-22-at-18.20.01-1-150x150.jpeg","full_url":"https:\/\/www.studioimmobiliarefarina.eu\/wp-content\/uploads\/2026\/01\/WhatsApp-Image-2026-01-22-at-18.20.01-1.jpeg","title":"WhatsApp Image 2026-01-22 at 18.20.01 (1)","caption":"","description":"","alt":"","srcset":false},{"width":150,"height":150,"file":"2026\/01\/WhatsApp-Image-2026-01-22-at-18.20.02-5.jpeg","filesize":349487,"sizes":{"thumbnail":{"file":"WhatsApp-Image-2026-01-22-at-18.20.02-5-150x150.jpeg","width":150,"height":150,"mime-type":"image\/jpeg","url":"https:\/\/www.studioimmobiliarefarina.eu\/wp-content\/uploads\/2026\/01\/WhatsApp-Image-2026-01-22-at-18.20.02-5-150x150.jpeg"},"medium":{"file":"WhatsApp-Image-2026-01-22-at-18.20.02-5-300x225.jpeg","width":300,"height":225,"mime-type":"image\/jpeg","url":"https:\/\/www.studioimmobiliarefarina.eu\/wp-content\/uploads\/2026\/01\/WhatsApp-Image-2026-01-22-at-18.20.02-5-300x225.jpeg"},"large":{"file":"WhatsApp-Image-2026-01-22-at-18.20.02-5-1024x768.jpeg","width":1024,"height":768,"mime-type":"image\/jpeg","url":"https:\/\/www.studioimmobiliarefarina.eu\/wp-content\/uploads\/2026\/01\/WhatsApp-Image-2026-01-22-at-18.20.02-5-1024x768.jpeg"},"post-featured-image":{"file":"WhatsApp-Image-2026-01-22-at-18.20.02-5-1240x720.jpeg","width":1240,"height":720,"mime-type":"image\/jpeg","url":"https:\/\/www.studioimmobiliarefarina.eu\/wp-content\/uploads\/2026\/01\/WhatsApp-Image-2026-01-22-at-18.20.02-5-1240x720.jpeg"}},"image_meta":{"aperture":"0","credit":"","camera":"","caption":"","created_timestamp":"0","copyright":"","focal_length":"0","iso":"0","shutter_speed":"0","title":"","orientation":"0","keywords":[]},"ID":"63255","name":"WhatsApp-Image-2026-01-22-at-18.20.02-5.jpeg","path":"\/srv\/www\/studioimmobiliarefarina.eu\/wp-content\/uploads\/2026\/01\/WhatsApp-Image-2026-01-22-at-18.20.02-5.jpeg","url":"https:\/\/www.studioimmobiliarefarina.eu\/wp-content\/uploads\/2026\/01\/WhatsApp-Image-2026-01-22-at-18.20.02-5-150x150.jpeg","full_url":"https:\/\/www.studioimmobiliarefarina.eu\/wp-content\/uploads\/2026\/01\/WhatsApp-Image-2026-01-22-at-18.20.02-5.jpeg","title":"WhatsApp Image 2026-01-22 at 18.20.02 (5)","caption":"","description":"","alt":"","srcset":false},{"width":150,"height":150,"file":"2026\/01\/WhatsApp-Image-2026-01-22-at-18.20.02-2.jpeg","filesize":296075,"sizes":{"thumbnail":{"file":"WhatsApp-Image-2026-01-22-at-18.20.02-2-150x150.jpeg","width":150,"height":150,"mime-type":"image\/jpeg","url":"https:\/\/www.studioimmobiliarefarina.eu\/wp-content\/uploads\/2026\/01\/WhatsApp-Image-2026-01-22-at-18.20.02-2-150x150.jpeg"},"medium":{"file":"WhatsApp-Image-2026-01-22-at-18.20.02-2-300x225.jpeg","width":300,"height":225,"mime-type":"image\/jpeg","url":"https:\/\/www.studioimmobiliarefarina.eu\/wp-content\/uploads\/2026\/01\/WhatsApp-Image-2026-01-22-at-18.20.02-2-300x225.jpeg"},"large":{"file":"WhatsApp-Image-2026-01-22-at-18.20.02-2-1024x768.jpeg","width":1024,"height":768,"mime-type":"image\/jpeg","url":"https:\/\/www.studioimmobiliarefarina.eu\/wp-content\/uploads\/2026\/01\/WhatsApp-Image-2026-01-22-at-18.20.02-2-1024x768.jpeg"},"post-featured-image":{"file":"WhatsApp-Image-2026-01-22-at-18.20.02-2-1240x720.jpeg","width":1240,"height":720,"mime-type":"image\/jpeg","url":"https:\/\/www.studioimmobiliarefarina.eu\/wp-content\/uploads\/2026\/01\/WhatsApp-Image-2026-01-22-at-18.20.02-2-1240x720.jpeg"}},"image_meta":{"aperture":"0","credit":"","camera":"","caption":"","created_timestamp":"0","copyright":"","focal_length":"0","iso":"0","shutter_speed":"0","title":"","orientation":"0","keywords":[]},"ID":"63252","name":"WhatsApp-Image-2026-01-22-at-18.20.02-2.jpeg","path":"\/srv\/www\/studioimmobiliarefarina.eu\/wp-content\/uploads\/2026\/01\/WhatsApp-Image-2026-01-22-at-18.20.02-2.jpeg","url":"https:\/\/www.studioimmobiliarefarina.eu\/wp-content\/uploads\/2026\/01\/WhatsApp-Image-2026-01-22-at-18.20.02-2-150x150.jpeg","full_url":"https:\/\/www.studioimmobiliarefarina.eu\/wp-content\/uploads\/2026\/01\/WhatsApp-Image-2026-01-22-at-18.20.02-2.jpeg","title":"WhatsApp Image 2026-01-22 at 18.20.02 (2)","caption":"","description":"","alt":"","srcset":false},{"width":150,"height":150,"file":"2026\/01\/WhatsApp-Image-2026-01-22-at-18.20.01-3.jpeg","filesize":447417,"sizes":{"thumbnail":{"file":"WhatsApp-Image-2026-01-22-at-18.20.01-3-150x150.jpeg","width":150,"height":150,"mime-type":"image\/jpeg","url":"https:\/\/www.studioimmobiliarefarina.eu\/wp-content\/uploads\/2026\/01\/WhatsApp-Image-2026-01-22-at-18.20.01-3-150x150.jpeg"},"medium":{"file":"WhatsApp-Image-2026-01-22-at-18.20.01-3-300x225.jpeg","width":300,"height":225,"mime-type":"image\/jpeg","url":"https:\/\/www.studioimmobiliarefarina.eu\/wp-content\/uploads\/2026\/01\/WhatsApp-Image-2026-01-22-at-18.20.01-3-300x225.jpeg"},"large":{"file":"WhatsApp-Image-2026-01-22-at-18.20.01-3-1024x768.jpeg","width":1024,"height":768,"mime-type":"image\/jpeg","url":"https:\/\/www.studioimmobiliarefarina.eu\/wp-content\/uploads\/2026\/01\/WhatsApp-Image-2026-01-22-at-18.20.01-3-1024x768.jpeg"},"post-featured-image":{"file":"WhatsApp-Image-2026-01-22-at-18.20.01-3-1240x720.jpeg","width":1240,"height":720,"mime-type":"image\/jpeg","url":"https:\/\/www.studioimmobiliarefarina.eu\/wp-content\/uploads\/2026\/01\/WhatsApp-Image-2026-01-22-at-18.20.01-3-1240x720.jpeg"}},"image_meta":{"aperture":"0","credit":"","camera":"","caption":"","created_timestamp":"0","copyright":"","focal_length":"0","iso":"0","shutter_speed":"0","title":"","orientation":"0","keywords":[]},"ID":"63249","name":"WhatsApp-Image-2026-01-22-at-18.20.01-3.jpeg","path":"\/srv\/www\/studioimmobiliarefarina.eu\/wp-content\/uploads\/2026\/01\/WhatsApp-Image-2026-01-22-at-18.20.01-3.jpeg","url":"https:\/\/www.studioimmobiliarefarina.eu\/wp-content\/uploads\/2026\/01\/WhatsApp-Image-2026-01-22-at-18.20.01-3-150x150.jpeg","full_url":"https:\/\/www.studioimmobiliarefarina.eu\/wp-content\/uploads\/2026\/01\/WhatsApp-Image-2026-01-22-at-18.20.01-3.jpeg","title":"WhatsApp Image 2026-01-22 at 18.20.01 (3)","caption":"","description":"","alt":"","srcset":false},{"width":150,"height":150,"file":"2026\/01\/WhatsApp-Image-2026-01-22-at-18.20.01-2.jpeg","filesize":283512,"sizes":{"thumbnail":{"file":"WhatsApp-Image-2026-01-22-at-18.20.01-2-150x150.jpeg","width":150,"height":150,"mime-type":"image\/jpeg","url":"https:\/\/www.studioimmobiliarefarina.eu\/wp-content\/uploads\/2026\/01\/WhatsApp-Image-2026-01-22-at-18.20.01-2-150x150.jpeg"},"medium":{"file":"WhatsApp-Image-2026-01-22-at-18.20.01-2-300x225.jpeg","width":300,"height":225,"mime-type":"image\/jpeg","url":"https:\/\/www.studioimmobiliarefarina.eu\/wp-content\/uploads\/2026\/01\/WhatsApp-Image-2026-01-22-at-18.20.01-2-300x225.jpeg"},"large":{"file":"WhatsApp-Image-2026-01-22-at-18.20.01-2-1024x768.jpeg","width":1024,"height":768,"mime-type":"image\/jpeg","url":"https:\/\/www.studioimmobiliarefarina.eu\/wp-content\/uploads\/2026\/01\/WhatsApp-Image-2026-01-22-at-18.20.01-2-1024x768.jpeg"},"post-featured-image":{"file":"WhatsApp-Image-2026-01-22-at-18.20.01-2-1240x720.jpeg","width":1240,"height":720,"mime-type":"image\/jpeg","url":"https:\/\/www.studioimmobiliarefarina.eu\/wp-content\/uploads\/2026\/01\/WhatsApp-Image-2026-01-22-at-18.20.01-2-1240x720.jpeg"}},"image_meta":{"aperture":"0","credit":"","camera":"","caption":"","created_timestamp":"0","copyright":"","focal_length":"0","iso":"0","shutter_speed":"0","title":"","orientation":"0","keywords":[]},"ID":"63248","name":"WhatsApp-Image-2026-01-22-at-18.20.01-2.jpeg","path":"\/srv\/www\/studioimmobiliarefarina.eu\/wp-content\/uploads\/2026\/01\/WhatsApp-Image-2026-01-22-at-18.20.01-2.jpeg","url":"https:\/\/www.studioimmobiliarefarina.eu\/wp-content\/uploads\/2026\/01\/WhatsApp-Image-2026-01-22-at-18.20.01-2-150x150.jpeg","full_url":"https:\/\/www.studioimmobiliarefarina.eu\/wp-content\/uploads\/2026\/01\/WhatsApp-Image-2026-01-22-at-18.20.01-2.jpeg","title":"WhatsApp Image 2026-01-22 at 18.20.01 (2)","caption":"","description":"","alt":"","srcset":false},{"width":150,"height":150,"file":"2026\/01\/WhatsApp-Image-2026-01-22-at-18.20.02-4.jpeg","filesize":351299,"sizes":{"thumbnail":{"file":"WhatsApp-Image-2026-01-22-at-18.20.02-4-150x150.jpeg","width":150,"height":150,"mime-type":"image\/jpeg","url":"https:\/\/www.studioimmobiliarefarina.eu\/wp-content\/uploads\/2026\/01\/WhatsApp-Image-2026-01-22-at-18.20.02-4-150x150.jpeg"},"medium":{"file":"WhatsApp-Image-2026-01-22-at-18.20.02-4-300x225.jpeg","width":300,"height":225,"mime-type":"image\/jpeg","url":"https:\/\/www.studioimmobiliarefarina.eu\/wp-content\/uploads\/2026\/01\/WhatsApp-Image-2026-01-22-at-18.20.02-4-300x225.jpeg"},"large":{"file":"WhatsApp-Image-2026-01-22-at-18.20.02-4-1024x768.jpeg","width":1024,"height":768,"mime-type":"image\/jpeg","url":"https:\/\/www.studioimmobiliarefarina.eu\/wp-content\/uploads\/2026\/01\/WhatsApp-Image-2026-01-22-at-18.20.02-4-1024x768.jpeg"},"post-featured-image":{"file":"WhatsApp-Image-2026-01-22-at-18.20.02-4-1240x720.jpeg","width":1240,"height":720,"mime-type":"image\/jpeg","url":"https:\/\/www.studioimmobiliarefarina.eu\/wp-content\/uploads\/2026\/01\/WhatsApp-Image-2026-01-22-at-18.20.02-4-1240x720.jpeg"}},"image_meta":{"aperture":"0","credit":"","camera":"","caption":"","created_timestamp":"0","copyright":"","focal_length":"0","iso":"0","shutter_speed":"0","title":"","orientation":"0","keywords":[]},"ID":"63254","name":"WhatsApp-Image-2026-01-22-at-18.20.02-4.jpeg","path":"\/srv\/www\/studioimmobiliarefarina.eu\/wp-content\/uploads\/2026\/01\/WhatsApp-Image-2026-01-22-at-18.20.02-4.jpeg","url":"https:\/\/www.studioimmobiliarefarina.eu\/wp-content\/uploads\/2026\/01\/WhatsApp-Image-2026-01-22-at-18.20.02-4-150x150.jpeg","full_url":"https:\/\/www.studioimmobiliarefarina.eu\/wp-content\/uploads\/2026\/01\/WhatsApp-Image-2026-01-22-at-18.20.02-4.jpeg","title":"WhatsApp Image 2026-01-22 at 18.20.02 (4)","caption":"","description":"","alt":"","srcset":false},{"width":150,"height":150,"file":"2026\/01\/WhatsApp-Image-2026-01-22-at-18.20.02-1.jpeg","filesize":357167,"sizes":{"thumbnail":{"file":"WhatsApp-Image-2026-01-22-at-18.20.02-1-150x150.jpeg","width":150,"height":150,"mime-type":"image\/jpeg","url":"https:\/\/www.studioimmobiliarefarina.eu\/wp-content\/uploads\/2026\/01\/WhatsApp-Image-2026-01-22-at-18.20.02-1-150x150.jpeg"},"medium":{"file":"WhatsApp-Image-2026-01-22-at-18.20.02-1-300x225.jpeg","width":300,"height":225,"mime-type":"image\/jpeg","url":"https:\/\/www.studioimmobiliarefarina.eu\/wp-content\/uploads\/2026\/01\/WhatsApp-Image-2026-01-22-at-18.20.02-1-300x225.jpeg"},"large":{"file":"WhatsApp-Image-2026-01-22-at-18.20.02-1-1024x768.jpeg","width":1024,"height":768,"mime-type":"image\/jpeg","url":"https:\/\/www.studioimmobiliarefarina.eu\/wp-content\/uploads\/2026\/01\/WhatsApp-Image-2026-01-22-at-18.20.02-1-1024x768.jpeg"},"post-featured-image":{"file":"WhatsApp-Image-2026-01-22-at-18.20.02-1-1240x720.jpeg","width":1240,"height":720,"mime-type":"image\/jpeg","url":"https:\/\/www.studioimmobiliarefarina.eu\/wp-content\/uploads\/2026\/01\/WhatsApp-Image-2026-01-22-at-18.20.02-1-1240x720.jpeg"}},"image_meta":{"aperture":"0","credit":"","camera":"","caption":"","created_timestamp":"0","copyright":"","focal_length":"0","iso":"0","shutter_speed":"0","title":"","orientation":"0","keywords":[]},"ID":"63251","name":"WhatsApp-Image-2026-01-22-at-18.20.02-1.jpeg","path":"\/srv\/www\/studioimmobiliarefarina.eu\/wp-content\/uploads\/2026\/01\/WhatsApp-Image-2026-01-22-at-18.20.02-1.jpeg","url":"https:\/\/www.studioimmobiliarefarina.eu\/wp-content\/uploads\/2026\/01\/WhatsApp-Image-2026-01-22-at-18.20.02-1-150x150.jpeg","full_url":"https:\/\/www.studioimmobiliarefarina.eu\/wp-content\/uploads\/2026\/01\/WhatsApp-Image-2026-01-22-at-18.20.02-1.jpeg","title":"WhatsApp Image 2026-01-22 at 18.20.02 (1)","caption":"","description":"","alt":"","srcset":false},{"width":150,"height":150,"file":"2026\/01\/WhatsApp-Image-2026-01-22-at-18.20.01.jpeg","filesize":426905,"sizes":{"thumbnail":{"file":"WhatsApp-Image-2026-01-22-at-18.20.01-150x150.jpeg","width":150,"height":150,"mime-type":"image\/jpeg","url":"https:\/\/www.studioimmobiliarefarina.eu\/wp-content\/uploads\/2026\/01\/WhatsApp-Image-2026-01-22-at-18.20.01-150x150.jpeg"},"medium":{"file":"WhatsApp-Image-2026-01-22-at-18.20.01-300x225.jpeg","width":300,"height":225,"mime-type":"image\/jpeg","url":"https:\/\/www.studioimmobiliarefarina.eu\/wp-content\/uploads\/2026\/01\/WhatsApp-Image-2026-01-22-at-18.20.01-300x225.jpeg"},"large":{"file":"WhatsApp-Image-2026-01-22-at-18.20.01-1024x768.jpeg","width":1024,"height":768,"mime-type":"image\/jpeg","url":"https:\/\/www.studioimmobiliarefarina.eu\/wp-content\/uploads\/2026\/01\/WhatsApp-Image-2026-01-22-at-18.20.01-1024x768.jpeg"},"post-featured-image":{"file":"WhatsApp-Image-2026-01-22-at-18.20.01-1240x720.jpeg","width":1240,"height":720,"mime-type":"image\/jpeg","url":"https:\/\/www.studioimmobiliarefarina.eu\/wp-content\/uploads\/2026\/01\/WhatsApp-Image-2026-01-22-at-18.20.01-1240x720.jpeg"}},"image_meta":{"aperture":"0","credit":"","camera":"","caption":"","created_timestamp":"0","copyright":"","focal_length":"0","iso":"0","shutter_speed":"0","title":"","orientation":"0","keywords":[]},"ID":"63250","name":"WhatsApp-Image-2026-01-22-at-18.20.01.jpeg","path":"\/srv\/www\/studioimmobiliarefarina.eu\/wp-content\/uploads\/2026\/01\/WhatsApp-Image-2026-01-22-at-18.20.01.jpeg","url":"https:\/\/www.studioimmobiliarefarina.eu\/wp-content\/uploads\/2026\/01\/WhatsApp-Image-2026-01-22-at-18.20.01-150x150.jpeg","full_url":"https:\/\/www.studioimmobiliarefarina.eu\/wp-content\/uploads\/2026\/01\/WhatsApp-Image-2026-01-22-at-18.20.01.jpeg","title":"WhatsApp Image 2026-01-22 at 18.20.01","caption":"","description":"","alt":"","srcset":false}],"REAL_HOMES_change_gallery_slider_type":"0","REAL_HOMES_gallery_slider_type":"thumb-on-right","inspiry_floor_plans":[{"inspiry_floor_plan_name":"mappa","inspiry_floor_plan_image":"https:\/\/www.studioimmobiliarefarina.eu\/wp-content\/uploads\/2026\/01\/IMG_7472-1.png"}],"inspiry_video_group":[{"inspiry_video_group_url":"https:\/\/www.youtube.com\/watch?v=fD6aRNsoHAg&t=168s&pp=0gcJCa4KAYcqIYzv"}],"REAL_HOMES_360_virtual_tour":"","REAL_HOMES_tour_video_url":"","REAL_HOMES_tour_video_image":[],"REAL_HOMES_agent_display_option":"none","REAL_HOMES_agents":[],"REAL_HOMES_energy_class":"none","REAL_HOMES_energy_performance":"","REAL_HOMES_epc_current_rating":"","REAL_HOMES_epc_potential_rating":"","ere_property_schedule_tour":"global","ere_property_schedule_time_slots":"","ere_property_schedule_description":"","REAL_HOMES_sticky":"0","inspiry_property_label":"","inspiry_property_label_color":"","inspiry_property_tax":"0","inspiry_additional_fee":"0","REAL_HOMES_attachments":[],"inspiry_property_owner_name":"","inspiry_property_owner_contact":"","inspiry_property_owner_address":"","REAL_HOMES_property_private_note":"","inspiry_message_to_reviewer":"","REAL_HOMES_add_in_slider":"no","REAL_HOMES_slider_image":[],"REAL_HOMES_page_banner_image":[],"REAL_HOMES_hide_property_advance_search":"0","inspiry_posto_auto":"","REAL_HOMES_custom_header_display":"default","REAL_HOMES_custom_header_position":"relative","REAL_HOMES_hide_advance_search":"0","REAL_HOMES_custom_search_form":"default","REAL_HOMES_search_form_margin_top":"","REAL_HOMES_search_form_margin_bottom":"","REAL_HOMES_custom_footer_display":"default"},"_links":{"self":[{"href":"https:\/\/www.studioimmobiliarefarina.eu\/en\/wp-json\/wp\/v2\/property\/63244"}],"collection":[{"href":"https:\/\/www.studioimmobiliarefarina.eu\/en\/wp-json\/wp\/v2\/property"}],"about":[{"href":"https:\/\/www.studioimmobiliarefarina.eu\/en\/wp-json\/wp\/v2\/types\/property"}],"author":[{"embeddable":true,"href":"https:\/\/www.studioimmobiliarefarina.eu\/en\/wp-json\/wp\/v2\/users\/2"}],"replies":[{"embeddable":true,"href":"https:\/\/www.studioimmobiliarefarina.eu\/en\/wp-json\/wp\/v2\/comments?post=63244"}],"version-history":[{"count":3,"href":"https:\/\/www.studioimmobiliarefarina.eu\/en\/wp-json\/wp\/v2\/property\/63244\/revisions"}],"predecessor-version":[{"id":63281,"href":"https:\/\/www.studioimmobiliarefarina.eu\/en\/wp-json\/wp\/v2\/property\/63244\/revisions\/63281"}],"wp:featuredmedia":[{"embeddable":true,"href":"https:\/\/www.studioimmobiliarefarina.eu\/en\/wp-json\/wp\/v2\/media\/63268"}],"wp:attachment":[{"href":"https:\/\/www.studioimmobiliarefarina.eu\/en\/wp-json\/wp\/v2\/media?parent=63244"}],"wp:term":[{"taxonomy":"property-feature","embeddable":true,"href":"https:\/\/www.studioimmobiliarefarina.eu\/en\/wp-json\/wp\/v2\/property-feature?post=63244"},{"taxonomy":"property-type","embeddable":true,"href":"https:\/\/www.studioimmobiliarefarina.eu\/en\/wp-json\/wp\/v2\/property-type?post=63244"},{"taxonomy":"property-city","embeddable":true,"href":"https:\/\/www.studioimmobiliarefarina.eu\/en\/wp-json\/wp\/v2\/property-city?post=63244"},{"taxonomy":"property-status","embeddable":true,"href":"https:\/\/www.studioimmobiliarefarina.eu\/en\/wp-json\/wp\/v2\/property-status?post=63244"}],"curies":[{"name":"wp","href":"https:\/\/api.w.org\/{rel}","templated":true}]}}