{"id":59109,"date":"2025-09-09T18:36:48","date_gmt":"2025-09-09T16:36:48","guid":{"rendered":"https:\/\/www.studioimmobiliarefarina.eu\/?post_type=property&#038;p=59109"},"modified":"2026-03-23T15:09:27","modified_gmt":"2026-03-23T14:09:27","slug":"castilenti-villetta-ristrutturata-con-terreno","status":"publish","type":"property","link":"https:\/\/www.studioimmobiliarefarina.eu\/en\/property\/castilenti-villetta-ristrutturata-con-terreno\/","title":{"rendered":"Castilenti, Villa con terreno e splendida posizione panoramica [V8964]"},"content":{"rendered":"\n<p>Lo Studio Immobiliare Farina vi presenta a pochi minuti da alcune delle mete pi\u00f9 turistiche dell\u2019Abruzzo e dai principali centri con tutti i servizi \u2013 come supermercati, stazioni e trasporti \u2013 questa propriet\u00e0 si trova in una posizione davvero strategica. In soli 40 minuti si raggiungono le spiagge della costa adriatica, mentre in meno di un\u2019ora si arriva all\u2019aeroporto di Pescara o alle stazioni sciistiche di Ovindoli e Tagliacozzo, attraverso l&#8217;autostrada A25. Il paese di Castilenti, che dista solo 1 km, offre gi\u00e0 molte comodit\u00e0: bar, farmacie, macellerie, studi medici, e un centro sportivo di nuova costruzione con piscine olimpioniche, campi da calcio e da tennis.<br>Immersa nella tranquillit\u00e0 delle colline abruzzesi, la casa gode di una splendida vista sul Gran Sasso e si apre su una corte privata, con alle spalle un terreno piantumato con circa 40 ulivi. La propriet\u00e0 \u00e8 stata recentemente ristrutturata con grande cura: il tetto \u00e8 nuovo, \u00e8 stato realizzato un cappotto termico per l\u2019efficienza energetica e l\u2019intero impianto di riscaldamento \u00e8 a pavimento, alimentato da un sistema fotovoltaico da 7kW gi\u00e0 installato sotto la scalinata principale. Inoltre, c&#8217;\u00e8 la predisposizione per installare anche l\u2019aria condizionata fredda.<br>La casa \u00e8 suddivisa in due appartamenti collegati da un varco interno con scala a chiocciola, ma con ingressi indipendenti, rendendola adatta sia per una famiglia che per attivit\u00e0 ricettive come un B&amp;B. L\u2019attuale proprietario, infatti, ha gi\u00e0 sfruttato lo spazio per questa finalit\u00e0 utilizzando dei container abitativi (non inclusi nella vendita), e c\u2019\u00e8 ancora spazio sufficiente per realizzare una piscina.<br>Al piano terra, oggi utilizzato per cene ed eventi, troviamo una grande zona living con camino, oltre a una stanza che pu\u00f2 facilmente diventare una camera da letto, con possibilit\u00e0 di ricavare una cucina e un bagno.<br>Salendo la scalinata esterna, si accede al primo piano, dove si apre una luminosa zona living con cucina a vista e salotto, arricchita da porte finestre che si affacciano su un balcone panoramico. I pavimenti, sia qui che al piano terra, sono in porcellanato effetto parquet, eleganti e facili da mantenere.<br>La zona notte, separata da un disimpegno, comprende due bagni e due camere da letto, di cui una pi\u00f9 ampia attualmente utilizzata come ripostiglio. Uno dei bagni \u00e8 particolarmente curato, con due finestre e una doccia con seduta. Nella cucina \u00e8 presente anche un comodo ripostiglio adibito a lavanderia. Al di sopra si trova un sottotetto, utile come deposito.<br>Completano la propriet\u00e0 un garage, un vano tecnico con cantina dove si trova il sistema di riscaldamento, e l&#8217;intera area \u00e8 recintata \u2013 tranne nella parte finale del terreno, che prosegue in leggera salita. A breve verr\u00e0 anche montato un patio coperto per il parcheggio delle auto.<br>Dal punto di vista tecnologico e degli infissi, la casa \u00e8 gi\u00e0 pronta: ha doppi vetri a taglio termico, persiane nuove, zanzariere a soffietto molto pratiche, un videocitofono e viene venduta parzialmente arredata.<br>Una casa pensata per chi vuole vivere in tranquillit\u00e0, nella natura, ma senza rinunciare alla comodit\u00e0 dei servizi e alla possibilit\u00e0 di investire in un\u2019attivit\u00e0 turistica<\/p>\n\n\n\n<p>Nota informativa:<\/p>\n\n\n\n<p>I dati e le immagini si intendono corretti ma non garantiti.<\/p>\n\n\n\n<p>Le caratteristiche tecniche, la disposizione interna e gli accessori indicati potrebbero in alcuni casi essere diversi dall\u2019effettivo stato di fatto dell\u2019immobile.<\/p>\n\n\n\n<p>A causa delle difformit\u00e0 dei dati pubblicati dai vari portali, lo Studio Farina declina ogni responsabilit\u00e0 per eventuali involontarie incoerenze.<\/p>\n\n\n\n<p>Si precisa che le descrizioni riportate non rappresentano alcun impegno contrattuale<\/p>\n\n\n\n<p>Per garantire la privacy l\u2019indirizzo pu\u00f2 non rispecchiare esattamente l\u2019ubicazione dell\u2019immobile ed \u00e8 utile solo al fine di fornire un riferimento generico per la sua localizzazione.<\/p>\n\n\n\n<p>Nota informativa:<\/p>\n\n\n\n<p><\/p>\n","protected":false},"excerpt":{"rendered":"<p>Lo Studio Immobiliare Farina vi presenta a pochi minuti da alcune delle mete pi\u00f9 turistiche dell\u2019Abruzzo e dai principali centri con tutti i servizi \u2013 come supermercati, stazioni e trasporti \u2013 questa propriet\u00e0 si trova in una posizione davvero strategica. In soli 40 minuti si raggiungono le spiagge della costa adriatica, mentre in meno di&#8230;<\/p>\n","protected":false},"author":2,"featured_media":60684,"parent":0,"menu_order":0,"comment_status":"closed","ping_status":"closed","template":"","property-feature":[585,543,578,576,383,382,342,567,435,478,574,405,540,345,506,422,548,493,63,492,484,461,537,418,471,586,502,455,475,440,424,533,369,358,381,452,505,351,344,361,587,376],"property-type":[],"property-city":[50,618,150,173],"property-status":[22],"yoast_head":"<!-- This site is optimized with the Yoast SEO plugin v21.1 - https:\/\/yoast.com\/wordpress\/plugins\/seo\/ -->\n<title>Castilenti, Villa con terreno e splendida posizione panoramica [V8964] | Studio Immobiliare Farina<\/title>\n<meta name=\"robots\" content=\"index, follow, max-snippet:-1, max-image-preview:large, max-video-preview:-1\" \/>\n<link rel=\"canonical\" href=\"https:\/\/www.studioimmobiliarefarina.eu\/property\/castilenti-villetta-ristrutturata-con-terreno\/\" \/>\n<meta property=\"og:locale\" content=\"en_US\" \/>\n<meta property=\"og:type\" content=\"article\" \/>\n<meta property=\"og:title\" content=\"Castilenti, Villa con terreno e splendida posizione panoramica [V8964] | Studio Immobiliare Farina\" \/>\n<meta property=\"og:description\" content=\"Lo Studio Immobiliare Farina vi presenta a pochi minuti da alcune delle mete pi\u00f9 turistiche dell\u2019Abruzzo e dai principali centri con tutti i servizi \u2013 come supermercati, stazioni e trasporti \u2013 questa propriet\u00e0 si trova in una posizione davvero strategica. In soli 40 minuti si raggiungono le spiagge della costa adriatica, mentre in meno di...\" \/>\n<meta property=\"og:url\" content=\"https:\/\/www.studioimmobiliarefarina.eu\/property\/castilenti-villetta-ristrutturata-con-terreno\/\" \/>\n<meta property=\"og:site_name\" content=\"Studio Immobiliare Farina\" \/>\n<meta property=\"article:publisher\" content=\"https:\/\/www.facebook.com\/Studio-Immobiliare-Farina-_-gruppofarina-547150035296080\/timeline\/?ref=ts\" \/>\n<meta property=\"article:modified_time\" content=\"2026-03-23T14:09:27+00:00\" \/>\n<meta property=\"og:image\" content=\"https:\/\/www.studioimmobiliarefarina.eu\/wp-content\/uploads\/2025\/09\/d0d27258-310e-4684-bbde-b4f1141330f4.jpeg\" \/>\n\t<meta property=\"og:image:width\" content=\"1600\" \/>\n\t<meta property=\"og:image:height\" content=\"1200\" \/>\n\t<meta property=\"og:image:type\" content=\"image\/jpeg\" \/>\n<meta name=\"twitter:card\" content=\"summary_large_image\" \/>\n<meta name=\"twitter:label1\" content=\"Est. reading time\" \/>\n\t<meta name=\"twitter:data1\" content=\"4 minutes\" \/>\n<script type=\"application\/ld+json\" class=\"yoast-schema-graph\">{\"@context\":\"https:\/\/schema.org\",\"@graph\":[{\"@type\":\"WebPage\",\"@id\":\"https:\/\/www.studioimmobiliarefarina.eu\/property\/castilenti-villetta-ristrutturata-con-terreno\/\",\"url\":\"https:\/\/www.studioimmobiliarefarina.eu\/property\/castilenti-villetta-ristrutturata-con-terreno\/\",\"name\":\"Castilenti, Villa con terreno e splendida posizione panoramica [V8964] | Studio Immobiliare Farina\",\"isPartOf\":{\"@id\":\"https:\/\/www.studioimmobiliarefarina.eu\/#website\"},\"datePublished\":\"2025-09-09T16:36:48+00:00\",\"dateModified\":\"2026-03-23T14:09:27+00:00\",\"breadcrumb\":{\"@id\":\"https:\/\/www.studioimmobiliarefarina.eu\/property\/castilenti-villetta-ristrutturata-con-terreno\/#breadcrumb\"},\"inLanguage\":\"en-US\",\"potentialAction\":[{\"@type\":\"ReadAction\",\"target\":[\"https:\/\/www.studioimmobiliarefarina.eu\/property\/castilenti-villetta-ristrutturata-con-terreno\/\"]}]},{\"@type\":\"BreadcrumbList\",\"@id\":\"https:\/\/www.studioimmobiliarefarina.eu\/property\/castilenti-villetta-ristrutturata-con-terreno\/#breadcrumb\",\"itemListElement\":[{\"@type\":\"ListItem\",\"position\":1,\"name\":\"Home\",\"item\":\"https:\/\/www.studioimmobiliarefarina.eu\/\"},{\"@type\":\"ListItem\",\"position\":2,\"name\":\"Properties\",\"item\":\"https:\/\/www.studioimmobiliarefarina.eu\/en\/property\/\"},{\"@type\":\"ListItem\",\"position\":3,\"name\":\"Castilenti, Villa con terreno e splendida posizione panoramica [V8964]\"}]},{\"@type\":\"WebSite\",\"@id\":\"https:\/\/www.studioimmobiliarefarina.eu\/#website\",\"url\":\"https:\/\/www.studioimmobiliarefarina.eu\/\",\"name\":\"Studio Immobiliare Farina\",\"description\":\"La casa che ho nel cuore\",\"publisher\":{\"@id\":\"https:\/\/www.studioimmobiliarefarina.eu\/#organization\"},\"potentialAction\":[{\"@type\":\"SearchAction\",\"target\":{\"@type\":\"EntryPoint\",\"urlTemplate\":\"https:\/\/www.studioimmobiliarefarina.eu\/?s={search_term_string}\"},\"query-input\":\"required name=search_term_string\"}],\"inLanguage\":\"en-US\"},{\"@type\":\"Organization\",\"@id\":\"https:\/\/www.studioimmobiliarefarina.eu\/#organization\",\"name\":\"Studio Immobiliare Farina\",\"url\":\"https:\/\/www.studioimmobiliarefarina.eu\/\",\"logo\":{\"@type\":\"ImageObject\",\"inLanguage\":\"en-US\",\"@id\":\"https:\/\/www.studioimmobiliarefarina.eu\/#\/schema\/logo\/image\/\",\"url\":\"https:\/\/www.studioimmobiliarefarina.eu\/wp-content\/uploads\/2022\/10\/Logo-sito-pOSpiccolo.png\",\"contentUrl\":\"https:\/\/www.studioimmobiliarefarina.eu\/wp-content\/uploads\/2022\/10\/Logo-sito-pOSpiccolo.png\",\"width\":328,\"height\":135,\"caption\":\"Studio Immobiliare Farina\"},\"image\":{\"@id\":\"https:\/\/www.studioimmobiliarefarina.eu\/#\/schema\/logo\/image\/\"},\"sameAs\":[\"https:\/\/www.facebook.com\/Studio-Immobiliare-Farina-_-gruppofarina-547150035296080\/timeline\/?ref=ts\",\"https:\/\/www.instagram.com\/studio__immobiliare__farina\/\"]}]}<\/script>\n<!-- \/ Yoast SEO plugin. -->","yoast_head_json":{"title":"Castilenti, Villa con terreno e splendida posizione panoramica [V8964] | Studio Immobiliare Farina","robots":{"index":"index","follow":"follow","max-snippet":"max-snippet:-1","max-image-preview":"max-image-preview:large","max-video-preview":"max-video-preview:-1"},"canonical":"https:\/\/www.studioimmobiliarefarina.eu\/property\/castilenti-villetta-ristrutturata-con-terreno\/","og_locale":"en_US","og_type":"article","og_title":"Castilenti, Villa con terreno e splendida posizione panoramica [V8964] | Studio Immobiliare Farina","og_description":"Lo Studio Immobiliare Farina vi presenta a pochi minuti da alcune delle mete pi\u00f9 turistiche dell\u2019Abruzzo e dai principali centri con tutti i servizi \u2013 come supermercati, stazioni e trasporti \u2013 questa propriet\u00e0 si trova in una posizione davvero strategica. In soli 40 minuti si raggiungono le spiagge della costa adriatica, mentre in meno di...","og_url":"https:\/\/www.studioimmobiliarefarina.eu\/property\/castilenti-villetta-ristrutturata-con-terreno\/","og_site_name":"Studio Immobiliare Farina","article_publisher":"https:\/\/www.facebook.com\/Studio-Immobiliare-Farina-_-gruppofarina-547150035296080\/timeline\/?ref=ts","article_modified_time":"2026-03-23T14:09:27+00:00","og_image":[{"width":1600,"height":1200,"url":"https:\/\/www.studioimmobiliarefarina.eu\/wp-content\/uploads\/2025\/09\/d0d27258-310e-4684-bbde-b4f1141330f4.jpeg","type":"image\/jpeg"}],"twitter_card":"summary_large_image","twitter_misc":{"Est. reading time":"4 minutes"},"schema":{"@context":"https:\/\/schema.org","@graph":[{"@type":"WebPage","@id":"https:\/\/www.studioimmobiliarefarina.eu\/property\/castilenti-villetta-ristrutturata-con-terreno\/","url":"https:\/\/www.studioimmobiliarefarina.eu\/property\/castilenti-villetta-ristrutturata-con-terreno\/","name":"Castilenti, Villa con terreno e splendida posizione panoramica [V8964] | Studio Immobiliare Farina","isPartOf":{"@id":"https:\/\/www.studioimmobiliarefarina.eu\/#website"},"datePublished":"2025-09-09T16:36:48+00:00","dateModified":"2026-03-23T14:09:27+00:00","breadcrumb":{"@id":"https:\/\/www.studioimmobiliarefarina.eu\/property\/castilenti-villetta-ristrutturata-con-terreno\/#breadcrumb"},"inLanguage":"en-US","potentialAction":[{"@type":"ReadAction","target":["https:\/\/www.studioimmobiliarefarina.eu\/property\/castilenti-villetta-ristrutturata-con-terreno\/"]}]},{"@type":"BreadcrumbList","@id":"https:\/\/www.studioimmobiliarefarina.eu\/property\/castilenti-villetta-ristrutturata-con-terreno\/#breadcrumb","itemListElement":[{"@type":"ListItem","position":1,"name":"Home","item":"https:\/\/www.studioimmobiliarefarina.eu\/"},{"@type":"ListItem","position":2,"name":"Properties","item":"https:\/\/www.studioimmobiliarefarina.eu\/en\/property\/"},{"@type":"ListItem","position":3,"name":"Castilenti, Villa con terreno e splendida posizione panoramica [V8964]"}]},{"@type":"WebSite","@id":"https:\/\/www.studioimmobiliarefarina.eu\/#website","url":"https:\/\/www.studioimmobiliarefarina.eu\/","name":"Studio Immobiliare Farina","description":"La casa che ho nel cuore","publisher":{"@id":"https:\/\/www.studioimmobiliarefarina.eu\/#organization"},"potentialAction":[{"@type":"SearchAction","target":{"@type":"EntryPoint","urlTemplate":"https:\/\/www.studioimmobiliarefarina.eu\/?s={search_term_string}"},"query-input":"required name=search_term_string"}],"inLanguage":"en-US"},{"@type":"Organization","@id":"https:\/\/www.studioimmobiliarefarina.eu\/#organization","name":"Studio Immobiliare Farina","url":"https:\/\/www.studioimmobiliarefarina.eu\/","logo":{"@type":"ImageObject","inLanguage":"en-US","@id":"https:\/\/www.studioimmobiliarefarina.eu\/#\/schema\/logo\/image\/","url":"https:\/\/www.studioimmobiliarefarina.eu\/wp-content\/uploads\/2022\/10\/Logo-sito-pOSpiccolo.png","contentUrl":"https:\/\/www.studioimmobiliarefarina.eu\/wp-content\/uploads\/2022\/10\/Logo-sito-pOSpiccolo.png","width":328,"height":135,"caption":"Studio Immobiliare Farina"},"image":{"@id":"https:\/\/www.studioimmobiliarefarina.eu\/#\/schema\/logo\/image\/"},"sameAs":["https:\/\/www.facebook.com\/Studio-Immobiliare-Farina-_-gruppofarina-547150035296080\/timeline\/?ref=ts","https:\/\/www.instagram.com\/studio__immobiliare__farina\/"]}]}},"property_meta":{"REAL_HOMES_property_price":"258000","REAL_HOMES_property_old_price":"270000","REAL_HOMES_property_price_prefix":"","REAL_HOMES_property_price_postfix":"","REAL_HOMES_property_size":"180","REAL_HOMES_property_size_postfix":"mq","REAL_HOMES_property_lot_size":"2800","REAL_HOMES_property_lot_size_postfix":"mq","REAL_HOMES_property_bedrooms":"3","REAL_HOMES_property_bathrooms":"3","REAL_HOMES_property_garage":"2","REAL_HOMES_property_id":"V8964","REAL_HOMES_property_year_built":"","REAL_HOMES_featured":"0","REAL_HOMES_additional_details_list":[],"REAL_HOMES_property_location":{"latitude":"42.5337046","longitude":"13.9170108","zoom":"12"},"REAL_HOMES_property_address":"Castilenti, Teramo, Abruzzo, 64035, Italia","REAL_HOMES_property_map":"0","REAL_HOMES_property_images":[{"width":150,"height":150,"file":"2025\/09\/9e2f4e5c-7c9f-4e38-b7d9-0fdaf6280c85.jpg","filesize":501473,"sizes":{"thumbnail":{"file":"9e2f4e5c-7c9f-4e38-b7d9-0fdaf6280c85-150x150.jpg","width":150,"height":150,"mime-type":"image\/jpeg","url":"https:\/\/www.studioimmobiliarefarina.eu\/wp-content\/uploads\/2025\/09\/9e2f4e5c-7c9f-4e38-b7d9-0fdaf6280c85-150x150.jpg"},"medium":{"file":"9e2f4e5c-7c9f-4e38-b7d9-0fdaf6280c85-300x225.jpg","width":300,"height":225,"mime-type":"image\/jpeg","url":"https:\/\/www.studioimmobiliarefarina.eu\/wp-content\/uploads\/2025\/09\/9e2f4e5c-7c9f-4e38-b7d9-0fdaf6280c85-300x225.jpg"},"large":{"file":"9e2f4e5c-7c9f-4e38-b7d9-0fdaf6280c85-1024x768.jpg","width":1024,"height":768,"mime-type":"image\/jpeg","url":"https:\/\/www.studioimmobiliarefarina.eu\/wp-content\/uploads\/2025\/09\/9e2f4e5c-7c9f-4e38-b7d9-0fdaf6280c85-1024x768.jpg"},"post-featured-image":{"file":"9e2f4e5c-7c9f-4e38-b7d9-0fdaf6280c85-1240x720.jpg","width":1240,"height":720,"mime-type":"image\/jpeg","url":"https:\/\/www.studioimmobiliarefarina.eu\/wp-content\/uploads\/2025\/09\/9e2f4e5c-7c9f-4e38-b7d9-0fdaf6280c85-1240x720.jpg"},"property-thumb-image":{"file":"9e2f4e5c-7c9f-4e38-b7d9-0fdaf6280c85-488x326.jpg","width":488,"height":326,"mime-type":"image\/jpeg","url":"https:\/\/www.studioimmobiliarefarina.eu\/wp-content\/uploads\/2025\/09\/9e2f4e5c-7c9f-4e38-b7d9-0fdaf6280c85-488x326.jpg"},"modern-property-child-slider":{"file":"9e2f4e5c-7c9f-4e38-b7d9-0fdaf6280c85-680x510.jpg","width":680,"height":510,"mime-type":"image\/jpeg","url":"https:\/\/www.studioimmobiliarefarina.eu\/wp-content\/uploads\/2025\/09\/9e2f4e5c-7c9f-4e38-b7d9-0fdaf6280c85-680x510.jpg"}},"image_meta":{"aperture":"0","credit":"","camera":"","caption":"","created_timestamp":"0","copyright":"","focal_length":"0","iso":"0","shutter_speed":"0","title":"","orientation":"0","keywords":[]},"ID":"59175","name":"9e2f4e5c-7c9f-4e38-b7d9-0fdaf6280c85.jpg","path":"\/srv\/www\/studioimmobiliarefarina.eu\/wp-content\/uploads\/2025\/09\/9e2f4e5c-7c9f-4e38-b7d9-0fdaf6280c85.jpg","url":"https:\/\/www.studioimmobiliarefarina.eu\/wp-content\/uploads\/2025\/09\/9e2f4e5c-7c9f-4e38-b7d9-0fdaf6280c85-150x150.jpg","full_url":"https:\/\/www.studioimmobiliarefarina.eu\/wp-content\/uploads\/2025\/09\/9e2f4e5c-7c9f-4e38-b7d9-0fdaf6280c85.jpg","title":"9e2f4e5c-7c9f-4e38-b7d9-0fdaf6280c85","caption":"","description":"","alt":"","srcset":false},{"width":150,"height":150,"file":"2025\/09\/WhatsApp-Image-2025-10-22-at-17.28.18.jpeg","filesize":132535,"sizes":{"thumbnail":{"file":"WhatsApp-Image-2025-10-22-at-17.28.18-150x150.jpeg","width":150,"height":150,"mime-type":"image\/jpeg","url":"https:\/\/www.studioimmobiliarefarina.eu\/wp-content\/uploads\/2025\/09\/WhatsApp-Image-2025-10-22-at-17.28.18-150x150.jpeg"},"medium":{"file":"WhatsApp-Image-2025-10-22-at-17.28.18-300x225.jpeg","width":300,"height":225,"mime-type":"image\/jpeg","url":"https:\/\/www.studioimmobiliarefarina.eu\/wp-content\/uploads\/2025\/09\/WhatsApp-Image-2025-10-22-at-17.28.18-300x225.jpeg"},"large":{"file":"WhatsApp-Image-2025-10-22-at-17.28.18-1024x768.jpeg","width":1024,"height":768,"mime-type":"image\/jpeg","url":"https:\/\/www.studioimmobiliarefarina.eu\/wp-content\/uploads\/2025\/09\/WhatsApp-Image-2025-10-22-at-17.28.18-1024x768.jpeg"},"post-featured-image":{"file":"WhatsApp-Image-2025-10-22-at-17.28.18-1240x720.jpeg","width":1240,"height":720,"mime-type":"image\/jpeg","url":"https:\/\/www.studioimmobiliarefarina.eu\/wp-content\/uploads\/2025\/09\/WhatsApp-Image-2025-10-22-at-17.28.18-1240x720.jpeg"}},"image_meta":{"aperture":"0","credit":"","camera":"","caption":"","created_timestamp":"0","copyright":"","focal_length":"0","iso":"0","shutter_speed":"0","title":"","orientation":"0","keywords":[]},"ID":"60686","name":"WhatsApp-Image-2025-10-22-at-17.28.18.jpeg","path":"\/srv\/www\/studioimmobiliarefarina.eu\/wp-content\/uploads\/2025\/09\/WhatsApp-Image-2025-10-22-at-17.28.18.jpeg","url":"https:\/\/www.studioimmobiliarefarina.eu\/wp-content\/uploads\/2025\/09\/WhatsApp-Image-2025-10-22-at-17.28.18-150x150.jpeg","full_url":"https:\/\/www.studioimmobiliarefarina.eu\/wp-content\/uploads\/2025\/09\/WhatsApp-Image-2025-10-22-at-17.28.18.jpeg","title":"WhatsApp Image 2025-10-22 at 17.28.18","caption":"","description":"","alt":"","srcset":false},{"width":150,"height":150,"file":"2025\/09\/4e2bfe1e-19a0-4c7e-bb94-30afdfc4557e.jpg","filesize":142462,"sizes":{"thumbnail":{"file":"4e2bfe1e-19a0-4c7e-bb94-30afdfc4557e-150x150.jpg","width":150,"height":150,"mime-type":"image\/jpeg","url":"https:\/\/www.studioimmobiliarefarina.eu\/wp-content\/uploads\/2025\/09\/4e2bfe1e-19a0-4c7e-bb94-30afdfc4557e-150x150.jpg"},"medium":{"file":"4e2bfe1e-19a0-4c7e-bb94-30afdfc4557e-300x225.jpg","width":300,"height":225,"mime-type":"image\/jpeg","url":"https:\/\/www.studioimmobiliarefarina.eu\/wp-content\/uploads\/2025\/09\/4e2bfe1e-19a0-4c7e-bb94-30afdfc4557e-300x225.jpg"},"large":{"file":"4e2bfe1e-19a0-4c7e-bb94-30afdfc4557e-1024x768.jpg","width":1024,"height":768,"mime-type":"image\/jpeg","url":"https:\/\/www.studioimmobiliarefarina.eu\/wp-content\/uploads\/2025\/09\/4e2bfe1e-19a0-4c7e-bb94-30afdfc4557e-1024x768.jpg"},"post-featured-image":{"file":"4e2bfe1e-19a0-4c7e-bb94-30afdfc4557e-1240x720.jpg","width":1240,"height":720,"mime-type":"image\/jpeg","url":"https:\/\/www.studioimmobiliarefarina.eu\/wp-content\/uploads\/2025\/09\/4e2bfe1e-19a0-4c7e-bb94-30afdfc4557e-1240x720.jpg"}},"image_meta":{"aperture":"0","credit":"","camera":"","caption":"","created_timestamp":"0","copyright":"","focal_length":"0","iso":"0","shutter_speed":"0","title":"","orientation":"0","keywords":[]},"ID":"59148","name":"4e2bfe1e-19a0-4c7e-bb94-30afdfc4557e.jpg","path":"\/srv\/www\/studioimmobiliarefarina.eu\/wp-content\/uploads\/2025\/09\/4e2bfe1e-19a0-4c7e-bb94-30afdfc4557e.jpg","url":"https:\/\/www.studioimmobiliarefarina.eu\/wp-content\/uploads\/2025\/09\/4e2bfe1e-19a0-4c7e-bb94-30afdfc4557e-150x150.jpg","full_url":"https:\/\/www.studioimmobiliarefarina.eu\/wp-content\/uploads\/2025\/09\/4e2bfe1e-19a0-4c7e-bb94-30afdfc4557e.jpg","title":"4e2bfe1e-19a0-4c7e-bb94-30afdfc4557e","caption":"","description":"","alt":"","srcset":false},{"width":150,"height":150,"file":"2025\/09\/f6271e12-d884-4971-b21e-d7d12a47362c-1.jpg","filesize":230941,"sizes":{"thumbnail":{"file":"f6271e12-d884-4971-b21e-d7d12a47362c-1-150x150.jpg","width":150,"height":150,"mime-type":"image\/jpeg","url":"https:\/\/www.studioimmobiliarefarina.eu\/wp-content\/uploads\/2025\/09\/f6271e12-d884-4971-b21e-d7d12a47362c-1-150x150.jpg"},"medium":{"file":"f6271e12-d884-4971-b21e-d7d12a47362c-1-300x225.jpg","width":300,"height":225,"mime-type":"image\/jpeg","url":"https:\/\/www.studioimmobiliarefarina.eu\/wp-content\/uploads\/2025\/09\/f6271e12-d884-4971-b21e-d7d12a47362c-1-300x225.jpg"},"large":{"file":"f6271e12-d884-4971-b21e-d7d12a47362c-1-1024x768.jpg","width":1024,"height":768,"mime-type":"image\/jpeg","url":"https:\/\/www.studioimmobiliarefarina.eu\/wp-content\/uploads\/2025\/09\/f6271e12-d884-4971-b21e-d7d12a47362c-1-1024x768.jpg"},"post-featured-image":{"file":"f6271e12-d884-4971-b21e-d7d12a47362c-1-1240x720.jpg","width":1240,"height":720,"mime-type":"image\/jpeg","url":"https:\/\/www.studioimmobiliarefarina.eu\/wp-content\/uploads\/2025\/09\/f6271e12-d884-4971-b21e-d7d12a47362c-1-1240x720.jpg"}},"image_meta":{"aperture":"0","credit":"","camera":"","caption":"","created_timestamp":"0","copyright":"","focal_length":"0","iso":"0","shutter_speed":"0","title":"","orientation":"0","keywords":[]},"ID":"59128","name":"f6271e12-d884-4971-b21e-d7d12a47362c-1.jpg","path":"\/srv\/www\/studioimmobiliarefarina.eu\/wp-content\/uploads\/2025\/09\/f6271e12-d884-4971-b21e-d7d12a47362c-1.jpg","url":"https:\/\/www.studioimmobiliarefarina.eu\/wp-content\/uploads\/2025\/09\/f6271e12-d884-4971-b21e-d7d12a47362c-1-150x150.jpg","full_url":"https:\/\/www.studioimmobiliarefarina.eu\/wp-content\/uploads\/2025\/09\/f6271e12-d884-4971-b21e-d7d12a47362c-1.jpg","title":"f6271e12-d884-4971-b21e-d7d12a47362c","caption":"","description":"","alt":"","srcset":false},{"width":150,"height":150,"file":"2025\/09\/8db84be7-ebb0-4d74-972c-19aeee80313d-1.jpg","filesize":442030,"sizes":{"thumbnail":{"file":"8db84be7-ebb0-4d74-972c-19aeee80313d-1-150x150.jpg","width":150,"height":150,"mime-type":"image\/jpeg","url":"https:\/\/www.studioimmobiliarefarina.eu\/wp-content\/uploads\/2025\/09\/8db84be7-ebb0-4d74-972c-19aeee80313d-1-150x150.jpg"},"medium":{"file":"8db84be7-ebb0-4d74-972c-19aeee80313d-1-300x225.jpg","width":300,"height":225,"mime-type":"image\/jpeg","url":"https:\/\/www.studioimmobiliarefarina.eu\/wp-content\/uploads\/2025\/09\/8db84be7-ebb0-4d74-972c-19aeee80313d-1-300x225.jpg"},"large":{"file":"8db84be7-ebb0-4d74-972c-19aeee80313d-1-1024x768.jpg","width":1024,"height":768,"mime-type":"image\/jpeg","url":"https:\/\/www.studioimmobiliarefarina.eu\/wp-content\/uploads\/2025\/09\/8db84be7-ebb0-4d74-972c-19aeee80313d-1-1024x768.jpg"},"post-featured-image":{"file":"8db84be7-ebb0-4d74-972c-19aeee80313d-1-1240x720.jpg","width":1240,"height":720,"mime-type":"image\/jpeg","url":"https:\/\/www.studioimmobiliarefarina.eu\/wp-content\/uploads\/2025\/09\/8db84be7-ebb0-4d74-972c-19aeee80313d-1-1240x720.jpg"}},"image_meta":{"aperture":"0","credit":"","camera":"","caption":"","created_timestamp":"0","copyright":"","focal_length":"0","iso":"0","shutter_speed":"0","title":"","orientation":"0","keywords":[]},"ID":"59207","name":"8db84be7-ebb0-4d74-972c-19aeee80313d-1.jpg","path":"\/srv\/www\/studioimmobiliarefarina.eu\/wp-content\/uploads\/2025\/09\/8db84be7-ebb0-4d74-972c-19aeee80313d-1.jpg","url":"https:\/\/www.studioimmobiliarefarina.eu\/wp-content\/uploads\/2025\/09\/8db84be7-ebb0-4d74-972c-19aeee80313d-1-150x150.jpg","full_url":"https:\/\/www.studioimmobiliarefarina.eu\/wp-content\/uploads\/2025\/09\/8db84be7-ebb0-4d74-972c-19aeee80313d-1.jpg","title":"8db84be7-ebb0-4d74-972c-19aeee80313d","caption":"","description":"","alt":"","srcset":false},{"width":150,"height":150,"file":"2025\/09\/d7df555f-5e6f-49a9-831e-a3ede6d641ae-1.jpg","filesize":161918,"sizes":{"thumbnail":{"file":"d7df555f-5e6f-49a9-831e-a3ede6d641ae-1-150x150.jpg","width":150,"height":150,"mime-type":"image\/jpeg","url":"https:\/\/www.studioimmobiliarefarina.eu\/wp-content\/uploads\/2025\/09\/d7df555f-5e6f-49a9-831e-a3ede6d641ae-1-150x150.jpg"},"medium":{"file":"d7df555f-5e6f-49a9-831e-a3ede6d641ae-1-300x225.jpg","width":300,"height":225,"mime-type":"image\/jpeg","url":"https:\/\/www.studioimmobiliarefarina.eu\/wp-content\/uploads\/2025\/09\/d7df555f-5e6f-49a9-831e-a3ede6d641ae-1-300x225.jpg"},"large":{"file":"d7df555f-5e6f-49a9-831e-a3ede6d641ae-1-1024x768.jpg","width":1024,"height":768,"mime-type":"image\/jpeg","url":"https:\/\/www.studioimmobiliarefarina.eu\/wp-content\/uploads\/2025\/09\/d7df555f-5e6f-49a9-831e-a3ede6d641ae-1-1024x768.jpg"},"post-featured-image":{"file":"d7df555f-5e6f-49a9-831e-a3ede6d641ae-1-1240x720.jpg","width":1240,"height":720,"mime-type":"image\/jpeg","url":"https:\/\/www.studioimmobiliarefarina.eu\/wp-content\/uploads\/2025\/09\/d7df555f-5e6f-49a9-831e-a3ede6d641ae-1-1240x720.jpg"}},"image_meta":{"aperture":"0","credit":"","camera":"","caption":"","created_timestamp":"0","copyright":"","focal_length":"0","iso":"0","shutter_speed":"0","title":"","orientation":"0","keywords":[]},"ID":"59127","name":"d7df555f-5e6f-49a9-831e-a3ede6d641ae-1.jpg","path":"\/srv\/www\/studioimmobiliarefarina.eu\/wp-content\/uploads\/2025\/09\/d7df555f-5e6f-49a9-831e-a3ede6d641ae-1.jpg","url":"https:\/\/www.studioimmobiliarefarina.eu\/wp-content\/uploads\/2025\/09\/d7df555f-5e6f-49a9-831e-a3ede6d641ae-1-150x150.jpg","full_url":"https:\/\/www.studioimmobiliarefarina.eu\/wp-content\/uploads\/2025\/09\/d7df555f-5e6f-49a9-831e-a3ede6d641ae-1.jpg","title":"d7df555f-5e6f-49a9-831e-a3ede6d641ae","caption":"","description":"","alt":"","srcset":false},{"width":150,"height":150,"file":"2025\/09\/f3250656-fa1b-4222-a868-6dc807c4274e.jpg","filesize":367830,"sizes":{"thumbnail":{"file":"f3250656-fa1b-4222-a868-6dc807c4274e-150x150.jpg","width":150,"height":150,"mime-type":"image\/jpeg","url":"https:\/\/www.studioimmobiliarefarina.eu\/wp-content\/uploads\/2025\/09\/f3250656-fa1b-4222-a868-6dc807c4274e-150x150.jpg"},"medium":{"file":"f3250656-fa1b-4222-a868-6dc807c4274e-300x225.jpg","width":300,"height":225,"mime-type":"image\/jpeg","url":"https:\/\/www.studioimmobiliarefarina.eu\/wp-content\/uploads\/2025\/09\/f3250656-fa1b-4222-a868-6dc807c4274e-300x225.jpg"},"large":{"file":"f3250656-fa1b-4222-a868-6dc807c4274e-1024x768.jpg","width":1024,"height":768,"mime-type":"image\/jpeg","url":"https:\/\/www.studioimmobiliarefarina.eu\/wp-content\/uploads\/2025\/09\/f3250656-fa1b-4222-a868-6dc807c4274e-1024x768.jpg"},"post-featured-image":{"file":"f3250656-fa1b-4222-a868-6dc807c4274e-1240x720.jpg","width":1240,"height":720,"mime-type":"image\/jpeg","url":"https:\/\/www.studioimmobiliarefarina.eu\/wp-content\/uploads\/2025\/09\/f3250656-fa1b-4222-a868-6dc807c4274e-1240x720.jpg"}},"image_meta":{"aperture":"0","credit":"","camera":"","caption":"","created_timestamp":"0","copyright":"","focal_length":"0","iso":"0","shutter_speed":"0","title":"","orientation":"0","keywords":[]},"ID":"59163","name":"f3250656-fa1b-4222-a868-6dc807c4274e.jpg","path":"\/srv\/www\/studioimmobiliarefarina.eu\/wp-content\/uploads\/2025\/09\/f3250656-fa1b-4222-a868-6dc807c4274e.jpg","url":"https:\/\/www.studioimmobiliarefarina.eu\/wp-content\/uploads\/2025\/09\/f3250656-fa1b-4222-a868-6dc807c4274e-150x150.jpg","full_url":"https:\/\/www.studioimmobiliarefarina.eu\/wp-content\/uploads\/2025\/09\/f3250656-fa1b-4222-a868-6dc807c4274e.jpg","title":"f3250656-fa1b-4222-a868-6dc807c4274e","caption":"","description":"","alt":"","srcset":false},{"width":150,"height":150,"file":"2025\/09\/e37c107f-4ca5-4259-b214-3a6a59c62bc2-1.jpg","filesize":511436,"sizes":{"thumbnail":{"file":"e37c107f-4ca5-4259-b214-3a6a59c62bc2-1-150x150.jpg","width":150,"height":150,"mime-type":"image\/jpeg","url":"https:\/\/www.studioimmobiliarefarina.eu\/wp-content\/uploads\/2025\/09\/e37c107f-4ca5-4259-b214-3a6a59c62bc2-1-150x150.jpg"},"medium":{"file":"e37c107f-4ca5-4259-b214-3a6a59c62bc2-1-300x225.jpg","width":300,"height":225,"mime-type":"image\/jpeg","url":"https:\/\/www.studioimmobiliarefarina.eu\/wp-content\/uploads\/2025\/09\/e37c107f-4ca5-4259-b214-3a6a59c62bc2-1-300x225.jpg"},"large":{"file":"e37c107f-4ca5-4259-b214-3a6a59c62bc2-1-1024x768.jpg","width":1024,"height":768,"mime-type":"image\/jpeg","url":"https:\/\/www.studioimmobiliarefarina.eu\/wp-content\/uploads\/2025\/09\/e37c107f-4ca5-4259-b214-3a6a59c62bc2-1-1024x768.jpg"},"post-featured-image":{"file":"e37c107f-4ca5-4259-b214-3a6a59c62bc2-1-1240x720.jpg","width":1240,"height":720,"mime-type":"image\/jpeg","url":"https:\/\/www.studioimmobiliarefarina.eu\/wp-content\/uploads\/2025\/09\/e37c107f-4ca5-4259-b214-3a6a59c62bc2-1-1240x720.jpg"}},"image_meta":{"aperture":"0","credit":"","camera":"","caption":"","created_timestamp":"0","copyright":"","focal_length":"0","iso":"0","shutter_speed":"0","title":"","orientation":"0","keywords":[]},"ID":"59250","name":"e37c107f-4ca5-4259-b214-3a6a59c62bc2-1.jpg","path":"\/srv\/www\/studioimmobiliarefarina.eu\/wp-content\/uploads\/2025\/09\/e37c107f-4ca5-4259-b214-3a6a59c62bc2-1.jpg","url":"https:\/\/www.studioimmobiliarefarina.eu\/wp-content\/uploads\/2025\/09\/e37c107f-4ca5-4259-b214-3a6a59c62bc2-1-150x150.jpg","full_url":"https:\/\/www.studioimmobiliarefarina.eu\/wp-content\/uploads\/2025\/09\/e37c107f-4ca5-4259-b214-3a6a59c62bc2-1.jpg","title":"e37c107f-4ca5-4259-b214-3a6a59c62bc2","caption":"","description":"","alt":"","srcset":false},{"width":150,"height":150,"file":"2025\/09\/foto-copertin.jpg","filesize":298055,"sizes":{"thumbnail":{"file":"foto-copertin-150x150.jpg","width":150,"height":150,"mime-type":"image\/jpeg","url":"https:\/\/www.studioimmobiliarefarina.eu\/wp-content\/uploads\/2025\/09\/foto-copertin-150x150.jpg"},"medium":{"file":"foto-copertin-300x225.jpg","width":300,"height":225,"mime-type":"image\/jpeg","url":"https:\/\/www.studioimmobiliarefarina.eu\/wp-content\/uploads\/2025\/09\/foto-copertin-300x225.jpg"},"large":{"file":"foto-copertin-1024x768.jpg","width":1024,"height":768,"mime-type":"image\/jpeg","url":"https:\/\/www.studioimmobiliarefarina.eu\/wp-content\/uploads\/2025\/09\/foto-copertin-1024x768.jpg"},"property-thumb-image":{"file":"foto-copertin-488x326.jpg","width":488,"height":326,"mime-type":"image\/jpeg","url":"https:\/\/www.studioimmobiliarefarina.eu\/wp-content\/uploads\/2025\/09\/foto-copertin-488x326.jpg"},"post-featured-image":{"file":"foto-copertin-1240x720.jpg","width":1240,"height":720,"mime-type":"image\/jpeg","url":"https:\/\/www.studioimmobiliarefarina.eu\/wp-content\/uploads\/2025\/09\/foto-copertin-1240x720.jpg"},"modern-property-child-slider":{"file":"foto-copertin-680x510.jpg","width":680,"height":510,"mime-type":"image\/jpeg","url":"https:\/\/www.studioimmobiliarefarina.eu\/wp-content\/uploads\/2025\/09\/foto-copertin-680x510.jpg"},"post-thumbnail":{"file":"foto-copertin-150x113.jpg","width":150,"height":113,"mime-type":"image\/jpeg","url":"https:\/\/www.studioimmobiliarefarina.eu\/wp-content\/uploads\/2025\/09\/foto-copertin-150x113.jpg"}},"image_meta":{"aperture":"0","credit":"","camera":"","caption":"","created_timestamp":"0","copyright":"","focal_length":"0","iso":"0","shutter_speed":"0","title":"","orientation":"0","keywords":[]},"ID":"59253","name":"foto-copertin.jpg","path":"\/srv\/www\/studioimmobiliarefarina.eu\/wp-content\/uploads\/2025\/09\/foto-copertin.jpg","url":"https:\/\/www.studioimmobiliarefarina.eu\/wp-content\/uploads\/2025\/09\/foto-copertin-150x150.jpg","full_url":"https:\/\/www.studioimmobiliarefarina.eu\/wp-content\/uploads\/2025\/09\/foto-copertin.jpg","title":"foto copertin","caption":"","description":"","alt":"","srcset":false},{"width":150,"height":150,"file":"2025\/09\/b02e99f3-6997-4a7a-8d9f-ad92e7b80449-1.jpg","filesize":367857,"sizes":{"thumbnail":{"file":"b02e99f3-6997-4a7a-8d9f-ad92e7b80449-1-150x150.jpg","width":150,"height":150,"mime-type":"image\/jpeg","url":"https:\/\/www.studioimmobiliarefarina.eu\/wp-content\/uploads\/2025\/09\/b02e99f3-6997-4a7a-8d9f-ad92e7b80449-1-150x150.jpg"},"medium":{"file":"b02e99f3-6997-4a7a-8d9f-ad92e7b80449-1-300x225.jpg","width":300,"height":225,"mime-type":"image\/jpeg","url":"https:\/\/www.studioimmobiliarefarina.eu\/wp-content\/uploads\/2025\/09\/b02e99f3-6997-4a7a-8d9f-ad92e7b80449-1-300x225.jpg"},"large":{"file":"b02e99f3-6997-4a7a-8d9f-ad92e7b80449-1-1024x768.jpg","width":1024,"height":768,"mime-type":"image\/jpeg","url":"https:\/\/www.studioimmobiliarefarina.eu\/wp-content\/uploads\/2025\/09\/b02e99f3-6997-4a7a-8d9f-ad92e7b80449-1-1024x768.jpg"},"post-featured-image":{"file":"b02e99f3-6997-4a7a-8d9f-ad92e7b80449-1-1240x720.jpg","width":1240,"height":720,"mime-type":"image\/jpeg","url":"https:\/\/www.studioimmobiliarefarina.eu\/wp-content\/uploads\/2025\/09\/b02e99f3-6997-4a7a-8d9f-ad92e7b80449-1-1240x720.jpg"}},"image_meta":{"aperture":"0","credit":"","camera":"","caption":"","created_timestamp":"0","copyright":"","focal_length":"0","iso":"0","shutter_speed":"0","title":"","orientation":"0","keywords":[]},"ID":"59232","name":"b02e99f3-6997-4a7a-8d9f-ad92e7b80449-1.jpg","path":"\/srv\/www\/studioimmobiliarefarina.eu\/wp-content\/uploads\/2025\/09\/b02e99f3-6997-4a7a-8d9f-ad92e7b80449-1.jpg","url":"https:\/\/www.studioimmobiliarefarina.eu\/wp-content\/uploads\/2025\/09\/b02e99f3-6997-4a7a-8d9f-ad92e7b80449-1-150x150.jpg","full_url":"https:\/\/www.studioimmobiliarefarina.eu\/wp-content\/uploads\/2025\/09\/b02e99f3-6997-4a7a-8d9f-ad92e7b80449-1.jpg","title":"b02e99f3-6997-4a7a-8d9f-ad92e7b80449","caption":"","description":"","alt":"","srcset":false},{"width":150,"height":150,"file":"2025\/09\/828a1f31-2df3-4997-8dad-9f596c36eaf4.jpg","filesize":109153,"sizes":{"thumbnail":{"file":"828a1f31-2df3-4997-8dad-9f596c36eaf4-150x150.jpg","width":150,"height":150,"mime-type":"image\/jpeg","url":"https:\/\/www.studioimmobiliarefarina.eu\/wp-content\/uploads\/2025\/09\/828a1f31-2df3-4997-8dad-9f596c36eaf4-150x150.jpg"},"medium":{"file":"828a1f31-2df3-4997-8dad-9f596c36eaf4-300x225.jpg","width":300,"height":225,"mime-type":"image\/jpeg","url":"https:\/\/www.studioimmobiliarefarina.eu\/wp-content\/uploads\/2025\/09\/828a1f31-2df3-4997-8dad-9f596c36eaf4-300x225.jpg"},"large":{"file":"828a1f31-2df3-4997-8dad-9f596c36eaf4-1024x768.jpg","width":1024,"height":768,"mime-type":"image\/jpeg","url":"https:\/\/www.studioimmobiliarefarina.eu\/wp-content\/uploads\/2025\/09\/828a1f31-2df3-4997-8dad-9f596c36eaf4-1024x768.jpg"},"post-featured-image":{"file":"828a1f31-2df3-4997-8dad-9f596c36eaf4-1240x720.jpg","width":1240,"height":720,"mime-type":"image\/jpeg","url":"https:\/\/www.studioimmobiliarefarina.eu\/wp-content\/uploads\/2025\/09\/828a1f31-2df3-4997-8dad-9f596c36eaf4-1240x720.jpg"}},"image_meta":{"aperture":"0","credit":"","camera":"","caption":"","created_timestamp":"0","copyright":"","focal_length":"0","iso":"0","shutter_speed":"0","title":"","orientation":"0","keywords":[]},"ID":"59145","name":"828a1f31-2df3-4997-8dad-9f596c36eaf4.jpg","path":"\/srv\/www\/studioimmobiliarefarina.eu\/wp-content\/uploads\/2025\/09\/828a1f31-2df3-4997-8dad-9f596c36eaf4.jpg","url":"https:\/\/www.studioimmobiliarefarina.eu\/wp-content\/uploads\/2025\/09\/828a1f31-2df3-4997-8dad-9f596c36eaf4-150x150.jpg","full_url":"https:\/\/www.studioimmobiliarefarina.eu\/wp-content\/uploads\/2025\/09\/828a1f31-2df3-4997-8dad-9f596c36eaf4.jpg","title":"828a1f31-2df3-4997-8dad-9f596c36eaf4","caption":"","description":"","alt":"","srcset":false},{"width":150,"height":150,"file":"2025\/09\/87dc0bd3-083e-436e-aec7-294c0bce67d7.jpg","filesize":141426,"sizes":{"thumbnail":{"file":"87dc0bd3-083e-436e-aec7-294c0bce67d7-150x150.jpg","width":150,"height":150,"mime-type":"image\/jpeg","url":"https:\/\/www.studioimmobiliarefarina.eu\/wp-content\/uploads\/2025\/09\/87dc0bd3-083e-436e-aec7-294c0bce67d7-150x150.jpg"},"medium":{"file":"87dc0bd3-083e-436e-aec7-294c0bce67d7-300x225.jpg","width":300,"height":225,"mime-type":"image\/jpeg","url":"https:\/\/www.studioimmobiliarefarina.eu\/wp-content\/uploads\/2025\/09\/87dc0bd3-083e-436e-aec7-294c0bce67d7-300x225.jpg"},"large":{"file":"87dc0bd3-083e-436e-aec7-294c0bce67d7-1024x768.jpg","width":1024,"height":768,"mime-type":"image\/jpeg","url":"https:\/\/www.studioimmobiliarefarina.eu\/wp-content\/uploads\/2025\/09\/87dc0bd3-083e-436e-aec7-294c0bce67d7-1024x768.jpg"},"post-featured-image":{"file":"87dc0bd3-083e-436e-aec7-294c0bce67d7-1240x720.jpg","width":1240,"height":720,"mime-type":"image\/jpeg","url":"https:\/\/www.studioimmobiliarefarina.eu\/wp-content\/uploads\/2025\/09\/87dc0bd3-083e-436e-aec7-294c0bce67d7-1240x720.jpg"}},"image_meta":{"aperture":"0","credit":"","camera":"","caption":"","created_timestamp":"0","copyright":"","focal_length":"0","iso":"0","shutter_speed":"0","title":"","orientation":"0","keywords":[]},"ID":"59144","name":"87dc0bd3-083e-436e-aec7-294c0bce67d7.jpg","path":"\/srv\/www\/studioimmobiliarefarina.eu\/wp-content\/uploads\/2025\/09\/87dc0bd3-083e-436e-aec7-294c0bce67d7.jpg","url":"https:\/\/www.studioimmobiliarefarina.eu\/wp-content\/uploads\/2025\/09\/87dc0bd3-083e-436e-aec7-294c0bce67d7-150x150.jpg","full_url":"https:\/\/www.studioimmobiliarefarina.eu\/wp-content\/uploads\/2025\/09\/87dc0bd3-083e-436e-aec7-294c0bce67d7.jpg","title":"87dc0bd3-083e-436e-aec7-294c0bce67d7","caption":"","description":"","alt":"","srcset":false},{"width":150,"height":150,"file":"2025\/09\/33f03e94-e097-4884-b371-7345f500271a.jpg","filesize":155390,"sizes":{"thumbnail":{"file":"33f03e94-e097-4884-b371-7345f500271a-150x150.jpg","width":150,"height":150,"mime-type":"image\/jpeg","url":"https:\/\/www.studioimmobiliarefarina.eu\/wp-content\/uploads\/2025\/09\/33f03e94-e097-4884-b371-7345f500271a-150x150.jpg"},"medium":{"file":"33f03e94-e097-4884-b371-7345f500271a-300x225.jpg","width":300,"height":225,"mime-type":"image\/jpeg","url":"https:\/\/www.studioimmobiliarefarina.eu\/wp-content\/uploads\/2025\/09\/33f03e94-e097-4884-b371-7345f500271a-300x225.jpg"},"large":{"file":"33f03e94-e097-4884-b371-7345f500271a-1024x768.jpg","width":1024,"height":768,"mime-type":"image\/jpeg","url":"https:\/\/www.studioimmobiliarefarina.eu\/wp-content\/uploads\/2025\/09\/33f03e94-e097-4884-b371-7345f500271a-1024x768.jpg"},"post-featured-image":{"file":"33f03e94-e097-4884-b371-7345f500271a-1240x720.jpg","width":1240,"height":720,"mime-type":"image\/jpeg","url":"https:\/\/www.studioimmobiliarefarina.eu\/wp-content\/uploads\/2025\/09\/33f03e94-e097-4884-b371-7345f500271a-1240x720.jpg"}},"image_meta":{"aperture":"0","credit":"","camera":"","caption":"","created_timestamp":"0","copyright":"","focal_length":"0","iso":"0","shutter_speed":"0","title":"","orientation":"0","keywords":[]},"ID":"59150","name":"33f03e94-e097-4884-b371-7345f500271a.jpg","path":"\/srv\/www\/studioimmobiliarefarina.eu\/wp-content\/uploads\/2025\/09\/33f03e94-e097-4884-b371-7345f500271a.jpg","url":"https:\/\/www.studioimmobiliarefarina.eu\/wp-content\/uploads\/2025\/09\/33f03e94-e097-4884-b371-7345f500271a-150x150.jpg","full_url":"https:\/\/www.studioimmobiliarefarina.eu\/wp-content\/uploads\/2025\/09\/33f03e94-e097-4884-b371-7345f500271a.jpg","title":"33f03e94-e097-4884-b371-7345f500271a","caption":"","description":"","alt":"","srcset":false},{"width":150,"height":150,"file":"2025\/09\/757ac174-cc98-48c6-9984-3549eb556acc.jpg","filesize":144054,"sizes":{"thumbnail":{"file":"757ac174-cc98-48c6-9984-3549eb556acc-150x150.jpg","width":150,"height":150,"mime-type":"image\/jpeg","url":"https:\/\/www.studioimmobiliarefarina.eu\/wp-content\/uploads\/2025\/09\/757ac174-cc98-48c6-9984-3549eb556acc-150x150.jpg"},"medium":{"file":"757ac174-cc98-48c6-9984-3549eb556acc-300x225.jpg","width":300,"height":225,"mime-type":"image\/jpeg","url":"https:\/\/www.studioimmobiliarefarina.eu\/wp-content\/uploads\/2025\/09\/757ac174-cc98-48c6-9984-3549eb556acc-300x225.jpg"},"large":{"file":"757ac174-cc98-48c6-9984-3549eb556acc-1024x768.jpg","width":1024,"height":768,"mime-type":"image\/jpeg","url":"https:\/\/www.studioimmobiliarefarina.eu\/wp-content\/uploads\/2025\/09\/757ac174-cc98-48c6-9984-3549eb556acc-1024x768.jpg"},"post-featured-image":{"file":"757ac174-cc98-48c6-9984-3549eb556acc-1240x720.jpg","width":1240,"height":720,"mime-type":"image\/jpeg","url":"https:\/\/www.studioimmobiliarefarina.eu\/wp-content\/uploads\/2025\/09\/757ac174-cc98-48c6-9984-3549eb556acc-1240x720.jpg"}},"image_meta":{"aperture":"0","credit":"","camera":"","caption":"","created_timestamp":"0","copyright":"","focal_length":"0","iso":"0","shutter_speed":"0","title":"","orientation":"0","keywords":[]},"ID":"59151","name":"757ac174-cc98-48c6-9984-3549eb556acc.jpg","path":"\/srv\/www\/studioimmobiliarefarina.eu\/wp-content\/uploads\/2025\/09\/757ac174-cc98-48c6-9984-3549eb556acc.jpg","url":"https:\/\/www.studioimmobiliarefarina.eu\/wp-content\/uploads\/2025\/09\/757ac174-cc98-48c6-9984-3549eb556acc-150x150.jpg","full_url":"https:\/\/www.studioimmobiliarefarina.eu\/wp-content\/uploads\/2025\/09\/757ac174-cc98-48c6-9984-3549eb556acc.jpg","title":"757ac174-cc98-48c6-9984-3549eb556acc","caption":"","description":"","alt":"","srcset":false},{"width":150,"height":150,"file":"2025\/09\/4e2bfe1e-19a0-4c7e-bb94-30afdfc4557e-1.jpg","filesize":142462,"sizes":{"thumbnail":{"file":"4e2bfe1e-19a0-4c7e-bb94-30afdfc4557e-1-150x150.jpg","width":150,"height":150,"mime-type":"image\/jpeg","url":"https:\/\/www.studioimmobiliarefarina.eu\/wp-content\/uploads\/2025\/09\/4e2bfe1e-19a0-4c7e-bb94-30afdfc4557e-1-150x150.jpg"},"medium":{"file":"4e2bfe1e-19a0-4c7e-bb94-30afdfc4557e-1-300x225.jpg","width":300,"height":225,"mime-type":"image\/jpeg","url":"https:\/\/www.studioimmobiliarefarina.eu\/wp-content\/uploads\/2025\/09\/4e2bfe1e-19a0-4c7e-bb94-30afdfc4557e-1-300x225.jpg"},"large":{"file":"4e2bfe1e-19a0-4c7e-bb94-30afdfc4557e-1-1024x768.jpg","width":1024,"height":768,"mime-type":"image\/jpeg","url":"https:\/\/www.studioimmobiliarefarina.eu\/wp-content\/uploads\/2025\/09\/4e2bfe1e-19a0-4c7e-bb94-30afdfc4557e-1-1024x768.jpg"},"post-featured-image":{"file":"4e2bfe1e-19a0-4c7e-bb94-30afdfc4557e-1-1240x720.jpg","width":1240,"height":720,"mime-type":"image\/jpeg","url":"https:\/\/www.studioimmobiliarefarina.eu\/wp-content\/uploads\/2025\/09\/4e2bfe1e-19a0-4c7e-bb94-30afdfc4557e-1-1240x720.jpg"}},"image_meta":{"aperture":"0","credit":"","camera":"","caption":"","created_timestamp":"0","copyright":"","focal_length":"0","iso":"0","shutter_speed":"0","title":"","orientation":"0","keywords":[]},"ID":"59210","name":"4e2bfe1e-19a0-4c7e-bb94-30afdfc4557e-1.jpg","path":"\/srv\/www\/studioimmobiliarefarina.eu\/wp-content\/uploads\/2025\/09\/4e2bfe1e-19a0-4c7e-bb94-30afdfc4557e-1.jpg","url":"https:\/\/www.studioimmobiliarefarina.eu\/wp-content\/uploads\/2025\/09\/4e2bfe1e-19a0-4c7e-bb94-30afdfc4557e-1-150x150.jpg","full_url":"https:\/\/www.studioimmobiliarefarina.eu\/wp-content\/uploads\/2025\/09\/4e2bfe1e-19a0-4c7e-bb94-30afdfc4557e-1.jpg","title":"4e2bfe1e-19a0-4c7e-bb94-30afdfc4557e","caption":"","description":"","alt":"","srcset":false},{"width":150,"height":150,"file":"2025\/09\/eaaf3010-ffbb-47c0-a649-7e72c72310a8.jpg","filesize":558465,"sizes":{"thumbnail":{"file":"eaaf3010-ffbb-47c0-a649-7e72c72310a8-150x150.jpg","width":150,"height":150,"mime-type":"image\/jpeg","url":"https:\/\/www.studioimmobiliarefarina.eu\/wp-content\/uploads\/2025\/09\/eaaf3010-ffbb-47c0-a649-7e72c72310a8-150x150.jpg"},"medium":{"file":"eaaf3010-ffbb-47c0-a649-7e72c72310a8-300x225.jpg","width":300,"height":225,"mime-type":"image\/jpeg","url":"https:\/\/www.studioimmobiliarefarina.eu\/wp-content\/uploads\/2025\/09\/eaaf3010-ffbb-47c0-a649-7e72c72310a8-300x225.jpg"},"large":{"file":"eaaf3010-ffbb-47c0-a649-7e72c72310a8-1024x768.jpg","width":1024,"height":768,"mime-type":"image\/jpeg","url":"https:\/\/www.studioimmobiliarefarina.eu\/wp-content\/uploads\/2025\/09\/eaaf3010-ffbb-47c0-a649-7e72c72310a8-1024x768.jpg"},"post-featured-image":{"file":"eaaf3010-ffbb-47c0-a649-7e72c72310a8-1240x720.jpg","width":1240,"height":720,"mime-type":"image\/jpeg","url":"https:\/\/www.studioimmobiliarefarina.eu\/wp-content\/uploads\/2025\/09\/eaaf3010-ffbb-47c0-a649-7e72c72310a8-1240x720.jpg"}},"image_meta":{"aperture":"0","credit":"","camera":"","caption":"","created_timestamp":"0","copyright":"","focal_length":"0","iso":"0","shutter_speed":"0","title":"","orientation":"0","keywords":[]},"ID":"59114","name":"eaaf3010-ffbb-47c0-a649-7e72c72310a8.jpg","path":"\/srv\/www\/studioimmobiliarefarina.eu\/wp-content\/uploads\/2025\/09\/eaaf3010-ffbb-47c0-a649-7e72c72310a8.jpg","url":"https:\/\/www.studioimmobiliarefarina.eu\/wp-content\/uploads\/2025\/09\/eaaf3010-ffbb-47c0-a649-7e72c72310a8-150x150.jpg","full_url":"https:\/\/www.studioimmobiliarefarina.eu\/wp-content\/uploads\/2025\/09\/eaaf3010-ffbb-47c0-a649-7e72c72310a8.jpg","title":"eaaf3010-ffbb-47c0-a649-7e72c72310a8","caption":"","description":"","alt":"","srcset":false},{"width":150,"height":150,"file":"2025\/09\/lucci.png","filesize":1499741,"sizes":{"thumbnail":{"file":"lucci-150x150.png","width":150,"height":150,"mime-type":"image\/png","url":"https:\/\/www.studioimmobiliarefarina.eu\/wp-content\/uploads\/2025\/09\/lucci-150x150.png"},"medium":{"file":"lucci-300x300.png","width":300,"height":300,"mime-type":"image\/png","url":"https:\/\/www.studioimmobiliarefarina.eu\/wp-content\/uploads\/2025\/09\/lucci-300x300.png"},"large":{"file":"lucci-1024x1024.png","width":1024,"height":1024,"mime-type":"image\/png","url":"https:\/\/www.studioimmobiliarefarina.eu\/wp-content\/uploads\/2025\/09\/lucci-1024x1024.png"},"post-featured-image":{"file":"lucci-1024x720.png","width":1024,"height":720,"mime-type":"image\/png","url":"https:\/\/www.studioimmobiliarefarina.eu\/wp-content\/uploads\/2025\/09\/lucci-1024x720.png"}},"image_meta":{"aperture":"0","credit":"","camera":"","caption":"","created_timestamp":"0","copyright":"","focal_length":"0","iso":"0","shutter_speed":"0","title":"","orientation":"0","keywords":[]},"ID":"59312","name":"lucci.png","path":"\/srv\/www\/studioimmobiliarefarina.eu\/wp-content\/uploads\/2025\/09\/lucci.png","url":"https:\/\/www.studioimmobiliarefarina.eu\/wp-content\/uploads\/2025\/09\/lucci-150x150.png","full_url":"https:\/\/www.studioimmobiliarefarina.eu\/wp-content\/uploads\/2025\/09\/lucci.png","title":"lucci","caption":"","description":"","alt":"","srcset":"https:\/\/www.studioimmobiliarefarina.eu\/wp-content\/uploads\/2025\/09\/lucci-150x150.png 150w, https:\/\/www.studioimmobiliarefarina.eu\/wp-content\/uploads\/2025\/09\/lucci-300x300.png 300w, https:\/\/www.studioimmobiliarefarina.eu\/wp-content\/uploads\/2025\/09\/lucci.png 1024w"},{"width":150,"height":150,"file":"2025\/09\/de4019cc-2d71-4210-9d63-c1e3c75650c6.jpg","filesize":131248,"sizes":{"thumbnail":{"file":"de4019cc-2d71-4210-9d63-c1e3c75650c6-150x150.jpg","width":150,"height":150,"mime-type":"image\/jpeg","url":"https:\/\/www.studioimmobiliarefarina.eu\/wp-content\/uploads\/2025\/09\/de4019cc-2d71-4210-9d63-c1e3c75650c6-150x150.jpg"},"medium":{"file":"de4019cc-2d71-4210-9d63-c1e3c75650c6-300x225.jpg","width":300,"height":225,"mime-type":"image\/jpeg","url":"https:\/\/www.studioimmobiliarefarina.eu\/wp-content\/uploads\/2025\/09\/de4019cc-2d71-4210-9d63-c1e3c75650c6-300x225.jpg"},"large":{"file":"de4019cc-2d71-4210-9d63-c1e3c75650c6-1024x768.jpg","width":1024,"height":768,"mime-type":"image\/jpeg","url":"https:\/\/www.studioimmobiliarefarina.eu\/wp-content\/uploads\/2025\/09\/de4019cc-2d71-4210-9d63-c1e3c75650c6-1024x768.jpg"},"post-featured-image":{"file":"de4019cc-2d71-4210-9d63-c1e3c75650c6-1240x720.jpg","width":1240,"height":720,"mime-type":"image\/jpeg","url":"https:\/\/www.studioimmobiliarefarina.eu\/wp-content\/uploads\/2025\/09\/de4019cc-2d71-4210-9d63-c1e3c75650c6-1240x720.jpg"}},"image_meta":{"aperture":"0","credit":"","camera":"","caption":"","created_timestamp":"0","copyright":"","focal_length":"0","iso":"0","shutter_speed":"0","title":"","orientation":"0","keywords":[]},"ID":"59198","name":"de4019cc-2d71-4210-9d63-c1e3c75650c6.jpg","path":"\/srv\/www\/studioimmobiliarefarina.eu\/wp-content\/uploads\/2025\/09\/de4019cc-2d71-4210-9d63-c1e3c75650c6.jpg","url":"https:\/\/www.studioimmobiliarefarina.eu\/wp-content\/uploads\/2025\/09\/de4019cc-2d71-4210-9d63-c1e3c75650c6-150x150.jpg","full_url":"https:\/\/www.studioimmobiliarefarina.eu\/wp-content\/uploads\/2025\/09\/de4019cc-2d71-4210-9d63-c1e3c75650c6.jpg","title":"de4019cc-2d71-4210-9d63-c1e3c75650c6","caption":"","description":"","alt":"","srcset":false},{"width":150,"height":150,"file":"2025\/09\/e2e52bd7-bc19-4e70-ad8b-1205086452e8.jpg","filesize":439420,"sizes":{"thumbnail":{"file":"e2e52bd7-bc19-4e70-ad8b-1205086452e8-150x150.jpg","width":150,"height":150,"mime-type":"image\/jpeg","url":"https:\/\/www.studioimmobiliarefarina.eu\/wp-content\/uploads\/2025\/09\/e2e52bd7-bc19-4e70-ad8b-1205086452e8-150x150.jpg"},"medium":{"file":"e2e52bd7-bc19-4e70-ad8b-1205086452e8-300x225.jpg","width":300,"height":225,"mime-type":"image\/jpeg","url":"https:\/\/www.studioimmobiliarefarina.eu\/wp-content\/uploads\/2025\/09\/e2e52bd7-bc19-4e70-ad8b-1205086452e8-300x225.jpg"},"large":{"file":"e2e52bd7-bc19-4e70-ad8b-1205086452e8-1024x768.jpg","width":1024,"height":768,"mime-type":"image\/jpeg","url":"https:\/\/www.studioimmobiliarefarina.eu\/wp-content\/uploads\/2025\/09\/e2e52bd7-bc19-4e70-ad8b-1205086452e8-1024x768.jpg"},"post-featured-image":{"file":"e2e52bd7-bc19-4e70-ad8b-1205086452e8-1240x720.jpg","width":1240,"height":720,"mime-type":"image\/jpeg","url":"https:\/\/www.studioimmobiliarefarina.eu\/wp-content\/uploads\/2025\/09\/e2e52bd7-bc19-4e70-ad8b-1205086452e8-1240x720.jpg"}},"image_meta":{"aperture":"0","credit":"","camera":"","caption":"","created_timestamp":"0","copyright":"","focal_length":"0","iso":"0","shutter_speed":"0","title":"","orientation":"0","keywords":[]},"ID":"59190","name":"e2e52bd7-bc19-4e70-ad8b-1205086452e8.jpg","path":"\/srv\/www\/studioimmobiliarefarina.eu\/wp-content\/uploads\/2025\/09\/e2e52bd7-bc19-4e70-ad8b-1205086452e8.jpg","url":"https:\/\/www.studioimmobiliarefarina.eu\/wp-content\/uploads\/2025\/09\/e2e52bd7-bc19-4e70-ad8b-1205086452e8-150x150.jpg","full_url":"https:\/\/www.studioimmobiliarefarina.eu\/wp-content\/uploads\/2025\/09\/e2e52bd7-bc19-4e70-ad8b-1205086452e8.jpg","title":"e2e52bd7-bc19-4e70-ad8b-1205086452e8","caption":"","description":"","alt":"","srcset":false},{"width":150,"height":150,"file":"2025\/09\/797c3bc7-41e5-4e99-a99a-d979cc9103d3.jpg","filesize":141213,"sizes":{"thumbnail":{"file":"797c3bc7-41e5-4e99-a99a-d979cc9103d3-150x150.jpg","width":150,"height":150,"mime-type":"image\/jpeg","url":"https:\/\/www.studioimmobiliarefarina.eu\/wp-content\/uploads\/2025\/09\/797c3bc7-41e5-4e99-a99a-d979cc9103d3-150x150.jpg"},"medium":{"file":"797c3bc7-41e5-4e99-a99a-d979cc9103d3-300x225.jpg","width":300,"height":225,"mime-type":"image\/jpeg","url":"https:\/\/www.studioimmobiliarefarina.eu\/wp-content\/uploads\/2025\/09\/797c3bc7-41e5-4e99-a99a-d979cc9103d3-300x225.jpg"},"large":{"file":"797c3bc7-41e5-4e99-a99a-d979cc9103d3-1024x768.jpg","width":1024,"height":768,"mime-type":"image\/jpeg","url":"https:\/\/www.studioimmobiliarefarina.eu\/wp-content\/uploads\/2025\/09\/797c3bc7-41e5-4e99-a99a-d979cc9103d3-1024x768.jpg"},"post-featured-image":{"file":"797c3bc7-41e5-4e99-a99a-d979cc9103d3-1240x720.jpg","width":1240,"height":720,"mime-type":"image\/jpeg","url":"https:\/\/www.studioimmobiliarefarina.eu\/wp-content\/uploads\/2025\/09\/797c3bc7-41e5-4e99-a99a-d979cc9103d3-1240x720.jpg"}},"image_meta":{"aperture":"0","credit":"","camera":"","caption":"","created_timestamp":"0","copyright":"","focal_length":"0","iso":"0","shutter_speed":"0","title":"","orientation":"0","keywords":[]},"ID":"59177","name":"797c3bc7-41e5-4e99-a99a-d979cc9103d3.jpg","path":"\/srv\/www\/studioimmobiliarefarina.eu\/wp-content\/uploads\/2025\/09\/797c3bc7-41e5-4e99-a99a-d979cc9103d3.jpg","url":"https:\/\/www.studioimmobiliarefarina.eu\/wp-content\/uploads\/2025\/09\/797c3bc7-41e5-4e99-a99a-d979cc9103d3-150x150.jpg","full_url":"https:\/\/www.studioimmobiliarefarina.eu\/wp-content\/uploads\/2025\/09\/797c3bc7-41e5-4e99-a99a-d979cc9103d3.jpg","title":"797c3bc7-41e5-4e99-a99a-d979cc9103d3","caption":"","description":"","alt":"","srcset":false},{"width":150,"height":150,"file":"2025\/09\/38c147b1-c881-4b31-9e1e-4fec2730d818.jpg","filesize":541069,"sizes":{"thumbnail":{"file":"38c147b1-c881-4b31-9e1e-4fec2730d818-150x150.jpg","width":150,"height":150,"mime-type":"image\/jpeg","url":"https:\/\/www.studioimmobiliarefarina.eu\/wp-content\/uploads\/2025\/09\/38c147b1-c881-4b31-9e1e-4fec2730d818-150x150.jpg"},"medium":{"file":"38c147b1-c881-4b31-9e1e-4fec2730d818-300x225.jpg","width":300,"height":225,"mime-type":"image\/jpeg","url":"https:\/\/www.studioimmobiliarefarina.eu\/wp-content\/uploads\/2025\/09\/38c147b1-c881-4b31-9e1e-4fec2730d818-300x225.jpg"},"large":{"file":"38c147b1-c881-4b31-9e1e-4fec2730d818-1024x768.jpg","width":1024,"height":768,"mime-type":"image\/jpeg","url":"https:\/\/www.studioimmobiliarefarina.eu\/wp-content\/uploads\/2025\/09\/38c147b1-c881-4b31-9e1e-4fec2730d818-1024x768.jpg"},"post-featured-image":{"file":"38c147b1-c881-4b31-9e1e-4fec2730d818-1240x720.jpg","width":1240,"height":720,"mime-type":"image\/jpeg","url":"https:\/\/www.studioimmobiliarefarina.eu\/wp-content\/uploads\/2025\/09\/38c147b1-c881-4b31-9e1e-4fec2730d818-1240x720.jpg"}},"image_meta":{"aperture":"0","credit":"","camera":"","caption":"","created_timestamp":"0","copyright":"","focal_length":"0","iso":"0","shutter_speed":"0","title":"","orientation":"0","keywords":[]},"ID":"59138","name":"38c147b1-c881-4b31-9e1e-4fec2730d818.jpg","path":"\/srv\/www\/studioimmobiliarefarina.eu\/wp-content\/uploads\/2025\/09\/38c147b1-c881-4b31-9e1e-4fec2730d818.jpg","url":"https:\/\/www.studioimmobiliarefarina.eu\/wp-content\/uploads\/2025\/09\/38c147b1-c881-4b31-9e1e-4fec2730d818-150x150.jpg","full_url":"https:\/\/www.studioimmobiliarefarina.eu\/wp-content\/uploads\/2025\/09\/38c147b1-c881-4b31-9e1e-4fec2730d818.jpg","title":"38c147b1-c881-4b31-9e1e-4fec2730d818","caption":"","description":"","alt":"","srcset":false},{"width":150,"height":150,"file":"2025\/09\/3491b6ef-ead0-461c-90e2-78ad9e5fec6b.jpg","filesize":168474,"sizes":{"thumbnail":{"file":"3491b6ef-ead0-461c-90e2-78ad9e5fec6b-150x150.jpg","width":150,"height":150,"mime-type":"image\/jpeg","url":"https:\/\/www.studioimmobiliarefarina.eu\/wp-content\/uploads\/2025\/09\/3491b6ef-ead0-461c-90e2-78ad9e5fec6b-150x150.jpg"},"medium":{"file":"3491b6ef-ead0-461c-90e2-78ad9e5fec6b-300x225.jpg","width":300,"height":225,"mime-type":"image\/jpeg","url":"https:\/\/www.studioimmobiliarefarina.eu\/wp-content\/uploads\/2025\/09\/3491b6ef-ead0-461c-90e2-78ad9e5fec6b-300x225.jpg"},"large":{"file":"3491b6ef-ead0-461c-90e2-78ad9e5fec6b-1024x768.jpg","width":1024,"height":768,"mime-type":"image\/jpeg","url":"https:\/\/www.studioimmobiliarefarina.eu\/wp-content\/uploads\/2025\/09\/3491b6ef-ead0-461c-90e2-78ad9e5fec6b-1024x768.jpg"},"post-featured-image":{"file":"3491b6ef-ead0-461c-90e2-78ad9e5fec6b-1240x720.jpg","width":1240,"height":720,"mime-type":"image\/jpeg","url":"https:\/\/www.studioimmobiliarefarina.eu\/wp-content\/uploads\/2025\/09\/3491b6ef-ead0-461c-90e2-78ad9e5fec6b-1240x720.jpg"}},"image_meta":{"aperture":"0","credit":"","camera":"","caption":"","created_timestamp":"0","copyright":"","focal_length":"0","iso":"0","shutter_speed":"0","title":"","orientation":"0","keywords":[]},"ID":"59178","name":"3491b6ef-ead0-461c-90e2-78ad9e5fec6b.jpg","path":"\/srv\/www\/studioimmobiliarefarina.eu\/wp-content\/uploads\/2025\/09\/3491b6ef-ead0-461c-90e2-78ad9e5fec6b.jpg","url":"https:\/\/www.studioimmobiliarefarina.eu\/wp-content\/uploads\/2025\/09\/3491b6ef-ead0-461c-90e2-78ad9e5fec6b-150x150.jpg","full_url":"https:\/\/www.studioimmobiliarefarina.eu\/wp-content\/uploads\/2025\/09\/3491b6ef-ead0-461c-90e2-78ad9e5fec6b.jpg","title":"3491b6ef-ead0-461c-90e2-78ad9e5fec6b","caption":"","description":"","alt":"","srcset":false},{"width":150,"height":150,"file":"2025\/09\/de3b2f24-893e-4360-a6c9-a0deb6209a40-1.jpg","filesize":539894,"sizes":{"thumbnail":{"file":"de3b2f24-893e-4360-a6c9-a0deb6209a40-1-150x150.jpg","width":150,"height":150,"mime-type":"image\/jpeg","url":"https:\/\/www.studioimmobiliarefarina.eu\/wp-content\/uploads\/2025\/09\/de3b2f24-893e-4360-a6c9-a0deb6209a40-1-150x150.jpg"},"medium":{"file":"de3b2f24-893e-4360-a6c9-a0deb6209a40-1-300x225.jpg","width":300,"height":225,"mime-type":"image\/jpeg","url":"https:\/\/www.studioimmobiliarefarina.eu\/wp-content\/uploads\/2025\/09\/de3b2f24-893e-4360-a6c9-a0deb6209a40-1-300x225.jpg"},"large":{"file":"de3b2f24-893e-4360-a6c9-a0deb6209a40-1-1024x768.jpg","width":1024,"height":768,"mime-type":"image\/jpeg","url":"https:\/\/www.studioimmobiliarefarina.eu\/wp-content\/uploads\/2025\/09\/de3b2f24-893e-4360-a6c9-a0deb6209a40-1-1024x768.jpg"},"post-featured-image":{"file":"de3b2f24-893e-4360-a6c9-a0deb6209a40-1-1240x720.jpg","width":1240,"height":720,"mime-type":"image\/jpeg","url":"https:\/\/www.studioimmobiliarefarina.eu\/wp-content\/uploads\/2025\/09\/de3b2f24-893e-4360-a6c9-a0deb6209a40-1-1240x720.jpg"}},"image_meta":{"aperture":"0","credit":"","camera":"","caption":"","created_timestamp":"0","copyright":"","focal_length":"0","iso":"0","shutter_speed":"0","title":"","orientation":"0","keywords":[]},"ID":"59248","name":"de3b2f24-893e-4360-a6c9-a0deb6209a40-1.jpg","path":"\/srv\/www\/studioimmobiliarefarina.eu\/wp-content\/uploads\/2025\/09\/de3b2f24-893e-4360-a6c9-a0deb6209a40-1.jpg","url":"https:\/\/www.studioimmobiliarefarina.eu\/wp-content\/uploads\/2025\/09\/de3b2f24-893e-4360-a6c9-a0deb6209a40-1-150x150.jpg","full_url":"https:\/\/www.studioimmobiliarefarina.eu\/wp-content\/uploads\/2025\/09\/de3b2f24-893e-4360-a6c9-a0deb6209a40-1.jpg","title":"de3b2f24-893e-4360-a6c9-a0deb6209a40","caption":"","description":"","alt":"","srcset":false},{"width":150,"height":150,"file":"2025\/09\/f5ee44bb-3a09-4efa-8404-65db14407e3f-1.jpg","filesize":508501,"sizes":{"thumbnail":{"file":"f5ee44bb-3a09-4efa-8404-65db14407e3f-1-150x150.jpg","width":150,"height":150,"mime-type":"image\/jpeg","url":"https:\/\/www.studioimmobiliarefarina.eu\/wp-content\/uploads\/2025\/09\/f5ee44bb-3a09-4efa-8404-65db14407e3f-1-150x150.jpg"},"medium":{"file":"f5ee44bb-3a09-4efa-8404-65db14407e3f-1-300x225.jpg","width":300,"height":225,"mime-type":"image\/jpeg","url":"https:\/\/www.studioimmobiliarefarina.eu\/wp-content\/uploads\/2025\/09\/f5ee44bb-3a09-4efa-8404-65db14407e3f-1-300x225.jpg"},"large":{"file":"f5ee44bb-3a09-4efa-8404-65db14407e3f-1-1024x768.jpg","width":1024,"height":768,"mime-type":"image\/jpeg","url":"https:\/\/www.studioimmobiliarefarina.eu\/wp-content\/uploads\/2025\/09\/f5ee44bb-3a09-4efa-8404-65db14407e3f-1-1024x768.jpg"},"post-featured-image":{"file":"f5ee44bb-3a09-4efa-8404-65db14407e3f-1-1240x720.jpg","width":1240,"height":720,"mime-type":"image\/jpeg","url":"https:\/\/www.studioimmobiliarefarina.eu\/wp-content\/uploads\/2025\/09\/f5ee44bb-3a09-4efa-8404-65db14407e3f-1-1240x720.jpg"}},"image_meta":{"aperture":"0","credit":"","camera":"","caption":"","created_timestamp":"0","copyright":"","focal_length":"0","iso":"0","shutter_speed":"0","title":"","orientation":"0","keywords":[]},"ID":"59225","name":"f5ee44bb-3a09-4efa-8404-65db14407e3f-1.jpg","path":"\/srv\/www\/studioimmobiliarefarina.eu\/wp-content\/uploads\/2025\/09\/f5ee44bb-3a09-4efa-8404-65db14407e3f-1.jpg","url":"https:\/\/www.studioimmobiliarefarina.eu\/wp-content\/uploads\/2025\/09\/f5ee44bb-3a09-4efa-8404-65db14407e3f-1-150x150.jpg","full_url":"https:\/\/www.studioimmobiliarefarina.eu\/wp-content\/uploads\/2025\/09\/f5ee44bb-3a09-4efa-8404-65db14407e3f-1.jpg","title":"f5ee44bb-3a09-4efa-8404-65db14407e3f","caption":"","description":"","alt":"","srcset":false},{"width":150,"height":150,"file":"2025\/09\/ae864c5c-07cf-49a4-9aab-f1ddec756232.jpg","filesize":437575,"sizes":{"thumbnail":{"file":"ae864c5c-07cf-49a4-9aab-f1ddec756232-150x150.jpg","width":150,"height":150,"mime-type":"image\/jpeg","url":"https:\/\/www.studioimmobiliarefarina.eu\/wp-content\/uploads\/2025\/09\/ae864c5c-07cf-49a4-9aab-f1ddec756232-150x150.jpg"},"medium":{"file":"ae864c5c-07cf-49a4-9aab-f1ddec756232-300x225.jpg","width":300,"height":225,"mime-type":"image\/jpeg","url":"https:\/\/www.studioimmobiliarefarina.eu\/wp-content\/uploads\/2025\/09\/ae864c5c-07cf-49a4-9aab-f1ddec756232-300x225.jpg"},"large":{"file":"ae864c5c-07cf-49a4-9aab-f1ddec756232-1024x768.jpg","width":1024,"height":768,"mime-type":"image\/jpeg","url":"https:\/\/www.studioimmobiliarefarina.eu\/wp-content\/uploads\/2025\/09\/ae864c5c-07cf-49a4-9aab-f1ddec756232-1024x768.jpg"},"post-featured-image":{"file":"ae864c5c-07cf-49a4-9aab-f1ddec756232-1240x720.jpg","width":1240,"height":720,"mime-type":"image\/jpeg","url":"https:\/\/www.studioimmobiliarefarina.eu\/wp-content\/uploads\/2025\/09\/ae864c5c-07cf-49a4-9aab-f1ddec756232-1240x720.jpg"}},"image_meta":{"aperture":"0","credit":"","camera":"","caption":"","created_timestamp":"0","copyright":"","focal_length":"0","iso":"0","shutter_speed":"0","title":"","orientation":"0","keywords":[]},"ID":"59194","name":"ae864c5c-07cf-49a4-9aab-f1ddec756232.jpg","path":"\/srv\/www\/studioimmobiliarefarina.eu\/wp-content\/uploads\/2025\/09\/ae864c5c-07cf-49a4-9aab-f1ddec756232.jpg","url":"https:\/\/www.studioimmobiliarefarina.eu\/wp-content\/uploads\/2025\/09\/ae864c5c-07cf-49a4-9aab-f1ddec756232-150x150.jpg","full_url":"https:\/\/www.studioimmobiliarefarina.eu\/wp-content\/uploads\/2025\/09\/ae864c5c-07cf-49a4-9aab-f1ddec756232.jpg","title":"ae864c5c-07cf-49a4-9aab-f1ddec756232","caption":"","description":"","alt":"","srcset":false},{"width":150,"height":150,"file":"2025\/09\/1a35fefa-4d98-4521-974a-af8cb3a1e699.jpg","filesize":415427,"sizes":{"thumbnail":{"file":"1a35fefa-4d98-4521-974a-af8cb3a1e699-150x150.jpg","width":150,"height":150,"mime-type":"image\/jpeg","url":"https:\/\/www.studioimmobiliarefarina.eu\/wp-content\/uploads\/2025\/09\/1a35fefa-4d98-4521-974a-af8cb3a1e699-150x150.jpg"},"medium":{"file":"1a35fefa-4d98-4521-974a-af8cb3a1e699-300x225.jpg","width":300,"height":225,"mime-type":"image\/jpeg","url":"https:\/\/www.studioimmobiliarefarina.eu\/wp-content\/uploads\/2025\/09\/1a35fefa-4d98-4521-974a-af8cb3a1e699-300x225.jpg"},"large":{"file":"1a35fefa-4d98-4521-974a-af8cb3a1e699-1024x768.jpg","width":1024,"height":768,"mime-type":"image\/jpeg","url":"https:\/\/www.studioimmobiliarefarina.eu\/wp-content\/uploads\/2025\/09\/1a35fefa-4d98-4521-974a-af8cb3a1e699-1024x768.jpg"},"post-featured-image":{"file":"1a35fefa-4d98-4521-974a-af8cb3a1e699-1240x720.jpg","width":1240,"height":720,"mime-type":"image\/jpeg","url":"https:\/\/www.studioimmobiliarefarina.eu\/wp-content\/uploads\/2025\/09\/1a35fefa-4d98-4521-974a-af8cb3a1e699-1240x720.jpg"}},"image_meta":{"aperture":"0","credit":"","camera":"","caption":"","created_timestamp":"0","copyright":"","focal_length":"0","iso":"0","shutter_speed":"0","title":"","orientation":"0","keywords":[]},"ID":"59188","name":"1a35fefa-4d98-4521-974a-af8cb3a1e699.jpg","path":"\/srv\/www\/studioimmobiliarefarina.eu\/wp-content\/uploads\/2025\/09\/1a35fefa-4d98-4521-974a-af8cb3a1e699.jpg","url":"https:\/\/www.studioimmobiliarefarina.eu\/wp-content\/uploads\/2025\/09\/1a35fefa-4d98-4521-974a-af8cb3a1e699-150x150.jpg","full_url":"https:\/\/www.studioimmobiliarefarina.eu\/wp-content\/uploads\/2025\/09\/1a35fefa-4d98-4521-974a-af8cb3a1e699.jpg","title":"1a35fefa-4d98-4521-974a-af8cb3a1e699","caption":"","description":"","alt":"","srcset":false},{"width":150,"height":150,"file":"2025\/09\/43a75fa5-c50f-4bc1-97c5-8cd826bb8568.jpg","filesize":411357,"sizes":{"thumbnail":{"file":"43a75fa5-c50f-4bc1-97c5-8cd826bb8568-150x150.jpg","width":150,"height":150,"mime-type":"image\/jpeg","url":"https:\/\/www.studioimmobiliarefarina.eu\/wp-content\/uploads\/2025\/09\/43a75fa5-c50f-4bc1-97c5-8cd826bb8568-150x150.jpg"},"medium":{"file":"43a75fa5-c50f-4bc1-97c5-8cd826bb8568-300x225.jpg","width":300,"height":225,"mime-type":"image\/jpeg","url":"https:\/\/www.studioimmobiliarefarina.eu\/wp-content\/uploads\/2025\/09\/43a75fa5-c50f-4bc1-97c5-8cd826bb8568-300x225.jpg"},"large":{"file":"43a75fa5-c50f-4bc1-97c5-8cd826bb8568-1024x768.jpg","width":1024,"height":768,"mime-type":"image\/jpeg","url":"https:\/\/www.studioimmobiliarefarina.eu\/wp-content\/uploads\/2025\/09\/43a75fa5-c50f-4bc1-97c5-8cd826bb8568-1024x768.jpg"},"post-featured-image":{"file":"43a75fa5-c50f-4bc1-97c5-8cd826bb8568-1240x720.jpg","width":1240,"height":720,"mime-type":"image\/jpeg","url":"https:\/\/www.studioimmobiliarefarina.eu\/wp-content\/uploads\/2025\/09\/43a75fa5-c50f-4bc1-97c5-8cd826bb8568-1240x720.jpg"}},"image_meta":{"aperture":"0","credit":"","camera":"","caption":"","created_timestamp":"0","copyright":"","focal_length":"0","iso":"0","shutter_speed":"0","title":"","orientation":"0","keywords":[]},"ID":"59162","name":"43a75fa5-c50f-4bc1-97c5-8cd826bb8568.jpg","path":"\/srv\/www\/studioimmobiliarefarina.eu\/wp-content\/uploads\/2025\/09\/43a75fa5-c50f-4bc1-97c5-8cd826bb8568.jpg","url":"https:\/\/www.studioimmobiliarefarina.eu\/wp-content\/uploads\/2025\/09\/43a75fa5-c50f-4bc1-97c5-8cd826bb8568-150x150.jpg","full_url":"https:\/\/www.studioimmobiliarefarina.eu\/wp-content\/uploads\/2025\/09\/43a75fa5-c50f-4bc1-97c5-8cd826bb8568.jpg","title":"43a75fa5-c50f-4bc1-97c5-8cd826bb8568","caption":"","description":"","alt":"","srcset":false},{"width":150,"height":150,"file":"2025\/09\/3a2dcb3f-ae14-4d1d-98a1-fb138cd242fd.jpg","filesize":123282,"sizes":{"thumbnail":{"file":"3a2dcb3f-ae14-4d1d-98a1-fb138cd242fd-150x150.jpg","width":150,"height":150,"mime-type":"image\/jpeg","url":"https:\/\/www.studioimmobiliarefarina.eu\/wp-content\/uploads\/2025\/09\/3a2dcb3f-ae14-4d1d-98a1-fb138cd242fd-150x150.jpg"},"medium":{"file":"3a2dcb3f-ae14-4d1d-98a1-fb138cd242fd-300x225.jpg","width":300,"height":225,"mime-type":"image\/jpeg","url":"https:\/\/www.studioimmobiliarefarina.eu\/wp-content\/uploads\/2025\/09\/3a2dcb3f-ae14-4d1d-98a1-fb138cd242fd-300x225.jpg"},"large":{"file":"3a2dcb3f-ae14-4d1d-98a1-fb138cd242fd-1024x768.jpg","width":1024,"height":768,"mime-type":"image\/jpeg","url":"https:\/\/www.studioimmobiliarefarina.eu\/wp-content\/uploads\/2025\/09\/3a2dcb3f-ae14-4d1d-98a1-fb138cd242fd-1024x768.jpg"},"post-featured-image":{"file":"3a2dcb3f-ae14-4d1d-98a1-fb138cd242fd-1240x720.jpg","width":1240,"height":720,"mime-type":"image\/jpeg","url":"https:\/\/www.studioimmobiliarefarina.eu\/wp-content\/uploads\/2025\/09\/3a2dcb3f-ae14-4d1d-98a1-fb138cd242fd-1240x720.jpg"}},"image_meta":{"aperture":"0","credit":"","camera":"","caption":"","created_timestamp":"0","copyright":"","focal_length":"0","iso":"0","shutter_speed":"0","title":"","orientation":"0","keywords":[]},"ID":"59200","name":"3a2dcb3f-ae14-4d1d-98a1-fb138cd242fd.jpg","path":"\/srv\/www\/studioimmobiliarefarina.eu\/wp-content\/uploads\/2025\/09\/3a2dcb3f-ae14-4d1d-98a1-fb138cd242fd.jpg","url":"https:\/\/www.studioimmobiliarefarina.eu\/wp-content\/uploads\/2025\/09\/3a2dcb3f-ae14-4d1d-98a1-fb138cd242fd-150x150.jpg","full_url":"https:\/\/www.studioimmobiliarefarina.eu\/wp-content\/uploads\/2025\/09\/3a2dcb3f-ae14-4d1d-98a1-fb138cd242fd.jpg","title":"3a2dcb3f-ae14-4d1d-98a1-fb138cd242fd","caption":"","description":"","alt":"","srcset":false},{"width":150,"height":150,"file":"2025\/09\/8a13d0b4-41bd-4f03-a767-7effbf19897e-1.jpg","filesize":323512,"sizes":{"thumbnail":{"file":"8a13d0b4-41bd-4f03-a767-7effbf19897e-1-150x150.jpg","width":150,"height":150,"mime-type":"image\/jpeg","url":"https:\/\/www.studioimmobiliarefarina.eu\/wp-content\/uploads\/2025\/09\/8a13d0b4-41bd-4f03-a767-7effbf19897e-1-150x150.jpg"},"medium":{"file":"8a13d0b4-41bd-4f03-a767-7effbf19897e-1-300x225.jpg","width":300,"height":225,"mime-type":"image\/jpeg","url":"https:\/\/www.studioimmobiliarefarina.eu\/wp-content\/uploads\/2025\/09\/8a13d0b4-41bd-4f03-a767-7effbf19897e-1-300x225.jpg"},"large":{"file":"8a13d0b4-41bd-4f03-a767-7effbf19897e-1-1024x768.jpg","width":1024,"height":768,"mime-type":"image\/jpeg","url":"https:\/\/www.studioimmobiliarefarina.eu\/wp-content\/uploads\/2025\/09\/8a13d0b4-41bd-4f03-a767-7effbf19897e-1-1024x768.jpg"},"post-featured-image":{"file":"8a13d0b4-41bd-4f03-a767-7effbf19897e-1-1240x720.jpg","width":1240,"height":720,"mime-type":"image\/jpeg","url":"https:\/\/www.studioimmobiliarefarina.eu\/wp-content\/uploads\/2025\/09\/8a13d0b4-41bd-4f03-a767-7effbf19897e-1-1240x720.jpg"}},"image_meta":{"aperture":"0","credit":"","camera":"","caption":"","created_timestamp":"0","copyright":"","focal_length":"0","iso":"0","shutter_speed":"0","title":"","orientation":"0","keywords":[]},"ID":"59249","name":"8a13d0b4-41bd-4f03-a767-7effbf19897e-1.jpg","path":"\/srv\/www\/studioimmobiliarefarina.eu\/wp-content\/uploads\/2025\/09\/8a13d0b4-41bd-4f03-a767-7effbf19897e-1.jpg","url":"https:\/\/www.studioimmobiliarefarina.eu\/wp-content\/uploads\/2025\/09\/8a13d0b4-41bd-4f03-a767-7effbf19897e-1-150x150.jpg","full_url":"https:\/\/www.studioimmobiliarefarina.eu\/wp-content\/uploads\/2025\/09\/8a13d0b4-41bd-4f03-a767-7effbf19897e-1.jpg","title":"8a13d0b4-41bd-4f03-a767-7effbf19897e","caption":"","description":"","alt":"","srcset":false},{"width":150,"height":150,"file":"2025\/09\/c2d46d6b-0fa6-4c05-9063-e0bd85e2893f.jpg","filesize":298055,"sizes":{"thumbnail":{"file":"c2d46d6b-0fa6-4c05-9063-e0bd85e2893f-150x150.jpg","width":150,"height":150,"mime-type":"image\/jpeg","url":"https:\/\/www.studioimmobiliarefarina.eu\/wp-content\/uploads\/2025\/09\/c2d46d6b-0fa6-4c05-9063-e0bd85e2893f-150x150.jpg"},"medium":{"file":"c2d46d6b-0fa6-4c05-9063-e0bd85e2893f-300x225.jpg","width":300,"height":225,"mime-type":"image\/jpeg","url":"https:\/\/www.studioimmobiliarefarina.eu\/wp-content\/uploads\/2025\/09\/c2d46d6b-0fa6-4c05-9063-e0bd85e2893f-300x225.jpg"},"large":{"file":"c2d46d6b-0fa6-4c05-9063-e0bd85e2893f-1024x768.jpg","width":1024,"height":768,"mime-type":"image\/jpeg","url":"https:\/\/www.studioimmobiliarefarina.eu\/wp-content\/uploads\/2025\/09\/c2d46d6b-0fa6-4c05-9063-e0bd85e2893f-1024x768.jpg"},"post-featured-image":{"file":"c2d46d6b-0fa6-4c05-9063-e0bd85e2893f-1240x720.jpg","width":1240,"height":720,"mime-type":"image\/jpeg","url":"https:\/\/www.studioimmobiliarefarina.eu\/wp-content\/uploads\/2025\/09\/c2d46d6b-0fa6-4c05-9063-e0bd85e2893f-1240x720.jpg"}},"image_meta":{"aperture":"0","credit":"","camera":"","caption":"","created_timestamp":"0","copyright":"","focal_length":"0","iso":"0","shutter_speed":"0","title":"","orientation":"0","keywords":[]},"ID":"59152","name":"c2d46d6b-0fa6-4c05-9063-e0bd85e2893f.jpg","path":"\/srv\/www\/studioimmobiliarefarina.eu\/wp-content\/uploads\/2025\/09\/c2d46d6b-0fa6-4c05-9063-e0bd85e2893f.jpg","url":"https:\/\/www.studioimmobiliarefarina.eu\/wp-content\/uploads\/2025\/09\/c2d46d6b-0fa6-4c05-9063-e0bd85e2893f-150x150.jpg","full_url":"https:\/\/www.studioimmobiliarefarina.eu\/wp-content\/uploads\/2025\/09\/c2d46d6b-0fa6-4c05-9063-e0bd85e2893f.jpg","title":"c2d46d6b-0fa6-4c05-9063-e0bd85e2893f","caption":"","description":"","alt":"","srcset":false},{"width":150,"height":150,"file":"2025\/09\/b74209e1-c89f-4665-ad76-5b58be3974e8.jpg","filesize":237135,"sizes":{"thumbnail":{"file":"b74209e1-c89f-4665-ad76-5b58be3974e8-150x150.jpg","width":150,"height":150,"mime-type":"image\/jpeg","url":"https:\/\/www.studioimmobiliarefarina.eu\/wp-content\/uploads\/2025\/09\/b74209e1-c89f-4665-ad76-5b58be3974e8-150x150.jpg"},"medium":{"file":"b74209e1-c89f-4665-ad76-5b58be3974e8-300x225.jpg","width":300,"height":225,"mime-type":"image\/jpeg","url":"https:\/\/www.studioimmobiliarefarina.eu\/wp-content\/uploads\/2025\/09\/b74209e1-c89f-4665-ad76-5b58be3974e8-300x225.jpg"},"large":{"file":"b74209e1-c89f-4665-ad76-5b58be3974e8-1024x768.jpg","width":1024,"height":768,"mime-type":"image\/jpeg","url":"https:\/\/www.studioimmobiliarefarina.eu\/wp-content\/uploads\/2025\/09\/b74209e1-c89f-4665-ad76-5b58be3974e8-1024x768.jpg"},"post-featured-image":{"file":"b74209e1-c89f-4665-ad76-5b58be3974e8-1240x720.jpg","width":1240,"height":720,"mime-type":"image\/jpeg","url":"https:\/\/www.studioimmobiliarefarina.eu\/wp-content\/uploads\/2025\/09\/b74209e1-c89f-4665-ad76-5b58be3974e8-1240x720.jpg"}},"image_meta":{"aperture":"0","credit":"","camera":"","caption":"","created_timestamp":"0","copyright":"","focal_length":"0","iso":"0","shutter_speed":"0","title":"","orientation":"0","keywords":[]},"ID":"59164","name":"b74209e1-c89f-4665-ad76-5b58be3974e8.jpg","path":"\/srv\/www\/studioimmobiliarefarina.eu\/wp-content\/uploads\/2025\/09\/b74209e1-c89f-4665-ad76-5b58be3974e8.jpg","url":"https:\/\/www.studioimmobiliarefarina.eu\/wp-content\/uploads\/2025\/09\/b74209e1-c89f-4665-ad76-5b58be3974e8-150x150.jpg","full_url":"https:\/\/www.studioimmobiliarefarina.eu\/wp-content\/uploads\/2025\/09\/b74209e1-c89f-4665-ad76-5b58be3974e8.jpg","title":"b74209e1-c89f-4665-ad76-5b58be3974e8","caption":"","description":"","alt":"","srcset":false},{"width":150,"height":150,"file":"2025\/09\/6b3481af-f48a-44a9-8356-67ae4b832a17.jpg","filesize":145405,"sizes":{"thumbnail":{"file":"6b3481af-f48a-44a9-8356-67ae4b832a17-150x150.jpg","width":150,"height":150,"mime-type":"image\/jpeg","url":"https:\/\/www.studioimmobiliarefarina.eu\/wp-content\/uploads\/2025\/09\/6b3481af-f48a-44a9-8356-67ae4b832a17-150x150.jpg"},"medium":{"file":"6b3481af-f48a-44a9-8356-67ae4b832a17-300x225.jpg","width":300,"height":225,"mime-type":"image\/jpeg","url":"https:\/\/www.studioimmobiliarefarina.eu\/wp-content\/uploads\/2025\/09\/6b3481af-f48a-44a9-8356-67ae4b832a17-300x225.jpg"},"large":{"file":"6b3481af-f48a-44a9-8356-67ae4b832a17-1024x768.jpg","width":1024,"height":768,"mime-type":"image\/jpeg","url":"https:\/\/www.studioimmobiliarefarina.eu\/wp-content\/uploads\/2025\/09\/6b3481af-f48a-44a9-8356-67ae4b832a17-1024x768.jpg"},"post-featured-image":{"file":"6b3481af-f48a-44a9-8356-67ae4b832a17-1240x720.jpg","width":1240,"height":720,"mime-type":"image\/jpeg","url":"https:\/\/www.studioimmobiliarefarina.eu\/wp-content\/uploads\/2025\/09\/6b3481af-f48a-44a9-8356-67ae4b832a17-1240x720.jpg"}},"image_meta":{"aperture":"0","credit":"","camera":"","caption":"","created_timestamp":"0","copyright":"","focal_length":"0","iso":"0","shutter_speed":"0","title":"","orientation":"0","keywords":[]},"ID":"59214","name":"6b3481af-f48a-44a9-8356-67ae4b832a17.jpg","path":"\/srv\/www\/studioimmobiliarefarina.eu\/wp-content\/uploads\/2025\/09\/6b3481af-f48a-44a9-8356-67ae4b832a17.jpg","url":"https:\/\/www.studioimmobiliarefarina.eu\/wp-content\/uploads\/2025\/09\/6b3481af-f48a-44a9-8356-67ae4b832a17-150x150.jpg","full_url":"https:\/\/www.studioimmobiliarefarina.eu\/wp-content\/uploads\/2025\/09\/6b3481af-f48a-44a9-8356-67ae4b832a17.jpg","title":"6b3481af-f48a-44a9-8356-67ae4b832a17","caption":"","description":"","alt":"","srcset":false},{"width":150,"height":150,"file":"2025\/09\/ac3c0d63-c8ea-4784-bf36-005438302012.jpg","filesize":157109,"sizes":{"thumbnail":{"file":"ac3c0d63-c8ea-4784-bf36-005438302012-150x150.jpg","width":150,"height":150,"mime-type":"image\/jpeg","url":"https:\/\/www.studioimmobiliarefarina.eu\/wp-content\/uploads\/2025\/09\/ac3c0d63-c8ea-4784-bf36-005438302012-150x150.jpg"},"medium":{"file":"ac3c0d63-c8ea-4784-bf36-005438302012-300x225.jpg","width":300,"height":225,"mime-type":"image\/jpeg","url":"https:\/\/www.studioimmobiliarefarina.eu\/wp-content\/uploads\/2025\/09\/ac3c0d63-c8ea-4784-bf36-005438302012-300x225.jpg"},"large":{"file":"ac3c0d63-c8ea-4784-bf36-005438302012-1024x768.jpg","width":1024,"height":768,"mime-type":"image\/jpeg","url":"https:\/\/www.studioimmobiliarefarina.eu\/wp-content\/uploads\/2025\/09\/ac3c0d63-c8ea-4784-bf36-005438302012-1024x768.jpg"},"post-featured-image":{"file":"ac3c0d63-c8ea-4784-bf36-005438302012-1240x720.jpg","width":1240,"height":720,"mime-type":"image\/jpeg","url":"https:\/\/www.studioimmobiliarefarina.eu\/wp-content\/uploads\/2025\/09\/ac3c0d63-c8ea-4784-bf36-005438302012-1240x720.jpg"}},"image_meta":{"aperture":"0","credit":"","camera":"","caption":"","created_timestamp":"0","copyright":"","focal_length":"0","iso":"0","shutter_speed":"0","title":"","orientation":"0","keywords":[]},"ID":"59153","name":"ac3c0d63-c8ea-4784-bf36-005438302012.jpg","path":"\/srv\/www\/studioimmobiliarefarina.eu\/wp-content\/uploads\/2025\/09\/ac3c0d63-c8ea-4784-bf36-005438302012.jpg","url":"https:\/\/www.studioimmobiliarefarina.eu\/wp-content\/uploads\/2025\/09\/ac3c0d63-c8ea-4784-bf36-005438302012-150x150.jpg","full_url":"https:\/\/www.studioimmobiliarefarina.eu\/wp-content\/uploads\/2025\/09\/ac3c0d63-c8ea-4784-bf36-005438302012.jpg","title":"ac3c0d63-c8ea-4784-bf36-005438302012","caption":"","description":"","alt":"","srcset":false},{"width":150,"height":150,"file":"2025\/09\/893aa2ec-e8ba-48f1-b25b-6b05e51b5031-1.jpg","filesize":407199,"sizes":{"thumbnail":{"file":"893aa2ec-e8ba-48f1-b25b-6b05e51b5031-1-150x150.jpg","width":150,"height":150,"mime-type":"image\/jpeg","url":"https:\/\/www.studioimmobiliarefarina.eu\/wp-content\/uploads\/2025\/09\/893aa2ec-e8ba-48f1-b25b-6b05e51b5031-1-150x150.jpg"},"medium":{"file":"893aa2ec-e8ba-48f1-b25b-6b05e51b5031-1-300x225.jpg","width":300,"height":225,"mime-type":"image\/jpeg","url":"https:\/\/www.studioimmobiliarefarina.eu\/wp-content\/uploads\/2025\/09\/893aa2ec-e8ba-48f1-b25b-6b05e51b5031-1-300x225.jpg"},"large":{"file":"893aa2ec-e8ba-48f1-b25b-6b05e51b5031-1-1024x768.jpg","width":1024,"height":768,"mime-type":"image\/jpeg","url":"https:\/\/www.studioimmobiliarefarina.eu\/wp-content\/uploads\/2025\/09\/893aa2ec-e8ba-48f1-b25b-6b05e51b5031-1-1024x768.jpg"},"post-featured-image":{"file":"893aa2ec-e8ba-48f1-b25b-6b05e51b5031-1-1240x720.jpg","width":1240,"height":720,"mime-type":"image\/jpeg","url":"https:\/\/www.studioimmobiliarefarina.eu\/wp-content\/uploads\/2025\/09\/893aa2ec-e8ba-48f1-b25b-6b05e51b5031-1-1240x720.jpg"}},"image_meta":{"aperture":"0","credit":"","camera":"","caption":"","created_timestamp":"0","copyright":"","focal_length":"0","iso":"0","shutter_speed":"0","title":"","orientation":"0","keywords":[]},"ID":"59247","name":"893aa2ec-e8ba-48f1-b25b-6b05e51b5031-1.jpg","path":"\/srv\/www\/studioimmobiliarefarina.eu\/wp-content\/uploads\/2025\/09\/893aa2ec-e8ba-48f1-b25b-6b05e51b5031-1.jpg","url":"https:\/\/www.studioimmobiliarefarina.eu\/wp-content\/uploads\/2025\/09\/893aa2ec-e8ba-48f1-b25b-6b05e51b5031-1-150x150.jpg","full_url":"https:\/\/www.studioimmobiliarefarina.eu\/wp-content\/uploads\/2025\/09\/893aa2ec-e8ba-48f1-b25b-6b05e51b5031-1.jpg","title":"893aa2ec-e8ba-48f1-b25b-6b05e51b5031","caption":"","description":"","alt":"","srcset":false},{"width":150,"height":150,"file":"2025\/09\/1a717b3b-6e28-492e-8d6c-993cbdae561f.jpg","filesize":202779,"sizes":{"thumbnail":{"file":"1a717b3b-6e28-492e-8d6c-993cbdae561f-150x150.jpg","width":150,"height":150,"mime-type":"image\/jpeg","url":"https:\/\/www.studioimmobiliarefarina.eu\/wp-content\/uploads\/2025\/09\/1a717b3b-6e28-492e-8d6c-993cbdae561f-150x150.jpg"},"medium":{"file":"1a717b3b-6e28-492e-8d6c-993cbdae561f-300x225.jpg","width":300,"height":225,"mime-type":"image\/jpeg","url":"https:\/\/www.studioimmobiliarefarina.eu\/wp-content\/uploads\/2025\/09\/1a717b3b-6e28-492e-8d6c-993cbdae561f-300x225.jpg"},"large":{"file":"1a717b3b-6e28-492e-8d6c-993cbdae561f-1024x768.jpg","width":1024,"height":768,"mime-type":"image\/jpeg","url":"https:\/\/www.studioimmobiliarefarina.eu\/wp-content\/uploads\/2025\/09\/1a717b3b-6e28-492e-8d6c-993cbdae561f-1024x768.jpg"},"post-featured-image":{"file":"1a717b3b-6e28-492e-8d6c-993cbdae561f-1240x720.jpg","width":1240,"height":720,"mime-type":"image\/jpeg","url":"https:\/\/www.studioimmobiliarefarina.eu\/wp-content\/uploads\/2025\/09\/1a717b3b-6e28-492e-8d6c-993cbdae561f-1240x720.jpg"}},"image_meta":{"aperture":"0","credit":"","camera":"","caption":"","created_timestamp":"0","copyright":"","focal_length":"0","iso":"0","shutter_speed":"0","title":"","orientation":"0","keywords":[]},"ID":"59180","name":"1a717b3b-6e28-492e-8d6c-993cbdae561f.jpg","path":"\/srv\/www\/studioimmobiliarefarina.eu\/wp-content\/uploads\/2025\/09\/1a717b3b-6e28-492e-8d6c-993cbdae561f.jpg","url":"https:\/\/www.studioimmobiliarefarina.eu\/wp-content\/uploads\/2025\/09\/1a717b3b-6e28-492e-8d6c-993cbdae561f-150x150.jpg","full_url":"https:\/\/www.studioimmobiliarefarina.eu\/wp-content\/uploads\/2025\/09\/1a717b3b-6e28-492e-8d6c-993cbdae561f.jpg","title":"1a717b3b-6e28-492e-8d6c-993cbdae561f","caption":"","description":"","alt":"","srcset":false},{"width":150,"height":150,"file":"2025\/09\/42ce6399-088f-42a6-bc5c-37a031d07fad-1.jpg","filesize":483940,"sizes":{"thumbnail":{"file":"42ce6399-088f-42a6-bc5c-37a031d07fad-1-150x150.jpg","width":150,"height":150,"mime-type":"image\/jpeg","url":"https:\/\/www.studioimmobiliarefarina.eu\/wp-content\/uploads\/2025\/09\/42ce6399-088f-42a6-bc5c-37a031d07fad-1-150x150.jpg"},"medium":{"file":"42ce6399-088f-42a6-bc5c-37a031d07fad-1-300x225.jpg","width":300,"height":225,"mime-type":"image\/jpeg","url":"https:\/\/www.studioimmobiliarefarina.eu\/wp-content\/uploads\/2025\/09\/42ce6399-088f-42a6-bc5c-37a031d07fad-1-300x225.jpg"},"large":{"file":"42ce6399-088f-42a6-bc5c-37a031d07fad-1-1024x768.jpg","width":1024,"height":768,"mime-type":"image\/jpeg","url":"https:\/\/www.studioimmobiliarefarina.eu\/wp-content\/uploads\/2025\/09\/42ce6399-088f-42a6-bc5c-37a031d07fad-1-1024x768.jpg"},"post-featured-image":{"file":"42ce6399-088f-42a6-bc5c-37a031d07fad-1-1240x720.jpg","width":1240,"height":720,"mime-type":"image\/jpeg","url":"https:\/\/www.studioimmobiliarefarina.eu\/wp-content\/uploads\/2025\/09\/42ce6399-088f-42a6-bc5c-37a031d07fad-1-1240x720.jpg"}},"image_meta":{"aperture":"0","credit":"","camera":"","caption":"","created_timestamp":"0","copyright":"","focal_length":"0","iso":"0","shutter_speed":"0","title":"","orientation":"0","keywords":[]},"ID":"59125","name":"42ce6399-088f-42a6-bc5c-37a031d07fad-1.jpg","path":"\/srv\/www\/studioimmobiliarefarina.eu\/wp-content\/uploads\/2025\/09\/42ce6399-088f-42a6-bc5c-37a031d07fad-1.jpg","url":"https:\/\/www.studioimmobiliarefarina.eu\/wp-content\/uploads\/2025\/09\/42ce6399-088f-42a6-bc5c-37a031d07fad-1-150x150.jpg","full_url":"https:\/\/www.studioimmobiliarefarina.eu\/wp-content\/uploads\/2025\/09\/42ce6399-088f-42a6-bc5c-37a031d07fad-1.jpg","title":"42ce6399-088f-42a6-bc5c-37a031d07fad","caption":"","description":"","alt":"","srcset":false},{"width":150,"height":150,"file":"2025\/09\/77a2b5de-ad8b-4fd8-bcaf-e8009d4674c2.jpg","filesize":246236,"sizes":{"thumbnail":{"file":"77a2b5de-ad8b-4fd8-bcaf-e8009d4674c2-150x150.jpg","width":150,"height":150,"mime-type":"image\/jpeg","url":"https:\/\/www.studioimmobiliarefarina.eu\/wp-content\/uploads\/2025\/09\/77a2b5de-ad8b-4fd8-bcaf-e8009d4674c2-150x150.jpg"},"medium":{"file":"77a2b5de-ad8b-4fd8-bcaf-e8009d4674c2-300x225.jpg","width":300,"height":225,"mime-type":"image\/jpeg","url":"https:\/\/www.studioimmobiliarefarina.eu\/wp-content\/uploads\/2025\/09\/77a2b5de-ad8b-4fd8-bcaf-e8009d4674c2-300x225.jpg"},"large":{"file":"77a2b5de-ad8b-4fd8-bcaf-e8009d4674c2-1024x768.jpg","width":1024,"height":768,"mime-type":"image\/jpeg","url":"https:\/\/www.studioimmobiliarefarina.eu\/wp-content\/uploads\/2025\/09\/77a2b5de-ad8b-4fd8-bcaf-e8009d4674c2-1024x768.jpg"},"post-featured-image":{"file":"77a2b5de-ad8b-4fd8-bcaf-e8009d4674c2-1240x720.jpg","width":1240,"height":720,"mime-type":"image\/jpeg","url":"https:\/\/www.studioimmobiliarefarina.eu\/wp-content\/uploads\/2025\/09\/77a2b5de-ad8b-4fd8-bcaf-e8009d4674c2-1240x720.jpg"}},"image_meta":{"aperture":"0","credit":"","camera":"","caption":"","created_timestamp":"0","copyright":"","focal_length":"0","iso":"0","shutter_speed":"0","title":"","orientation":"0","keywords":[]},"ID":"59165","name":"77a2b5de-ad8b-4fd8-bcaf-e8009d4674c2.jpg","path":"\/srv\/www\/studioimmobiliarefarina.eu\/wp-content\/uploads\/2025\/09\/77a2b5de-ad8b-4fd8-bcaf-e8009d4674c2.jpg","url":"https:\/\/www.studioimmobiliarefarina.eu\/wp-content\/uploads\/2025\/09\/77a2b5de-ad8b-4fd8-bcaf-e8009d4674c2-150x150.jpg","full_url":"https:\/\/www.studioimmobiliarefarina.eu\/wp-content\/uploads\/2025\/09\/77a2b5de-ad8b-4fd8-bcaf-e8009d4674c2.jpg","title":"77a2b5de-ad8b-4fd8-bcaf-e8009d4674c2","caption":"","description":"","alt":"","srcset":false},{"width":150,"height":150,"file":"2025\/09\/7f81c73d-cfc9-4866-a7be-dfc1f470a666-1.jpg","filesize":130396,"sizes":{"thumbnail":{"file":"7f81c73d-cfc9-4866-a7be-dfc1f470a666-1-150x150.jpg","width":150,"height":150,"mime-type":"image\/jpeg","url":"https:\/\/www.studioimmobiliarefarina.eu\/wp-content\/uploads\/2025\/09\/7f81c73d-cfc9-4866-a7be-dfc1f470a666-1-150x150.jpg"},"medium":{"file":"7f81c73d-cfc9-4866-a7be-dfc1f470a666-1-300x225.jpg","width":300,"height":225,"mime-type":"image\/jpeg","url":"https:\/\/www.studioimmobiliarefarina.eu\/wp-content\/uploads\/2025\/09\/7f81c73d-cfc9-4866-a7be-dfc1f470a666-1-300x225.jpg"},"large":{"file":"7f81c73d-cfc9-4866-a7be-dfc1f470a666-1-1024x768.jpg","width":1024,"height":768,"mime-type":"image\/jpeg","url":"https:\/\/www.studioimmobiliarefarina.eu\/wp-content\/uploads\/2025\/09\/7f81c73d-cfc9-4866-a7be-dfc1f470a666-1-1024x768.jpg"},"post-featured-image":{"file":"7f81c73d-cfc9-4866-a7be-dfc1f470a666-1-1240x720.jpg","width":1240,"height":720,"mime-type":"image\/jpeg","url":"https:\/\/www.studioimmobiliarefarina.eu\/wp-content\/uploads\/2025\/09\/7f81c73d-cfc9-4866-a7be-dfc1f470a666-1-1240x720.jpg"}},"image_meta":{"aperture":"0","credit":"","camera":"","caption":"","created_timestamp":"0","copyright":"","focal_length":"0","iso":"0","shutter_speed":"0","title":"","orientation":"0","keywords":[]},"ID":"59218","name":"7f81c73d-cfc9-4866-a7be-dfc1f470a666-1.jpg","path":"\/srv\/www\/studioimmobiliarefarina.eu\/wp-content\/uploads\/2025\/09\/7f81c73d-cfc9-4866-a7be-dfc1f470a666-1.jpg","url":"https:\/\/www.studioimmobiliarefarina.eu\/wp-content\/uploads\/2025\/09\/7f81c73d-cfc9-4866-a7be-dfc1f470a666-1-150x150.jpg","full_url":"https:\/\/www.studioimmobiliarefarina.eu\/wp-content\/uploads\/2025\/09\/7f81c73d-cfc9-4866-a7be-dfc1f470a666-1.jpg","title":"7f81c73d-cfc9-4866-a7be-dfc1f470a666","caption":"","description":"","alt":"","srcset":false},{"width":150,"height":150,"file":"2025\/09\/8f9136b0-9360-41bc-979f-7913546feda6.jpg","filesize":316021,"sizes":{"thumbnail":{"file":"8f9136b0-9360-41bc-979f-7913546feda6-150x150.jpg","width":150,"height":150,"mime-type":"image\/jpeg","url":"https:\/\/www.studioimmobiliarefarina.eu\/wp-content\/uploads\/2025\/09\/8f9136b0-9360-41bc-979f-7913546feda6-150x150.jpg"},"medium":{"file":"8f9136b0-9360-41bc-979f-7913546feda6-300x225.jpg","width":300,"height":225,"mime-type":"image\/jpeg","url":"https:\/\/www.studioimmobiliarefarina.eu\/wp-content\/uploads\/2025\/09\/8f9136b0-9360-41bc-979f-7913546feda6-300x225.jpg"},"large":{"file":"8f9136b0-9360-41bc-979f-7913546feda6-1024x768.jpg","width":1024,"height":768,"mime-type":"image\/jpeg","url":"https:\/\/www.studioimmobiliarefarina.eu\/wp-content\/uploads\/2025\/09\/8f9136b0-9360-41bc-979f-7913546feda6-1024x768.jpg"},"post-featured-image":{"file":"8f9136b0-9360-41bc-979f-7913546feda6-1240x720.jpg","width":1240,"height":720,"mime-type":"image\/jpeg","url":"https:\/\/www.studioimmobiliarefarina.eu\/wp-content\/uploads\/2025\/09\/8f9136b0-9360-41bc-979f-7913546feda6-1240x720.jpg"}},"image_meta":{"aperture":"0","credit":"","camera":"","caption":"","created_timestamp":"0","copyright":"","focal_length":"0","iso":"0","shutter_speed":"0","title":"","orientation":"0","keywords":[]},"ID":"59161","name":"8f9136b0-9360-41bc-979f-7913546feda6.jpg","path":"\/srv\/www\/studioimmobiliarefarina.eu\/wp-content\/uploads\/2025\/09\/8f9136b0-9360-41bc-979f-7913546feda6.jpg","url":"https:\/\/www.studioimmobiliarefarina.eu\/wp-content\/uploads\/2025\/09\/8f9136b0-9360-41bc-979f-7913546feda6-150x150.jpg","full_url":"https:\/\/www.studioimmobiliarefarina.eu\/wp-content\/uploads\/2025\/09\/8f9136b0-9360-41bc-979f-7913546feda6.jpg","title":"8f9136b0-9360-41bc-979f-7913546feda6","caption":"","description":"","alt":"","srcset":false},{"width":150,"height":150,"file":"2025\/09\/6f909a07-7c5f-4b62-9393-88ec20325d72.jpg","filesize":179081,"sizes":{"thumbnail":{"file":"6f909a07-7c5f-4b62-9393-88ec20325d72-150x150.jpg","width":150,"height":150,"mime-type":"image\/jpeg","url":"https:\/\/www.studioimmobiliarefarina.eu\/wp-content\/uploads\/2025\/09\/6f909a07-7c5f-4b62-9393-88ec20325d72-150x150.jpg"},"medium":{"file":"6f909a07-7c5f-4b62-9393-88ec20325d72-300x225.jpg","width":300,"height":225,"mime-type":"image\/jpeg","url":"https:\/\/www.studioimmobiliarefarina.eu\/wp-content\/uploads\/2025\/09\/6f909a07-7c5f-4b62-9393-88ec20325d72-300x225.jpg"},"large":{"file":"6f909a07-7c5f-4b62-9393-88ec20325d72-1024x768.jpg","width":1024,"height":768,"mime-type":"image\/jpeg","url":"https:\/\/www.studioimmobiliarefarina.eu\/wp-content\/uploads\/2025\/09\/6f909a07-7c5f-4b62-9393-88ec20325d72-1024x768.jpg"},"post-featured-image":{"file":"6f909a07-7c5f-4b62-9393-88ec20325d72-1240x720.jpg","width":1240,"height":720,"mime-type":"image\/jpeg","url":"https:\/\/www.studioimmobiliarefarina.eu\/wp-content\/uploads\/2025\/09\/6f909a07-7c5f-4b62-9393-88ec20325d72-1240x720.jpg"}},"image_meta":{"aperture":"0","credit":"","camera":"","caption":"","created_timestamp":"0","copyright":"","focal_length":"0","iso":"0","shutter_speed":"0","title":"","orientation":"0","keywords":[]},"ID":"59160","name":"6f909a07-7c5f-4b62-9393-88ec20325d72.jpg","path":"\/srv\/www\/studioimmobiliarefarina.eu\/wp-content\/uploads\/2025\/09\/6f909a07-7c5f-4b62-9393-88ec20325d72.jpg","url":"https:\/\/www.studioimmobiliarefarina.eu\/wp-content\/uploads\/2025\/09\/6f909a07-7c5f-4b62-9393-88ec20325d72-150x150.jpg","full_url":"https:\/\/www.studioimmobiliarefarina.eu\/wp-content\/uploads\/2025\/09\/6f909a07-7c5f-4b62-9393-88ec20325d72.jpg","title":"6f909a07-7c5f-4b62-9393-88ec20325d72","caption":"","description":"","alt":"","srcset":false},{"width":150,"height":150,"file":"2025\/09\/2a4d19d1-c4a2-4617-981f-00a4cdfc0e64.jpg","filesize":178893,"sizes":{"thumbnail":{"file":"2a4d19d1-c4a2-4617-981f-00a4cdfc0e64-150x150.jpg","width":150,"height":150,"mime-type":"image\/jpeg","url":"https:\/\/www.studioimmobiliarefarina.eu\/wp-content\/uploads\/2025\/09\/2a4d19d1-c4a2-4617-981f-00a4cdfc0e64-150x150.jpg"},"medium":{"file":"2a4d19d1-c4a2-4617-981f-00a4cdfc0e64-300x225.jpg","width":300,"height":225,"mime-type":"image\/jpeg","url":"https:\/\/www.studioimmobiliarefarina.eu\/wp-content\/uploads\/2025\/09\/2a4d19d1-c4a2-4617-981f-00a4cdfc0e64-300x225.jpg"},"large":{"file":"2a4d19d1-c4a2-4617-981f-00a4cdfc0e64-1024x768.jpg","width":1024,"height":768,"mime-type":"image\/jpeg","url":"https:\/\/www.studioimmobiliarefarina.eu\/wp-content\/uploads\/2025\/09\/2a4d19d1-c4a2-4617-981f-00a4cdfc0e64-1024x768.jpg"},"post-featured-image":{"file":"2a4d19d1-c4a2-4617-981f-00a4cdfc0e64-1240x720.jpg","width":1240,"height":720,"mime-type":"image\/jpeg","url":"https:\/\/www.studioimmobiliarefarina.eu\/wp-content\/uploads\/2025\/09\/2a4d19d1-c4a2-4617-981f-00a4cdfc0e64-1240x720.jpg"}},"image_meta":{"aperture":"0","credit":"","camera":"","caption":"","created_timestamp":"0","copyright":"","focal_length":"0","iso":"0","shutter_speed":"0","title":"","orientation":"0","keywords":[]},"ID":"59139","name":"2a4d19d1-c4a2-4617-981f-00a4cdfc0e64.jpg","path":"\/srv\/www\/studioimmobiliarefarina.eu\/wp-content\/uploads\/2025\/09\/2a4d19d1-c4a2-4617-981f-00a4cdfc0e64.jpg","url":"https:\/\/www.studioimmobiliarefarina.eu\/wp-content\/uploads\/2025\/09\/2a4d19d1-c4a2-4617-981f-00a4cdfc0e64-150x150.jpg","full_url":"https:\/\/www.studioimmobiliarefarina.eu\/wp-content\/uploads\/2025\/09\/2a4d19d1-c4a2-4617-981f-00a4cdfc0e64.jpg","title":"2a4d19d1-c4a2-4617-981f-00a4cdfc0e64","caption":"","description":"","alt":"","srcset":false},{"width":150,"height":150,"file":"2025\/09\/9a2ee96d-526f-4994-9dce-bca8235d6598.jpg","filesize":283047,"sizes":{"thumbnail":{"file":"9a2ee96d-526f-4994-9dce-bca8235d6598-150x150.jpg","width":150,"height":150,"mime-type":"image\/jpeg","url":"https:\/\/www.studioimmobiliarefarina.eu\/wp-content\/uploads\/2025\/09\/9a2ee96d-526f-4994-9dce-bca8235d6598-150x150.jpg"},"medium":{"file":"9a2ee96d-526f-4994-9dce-bca8235d6598-300x225.jpg","width":300,"height":225,"mime-type":"image\/jpeg","url":"https:\/\/www.studioimmobiliarefarina.eu\/wp-content\/uploads\/2025\/09\/9a2ee96d-526f-4994-9dce-bca8235d6598-300x225.jpg"},"large":{"file":"9a2ee96d-526f-4994-9dce-bca8235d6598-1024x768.jpg","width":1024,"height":768,"mime-type":"image\/jpeg","url":"https:\/\/www.studioimmobiliarefarina.eu\/wp-content\/uploads\/2025\/09\/9a2ee96d-526f-4994-9dce-bca8235d6598-1024x768.jpg"},"post-featured-image":{"file":"9a2ee96d-526f-4994-9dce-bca8235d6598-1240x720.jpg","width":1240,"height":720,"mime-type":"image\/jpeg","url":"https:\/\/www.studioimmobiliarefarina.eu\/wp-content\/uploads\/2025\/09\/9a2ee96d-526f-4994-9dce-bca8235d6598-1240x720.jpg"}},"image_meta":{"aperture":"0","credit":"","camera":"","caption":"","created_timestamp":"0","copyright":"","focal_length":"0","iso":"0","shutter_speed":"0","title":"","orientation":"0","keywords":[]},"ID":"59181","name":"9a2ee96d-526f-4994-9dce-bca8235d6598.jpg","path":"\/srv\/www\/studioimmobiliarefarina.eu\/wp-content\/uploads\/2025\/09\/9a2ee96d-526f-4994-9dce-bca8235d6598.jpg","url":"https:\/\/www.studioimmobiliarefarina.eu\/wp-content\/uploads\/2025\/09\/9a2ee96d-526f-4994-9dce-bca8235d6598-150x150.jpg","full_url":"https:\/\/www.studioimmobiliarefarina.eu\/wp-content\/uploads\/2025\/09\/9a2ee96d-526f-4994-9dce-bca8235d6598.jpg","title":"9a2ee96d-526f-4994-9dce-bca8235d6598","caption":"","description":"","alt":"","srcset":false},{"width":150,"height":150,"file":"2025\/09\/f917ef68-d78f-4034-a816-b918e0383fc5-2.jpg","filesize":433868,"sizes":{"thumbnail":{"file":"f917ef68-d78f-4034-a816-b918e0383fc5-2-150x150.jpg","width":150,"height":150,"mime-type":"image\/jpeg","url":"https:\/\/www.studioimmobiliarefarina.eu\/wp-content\/uploads\/2025\/09\/f917ef68-d78f-4034-a816-b918e0383fc5-2-150x150.jpg"},"medium":{"file":"f917ef68-d78f-4034-a816-b918e0383fc5-2-300x225.jpg","width":300,"height":225,"mime-type":"image\/jpeg","url":"https:\/\/www.studioimmobiliarefarina.eu\/wp-content\/uploads\/2025\/09\/f917ef68-d78f-4034-a816-b918e0383fc5-2-300x225.jpg"},"large":{"file":"f917ef68-d78f-4034-a816-b918e0383fc5-2-1024x768.jpg","width":1024,"height":768,"mime-type":"image\/jpeg","url":"https:\/\/www.studioimmobiliarefarina.eu\/wp-content\/uploads\/2025\/09\/f917ef68-d78f-4034-a816-b918e0383fc5-2-1024x768.jpg"},"post-featured-image":{"file":"f917ef68-d78f-4034-a816-b918e0383fc5-2-1240x720.jpg","width":1240,"height":720,"mime-type":"image\/jpeg","url":"https:\/\/www.studioimmobiliarefarina.eu\/wp-content\/uploads\/2025\/09\/f917ef68-d78f-4034-a816-b918e0383fc5-2-1240x720.jpg"}},"image_meta":{"aperture":"0","credit":"","camera":"","caption":"","created_timestamp":"0","copyright":"","focal_length":"0","iso":"0","shutter_speed":"0","title":"","orientation":"0","keywords":[]},"ID":"59131","name":"f917ef68-d78f-4034-a816-b918e0383fc5-2.jpg","path":"\/srv\/www\/studioimmobiliarefarina.eu\/wp-content\/uploads\/2025\/09\/f917ef68-d78f-4034-a816-b918e0383fc5-2.jpg","url":"https:\/\/www.studioimmobiliarefarina.eu\/wp-content\/uploads\/2025\/09\/f917ef68-d78f-4034-a816-b918e0383fc5-2-150x150.jpg","full_url":"https:\/\/www.studioimmobiliarefarina.eu\/wp-content\/uploads\/2025\/09\/f917ef68-d78f-4034-a816-b918e0383fc5-2.jpg","title":"f917ef68-d78f-4034-a816-b918e0383fc5","caption":"","description":"","alt":"","srcset":false},{"width":150,"height":150,"file":"2025\/09\/d0d27258-310e-4684-bbde-b4f1141330f4.jpeg","filesize":365956,"sizes":{"thumbnail":{"file":"d0d27258-310e-4684-bbde-b4f1141330f4-150x150.jpeg","width":150,"height":150,"mime-type":"image\/jpeg","url":"https:\/\/www.studioimmobiliarefarina.eu\/wp-content\/uploads\/2025\/09\/d0d27258-310e-4684-bbde-b4f1141330f4-150x150.jpeg"},"medium":{"file":"d0d27258-310e-4684-bbde-b4f1141330f4-300x225.jpeg","width":300,"height":225,"mime-type":"image\/jpeg","url":"https:\/\/www.studioimmobiliarefarina.eu\/wp-content\/uploads\/2025\/09\/d0d27258-310e-4684-bbde-b4f1141330f4-300x225.jpeg"},"large":{"file":"d0d27258-310e-4684-bbde-b4f1141330f4-1024x768.jpeg","width":1024,"height":768,"mime-type":"image\/jpeg","url":"https:\/\/www.studioimmobiliarefarina.eu\/wp-content\/uploads\/2025\/09\/d0d27258-310e-4684-bbde-b4f1141330f4-1024x768.jpeg"},"property-thumb-image":{"file":"d0d27258-310e-4684-bbde-b4f1141330f4-488x326.jpeg","width":488,"height":326,"mime-type":"image\/jpeg","url":"https:\/\/www.studioimmobiliarefarina.eu\/wp-content\/uploads\/2025\/09\/d0d27258-310e-4684-bbde-b4f1141330f4-488x326.jpeg"},"post-featured-image":{"file":"d0d27258-310e-4684-bbde-b4f1141330f4-1240x720.jpeg","width":1240,"height":720,"mime-type":"image\/jpeg","url":"https:\/\/www.studioimmobiliarefarina.eu\/wp-content\/uploads\/2025\/09\/d0d27258-310e-4684-bbde-b4f1141330f4-1240x720.jpeg"},"modern-property-child-slider":{"file":"d0d27258-310e-4684-bbde-b4f1141330f4-680x510.jpeg","width":680,"height":510,"mime-type":"image\/jpeg","url":"https:\/\/www.studioimmobiliarefarina.eu\/wp-content\/uploads\/2025\/09\/d0d27258-310e-4684-bbde-b4f1141330f4-680x510.jpeg"},"property-detail-video-image":{"file":"d0d27258-310e-4684-bbde-b4f1141330f4-818x417.jpeg","width":818,"height":417,"mime-type":"image\/jpeg","url":"https:\/\/www.studioimmobiliarefarina.eu\/wp-content\/uploads\/2025\/09\/d0d27258-310e-4684-bbde-b4f1141330f4-818x417.jpeg"},"post-thumbnail":{"file":"d0d27258-310e-4684-bbde-b4f1141330f4-150x113.jpeg","width":150,"height":113,"mime-type":"image\/jpeg","url":"https:\/\/www.studioimmobiliarefarina.eu\/wp-content\/uploads\/2025\/09\/d0d27258-310e-4684-bbde-b4f1141330f4-150x113.jpeg"}},"image_meta":{"aperture":"0","credit":"","camera":"","caption":"","created_timestamp":"0","copyright":"","focal_length":"0","iso":"0","shutter_speed":"0","title":"","orientation":"0","keywords":[]},"ID":"60684","name":"d0d27258-310e-4684-bbde-b4f1141330f4.jpeg","path":"\/srv\/www\/studioimmobiliarefarina.eu\/wp-content\/uploads\/2025\/09\/d0d27258-310e-4684-bbde-b4f1141330f4.jpeg","url":"https:\/\/www.studioimmobiliarefarina.eu\/wp-content\/uploads\/2025\/09\/d0d27258-310e-4684-bbde-b4f1141330f4-150x150.jpeg","full_url":"https:\/\/www.studioimmobiliarefarina.eu\/wp-content\/uploads\/2025\/09\/d0d27258-310e-4684-bbde-b4f1141330f4.jpeg","title":"d0d27258-310e-4684-bbde-b4f1141330f4","caption":"","description":"","alt":"","srcset":false}],"REAL_HOMES_change_gallery_slider_type":"0","REAL_HOMES_gallery_slider_type":"thumb-on-right","inspiry_floor_plans":[{"inspiry_floor_plan_name":"planimetria","inspiry_floor_plan_image":"https:\/\/www.studioimmobiliarefarina.eu\/wp-content\/uploads\/2025\/09\/1b0a545b-6bc2-4f86-a7f4-97260d456f2b-1.jpeg"},{"inspiry_floor_plan_name":"mappa","inspiry_floor_plan_image":"https:\/\/www.studioimmobiliarefarina.eu\/wp-content\/uploads\/2025\/09\/Mappa-evidenziata-lucci.jpg"}],"inspiry_video_group":[],"REAL_HOMES_360_virtual_tour":"","REAL_HOMES_tour_video_url":"https:\/\/youtu.be\/XMXfPSzoyyU?si=qbqFBMFX4ghjBsKg","REAL_HOMES_tour_video_image":[],"REAL_HOMES_agent_display_option":"none","REAL_HOMES_agents":[],"REAL_HOMES_energy_class":"A+","REAL_HOMES_energy_performance":"","REAL_HOMES_epc_current_rating":"","REAL_HOMES_epc_potential_rating":"","ere_property_schedule_tour":"global","ere_property_schedule_time_slots":"","ere_property_schedule_description":"","REAL_HOMES_sticky":"0","inspiry_property_label":"","inspiry_property_label_color":"","inspiry_property_tax":"0","inspiry_additional_fee":"0","REAL_HOMES_attachments":[],"inspiry_property_owner_name":"","inspiry_property_owner_contact":"","inspiry_property_owner_address":"","REAL_HOMES_property_private_note":"","inspiry_message_to_reviewer":"","REAL_HOMES_add_in_slider":"no","REAL_HOMES_slider_image":[],"REAL_HOMES_page_banner_image":[],"REAL_HOMES_hide_property_advance_search":"0","inspiry_posto_auto":"","REAL_HOMES_custom_header_display":"default","REAL_HOMES_custom_header_position":"relative","REAL_HOMES_hide_advance_search":"0","REAL_HOMES_custom_search_form":"default","REAL_HOMES_search_form_margin_top":"","REAL_HOMES_search_form_margin_bottom":"","REAL_HOMES_custom_footer_display":"default"},"_links":{"self":[{"href":"https:\/\/www.studioimmobiliarefarina.eu\/en\/wp-json\/wp\/v2\/property\/59109"}],"collection":[{"href":"https:\/\/www.studioimmobiliarefarina.eu\/en\/wp-json\/wp\/v2\/property"}],"about":[{"href":"https:\/\/www.studioimmobiliarefarina.eu\/en\/wp-json\/wp\/v2\/types\/property"}],"author":[{"embeddable":true,"href":"https:\/\/www.studioimmobiliarefarina.eu\/en\/wp-json\/wp\/v2\/users\/2"}],"replies":[{"embeddable":true,"href":"https:\/\/www.studioimmobiliarefarina.eu\/en\/wp-json\/wp\/v2\/comments?post=59109"}],"version-history":[{"count":10,"href":"https:\/\/www.studioimmobiliarefarina.eu\/en\/wp-json\/wp\/v2\/property\/59109\/revisions"}],"predecessor-version":[{"id":59256,"href":"https:\/\/www.studioimmobiliarefarina.eu\/en\/wp-json\/wp\/v2\/property\/59109\/revisions\/59256"}],"wp:featuredmedia":[{"embeddable":true,"href":"https:\/\/www.studioimmobiliarefarina.eu\/en\/wp-json\/wp\/v2\/media\/60684"}],"wp:attachment":[{"href":"https:\/\/www.studioimmobiliarefarina.eu\/en\/wp-json\/wp\/v2\/media?parent=59109"}],"wp:term":[{"taxonomy":"property-feature","embeddable":true,"href":"https:\/\/www.studioimmobiliarefarina.eu\/en\/wp-json\/wp\/v2\/property-feature?post=59109"},{"taxonomy":"property-type","embeddable":true,"href":"https:\/\/www.studioimmobiliarefarina.eu\/en\/wp-json\/wp\/v2\/property-type?post=59109"},{"taxonomy":"property-city","embeddable":true,"href":"https:\/\/www.studioimmobiliarefarina.eu\/en\/wp-json\/wp\/v2\/property-city?post=59109"},{"taxonomy":"property-status","embeddable":true,"href":"https:\/\/www.studioimmobiliarefarina.eu\/en\/wp-json\/wp\/v2\/property-status?post=59109"}],"curies":[{"name":"wp","href":"https:\/\/api.w.org\/{rel}","templated":true}]}}