{"id":50614,"date":"2024-04-06T12:23:51","date_gmt":"2024-04-06T10:23:51","guid":{"rendered":"https:\/\/www.studioimmobiliarefarina.eu\/?post_type=property&#038;p=50614"},"modified":"2025-11-15T15:35:45","modified_gmt":"2025-11-15T14:35:45","slug":"canosa-sannita-appartamento-in-zona-centrale","status":"publish","type":"property","link":"https:\/\/www.studioimmobiliarefarina.eu\/en\/property\/canosa-sannita-appartamento-in-zona-centrale\/","title":{"rendered":"Canosa Sannita &#8211; Appartamento pronto da abitare"},"content":{"rendered":"\n<p>A <strong>Canosa Sannita<\/strong>, piccolo borgo rinomato per la produzione di vino e olio di oliva, situato a pochi chilometri dall\u2019incantevole spiaggia dorata di Lido Riccio di Ortona e a trenta minuti dal Parco Nazionale della Maiella, vi proponiamo in vendita appartamento in zona centrale. L\u2019immobile situato fronte strada principale, in via Giuseppe Garibaldi, a trecento metri dalla Piazza principale, in una zona dove c&#8217;\u00e8 tutto quello che serve, a due passi da casa. La Posta, la farmacia, bar, varie attivit\u00e0 commerciali, il Parco dei sogni, l\u2019area fitness, il parco giochi appena ultimato ed altro ancora. L\u2019appartamento, al piano terra, \u00e8 ubicato in un fabbricato completamente recintato, con sole due unit\u00e0 abitative. L&#8217;abitazione, per complessivi mq. 140,  si compone di: un\u2019area che comprende la zona giorno con salotto e cucina, un piccolo disimpegno ci conduce in due camere matrimoniali, un bagno con ampio box doccia e angolo predisposto per la lavatrice. All\u2019esterno una comoda cantina, un\u2019accogliente loggetta e un portico utilizzabile come rimessaggio di due posti auto al coperto. Una piacevole soluzione abitativa, in buono stato, senza spese condominiali, problemi di parcheggio, in zona servita e, ben collegata a Ortona, Pescara, Chieti e Lanciano.<\/p>\n\n\n\n<p>Ci piace identificare questo borgo con il nuovo monumento appena realizzato dentro la pinetina e denominato &#8220;Il Punto dell&#8217;Amore&#8221;. &nbsp;La stele \u00e8 composta da due cuori in acciaio intrecciati e incita la comunit\u00e0 a coltivare gentilezza, comprensione, rispetto e solidariet\u00e0.<\/p>\n\n\n\n<p><\/p>\n\n\n\n<p>Avviso:<\/p>\n\n\n\n<p>Le caratteristiche tecniche, la disposizione interna e gli accessori indicati potrebbero in alcuni casi essere diversi dall\u2019effettivo stato di fatto dell\u2019immobile.<\/p>\n\n\n\n<p>A causa delle difformit\u00e0 dei dati pubblicati dai vari portali, lo Studio Farina declina ogni responsabilit\u00e0 per eventuali involontarie incoerenze.<\/p>\n\n\n\n<p>Si precisa che le descrizioni riportate non rappresentano alcun impegno contrattuale.<\/p>\n\n\n\n<p>Per garantire la privacy l\u2019indirizzo pu\u00f2 non rispecchiare esattamente l\u2019ubicazione dell\u2019immobile ed \u00e8 utile solo al fine di fornire un riferimento generico per la sua localizzazione.<\/p>\n\n\n\n<p><\/p>\n\n\n\n<p><\/p>\n","protected":false},"excerpt":{"rendered":"<p>A Canosa Sannita, piccolo borgo rinomato per la produzione di vino e olio di oliva, situato a pochi chilometri dall\u2019incantevole spiaggia dorata di Lido Riccio di Ortona e a trenta minuti dal Parco Nazionale della Maiella, vi proponiamo in vendita appartamento in zona centrale. L\u2019immobile situato fronte strada principale, in via Giuseppe Garibaldi, a trecento&#8230;<\/p>\n","protected":false},"author":2,"featured_media":61629,"parent":0,"menu_order":0,"comment_status":"closed","ping_status":"closed","template":"","property-feature":[595,579,585,491,565,359,405,402,461,423,349,489,410,340,368,394,475,440,337,615,616,424,370,376],"property-type":[510],"property-city":[50,279,150],"property-status":[22],"yoast_head":"<!-- This site is optimized with the Yoast SEO plugin v21.1 - https:\/\/yoast.com\/wordpress\/plugins\/seo\/ -->\n<title>Canosa Sannita - Appartamento pronto da abitare | Studio Immobiliare Farina<\/title>\n<meta name=\"description\" content=\"(Italiano) A Canosa Sannita, piccolo borgo rinomato per la produzione di vino e olio di oliva, situato a pochi chilometri dalla dorata spiaggia Lido Riccio di Ortona e a trenta minuti dal Parco Nazionale della Maiella, vi proponiamo in vendita appartamento in zona centrale.\" \/>\n<meta name=\"robots\" content=\"index, follow, max-snippet:-1, max-image-preview:large, max-video-preview:-1\" \/>\n<link rel=\"canonical\" href=\"https:\/\/www.studioimmobiliarefarina.eu\/property\/canosa-sannita-appartamento-in-zona-centrale\/\" \/>\n<meta property=\"og:locale\" content=\"en_US\" \/>\n<meta property=\"og:type\" content=\"article\" \/>\n<meta property=\"og:title\" content=\"Canosa Sannita - Appartamento pronto da abitare | Studio Immobiliare Farina\" \/>\n<meta property=\"og:description\" content=\"{:it}A Canosa Sannita, piccolo borgo rinomato per la produzione di vino e olio di oliva, situato a pochi chilometri dalla dorata spiaggia Lido Riccio di Ortona e a trenta minuti dal Parco Nazionale della Maiella, vi proponiamo in vendita appartamento in zona centrale.{:}\" \/>\n<meta property=\"og:url\" content=\"https:\/\/www.studioimmobiliarefarina.eu\/property\/canosa-sannita-appartamento-in-zona-centrale\/\" \/>\n<meta property=\"og:site_name\" content=\"Studio Immobiliare Farina\" \/>\n<meta property=\"article:publisher\" content=\"https:\/\/www.facebook.com\/Studio-Immobiliare-Farina-_-gruppofarina-547150035296080\/timeline\/?ref=ts\" \/>\n<meta property=\"article:modified_time\" content=\"2025-11-15T14:35:45+00:00\" \/>\n<meta property=\"og:image\" content=\"https:\/\/www.studioimmobiliarefarina.eu\/wp-content\/uploads\/2024\/04\/AA-17.jpg\" \/>\n\t<meta property=\"og:image:width\" content=\"830\" \/>\n\t<meta property=\"og:image:height\" content=\"623\" \/>\n\t<meta property=\"og:image:type\" content=\"image\/jpeg\" \/>\n<meta name=\"twitter:card\" content=\"summary_large_image\" \/>\n<meta name=\"twitter:label1\" content=\"Est. reading time\" \/>\n\t<meta name=\"twitter:data1\" content=\"2 minutes\" \/>\n<script type=\"application\/ld+json\" class=\"yoast-schema-graph\">{\"@context\":\"https:\/\/schema.org\",\"@graph\":[{\"@type\":\"WebPage\",\"@id\":\"https:\/\/www.studioimmobiliarefarina.eu\/property\/canosa-sannita-appartamento-in-zona-centrale\/\",\"url\":\"https:\/\/www.studioimmobiliarefarina.eu\/property\/canosa-sannita-appartamento-in-zona-centrale\/\",\"name\":\"Canosa Sannita - Appartamento pronto da abitare | Studio Immobiliare Farina\",\"isPartOf\":{\"@id\":\"https:\/\/www.studioimmobiliarefarina.eu\/#website\"},\"datePublished\":\"2024-04-06T10:23:51+00:00\",\"dateModified\":\"2025-11-15T14:35:45+00:00\",\"description\":\"{:it}A Canosa Sannita, piccolo borgo rinomato per la produzione di vino e olio di oliva, situato a pochi chilometri dalla dorata spiaggia Lido Riccio di Ortona e a trenta minuti dal Parco Nazionale della Maiella, vi proponiamo in vendita appartamento in zona centrale.{:}\",\"breadcrumb\":{\"@id\":\"https:\/\/www.studioimmobiliarefarina.eu\/property\/canosa-sannita-appartamento-in-zona-centrale\/#breadcrumb\"},\"inLanguage\":\"en-US\",\"potentialAction\":[{\"@type\":\"ReadAction\",\"target\":[\"https:\/\/www.studioimmobiliarefarina.eu\/property\/canosa-sannita-appartamento-in-zona-centrale\/\"]}]},{\"@type\":\"BreadcrumbList\",\"@id\":\"https:\/\/www.studioimmobiliarefarina.eu\/property\/canosa-sannita-appartamento-in-zona-centrale\/#breadcrumb\",\"itemListElement\":[{\"@type\":\"ListItem\",\"position\":1,\"name\":\"Home\",\"item\":\"https:\/\/www.studioimmobiliarefarina.eu\/\"},{\"@type\":\"ListItem\",\"position\":2,\"name\":\"Properties\",\"item\":\"https:\/\/www.studioimmobiliarefarina.eu\/en\/property\/\"},{\"@type\":\"ListItem\",\"position\":3,\"name\":\"Canosa Sannita &#8211; Appartamento pronto da abitare\"}]},{\"@type\":\"WebSite\",\"@id\":\"https:\/\/www.studioimmobiliarefarina.eu\/#website\",\"url\":\"https:\/\/www.studioimmobiliarefarina.eu\/\",\"name\":\"Studio Immobiliare Farina\",\"description\":\"La casa che ho nel cuore\",\"publisher\":{\"@id\":\"https:\/\/www.studioimmobiliarefarina.eu\/#organization\"},\"potentialAction\":[{\"@type\":\"SearchAction\",\"target\":{\"@type\":\"EntryPoint\",\"urlTemplate\":\"https:\/\/www.studioimmobiliarefarina.eu\/?s={search_term_string}\"},\"query-input\":\"required name=search_term_string\"}],\"inLanguage\":\"en-US\"},{\"@type\":\"Organization\",\"@id\":\"https:\/\/www.studioimmobiliarefarina.eu\/#organization\",\"name\":\"Studio Immobiliare Farina\",\"url\":\"https:\/\/www.studioimmobiliarefarina.eu\/\",\"logo\":{\"@type\":\"ImageObject\",\"inLanguage\":\"en-US\",\"@id\":\"https:\/\/www.studioimmobiliarefarina.eu\/#\/schema\/logo\/image\/\",\"url\":\"https:\/\/www.studioimmobiliarefarina.eu\/wp-content\/uploads\/2022\/10\/Logo-sito-pOSpiccolo.png\",\"contentUrl\":\"https:\/\/www.studioimmobiliarefarina.eu\/wp-content\/uploads\/2022\/10\/Logo-sito-pOSpiccolo.png\",\"width\":328,\"height\":135,\"caption\":\"Studio Immobiliare Farina\"},\"image\":{\"@id\":\"https:\/\/www.studioimmobiliarefarina.eu\/#\/schema\/logo\/image\/\"},\"sameAs\":[\"https:\/\/www.facebook.com\/Studio-Immobiliare-Farina-_-gruppofarina-547150035296080\/timeline\/?ref=ts\",\"https:\/\/www.instagram.com\/studio__immobiliare__farina\/\"]}]}<\/script>\n<!-- \/ Yoast SEO plugin. -->","yoast_head_json":{"title":"Canosa Sannita - Appartamento pronto da abitare | Studio Immobiliare Farina","description":"(Italiano) A Canosa Sannita, piccolo borgo rinomato per la produzione di vino e olio di oliva, situato a pochi chilometri dalla dorata spiaggia Lido Riccio di Ortona e a trenta minuti dal Parco Nazionale della Maiella, vi proponiamo in vendita appartamento in zona centrale.","robots":{"index":"index","follow":"follow","max-snippet":"max-snippet:-1","max-image-preview":"max-image-preview:large","max-video-preview":"max-video-preview:-1"},"canonical":"https:\/\/www.studioimmobiliarefarina.eu\/property\/canosa-sannita-appartamento-in-zona-centrale\/","og_locale":"en_US","og_type":"article","og_title":"Canosa Sannita - Appartamento pronto da abitare | Studio Immobiliare Farina","og_description":"{:it}A Canosa Sannita, piccolo borgo rinomato per la produzione di vino e olio di oliva, situato a pochi chilometri dalla dorata spiaggia Lido Riccio di Ortona e a trenta minuti dal Parco Nazionale della Maiella, vi proponiamo in vendita appartamento in zona centrale.{:}","og_url":"https:\/\/www.studioimmobiliarefarina.eu\/property\/canosa-sannita-appartamento-in-zona-centrale\/","og_site_name":"Studio Immobiliare Farina","article_publisher":"https:\/\/www.facebook.com\/Studio-Immobiliare-Farina-_-gruppofarina-547150035296080\/timeline\/?ref=ts","article_modified_time":"2025-11-15T14:35:45+00:00","og_image":[{"width":830,"height":623,"url":"https:\/\/www.studioimmobiliarefarina.eu\/wp-content\/uploads\/2024\/04\/AA-17.jpg","type":"image\/jpeg"}],"twitter_card":"summary_large_image","twitter_misc":{"Est. reading time":"2 minutes"},"schema":{"@context":"https:\/\/schema.org","@graph":[{"@type":"WebPage","@id":"https:\/\/www.studioimmobiliarefarina.eu\/property\/canosa-sannita-appartamento-in-zona-centrale\/","url":"https:\/\/www.studioimmobiliarefarina.eu\/property\/canosa-sannita-appartamento-in-zona-centrale\/","name":"Canosa Sannita - Appartamento pronto da abitare | Studio Immobiliare Farina","isPartOf":{"@id":"https:\/\/www.studioimmobiliarefarina.eu\/#website"},"datePublished":"2024-04-06T10:23:51+00:00","dateModified":"2025-11-15T14:35:45+00:00","description":"{:it}A Canosa Sannita, piccolo borgo rinomato per la produzione di vino e olio di oliva, situato a pochi chilometri dalla dorata spiaggia Lido Riccio di Ortona e a trenta minuti dal Parco Nazionale della Maiella, vi proponiamo in vendita appartamento in zona centrale.{:}","breadcrumb":{"@id":"https:\/\/www.studioimmobiliarefarina.eu\/property\/canosa-sannita-appartamento-in-zona-centrale\/#breadcrumb"},"inLanguage":"en-US","potentialAction":[{"@type":"ReadAction","target":["https:\/\/www.studioimmobiliarefarina.eu\/property\/canosa-sannita-appartamento-in-zona-centrale\/"]}]},{"@type":"BreadcrumbList","@id":"https:\/\/www.studioimmobiliarefarina.eu\/property\/canosa-sannita-appartamento-in-zona-centrale\/#breadcrumb","itemListElement":[{"@type":"ListItem","position":1,"name":"Home","item":"https:\/\/www.studioimmobiliarefarina.eu\/"},{"@type":"ListItem","position":2,"name":"Properties","item":"https:\/\/www.studioimmobiliarefarina.eu\/en\/property\/"},{"@type":"ListItem","position":3,"name":"Canosa Sannita &#8211; Appartamento pronto da abitare"}]},{"@type":"WebSite","@id":"https:\/\/www.studioimmobiliarefarina.eu\/#website","url":"https:\/\/www.studioimmobiliarefarina.eu\/","name":"Studio Immobiliare Farina","description":"La casa che ho nel cuore","publisher":{"@id":"https:\/\/www.studioimmobiliarefarina.eu\/#organization"},"potentialAction":[{"@type":"SearchAction","target":{"@type":"EntryPoint","urlTemplate":"https:\/\/www.studioimmobiliarefarina.eu\/?s={search_term_string}"},"query-input":"required name=search_term_string"}],"inLanguage":"en-US"},{"@type":"Organization","@id":"https:\/\/www.studioimmobiliarefarina.eu\/#organization","name":"Studio Immobiliare Farina","url":"https:\/\/www.studioimmobiliarefarina.eu\/","logo":{"@type":"ImageObject","inLanguage":"en-US","@id":"https:\/\/www.studioimmobiliarefarina.eu\/#\/schema\/logo\/image\/","url":"https:\/\/www.studioimmobiliarefarina.eu\/wp-content\/uploads\/2022\/10\/Logo-sito-pOSpiccolo.png","contentUrl":"https:\/\/www.studioimmobiliarefarina.eu\/wp-content\/uploads\/2022\/10\/Logo-sito-pOSpiccolo.png","width":328,"height":135,"caption":"Studio Immobiliare Farina"},"image":{"@id":"https:\/\/www.studioimmobiliarefarina.eu\/#\/schema\/logo\/image\/"},"sameAs":["https:\/\/www.facebook.com\/Studio-Immobiliare-Farina-_-gruppofarina-547150035296080\/timeline\/?ref=ts","https:\/\/www.instagram.com\/studio__immobiliare__farina\/"]}]}},"property_meta":{"REAL_HOMES_property_price":"70000","REAL_HOMES_property_old_price":"","REAL_HOMES_property_price_prefix":"","REAL_HOMES_property_price_postfix":"","REAL_HOMES_property_size":"140","REAL_HOMES_property_size_postfix":"mq","REAL_HOMES_property_lot_size":"","REAL_HOMES_property_lot_size_postfix":"","REAL_HOMES_property_bedrooms":"2","REAL_HOMES_property_bathrooms":"1","REAL_HOMES_property_garage":"","REAL_HOMES_property_id":"V11803","REAL_HOMES_property_year_built":"ante 1967","REAL_HOMES_featured":"0","REAL_HOMES_additional_details_list":[],"REAL_HOMES_property_location":{"latitude":"42.296159002776","longitude":"14.305092394944","zoom":"18"},"REAL_HOMES_property_address":"Canosa Sannita, Chieti, Abruzzo, Italia","REAL_HOMES_property_map":"0","REAL_HOMES_property_images":[{"width":150,"height":150,"file":"2024\/04\/AA-17.jpg","filesize":153079,"sizes":{"thumbnail":{"file":"AA-17-150x150.jpg","width":150,"height":150,"mime-type":"image\/jpeg","url":"https:\/\/www.studioimmobiliarefarina.eu\/wp-content\/uploads\/2024\/04\/AA-17-150x150.jpg"},"medium":{"file":"AA-17-300x225.jpg","width":300,"height":225,"mime-type":"image\/jpeg","url":"https:\/\/www.studioimmobiliarefarina.eu\/wp-content\/uploads\/2024\/04\/AA-17-300x225.jpg"},"large":{"file":"AA-17-830x623.jpg","width":830,"height":623,"mime-type":"image\/jpeg","url":"https:\/\/www.studioimmobiliarefarina.eu\/wp-content\/uploads\/2024\/04\/AA-17-830x623.jpg"},"post-featured-image":{"file":"AA-17-830x623.jpg","width":830,"height":623,"mime-type":"image\/jpeg","url":"https:\/\/www.studioimmobiliarefarina.eu\/wp-content\/uploads\/2024\/04\/AA-17-830x623.jpg"},"property-thumb-image":{"file":"AA-17-488x326.jpg","width":488,"height":326,"mime-type":"image\/jpeg","url":"https:\/\/www.studioimmobiliarefarina.eu\/wp-content\/uploads\/2024\/04\/AA-17-488x326.jpg"},"modern-property-child-slider":{"file":"AA-17-680x510.jpg","width":680,"height":510,"mime-type":"image\/jpeg","url":"https:\/\/www.studioimmobiliarefarina.eu\/wp-content\/uploads\/2024\/04\/AA-17-680x510.jpg"},"post-thumbnail":{"file":"AA-17-150x113.jpg","width":150,"height":113,"mime-type":"image\/jpeg","url":"https:\/\/www.studioimmobiliarefarina.eu\/wp-content\/uploads\/2024\/04\/AA-17-150x113.jpg"}},"image_meta":{"aperture":"4","credit":"","camera":"Canon PowerShot SX430 IS","caption":"","created_timestamp":"1763124684","copyright":"","focal_length":"4.3","iso":"160","shutter_speed":"0.00125","title":"","orientation":"1","keywords":[]},"ID":"61629","name":"AA-17.jpg","path":"\/srv\/www\/studioimmobiliarefarina.eu\/wp-content\/uploads\/2024\/04\/AA-17.jpg","url":"https:\/\/www.studioimmobiliarefarina.eu\/wp-content\/uploads\/2024\/04\/AA-17-150x150.jpg","full_url":"https:\/\/www.studioimmobiliarefarina.eu\/wp-content\/uploads\/2024\/04\/AA-17.jpg","title":"AA (17)","caption":"","description":"","alt":"","srcset":false},{"width":150,"height":150,"file":"2024\/04\/4.jpg","filesize":141158,"sizes":{"thumbnail":{"file":"4-150x150.jpg","width":150,"height":150,"mime-type":"image\/jpeg","url":"https:\/\/www.studioimmobiliarefarina.eu\/wp-content\/uploads\/2024\/04\/4-150x150.jpg"},"medium":{"file":"4-300x225.jpg","width":300,"height":225,"mime-type":"image\/jpeg","url":"https:\/\/www.studioimmobiliarefarina.eu\/wp-content\/uploads\/2024\/04\/4-300x225.jpg"},"large":{"file":"4-830x623.jpg","width":830,"height":623,"mime-type":"image\/jpeg","url":"https:\/\/www.studioimmobiliarefarina.eu\/wp-content\/uploads\/2024\/04\/4-830x623.jpg"},"post-featured-image":{"file":"4-830x623.jpg","width":830,"height":623,"mime-type":"image\/jpeg","url":"https:\/\/www.studioimmobiliarefarina.eu\/wp-content\/uploads\/2024\/04\/4-830x623.jpg"}},"image_meta":{"aperture":"4","credit":"","camera":"Canon PowerShot SX430 IS","caption":"","created_timestamp":"1711123790","copyright":"","focal_length":"4.3","iso":"200","shutter_speed":"0.00125","title":"","orientation":"1","keywords":[]},"ID":"50619","name":"4.jpg","path":"\/srv\/www\/studioimmobiliarefarina.eu\/wp-content\/uploads\/2024\/04\/4.jpg","url":"https:\/\/www.studioimmobiliarefarina.eu\/wp-content\/uploads\/2024\/04\/4-150x150.jpg","full_url":"https:\/\/www.studioimmobiliarefarina.eu\/wp-content\/uploads\/2024\/04\/4.jpg","title":"4","caption":"","description":"","alt":"","srcset":false},{"width":150,"height":150,"file":"2024\/04\/5.jpg","filesize":82426,"sizes":{"thumbnail":{"file":"5-150x150.jpg","width":150,"height":150,"mime-type":"image\/jpeg","url":"https:\/\/www.studioimmobiliarefarina.eu\/wp-content\/uploads\/2024\/04\/5-150x150.jpg"},"medium":{"file":"5-300x225.jpg","width":300,"height":225,"mime-type":"image\/jpeg","url":"https:\/\/www.studioimmobiliarefarina.eu\/wp-content\/uploads\/2024\/04\/5-300x225.jpg"},"large":{"file":"5-830x623.jpg","width":830,"height":623,"mime-type":"image\/jpeg","url":"https:\/\/www.studioimmobiliarefarina.eu\/wp-content\/uploads\/2024\/04\/5-830x623.jpg"},"post-featured-image":{"file":"5-830x623.jpg","width":830,"height":623,"mime-type":"image\/jpeg","url":"https:\/\/www.studioimmobiliarefarina.eu\/wp-content\/uploads\/2024\/04\/5-830x623.jpg"}},"image_meta":{"aperture":"4","credit":"","camera":"Canon PowerShot SX430 IS","caption":"","created_timestamp":"1711123669","copyright":"","focal_length":"4.3","iso":"200","shutter_speed":"0.0025","title":"","orientation":"1","keywords":[]},"ID":"50620","name":"5.jpg","path":"\/srv\/www\/studioimmobiliarefarina.eu\/wp-content\/uploads\/2024\/04\/5.jpg","url":"https:\/\/www.studioimmobiliarefarina.eu\/wp-content\/uploads\/2024\/04\/5-150x150.jpg","full_url":"https:\/\/www.studioimmobiliarefarina.eu\/wp-content\/uploads\/2024\/04\/5.jpg","title":"5","caption":"","description":"","alt":"","srcset":false},{"width":150,"height":150,"file":"2024\/04\/1-5.jpg","filesize":72914,"sizes":{"thumbnail":{"file":"1-5-150x150.jpg","width":150,"height":150,"mime-type":"image\/jpeg","url":"https:\/\/www.studioimmobiliarefarina.eu\/wp-content\/uploads\/2024\/04\/1-5-150x150.jpg"},"medium":{"file":"1-5-300x225.jpg","width":300,"height":225,"mime-type":"image\/jpeg","url":"https:\/\/www.studioimmobiliarefarina.eu\/wp-content\/uploads\/2024\/04\/1-5-300x225.jpg"},"large":{"file":"1-5-830x623.jpg","width":830,"height":623,"mime-type":"image\/jpeg","url":"https:\/\/www.studioimmobiliarefarina.eu\/wp-content\/uploads\/2024\/04\/1-5-830x623.jpg"},"post-featured-image":{"file":"1-5-830x623.jpg","width":830,"height":623,"mime-type":"image\/jpeg","url":"https:\/\/www.studioimmobiliarefarina.eu\/wp-content\/uploads\/2024\/04\/1-5-830x623.jpg"}},"image_meta":{"aperture":"3.5","credit":"","camera":"Canon PowerShot SX430 IS","caption":"","created_timestamp":"1763124152","copyright":"","focal_length":"4.3","iso":"400","shutter_speed":"0.04","title":"","orientation":"1","keywords":[]},"ID":"61616","name":"1-5.jpg","path":"\/srv\/www\/studioimmobiliarefarina.eu\/wp-content\/uploads\/2024\/04\/1-5.jpg","url":"https:\/\/www.studioimmobiliarefarina.eu\/wp-content\/uploads\/2024\/04\/1-5-150x150.jpg","full_url":"https:\/\/www.studioimmobiliarefarina.eu\/wp-content\/uploads\/2024\/04\/1-5.jpg","title":"1","caption":"","description":"","alt":"","srcset":false},{"width":150,"height":150,"file":"2024\/04\/2-5.jpg","filesize":81431,"sizes":{"thumbnail":{"file":"2-5-150x150.jpg","width":150,"height":150,"mime-type":"image\/jpeg","url":"https:\/\/www.studioimmobiliarefarina.eu\/wp-content\/uploads\/2024\/04\/2-5-150x150.jpg"},"medium":{"file":"2-5-300x225.jpg","width":300,"height":225,"mime-type":"image\/jpeg","url":"https:\/\/www.studioimmobiliarefarina.eu\/wp-content\/uploads\/2024\/04\/2-5-300x225.jpg"},"large":{"file":"2-5-830x623.jpg","width":830,"height":623,"mime-type":"image\/jpeg","url":"https:\/\/www.studioimmobiliarefarina.eu\/wp-content\/uploads\/2024\/04\/2-5-830x623.jpg"},"post-featured-image":{"file":"2-5-830x623.jpg","width":830,"height":623,"mime-type":"image\/jpeg","url":"https:\/\/www.studioimmobiliarefarina.eu\/wp-content\/uploads\/2024\/04\/2-5-830x623.jpg"}},"image_meta":{"aperture":"3.5","credit":"","camera":"Canon PowerShot SX430 IS","caption":"","created_timestamp":"1763124287","copyright":"","focal_length":"4.3","iso":"200","shutter_speed":"0.033333333333333","title":"","orientation":"1","keywords":[]},"ID":"61617","name":"2-5.jpg","path":"\/srv\/www\/studioimmobiliarefarina.eu\/wp-content\/uploads\/2024\/04\/2-5.jpg","url":"https:\/\/www.studioimmobiliarefarina.eu\/wp-content\/uploads\/2024\/04\/2-5-150x150.jpg","full_url":"https:\/\/www.studioimmobiliarefarina.eu\/wp-content\/uploads\/2024\/04\/2-5.jpg","title":"2","caption":"","description":"","alt":"","srcset":false},{"width":150,"height":150,"file":"2024\/04\/3-2.jpg","filesize":73921,"sizes":{"thumbnail":{"file":"3-2-150x150.jpg","width":150,"height":150,"mime-type":"image\/jpeg","url":"https:\/\/www.studioimmobiliarefarina.eu\/wp-content\/uploads\/2024\/04\/3-2-150x150.jpg"},"medium":{"file":"3-2-300x225.jpg","width":300,"height":225,"mime-type":"image\/jpeg","url":"https:\/\/www.studioimmobiliarefarina.eu\/wp-content\/uploads\/2024\/04\/3-2-300x225.jpg"},"large":{"file":"3-2-830x623.jpg","width":830,"height":623,"mime-type":"image\/jpeg","url":"https:\/\/www.studioimmobiliarefarina.eu\/wp-content\/uploads\/2024\/04\/3-2-830x623.jpg"},"post-featured-image":{"file":"3-2-830x623.jpg","width":830,"height":623,"mime-type":"image\/jpeg","url":"https:\/\/www.studioimmobiliarefarina.eu\/wp-content\/uploads\/2024\/04\/3-2-830x623.jpg"}},"image_meta":{"aperture":"3.5","credit":"","camera":"Canon PowerShot SX430 IS","caption":"","created_timestamp":"1763123986","copyright":"","focal_length":"4.3","iso":"320","shutter_speed":"0.016666666666667","title":"","orientation":"1","keywords":[]},"ID":"61618","name":"3-2.jpg","path":"\/srv\/www\/studioimmobiliarefarina.eu\/wp-content\/uploads\/2024\/04\/3-2.jpg","url":"https:\/\/www.studioimmobiliarefarina.eu\/wp-content\/uploads\/2024\/04\/3-2-150x150.jpg","full_url":"https:\/\/www.studioimmobiliarefarina.eu\/wp-content\/uploads\/2024\/04\/3-2.jpg","title":"3","caption":"","description":"","alt":"","srcset":false},{"width":150,"height":150,"file":"2024\/04\/4-2.jpg","filesize":67748,"sizes":{"thumbnail":{"file":"4-2-150x150.jpg","width":150,"height":150,"mime-type":"image\/jpeg","url":"https:\/\/www.studioimmobiliarefarina.eu\/wp-content\/uploads\/2024\/04\/4-2-150x150.jpg"},"medium":{"file":"4-2-300x225.jpg","width":300,"height":225,"mime-type":"image\/jpeg","url":"https:\/\/www.studioimmobiliarefarina.eu\/wp-content\/uploads\/2024\/04\/4-2-300x225.jpg"},"large":{"file":"4-2-830x623.jpg","width":830,"height":623,"mime-type":"image\/jpeg","url":"https:\/\/www.studioimmobiliarefarina.eu\/wp-content\/uploads\/2024\/04\/4-2-830x623.jpg"},"post-featured-image":{"file":"4-2-830x623.jpg","width":830,"height":623,"mime-type":"image\/jpeg","url":"https:\/\/www.studioimmobiliarefarina.eu\/wp-content\/uploads\/2024\/04\/4-2-830x623.jpg"}},"image_meta":{"aperture":"3.5","credit":"","camera":"Canon PowerShot SX430 IS","caption":"","created_timestamp":"1763124000","copyright":"","focal_length":"4.3","iso":"400","shutter_speed":"0.02","title":"","orientation":"1","keywords":[]},"ID":"61619","name":"4-2.jpg","path":"\/srv\/www\/studioimmobiliarefarina.eu\/wp-content\/uploads\/2024\/04\/4-2.jpg","url":"https:\/\/www.studioimmobiliarefarina.eu\/wp-content\/uploads\/2024\/04\/4-2-150x150.jpg","full_url":"https:\/\/www.studioimmobiliarefarina.eu\/wp-content\/uploads\/2024\/04\/4-2.jpg","title":"4","caption":"","description":"","alt":"","srcset":false},{"width":150,"height":150,"file":"2024\/04\/7-2.jpg","filesize":68790,"sizes":{"thumbnail":{"file":"7-2-150x150.jpg","width":150,"height":150,"mime-type":"image\/jpeg","url":"https:\/\/www.studioimmobiliarefarina.eu\/wp-content\/uploads\/2024\/04\/7-2-150x150.jpg"},"medium":{"file":"7-2-300x225.jpg","width":300,"height":225,"mime-type":"image\/jpeg","url":"https:\/\/www.studioimmobiliarefarina.eu\/wp-content\/uploads\/2024\/04\/7-2-300x225.jpg"},"large":{"file":"7-2-830x623.jpg","width":830,"height":623,"mime-type":"image\/jpeg","url":"https:\/\/www.studioimmobiliarefarina.eu\/wp-content\/uploads\/2024\/04\/7-2-830x623.jpg"},"post-featured-image":{"file":"7-2-830x623.jpg","width":830,"height":623,"mime-type":"image\/jpeg","url":"https:\/\/www.studioimmobiliarefarina.eu\/wp-content\/uploads\/2024\/04\/7-2-830x623.jpg"}},"image_meta":{"aperture":"3.5","credit":"","camera":"Canon PowerShot SX430 IS","caption":"","created_timestamp":"1763123920","copyright":"","focal_length":"4.3","iso":"250","shutter_speed":"0.016666666666667","title":"","orientation":"1","keywords":[]},"ID":"61620","name":"7-2.jpg","path":"\/srv\/www\/studioimmobiliarefarina.eu\/wp-content\/uploads\/2024\/04\/7-2.jpg","url":"https:\/\/www.studioimmobiliarefarina.eu\/wp-content\/uploads\/2024\/04\/7-2-150x150.jpg","full_url":"https:\/\/www.studioimmobiliarefarina.eu\/wp-content\/uploads\/2024\/04\/7-2.jpg","title":"7","caption":"","description":"","alt":"","srcset":false},{"width":150,"height":150,"file":"2024\/04\/20-4.jpg","filesize":93368,"sizes":{"thumbnail":{"file":"20-4-150x150.jpg","width":150,"height":150,"mime-type":"image\/jpeg","url":"https:\/\/www.studioimmobiliarefarina.eu\/wp-content\/uploads\/2024\/04\/20-4-150x150.jpg"},"medium":{"file":"20-4-300x225.jpg","width":300,"height":225,"mime-type":"image\/jpeg","url":"https:\/\/www.studioimmobiliarefarina.eu\/wp-content\/uploads\/2024\/04\/20-4-300x225.jpg"},"large":{"file":"20-4-830x623.jpg","width":830,"height":623,"mime-type":"image\/jpeg","url":"https:\/\/www.studioimmobiliarefarina.eu\/wp-content\/uploads\/2024\/04\/20-4-830x623.jpg"},"post-featured-image":{"file":"20-4-830x623.jpg","width":830,"height":623,"mime-type":"image\/jpeg","url":"https:\/\/www.studioimmobiliarefarina.eu\/wp-content\/uploads\/2024\/04\/20-4-830x623.jpg"}},"image_meta":{"aperture":"3.5","credit":"","camera":"Canon PowerShot SX430 IS","caption":"","created_timestamp":"1763124190","copyright":"","focal_length":"4.3","iso":"100","shutter_speed":"0.033333333333333","title":"","orientation":"1","keywords":[]},"ID":"61622","name":"20-4.jpg","path":"\/srv\/www\/studioimmobiliarefarina.eu\/wp-content\/uploads\/2024\/04\/20-4.jpg","url":"https:\/\/www.studioimmobiliarefarina.eu\/wp-content\/uploads\/2024\/04\/20-4-150x150.jpg","full_url":"https:\/\/www.studioimmobiliarefarina.eu\/wp-content\/uploads\/2024\/04\/20-4.jpg","title":"20 (4)","caption":"","description":"","alt":"","srcset":false},{"width":150,"height":150,"file":"2024\/04\/20-5.jpg","filesize":91770,"sizes":{"thumbnail":{"file":"20-5-150x150.jpg","width":150,"height":150,"mime-type":"image\/jpeg","url":"https:\/\/www.studioimmobiliarefarina.eu\/wp-content\/uploads\/2024\/04\/20-5-150x150.jpg"},"medium":{"file":"20-5-300x225.jpg","width":300,"height":225,"mime-type":"image\/jpeg","url":"https:\/\/www.studioimmobiliarefarina.eu\/wp-content\/uploads\/2024\/04\/20-5-300x225.jpg"},"large":{"file":"20-5-830x623.jpg","width":830,"height":623,"mime-type":"image\/jpeg","url":"https:\/\/www.studioimmobiliarefarina.eu\/wp-content\/uploads\/2024\/04\/20-5-830x623.jpg"},"post-featured-image":{"file":"20-5-830x623.jpg","width":830,"height":623,"mime-type":"image\/jpeg","url":"https:\/\/www.studioimmobiliarefarina.eu\/wp-content\/uploads\/2024\/04\/20-5-830x623.jpg"}},"image_meta":{"aperture":"4","credit":"","camera":"Canon PowerShot SX430 IS","caption":"","created_timestamp":"1763124320","copyright":"","focal_length":"4.3","iso":"200","shutter_speed":"0.01","title":"","orientation":"1","keywords":[]},"ID":"61623","name":"20-5.jpg","path":"\/srv\/www\/studioimmobiliarefarina.eu\/wp-content\/uploads\/2024\/04\/20-5.jpg","url":"https:\/\/www.studioimmobiliarefarina.eu\/wp-content\/uploads\/2024\/04\/20-5-150x150.jpg","full_url":"https:\/\/www.studioimmobiliarefarina.eu\/wp-content\/uploads\/2024\/04\/20-5.jpg","title":"20 (5)","caption":"","description":"","alt":"","srcset":false},{"width":150,"height":150,"file":"2024\/04\/AA-4.jpg","filesize":69571,"sizes":{"thumbnail":{"file":"AA-4-150x150.jpg","width":150,"height":150,"mime-type":"image\/jpeg","url":"https:\/\/www.studioimmobiliarefarina.eu\/wp-content\/uploads\/2024\/04\/AA-4-150x150.jpg"},"medium":{"file":"AA-4-300x225.jpg","width":300,"height":225,"mime-type":"image\/jpeg","url":"https:\/\/www.studioimmobiliarefarina.eu\/wp-content\/uploads\/2024\/04\/AA-4-300x225.jpg"},"large":{"file":"AA-4-830x623.jpg","width":830,"height":623,"mime-type":"image\/jpeg","url":"https:\/\/www.studioimmobiliarefarina.eu\/wp-content\/uploads\/2024\/04\/AA-4-830x623.jpg"},"post-featured-image":{"file":"AA-4-830x623.jpg","width":830,"height":623,"mime-type":"image\/jpeg","url":"https:\/\/www.studioimmobiliarefarina.eu\/wp-content\/uploads\/2024\/04\/AA-4-830x623.jpg"}},"image_meta":{"aperture":"3.5","credit":"","camera":"Canon PowerShot SX430 IS","caption":"","created_timestamp":"1763124355","copyright":"","focal_length":"4.3","iso":"400","shutter_speed":"0.016666666666667","title":"","orientation":"1","keywords":[]},"ID":"61624","name":"AA-4.jpg","path":"\/srv\/www\/studioimmobiliarefarina.eu\/wp-content\/uploads\/2024\/04\/AA-4.jpg","url":"https:\/\/www.studioimmobiliarefarina.eu\/wp-content\/uploads\/2024\/04\/AA-4-150x150.jpg","full_url":"https:\/\/www.studioimmobiliarefarina.eu\/wp-content\/uploads\/2024\/04\/AA-4.jpg","title":"AA (4)","caption":"","description":"","alt":"","srcset":false},{"width":150,"height":150,"file":"2024\/04\/AA-7.jpg","filesize":128678,"sizes":{"thumbnail":{"file":"AA-7-150x150.jpg","width":150,"height":150,"mime-type":"image\/jpeg","url":"https:\/\/www.studioimmobiliarefarina.eu\/wp-content\/uploads\/2024\/04\/AA-7-150x150.jpg"},"medium":{"file":"AA-7-300x225.jpg","width":300,"height":225,"mime-type":"image\/jpeg","url":"https:\/\/www.studioimmobiliarefarina.eu\/wp-content\/uploads\/2024\/04\/AA-7-300x225.jpg"},"large":{"file":"AA-7-830x623.jpg","width":830,"height":623,"mime-type":"image\/jpeg","url":"https:\/\/www.studioimmobiliarefarina.eu\/wp-content\/uploads\/2024\/04\/AA-7-830x623.jpg"},"post-featured-image":{"file":"AA-7-830x623.jpg","width":830,"height":623,"mime-type":"image\/jpeg","url":"https:\/\/www.studioimmobiliarefarina.eu\/wp-content\/uploads\/2024\/04\/AA-7-830x623.jpg"}},"image_meta":{"aperture":"4","credit":"","camera":"Canon PowerShot SX430 IS","caption":"","created_timestamp":"1763124440","copyright":"","focal_length":"4.3","iso":"200","shutter_speed":"0.01","title":"","orientation":"1","keywords":[]},"ID":"61625","name":"AA-7.jpg","path":"\/srv\/www\/studioimmobiliarefarina.eu\/wp-content\/uploads\/2024\/04\/AA-7.jpg","url":"https:\/\/www.studioimmobiliarefarina.eu\/wp-content\/uploads\/2024\/04\/AA-7-150x150.jpg","full_url":"https:\/\/www.studioimmobiliarefarina.eu\/wp-content\/uploads\/2024\/04\/AA-7.jpg","title":"AA (7)","caption":"","description":"","alt":"","srcset":false},{"width":150,"height":150,"file":"2024\/04\/AA-8.jpg","filesize":141501,"sizes":{"thumbnail":{"file":"AA-8-150x150.jpg","width":150,"height":150,"mime-type":"image\/jpeg","url":"https:\/\/www.studioimmobiliarefarina.eu\/wp-content\/uploads\/2024\/04\/AA-8-150x150.jpg"},"medium":{"file":"AA-8-300x225.jpg","width":300,"height":225,"mime-type":"image\/jpeg","url":"https:\/\/www.studioimmobiliarefarina.eu\/wp-content\/uploads\/2024\/04\/AA-8-300x225.jpg"},"large":{"file":"AA-8-830x623.jpg","width":830,"height":623,"mime-type":"image\/jpeg","url":"https:\/\/www.studioimmobiliarefarina.eu\/wp-content\/uploads\/2024\/04\/AA-8-830x623.jpg"},"post-featured-image":{"file":"AA-8-830x623.jpg","width":830,"height":623,"mime-type":"image\/jpeg","url":"https:\/\/www.studioimmobiliarefarina.eu\/wp-content\/uploads\/2024\/04\/AA-8-830x623.jpg"}},"image_meta":{"aperture":"3.5","credit":"","camera":"Canon PowerShot SX430 IS","caption":"","created_timestamp":"1763124511","copyright":"","focal_length":"4.3","iso":"800","shutter_speed":"0.066666666666667","title":"","orientation":"1","keywords":[]},"ID":"61626","name":"AA-8.jpg","path":"\/srv\/www\/studioimmobiliarefarina.eu\/wp-content\/uploads\/2024\/04\/AA-8.jpg","url":"https:\/\/www.studioimmobiliarefarina.eu\/wp-content\/uploads\/2024\/04\/AA-8-150x150.jpg","full_url":"https:\/\/www.studioimmobiliarefarina.eu\/wp-content\/uploads\/2024\/04\/AA-8.jpg","title":"AA (8)","caption":"","description":"","alt":"","srcset":false},{"width":150,"height":150,"file":"2024\/04\/AA-11.jpg","filesize":133676,"sizes":{"thumbnail":{"file":"AA-11-150x150.jpg","width":150,"height":150,"mime-type":"image\/jpeg","url":"https:\/\/www.studioimmobiliarefarina.eu\/wp-content\/uploads\/2024\/04\/AA-11-150x150.jpg"},"medium":{"file":"AA-11-300x225.jpg","width":300,"height":225,"mime-type":"image\/jpeg","url":"https:\/\/www.studioimmobiliarefarina.eu\/wp-content\/uploads\/2024\/04\/AA-11-300x225.jpg"},"large":{"file":"AA-11-830x623.jpg","width":830,"height":623,"mime-type":"image\/jpeg","url":"https:\/\/www.studioimmobiliarefarina.eu\/wp-content\/uploads\/2024\/04\/AA-11-830x623.jpg"},"post-featured-image":{"file":"AA-11-830x623.jpg","width":830,"height":623,"mime-type":"image\/jpeg","url":"https:\/\/www.studioimmobiliarefarina.eu\/wp-content\/uploads\/2024\/04\/AA-11-830x623.jpg"}},"image_meta":{"aperture":"3.5","credit":"","camera":"Canon PowerShot SX430 IS","caption":"","created_timestamp":"1763124592","copyright":"","focal_length":"4.3","iso":"400","shutter_speed":"0.05","title":"","orientation":"1","keywords":[]},"ID":"61627","name":"AA-11.jpg","path":"\/srv\/www\/studioimmobiliarefarina.eu\/wp-content\/uploads\/2024\/04\/AA-11.jpg","url":"https:\/\/www.studioimmobiliarefarina.eu\/wp-content\/uploads\/2024\/04\/AA-11-150x150.jpg","full_url":"https:\/\/www.studioimmobiliarefarina.eu\/wp-content\/uploads\/2024\/04\/AA-11.jpg","title":"AA (11)","caption":"","description":"","alt":"","srcset":false},{"width":150,"height":150,"file":"2024\/04\/AA-14.jpg","filesize":61990,"sizes":{"thumbnail":{"file":"AA-14-150x150.jpg","width":150,"height":150,"mime-type":"image\/jpeg","url":"https:\/\/www.studioimmobiliarefarina.eu\/wp-content\/uploads\/2024\/04\/AA-14-150x150.jpg"},"medium":{"file":"AA-14-300x225.jpg","width":300,"height":225,"mime-type":"image\/jpeg","url":"https:\/\/www.studioimmobiliarefarina.eu\/wp-content\/uploads\/2024\/04\/AA-14-300x225.jpg"},"large":{"file":"AA-14-830x623.jpg","width":830,"height":623,"mime-type":"image\/jpeg","url":"https:\/\/www.studioimmobiliarefarina.eu\/wp-content\/uploads\/2024\/04\/AA-14-830x623.jpg"},"post-featured-image":{"file":"AA-14-830x623.jpg","width":830,"height":623,"mime-type":"image\/jpeg","url":"https:\/\/www.studioimmobiliarefarina.eu\/wp-content\/uploads\/2024\/04\/AA-14-830x623.jpg"}},"image_meta":{"aperture":"4","credit":"","camera":"Canon PowerShot SX430 IS","caption":"","created_timestamp":"1763124626","copyright":"","focal_length":"4.3","iso":"100","shutter_speed":"0.0125","title":"","orientation":"1","keywords":[]},"ID":"61628","name":"AA-14.jpg","path":"\/srv\/www\/studioimmobiliarefarina.eu\/wp-content\/uploads\/2024\/04\/AA-14.jpg","url":"https:\/\/www.studioimmobiliarefarina.eu\/wp-content\/uploads\/2024\/04\/AA-14-150x150.jpg","full_url":"https:\/\/www.studioimmobiliarefarina.eu\/wp-content\/uploads\/2024\/04\/AA-14.jpg","title":"AA (14)","caption":"","description":"","alt":"","srcset":false},{"width":150,"height":150,"file":"2024\/04\/AA-19.jpg","filesize":143213,"sizes":{"thumbnail":{"file":"AA-19-150x150.jpg","width":150,"height":150,"mime-type":"image\/jpeg","url":"https:\/\/www.studioimmobiliarefarina.eu\/wp-content\/uploads\/2024\/04\/AA-19-150x150.jpg"},"medium":{"file":"AA-19-300x225.jpg","width":300,"height":225,"mime-type":"image\/jpeg","url":"https:\/\/www.studioimmobiliarefarina.eu\/wp-content\/uploads\/2024\/04\/AA-19-300x225.jpg"},"large":{"file":"AA-19-830x623.jpg","width":830,"height":623,"mime-type":"image\/jpeg","url":"https:\/\/www.studioimmobiliarefarina.eu\/wp-content\/uploads\/2024\/04\/AA-19-830x623.jpg"},"post-featured-image":{"file":"AA-19-830x623.jpg","width":830,"height":623,"mime-type":"image\/jpeg","url":"https:\/\/www.studioimmobiliarefarina.eu\/wp-content\/uploads\/2024\/04\/AA-19-830x623.jpg"}},"image_meta":{"aperture":"4","credit":"","camera":"Canon PowerShot SX430 IS","caption":"","created_timestamp":"1763124732","copyright":"","focal_length":"4.3","iso":"200","shutter_speed":"0.004","title":"","orientation":"1","keywords":[]},"ID":"61630","name":"AA-19.jpg","path":"\/srv\/www\/studioimmobiliarefarina.eu\/wp-content\/uploads\/2024\/04\/AA-19.jpg","url":"https:\/\/www.studioimmobiliarefarina.eu\/wp-content\/uploads\/2024\/04\/AA-19-150x150.jpg","full_url":"https:\/\/www.studioimmobiliarefarina.eu\/wp-content\/uploads\/2024\/04\/AA-19.jpg","title":"AA (19)","caption":"","description":"","alt":"","srcset":false},{"width":150,"height":150,"file":"2024\/04\/20.jpg","filesize":159432,"sizes":{"thumbnail":{"file":"20-150x150.jpg","width":150,"height":150,"mime-type":"image\/jpeg","url":"https:\/\/www.studioimmobiliarefarina.eu\/wp-content\/uploads\/2024\/04\/20-150x150.jpg"},"medium":{"file":"20-300x228.jpg","width":300,"height":228,"mime-type":"image\/jpeg","url":"https:\/\/www.studioimmobiliarefarina.eu\/wp-content\/uploads\/2024\/04\/20-300x228.jpg"},"large":{"file":"20-820x622.jpg","width":820,"height":622,"mime-type":"image\/jpeg","url":"https:\/\/www.studioimmobiliarefarina.eu\/wp-content\/uploads\/2024\/04\/20-820x622.jpg"},"post-featured-image":{"file":"20-820x622.jpg","width":820,"height":622,"mime-type":"image\/jpeg","url":"https:\/\/www.studioimmobiliarefarina.eu\/wp-content\/uploads\/2024\/04\/20-820x622.jpg"}},"image_meta":{"aperture":"4","credit":"","camera":"Canon PowerShot SX430 IS","caption":"","created_timestamp":"1711124266","copyright":"","focal_length":"4.3","iso":"200","shutter_speed":"0.001","title":"","orientation":"0","keywords":[]},"ID":"50634","name":"20.jpg","path":"\/srv\/www\/studioimmobiliarefarina.eu\/wp-content\/uploads\/2024\/04\/20.jpg","url":"https:\/\/www.studioimmobiliarefarina.eu\/wp-content\/uploads\/2024\/04\/20-150x150.jpg","full_url":"https:\/\/www.studioimmobiliarefarina.eu\/wp-content\/uploads\/2024\/04\/20.jpg","title":"20","caption":"","description":"","alt":"","srcset":false},{"width":150,"height":150,"file":"2024\/04\/3.jpg","filesize":142923,"sizes":{"thumbnail":{"file":"3-150x150.jpg","width":150,"height":150,"mime-type":"image\/jpeg","url":"https:\/\/www.studioimmobiliarefarina.eu\/wp-content\/uploads\/2024\/04\/3-150x150.jpg"},"medium":{"file":"3-300x225.jpg","width":300,"height":225,"mime-type":"image\/jpeg","url":"https:\/\/www.studioimmobiliarefarina.eu\/wp-content\/uploads\/2024\/04\/3-300x225.jpg"},"large":{"file":"3-830x623.jpg","width":830,"height":623,"mime-type":"image\/jpeg","url":"https:\/\/www.studioimmobiliarefarina.eu\/wp-content\/uploads\/2024\/04\/3-830x623.jpg"},"post-featured-image":{"file":"3-830x623.jpg","width":830,"height":623,"mime-type":"image\/jpeg","url":"https:\/\/www.studioimmobiliarefarina.eu\/wp-content\/uploads\/2024\/04\/3-830x623.jpg"}},"image_meta":{"aperture":"3.5","credit":"","camera":"Canon PowerShot SX430 IS","caption":"","created_timestamp":"1711124439","copyright":"","focal_length":"4.3","iso":"200","shutter_speed":"0.001","title":"","orientation":"1","keywords":[]},"ID":"50618","name":"3.jpg","path":"\/srv\/www\/studioimmobiliarefarina.eu\/wp-content\/uploads\/2024\/04\/3.jpg","url":"https:\/\/www.studioimmobiliarefarina.eu\/wp-content\/uploads\/2024\/04\/3-150x150.jpg","full_url":"https:\/\/www.studioimmobiliarefarina.eu\/wp-content\/uploads\/2024\/04\/3.jpg","title":"3","caption":"","description":"","alt":"","srcset":false},{"width":150,"height":150,"file":"2024\/04\/2.jpg","filesize":139256,"sizes":{"thumbnail":{"file":"2-150x150.jpg","width":150,"height":150,"mime-type":"image\/jpeg","url":"https:\/\/www.studioimmobiliarefarina.eu\/wp-content\/uploads\/2024\/04\/2-150x150.jpg"},"medium":{"file":"2-300x225.jpg","width":300,"height":225,"mime-type":"image\/jpeg","url":"https:\/\/www.studioimmobiliarefarina.eu\/wp-content\/uploads\/2024\/04\/2-300x225.jpg"},"large":{"file":"2-830x623.jpg","width":830,"height":623,"mime-type":"image\/jpeg","url":"https:\/\/www.studioimmobiliarefarina.eu\/wp-content\/uploads\/2024\/04\/2-830x623.jpg"},"post-featured-image":{"file":"2-830x623.jpg","width":830,"height":623,"mime-type":"image\/jpeg","url":"https:\/\/www.studioimmobiliarefarina.eu\/wp-content\/uploads\/2024\/04\/2-830x623.jpg"}},"image_meta":{"aperture":"4.5","credit":"","camera":"Canon PowerShot SX430 IS","caption":"","created_timestamp":"1711124426","copyright":"","focal_length":"4.3","iso":"200","shutter_speed":"0.001","title":"","orientation":"1","keywords":[]},"ID":"50617","name":"2.jpg","path":"\/srv\/www\/studioimmobiliarefarina.eu\/wp-content\/uploads\/2024\/04\/2.jpg","url":"https:\/\/www.studioimmobiliarefarina.eu\/wp-content\/uploads\/2024\/04\/2-150x150.jpg","full_url":"https:\/\/www.studioimmobiliarefarina.eu\/wp-content\/uploads\/2024\/04\/2.jpg","title":"2","caption":"","description":"","alt":"","srcset":false},{"width":150,"height":150,"file":"2024\/04\/1.jpg","filesize":127391,"sizes":{"thumbnail":{"file":"1-150x150.jpg","width":150,"height":150,"mime-type":"image\/jpeg","url":"https:\/\/www.studioimmobiliarefarina.eu\/wp-content\/uploads\/2024\/04\/1-150x150.jpg"},"medium":{"file":"1-300x225.jpg","width":300,"height":225,"mime-type":"image\/jpeg","url":"https:\/\/www.studioimmobiliarefarina.eu\/wp-content\/uploads\/2024\/04\/1-300x225.jpg"},"large":{"file":"1-830x623.jpg","width":830,"height":623,"mime-type":"image\/jpeg","url":"https:\/\/www.studioimmobiliarefarina.eu\/wp-content\/uploads\/2024\/04\/1-830x623.jpg"},"property-thumb-image":{"file":"1-488x326.jpg","width":488,"height":326,"mime-type":"image\/jpeg","url":"https:\/\/www.studioimmobiliarefarina.eu\/wp-content\/uploads\/2024\/04\/1-488x326.jpg"},"post-featured-image":{"file":"1-830x623.jpg","width":830,"height":623,"mime-type":"image\/jpeg","url":"https:\/\/www.studioimmobiliarefarina.eu\/wp-content\/uploads\/2024\/04\/1-830x623.jpg"},"post-thumbnail":{"file":"1-150x113.jpg","width":150,"height":113,"mime-type":"image\/jpeg","url":"https:\/\/www.studioimmobiliarefarina.eu\/wp-content\/uploads\/2024\/04\/1-150x113.jpg"},"modern-property-child-slider":{"file":"1-680x510.jpg","width":680,"height":510,"mime-type":"image\/jpeg","url":"https:\/\/www.studioimmobiliarefarina.eu\/wp-content\/uploads\/2024\/04\/1-680x510.jpg"}},"image_meta":{"aperture":"4","credit":"","camera":"Canon PowerShot SX430 IS","caption":"","created_timestamp":"1711124482","copyright":"","focal_length":"4.3","iso":"200","shutter_speed":"0.001","title":"","orientation":"1","keywords":[]},"ID":"50616","name":"1.jpg","path":"\/srv\/www\/studioimmobiliarefarina.eu\/wp-content\/uploads\/2024\/04\/1.jpg","url":"https:\/\/www.studioimmobiliarefarina.eu\/wp-content\/uploads\/2024\/04\/1-150x150.jpg","full_url":"https:\/\/www.studioimmobiliarefarina.eu\/wp-content\/uploads\/2024\/04\/1.jpg","title":"1","caption":"","description":"","alt":"","srcset":false}],"REAL_HOMES_change_gallery_slider_type":"0","REAL_HOMES_gallery_slider_type":"thumb-on-right","inspiry_floor_plans":[{"inspiry_floor_plan_name":"Terra","inspiry_floor_plan_descr":"appartamento","inspiry_floor_plan_size":"140","inspiry_floor_plan_size_postfix":"mq","inspiry_floor_plan_bedrooms":"2","inspiry_floor_plan_bathrooms":"1","inspiry_floor_plan_image":"https:\/\/www.studioimmobiliarefarina.eu\/wp-content\/uploads\/2024\/04\/Planimetria-Piano-Terra-per-pubblicazione-1.jpg"}],"inspiry_video_group":[],"REAL_HOMES_360_virtual_tour":"","REAL_HOMES_tour_video_url":"","REAL_HOMES_tour_video_image":[],"REAL_HOMES_agent_display_option":"none","REAL_HOMES_agents":[],"REAL_HOMES_energy_class":"E","REAL_HOMES_energy_performance":"114,52","REAL_HOMES_epc_current_rating":"","REAL_HOMES_epc_potential_rating":"","ere_property_schedule_tour":"global","ere_property_schedule_time_slots":"","ere_property_schedule_description":"","REAL_HOMES_sticky":"0","inspiry_property_label":"","inspiry_property_label_color":"","inspiry_property_tax":"0","inspiry_additional_fee":"0","REAL_HOMES_attachments":[],"inspiry_property_owner_name":"","inspiry_property_owner_contact":"","inspiry_property_owner_address":"","REAL_HOMES_property_private_note":"","inspiry_message_to_reviewer":"","REAL_HOMES_add_in_slider":"no","REAL_HOMES_slider_image":[],"REAL_HOMES_page_banner_image":[],"REAL_HOMES_hide_property_advance_search":"0","inspiry_posto_auto":"","REAL_HOMES_custom_header_display":"default","REAL_HOMES_custom_header_position":"relative","REAL_HOMES_hide_advance_search":"0","REAL_HOMES_custom_search_form":"default","REAL_HOMES_search_form_margin_top":"","REAL_HOMES_search_form_margin_bottom":"","REAL_HOMES_custom_footer_display":"default"},"_links":{"self":[{"href":"https:\/\/www.studioimmobiliarefarina.eu\/en\/wp-json\/wp\/v2\/property\/50614"}],"collection":[{"href":"https:\/\/www.studioimmobiliarefarina.eu\/en\/wp-json\/wp\/v2\/property"}],"about":[{"href":"https:\/\/www.studioimmobiliarefarina.eu\/en\/wp-json\/wp\/v2\/types\/property"}],"author":[{"embeddable":true,"href":"https:\/\/www.studioimmobiliarefarina.eu\/en\/wp-json\/wp\/v2\/users\/2"}],"replies":[{"embeddable":true,"href":"https:\/\/www.studioimmobiliarefarina.eu\/en\/wp-json\/wp\/v2\/comments?post=50614"}],"version-history":[{"count":16,"href":"https:\/\/www.studioimmobiliarefarina.eu\/en\/wp-json\/wp\/v2\/property\/50614\/revisions"}],"predecessor-version":[{"id":61634,"href":"https:\/\/www.studioimmobiliarefarina.eu\/en\/wp-json\/wp\/v2\/property\/50614\/revisions\/61634"}],"wp:featuredmedia":[{"embeddable":true,"href":"https:\/\/www.studioimmobiliarefarina.eu\/en\/wp-json\/wp\/v2\/media\/61629"}],"wp:attachment":[{"href":"https:\/\/www.studioimmobiliarefarina.eu\/en\/wp-json\/wp\/v2\/media?parent=50614"}],"wp:term":[{"taxonomy":"property-feature","embeddable":true,"href":"https:\/\/www.studioimmobiliarefarina.eu\/en\/wp-json\/wp\/v2\/property-feature?post=50614"},{"taxonomy":"property-type","embeddable":true,"href":"https:\/\/www.studioimmobiliarefarina.eu\/en\/wp-json\/wp\/v2\/property-type?post=50614"},{"taxonomy":"property-city","embeddable":true,"href":"https:\/\/www.studioimmobiliarefarina.eu\/en\/wp-json\/wp\/v2\/property-city?post=50614"},{"taxonomy":"property-status","embeddable":true,"href":"https:\/\/www.studioimmobiliarefarina.eu\/en\/wp-json\/wp\/v2\/property-status?post=50614"}],"curies":[{"name":"wp","href":"https:\/\/api.w.org\/{rel}","templated":true}]}}