{"id":50039,"date":"2025-08-16T21:42:25","date_gmt":"2025-08-16T19:42:25","guid":{"rendered":"https:\/\/www.studioimmobiliarefarina.eu\/?post_type=property&#038;p=50039"},"modified":"2025-10-28T11:58:20","modified_gmt":"2025-10-28T10:58:20","slug":"a-paglieta-a-pochi-chilometri-dalla-costa-dei-trabocchi-v1788","status":"publish","type":"property","link":"https:\/\/www.studioimmobiliarefarina.eu\/en\/property\/a-paglieta-a-pochi-chilometri-dalla-costa-dei-trabocchi-v1788\/","title":{"rendered":"Paglieta, a pochi chilometri dalla costa dei trabocchi  [V1788]"},"content":{"rendered":"\n<p>A Paglieta, a pochi chilometri dalla costa dei trabocchi, in un contesto caratterizzato da tranquillit\u00e0 e graziosi spazi verdi, vendiamo&nbsp; una casa semi indipendente libera sui tre lati.<\/p>\n\n\n\n<p>L&#8217;immobile \u00e8 composto da due unit\u00e0 affiancate, una unit\u00e0 \u00e8 abitabile l\u2019altra&nbsp; \u00e8&nbsp; completamente da ristrutturare.<\/p>\n\n\n\n<p>Posizione &nbsp;invidiabile e panoramica, infatti ha una bella vista sulla Maiella.<\/p>\n\n\n\n<p>Ottimo potenziale, molto interessante anche sotto l&#8217;aspetto commerciale, si presta per attivit\u00e0 ricettiva per la poca distanza dal mare.<\/p>\n\n\n\n<p>Chiamaci per maggiori informazioni e per fissare un appuntamento di visita sul posto!<\/p>\n","protected":false},"excerpt":{"rendered":"<p>A Paglieta, a pochi chilometri dalla costa dei trabocchi, in un contesto caratterizzato da tranquillit\u00e0 e graziosi spazi verdi, vendiamo&nbsp; una casa semi indipendente libera sui tre lati. L&#8217;immobile \u00e8 composto da due unit\u00e0 affiancate, una unit\u00e0 \u00e8 abitabile l\u2019altra&nbsp; \u00e8&nbsp; completamente da ristrutturare. Posizione &nbsp;invidiabile e panoramica, infatti ha una bella vista sulla Maiella&#8230;.<\/p>\n","protected":false},"author":1,"featured_media":50043,"parent":0,"menu_order":0,"comment_status":"closed","ping_status":"closed","template":"","property-feature":[],"property-type":[515,509],"property-city":[50,150,183],"property-status":[22],"yoast_head":"<!-- This site is optimized with the Yoast SEO plugin v21.1 - https:\/\/yoast.com\/wordpress\/plugins\/seo\/ -->\n<title>Paglieta, a pochi chilometri dalla costa dei trabocchi [V1788] | Studio Immobiliare Farina<\/title>\n<meta name=\"robots\" content=\"index, follow, max-snippet:-1, max-image-preview:large, max-video-preview:-1\" \/>\n<link rel=\"canonical\" href=\"https:\/\/www.studioimmobiliarefarina.eu\/property\/a-paglieta-a-pochi-chilometri-dalla-costa-dei-trabocchi-v1788\/\" \/>\n<meta property=\"og:locale\" content=\"en_US\" \/>\n<meta property=\"og:type\" content=\"article\" \/>\n<meta property=\"og:title\" content=\"Paglieta, a pochi chilometri dalla costa dei trabocchi [V1788] | Studio Immobiliare Farina\" \/>\n<meta property=\"og:description\" content=\"A Paglieta, a pochi chilometri dalla costa dei trabocchi, in un contesto caratterizzato da tranquillit\u00e0 e graziosi spazi verdi, vendiamo&nbsp; una casa semi indipendente libera sui tre lati. L&#8217;immobile \u00e8 composto da due unit\u00e0 affiancate, una unit\u00e0 \u00e8 abitabile l\u2019altra&nbsp; \u00e8&nbsp; completamente da ristrutturare. Posizione &nbsp;invidiabile e panoramica, infatti ha una bella vista sulla Maiella....\" \/>\n<meta property=\"og:url\" content=\"https:\/\/www.studioimmobiliarefarina.eu\/property\/a-paglieta-a-pochi-chilometri-dalla-costa-dei-trabocchi-v1788\/\" \/>\n<meta property=\"og:site_name\" content=\"Studio Immobiliare Farina\" \/>\n<meta property=\"article:publisher\" content=\"https:\/\/www.facebook.com\/Studio-Immobiliare-Farina-_-gruppofarina-547150035296080\/timeline\/?ref=ts\" \/>\n<meta property=\"article:modified_time\" content=\"2025-10-28T10:58:20+00:00\" \/>\n<meta property=\"og:image\" content=\"https:\/\/www.studioimmobiliarefarina.eu\/wp-content\/uploads\/2024\/01\/004.jpg\" \/>\n\t<meta property=\"og:image:width\" content=\"1150\" \/>\n\t<meta property=\"og:image:height\" content=\"766\" \/>\n\t<meta property=\"og:image:type\" content=\"image\/jpeg\" \/>\n<meta name=\"twitter:card\" content=\"summary_large_image\" \/>\n<meta name=\"twitter:label1\" content=\"Est. reading time\" \/>\n\t<meta name=\"twitter:data1\" content=\"1 minute\" \/>\n<script type=\"application\/ld+json\" class=\"yoast-schema-graph\">{\"@context\":\"https:\/\/schema.org\",\"@graph\":[{\"@type\":\"WebPage\",\"@id\":\"https:\/\/www.studioimmobiliarefarina.eu\/property\/a-paglieta-a-pochi-chilometri-dalla-costa-dei-trabocchi-v1788\/\",\"url\":\"https:\/\/www.studioimmobiliarefarina.eu\/property\/a-paglieta-a-pochi-chilometri-dalla-costa-dei-trabocchi-v1788\/\",\"name\":\"Paglieta, a pochi chilometri dalla costa dei trabocchi [V1788] | Studio Immobiliare Farina\",\"isPartOf\":{\"@id\":\"https:\/\/www.studioimmobiliarefarina.eu\/#website\"},\"datePublished\":\"2025-08-16T19:42:25+00:00\",\"dateModified\":\"2025-10-28T10:58:20+00:00\",\"breadcrumb\":{\"@id\":\"https:\/\/www.studioimmobiliarefarina.eu\/property\/a-paglieta-a-pochi-chilometri-dalla-costa-dei-trabocchi-v1788\/#breadcrumb\"},\"inLanguage\":\"en-US\",\"potentialAction\":[{\"@type\":\"ReadAction\",\"target\":[\"https:\/\/www.studioimmobiliarefarina.eu\/property\/a-paglieta-a-pochi-chilometri-dalla-costa-dei-trabocchi-v1788\/\"]}]},{\"@type\":\"BreadcrumbList\",\"@id\":\"https:\/\/www.studioimmobiliarefarina.eu\/property\/a-paglieta-a-pochi-chilometri-dalla-costa-dei-trabocchi-v1788\/#breadcrumb\",\"itemListElement\":[{\"@type\":\"ListItem\",\"position\":1,\"name\":\"Home\",\"item\":\"https:\/\/www.studioimmobiliarefarina.eu\/\"},{\"@type\":\"ListItem\",\"position\":2,\"name\":\"Properties\",\"item\":\"https:\/\/www.studioimmobiliarefarina.eu\/en\/property\/\"},{\"@type\":\"ListItem\",\"position\":3,\"name\":\"Paglieta, a pochi chilometri dalla costa dei trabocchi [V1788]\"}]},{\"@type\":\"WebSite\",\"@id\":\"https:\/\/www.studioimmobiliarefarina.eu\/#website\",\"url\":\"https:\/\/www.studioimmobiliarefarina.eu\/\",\"name\":\"Studio Immobiliare Farina\",\"description\":\"La casa che ho nel cuore\",\"publisher\":{\"@id\":\"https:\/\/www.studioimmobiliarefarina.eu\/#organization\"},\"potentialAction\":[{\"@type\":\"SearchAction\",\"target\":{\"@type\":\"EntryPoint\",\"urlTemplate\":\"https:\/\/www.studioimmobiliarefarina.eu\/?s={search_term_string}\"},\"query-input\":\"required name=search_term_string\"}],\"inLanguage\":\"en-US\"},{\"@type\":\"Organization\",\"@id\":\"https:\/\/www.studioimmobiliarefarina.eu\/#organization\",\"name\":\"Studio Immobiliare Farina\",\"url\":\"https:\/\/www.studioimmobiliarefarina.eu\/\",\"logo\":{\"@type\":\"ImageObject\",\"inLanguage\":\"en-US\",\"@id\":\"https:\/\/www.studioimmobiliarefarina.eu\/#\/schema\/logo\/image\/\",\"url\":\"https:\/\/www.studioimmobiliarefarina.eu\/wp-content\/uploads\/2022\/10\/Logo-sito-pOSpiccolo.png\",\"contentUrl\":\"https:\/\/www.studioimmobiliarefarina.eu\/wp-content\/uploads\/2022\/10\/Logo-sito-pOSpiccolo.png\",\"width\":328,\"height\":135,\"caption\":\"Studio Immobiliare Farina\"},\"image\":{\"@id\":\"https:\/\/www.studioimmobiliarefarina.eu\/#\/schema\/logo\/image\/\"},\"sameAs\":[\"https:\/\/www.facebook.com\/Studio-Immobiliare-Farina-_-gruppofarina-547150035296080\/timeline\/?ref=ts\",\"https:\/\/www.instagram.com\/studio__immobiliare__farina\/\"]}]}<\/script>\n<!-- \/ Yoast SEO plugin. -->","yoast_head_json":{"title":"Paglieta, a pochi chilometri dalla costa dei trabocchi [V1788] | Studio Immobiliare Farina","robots":{"index":"index","follow":"follow","max-snippet":"max-snippet:-1","max-image-preview":"max-image-preview:large","max-video-preview":"max-video-preview:-1"},"canonical":"https:\/\/www.studioimmobiliarefarina.eu\/property\/a-paglieta-a-pochi-chilometri-dalla-costa-dei-trabocchi-v1788\/","og_locale":"en_US","og_type":"article","og_title":"Paglieta, a pochi chilometri dalla costa dei trabocchi [V1788] | Studio Immobiliare Farina","og_description":"A Paglieta, a pochi chilometri dalla costa dei trabocchi, in un contesto caratterizzato da tranquillit\u00e0 e graziosi spazi verdi, vendiamo&nbsp; una casa semi indipendente libera sui tre lati. L&#8217;immobile \u00e8 composto da due unit\u00e0 affiancate, una unit\u00e0 \u00e8 abitabile l\u2019altra&nbsp; \u00e8&nbsp; completamente da ristrutturare. Posizione &nbsp;invidiabile e panoramica, infatti ha una bella vista sulla Maiella....","og_url":"https:\/\/www.studioimmobiliarefarina.eu\/property\/a-paglieta-a-pochi-chilometri-dalla-costa-dei-trabocchi-v1788\/","og_site_name":"Studio Immobiliare Farina","article_publisher":"https:\/\/www.facebook.com\/Studio-Immobiliare-Farina-_-gruppofarina-547150035296080\/timeline\/?ref=ts","article_modified_time":"2025-10-28T10:58:20+00:00","og_image":[{"width":1150,"height":766,"url":"https:\/\/www.studioimmobiliarefarina.eu\/wp-content\/uploads\/2024\/01\/004.jpg","type":"image\/jpeg"}],"twitter_card":"summary_large_image","twitter_misc":{"Est. reading time":"1 minute"},"schema":{"@context":"https:\/\/schema.org","@graph":[{"@type":"WebPage","@id":"https:\/\/www.studioimmobiliarefarina.eu\/property\/a-paglieta-a-pochi-chilometri-dalla-costa-dei-trabocchi-v1788\/","url":"https:\/\/www.studioimmobiliarefarina.eu\/property\/a-paglieta-a-pochi-chilometri-dalla-costa-dei-trabocchi-v1788\/","name":"Paglieta, a pochi chilometri dalla costa dei trabocchi [V1788] | Studio Immobiliare Farina","isPartOf":{"@id":"https:\/\/www.studioimmobiliarefarina.eu\/#website"},"datePublished":"2025-08-16T19:42:25+00:00","dateModified":"2025-10-28T10:58:20+00:00","breadcrumb":{"@id":"https:\/\/www.studioimmobiliarefarina.eu\/property\/a-paglieta-a-pochi-chilometri-dalla-costa-dei-trabocchi-v1788\/#breadcrumb"},"inLanguage":"en-US","potentialAction":[{"@type":"ReadAction","target":["https:\/\/www.studioimmobiliarefarina.eu\/property\/a-paglieta-a-pochi-chilometri-dalla-costa-dei-trabocchi-v1788\/"]}]},{"@type":"BreadcrumbList","@id":"https:\/\/www.studioimmobiliarefarina.eu\/property\/a-paglieta-a-pochi-chilometri-dalla-costa-dei-trabocchi-v1788\/#breadcrumb","itemListElement":[{"@type":"ListItem","position":1,"name":"Home","item":"https:\/\/www.studioimmobiliarefarina.eu\/"},{"@type":"ListItem","position":2,"name":"Properties","item":"https:\/\/www.studioimmobiliarefarina.eu\/en\/property\/"},{"@type":"ListItem","position":3,"name":"Paglieta, a pochi chilometri dalla costa dei trabocchi [V1788]"}]},{"@type":"WebSite","@id":"https:\/\/www.studioimmobiliarefarina.eu\/#website","url":"https:\/\/www.studioimmobiliarefarina.eu\/","name":"Studio Immobiliare Farina","description":"La casa che ho nel cuore","publisher":{"@id":"https:\/\/www.studioimmobiliarefarina.eu\/#organization"},"potentialAction":[{"@type":"SearchAction","target":{"@type":"EntryPoint","urlTemplate":"https:\/\/www.studioimmobiliarefarina.eu\/?s={search_term_string}"},"query-input":"required name=search_term_string"}],"inLanguage":"en-US"},{"@type":"Organization","@id":"https:\/\/www.studioimmobiliarefarina.eu\/#organization","name":"Studio Immobiliare Farina","url":"https:\/\/www.studioimmobiliarefarina.eu\/","logo":{"@type":"ImageObject","inLanguage":"en-US","@id":"https:\/\/www.studioimmobiliarefarina.eu\/#\/schema\/logo\/image\/","url":"https:\/\/www.studioimmobiliarefarina.eu\/wp-content\/uploads\/2022\/10\/Logo-sito-pOSpiccolo.png","contentUrl":"https:\/\/www.studioimmobiliarefarina.eu\/wp-content\/uploads\/2022\/10\/Logo-sito-pOSpiccolo.png","width":328,"height":135,"caption":"Studio Immobiliare Farina"},"image":{"@id":"https:\/\/www.studioimmobiliarefarina.eu\/#\/schema\/logo\/image\/"},"sameAs":["https:\/\/www.facebook.com\/Studio-Immobiliare-Farina-_-gruppofarina-547150035296080\/timeline\/?ref=ts","https:\/\/www.instagram.com\/studio__immobiliare__farina\/"]}]}},"property_meta":{"REAL_HOMES_property_price":"69000","REAL_HOMES_property_old_price":"","REAL_HOMES_property_price_prefix":"","REAL_HOMES_property_price_postfix":"","REAL_HOMES_property_size":"229","REAL_HOMES_property_size_postfix":"Mq","REAL_HOMES_property_lot_size":"","REAL_HOMES_property_lot_size_postfix":"","REAL_HOMES_property_bedrooms":"4","REAL_HOMES_property_bathrooms":"2","REAL_HOMES_property_garage":"","REAL_HOMES_property_id":"V1788","REAL_HOMES_property_year_built":"","REAL_HOMES_featured":"0","REAL_HOMES_additional_details_list":[],"REAL_HOMES_property_location":{"latitude":"42.205857428717","longitude":"14.492084148607","zoom":"13"},"REAL_HOMES_property_address":"Paglieta, Chieti, Abruzzo, Italia","REAL_HOMES_property_map":"0","REAL_HOMES_property_images":[{"width":150,"height":150,"file":"2024\/01\/001.jpg","filesize":319343,"sizes":{"thumbnail":{"file":"001-150x150.jpg","width":150,"height":150,"mime-type":"image\/jpeg","url":"https:\/\/www.studioimmobiliarefarina.eu\/wp-content\/uploads\/2024\/01\/001-150x150.jpg"},"medium":{"file":"001-300x200.jpg","width":300,"height":200,"mime-type":"image\/jpeg","url":"https:\/\/www.studioimmobiliarefarina.eu\/wp-content\/uploads\/2024\/01\/001-300x200.jpg"},"large":{"file":"001-1024x682.jpg","width":1024,"height":682,"mime-type":"image\/jpeg","url":"https:\/\/www.studioimmobiliarefarina.eu\/wp-content\/uploads\/2024\/01\/001-1024x682.jpg"},"post-featured-image":{"file":"001-1150x720.jpg","width":1150,"height":720,"mime-type":"image\/jpeg","url":"https:\/\/www.studioimmobiliarefarina.eu\/wp-content\/uploads\/2024\/01\/001-1150x720.jpg"}},"image_meta":{"aperture":"0","credit":"","camera":"","caption":"","created_timestamp":"0","copyright":"","focal_length":"0","iso":"0","shutter_speed":"0","title":"","orientation":"0","keywords":[]},"ID":"50040","name":"001.jpg","path":"\/srv\/www\/studioimmobiliarefarina.eu\/wp-content\/uploads\/2024\/01\/001.jpg","url":"https:\/\/www.studioimmobiliarefarina.eu\/wp-content\/uploads\/2024\/01\/001-150x150.jpg","full_url":"https:\/\/www.studioimmobiliarefarina.eu\/wp-content\/uploads\/2024\/01\/001.jpg","title":"001","caption":"","description":"","alt":"","srcset":false},{"width":150,"height":150,"file":"2024\/01\/002.jpg","filesize":355425,"sizes":{"thumbnail":{"file":"002-150x150.jpg","width":150,"height":150,"mime-type":"image\/jpeg","url":"https:\/\/www.studioimmobiliarefarina.eu\/wp-content\/uploads\/2024\/01\/002-150x150.jpg"},"medium":{"file":"002-300x200.jpg","width":300,"height":200,"mime-type":"image\/jpeg","url":"https:\/\/www.studioimmobiliarefarina.eu\/wp-content\/uploads\/2024\/01\/002-300x200.jpg"},"large":{"file":"002-1024x682.jpg","width":1024,"height":682,"mime-type":"image\/jpeg","url":"https:\/\/www.studioimmobiliarefarina.eu\/wp-content\/uploads\/2024\/01\/002-1024x682.jpg"},"post-featured-image":{"file":"002-1150x720.jpg","width":1150,"height":720,"mime-type":"image\/jpeg","url":"https:\/\/www.studioimmobiliarefarina.eu\/wp-content\/uploads\/2024\/01\/002-1150x720.jpg"}},"image_meta":{"aperture":"0","credit":"","camera":"","caption":"","created_timestamp":"0","copyright":"","focal_length":"0","iso":"0","shutter_speed":"0","title":"","orientation":"0","keywords":[]},"ID":"50041","name":"002.jpg","path":"\/srv\/www\/studioimmobiliarefarina.eu\/wp-content\/uploads\/2024\/01\/002.jpg","url":"https:\/\/www.studioimmobiliarefarina.eu\/wp-content\/uploads\/2024\/01\/002-150x150.jpg","full_url":"https:\/\/www.studioimmobiliarefarina.eu\/wp-content\/uploads\/2024\/01\/002.jpg","title":"002","caption":"","description":"","alt":"","srcset":false},{"width":150,"height":150,"file":"2024\/01\/003.jpg","filesize":337382,"sizes":{"thumbnail":{"file":"003-150x150.jpg","width":150,"height":150,"mime-type":"image\/jpeg","url":"https:\/\/www.studioimmobiliarefarina.eu\/wp-content\/uploads\/2024\/01\/003-150x150.jpg"},"medium":{"file":"003-300x200.jpg","width":300,"height":200,"mime-type":"image\/jpeg","url":"https:\/\/www.studioimmobiliarefarina.eu\/wp-content\/uploads\/2024\/01\/003-300x200.jpg"},"large":{"file":"003-1024x682.jpg","width":1024,"height":682,"mime-type":"image\/jpeg","url":"https:\/\/www.studioimmobiliarefarina.eu\/wp-content\/uploads\/2024\/01\/003-1024x682.jpg"},"post-featured-image":{"file":"003-1150x720.jpg","width":1150,"height":720,"mime-type":"image\/jpeg","url":"https:\/\/www.studioimmobiliarefarina.eu\/wp-content\/uploads\/2024\/01\/003-1150x720.jpg"}},"image_meta":{"aperture":"0","credit":"","camera":"","caption":"","created_timestamp":"0","copyright":"","focal_length":"0","iso":"0","shutter_speed":"0","title":"","orientation":"0","keywords":[]},"ID":"50042","name":"003.jpg","path":"\/srv\/www\/studioimmobiliarefarina.eu\/wp-content\/uploads\/2024\/01\/003.jpg","url":"https:\/\/www.studioimmobiliarefarina.eu\/wp-content\/uploads\/2024\/01\/003-150x150.jpg","full_url":"https:\/\/www.studioimmobiliarefarina.eu\/wp-content\/uploads\/2024\/01\/003.jpg","title":"003","caption":"","description":"","alt":"","srcset":false},{"width":150,"height":150,"file":"2024\/01\/004.jpg","filesize":256723,"sizes":{"thumbnail":{"file":"004-150x150.jpg","width":150,"height":150,"mime-type":"image\/jpeg","url":"https:\/\/www.studioimmobiliarefarina.eu\/wp-content\/uploads\/2024\/01\/004-150x150.jpg"},"medium":{"file":"004-300x200.jpg","width":300,"height":200,"mime-type":"image\/jpeg","url":"https:\/\/www.studioimmobiliarefarina.eu\/wp-content\/uploads\/2024\/01\/004-300x200.jpg"},"large":{"file":"004-1024x682.jpg","width":1024,"height":682,"mime-type":"image\/jpeg","url":"https:\/\/www.studioimmobiliarefarina.eu\/wp-content\/uploads\/2024\/01\/004-1024x682.jpg"},"property-thumb-image":{"file":"004-488x326.jpg","width":488,"height":326,"mime-type":"image\/jpeg","url":"https:\/\/www.studioimmobiliarefarina.eu\/wp-content\/uploads\/2024\/01\/004-488x326.jpg"},"post-featured-image":{"file":"004-1150x720.jpg","width":1150,"height":720,"mime-type":"image\/jpeg","url":"https:\/\/www.studioimmobiliarefarina.eu\/wp-content\/uploads\/2024\/01\/004-1150x720.jpg"},"property-detail-video-image":{"file":"004-818x417.jpg","width":818,"height":417,"mime-type":"image\/jpeg","url":"https:\/\/www.studioimmobiliarefarina.eu\/wp-content\/uploads\/2024\/01\/004-818x417.jpg"},"post-thumbnail":{"file":"004-150x100.jpg","width":150,"height":100,"mime-type":"image\/jpeg","url":"https:\/\/www.studioimmobiliarefarina.eu\/wp-content\/uploads\/2024\/01\/004-150x100.jpg"},"modern-property-child-slider":{"file":"004-680x510.jpg","width":680,"height":510,"mime-type":"image\/jpeg","url":"https:\/\/www.studioimmobiliarefarina.eu\/wp-content\/uploads\/2024\/01\/004-680x510.jpg"}},"image_meta":{"aperture":"0","credit":"","camera":"","caption":"","created_timestamp":"0","copyright":"","focal_length":"0","iso":"0","shutter_speed":"0","title":"","orientation":"0","keywords":[]},"ID":"50043","name":"004.jpg","path":"\/srv\/www\/studioimmobiliarefarina.eu\/wp-content\/uploads\/2024\/01\/004.jpg","url":"https:\/\/www.studioimmobiliarefarina.eu\/wp-content\/uploads\/2024\/01\/004-150x150.jpg","full_url":"https:\/\/www.studioimmobiliarefarina.eu\/wp-content\/uploads\/2024\/01\/004.jpg","title":"004","caption":"","description":"","alt":"","srcset":false},{"width":150,"height":150,"file":"2024\/01\/005.jpg","filesize":244921,"sizes":{"thumbnail":{"file":"005-150x150.jpg","width":150,"height":150,"mime-type":"image\/jpeg","url":"https:\/\/www.studioimmobiliarefarina.eu\/wp-content\/uploads\/2024\/01\/005-150x150.jpg"},"medium":{"file":"005-300x200.jpg","width":300,"height":200,"mime-type":"image\/jpeg","url":"https:\/\/www.studioimmobiliarefarina.eu\/wp-content\/uploads\/2024\/01\/005-300x200.jpg"},"large":{"file":"005-1024x682.jpg","width":1024,"height":682,"mime-type":"image\/jpeg","url":"https:\/\/www.studioimmobiliarefarina.eu\/wp-content\/uploads\/2024\/01\/005-1024x682.jpg"},"post-featured-image":{"file":"005-1150x720.jpg","width":1150,"height":720,"mime-type":"image\/jpeg","url":"https:\/\/www.studioimmobiliarefarina.eu\/wp-content\/uploads\/2024\/01\/005-1150x720.jpg"}},"image_meta":{"aperture":"0","credit":"","camera":"","caption":"","created_timestamp":"0","copyright":"","focal_length":"0","iso":"0","shutter_speed":"0","title":"","orientation":"0","keywords":[]},"ID":"50044","name":"005.jpg","path":"\/srv\/www\/studioimmobiliarefarina.eu\/wp-content\/uploads\/2024\/01\/005.jpg","url":"https:\/\/www.studioimmobiliarefarina.eu\/wp-content\/uploads\/2024\/01\/005-150x150.jpg","full_url":"https:\/\/www.studioimmobiliarefarina.eu\/wp-content\/uploads\/2024\/01\/005.jpg","title":"005","caption":"","description":"","alt":"","srcset":false},{"width":150,"height":150,"file":"2024\/01\/006.jpg","filesize":350274,"sizes":{"thumbnail":{"file":"006-150x150.jpg","width":150,"height":150,"mime-type":"image\/jpeg","url":"https:\/\/www.studioimmobiliarefarina.eu\/wp-content\/uploads\/2024\/01\/006-150x150.jpg"},"medium":{"file":"006-300x200.jpg","width":300,"height":200,"mime-type":"image\/jpeg","url":"https:\/\/www.studioimmobiliarefarina.eu\/wp-content\/uploads\/2024\/01\/006-300x200.jpg"},"large":{"file":"006-1024x682.jpg","width":1024,"height":682,"mime-type":"image\/jpeg","url":"https:\/\/www.studioimmobiliarefarina.eu\/wp-content\/uploads\/2024\/01\/006-1024x682.jpg"},"post-featured-image":{"file":"006-1150x720.jpg","width":1150,"height":720,"mime-type":"image\/jpeg","url":"https:\/\/www.studioimmobiliarefarina.eu\/wp-content\/uploads\/2024\/01\/006-1150x720.jpg"}},"image_meta":{"aperture":"0","credit":"","camera":"","caption":"","created_timestamp":"0","copyright":"","focal_length":"0","iso":"0","shutter_speed":"0","title":"","orientation":"0","keywords":[]},"ID":"50045","name":"006.jpg","path":"\/srv\/www\/studioimmobiliarefarina.eu\/wp-content\/uploads\/2024\/01\/006.jpg","url":"https:\/\/www.studioimmobiliarefarina.eu\/wp-content\/uploads\/2024\/01\/006-150x150.jpg","full_url":"https:\/\/www.studioimmobiliarefarina.eu\/wp-content\/uploads\/2024\/01\/006.jpg","title":"006","caption":"","description":"","alt":"","srcset":false},{"width":150,"height":150,"file":"2024\/01\/20240124_100628.jpg","filesize":193589,"sizes":{"thumbnail":{"file":"20240124_100628-150x150.jpg","width":150,"height":150,"mime-type":"image\/jpeg","url":"https:\/\/www.studioimmobiliarefarina.eu\/wp-content\/uploads\/2024\/01\/20240124_100628-150x150.jpg"},"medium":{"file":"20240124_100628-300x140.jpg","width":300,"height":140,"mime-type":"image\/jpeg","url":"https:\/\/www.studioimmobiliarefarina.eu\/wp-content\/uploads\/2024\/01\/20240124_100628-300x140.jpg"},"large":{"file":"20240124_100628-1024x478.jpg","width":1024,"height":478,"mime-type":"image\/jpeg","url":"https:\/\/www.studioimmobiliarefarina.eu\/wp-content\/uploads\/2024\/01\/20240124_100628-1024x478.jpg"},"post-featured-image":{"file":"20240124_100628-1150x537.jpg","width":1150,"height":537,"mime-type":"image\/jpeg","url":"https:\/\/www.studioimmobiliarefarina.eu\/wp-content\/uploads\/2024\/01\/20240124_100628-1150x537.jpg"}},"image_meta":{"aperture":"0","credit":"","camera":"","caption":"","created_timestamp":"0","copyright":"","focal_length":"0","iso":"0","shutter_speed":"0","title":"","orientation":"0","keywords":[]},"ID":"50046","name":"20240124_100628.jpg","path":"\/srv\/www\/studioimmobiliarefarina.eu\/wp-content\/uploads\/2024\/01\/20240124_100628.jpg","url":"https:\/\/www.studioimmobiliarefarina.eu\/wp-content\/uploads\/2024\/01\/20240124_100628-150x150.jpg","full_url":"https:\/\/www.studioimmobiliarefarina.eu\/wp-content\/uploads\/2024\/01\/20240124_100628.jpg","title":"20240124_100628","caption":"","description":"","alt":"","srcset":false},{"width":150,"height":150,"file":"2024\/01\/20240124_100635.jpg","filesize":218123,"sizes":{"thumbnail":{"file":"20240124_100635-150x150.jpg","width":150,"height":150,"mime-type":"image\/jpeg","url":"https:\/\/www.studioimmobiliarefarina.eu\/wp-content\/uploads\/2024\/01\/20240124_100635-150x150.jpg"},"medium":{"file":"20240124_100635-300x140.jpg","width":300,"height":140,"mime-type":"image\/jpeg","url":"https:\/\/www.studioimmobiliarefarina.eu\/wp-content\/uploads\/2024\/01\/20240124_100635-300x140.jpg"},"large":{"file":"20240124_100635-1024x478.jpg","width":1024,"height":478,"mime-type":"image\/jpeg","url":"https:\/\/www.studioimmobiliarefarina.eu\/wp-content\/uploads\/2024\/01\/20240124_100635-1024x478.jpg"},"post-featured-image":{"file":"20240124_100635-1150x537.jpg","width":1150,"height":537,"mime-type":"image\/jpeg","url":"https:\/\/www.studioimmobiliarefarina.eu\/wp-content\/uploads\/2024\/01\/20240124_100635-1150x537.jpg"}},"image_meta":{"aperture":"0","credit":"","camera":"","caption":"","created_timestamp":"0","copyright":"","focal_length":"0","iso":"0","shutter_speed":"0","title":"","orientation":"0","keywords":[]},"ID":"50047","name":"20240124_100635.jpg","path":"\/srv\/www\/studioimmobiliarefarina.eu\/wp-content\/uploads\/2024\/01\/20240124_100635.jpg","url":"https:\/\/www.studioimmobiliarefarina.eu\/wp-content\/uploads\/2024\/01\/20240124_100635-150x150.jpg","full_url":"https:\/\/www.studioimmobiliarefarina.eu\/wp-content\/uploads\/2024\/01\/20240124_100635.jpg","title":"20240124_100635","caption":"","description":"","alt":"","srcset":false},{"width":150,"height":150,"file":"2024\/01\/20240124_101636.jpg","filesize":205194,"sizes":{"thumbnail":{"file":"20240124_101636-150x150.jpg","width":150,"height":150,"mime-type":"image\/jpeg","url":"https:\/\/www.studioimmobiliarefarina.eu\/wp-content\/uploads\/2024\/01\/20240124_101636-150x150.jpg"},"medium":{"file":"20240124_101636-300x140.jpg","width":300,"height":140,"mime-type":"image\/jpeg","url":"https:\/\/www.studioimmobiliarefarina.eu\/wp-content\/uploads\/2024\/01\/20240124_101636-300x140.jpg"},"large":{"file":"20240124_101636-1024x478.jpg","width":1024,"height":478,"mime-type":"image\/jpeg","url":"https:\/\/www.studioimmobiliarefarina.eu\/wp-content\/uploads\/2024\/01\/20240124_101636-1024x478.jpg"},"post-featured-image":{"file":"20240124_101636-1150x537.jpg","width":1150,"height":537,"mime-type":"image\/jpeg","url":"https:\/\/www.studioimmobiliarefarina.eu\/wp-content\/uploads\/2024\/01\/20240124_101636-1150x537.jpg"}},"image_meta":{"aperture":"0","credit":"","camera":"","caption":"","created_timestamp":"0","copyright":"","focal_length":"0","iso":"0","shutter_speed":"0","title":"","orientation":"0","keywords":[]},"ID":"50058","name":"20240124_101636.jpg","path":"\/srv\/www\/studioimmobiliarefarina.eu\/wp-content\/uploads\/2024\/01\/20240124_101636.jpg","url":"https:\/\/www.studioimmobiliarefarina.eu\/wp-content\/uploads\/2024\/01\/20240124_101636-150x150.jpg","full_url":"https:\/\/www.studioimmobiliarefarina.eu\/wp-content\/uploads\/2024\/01\/20240124_101636.jpg","title":"20240124_101636","caption":"","description":"","alt":"","srcset":false},{"width":150,"height":150,"file":"2024\/01\/20240124_100654.jpg","filesize":206825,"sizes":{"thumbnail":{"file":"20240124_100654-150x150.jpg","width":150,"height":150,"mime-type":"image\/jpeg","url":"https:\/\/www.studioimmobiliarefarina.eu\/wp-content\/uploads\/2024\/01\/20240124_100654-150x150.jpg"},"medium":{"file":"20240124_100654-300x140.jpg","width":300,"height":140,"mime-type":"image\/jpeg","url":"https:\/\/www.studioimmobiliarefarina.eu\/wp-content\/uploads\/2024\/01\/20240124_100654-300x140.jpg"},"large":{"file":"20240124_100654-1024x478.jpg","width":1024,"height":478,"mime-type":"image\/jpeg","url":"https:\/\/www.studioimmobiliarefarina.eu\/wp-content\/uploads\/2024\/01\/20240124_100654-1024x478.jpg"},"post-featured-image":{"file":"20240124_100654-1150x537.jpg","width":1150,"height":537,"mime-type":"image\/jpeg","url":"https:\/\/www.studioimmobiliarefarina.eu\/wp-content\/uploads\/2024\/01\/20240124_100654-1150x537.jpg"}},"image_meta":{"aperture":"0","credit":"","camera":"","caption":"","created_timestamp":"0","copyright":"","focal_length":"0","iso":"0","shutter_speed":"0","title":"","orientation":"0","keywords":[]},"ID":"50048","name":"20240124_100654.jpg","path":"\/srv\/www\/studioimmobiliarefarina.eu\/wp-content\/uploads\/2024\/01\/20240124_100654.jpg","url":"https:\/\/www.studioimmobiliarefarina.eu\/wp-content\/uploads\/2024\/01\/20240124_100654-150x150.jpg","full_url":"https:\/\/www.studioimmobiliarefarina.eu\/wp-content\/uploads\/2024\/01\/20240124_100654.jpg","title":"20240124_100654","caption":"","description":"","alt":"","srcset":false},{"width":150,"height":150,"file":"2024\/01\/20240124_100709.jpg","filesize":308119,"sizes":{"thumbnail":{"file":"20240124_100709-150x150.jpg","width":150,"height":150,"mime-type":"image\/jpeg","url":"https:\/\/www.studioimmobiliarefarina.eu\/wp-content\/uploads\/2024\/01\/20240124_100709-150x150.jpg"},"medium":{"file":"20240124_100709-300x140.jpg","width":300,"height":140,"mime-type":"image\/jpeg","url":"https:\/\/www.studioimmobiliarefarina.eu\/wp-content\/uploads\/2024\/01\/20240124_100709-300x140.jpg"},"large":{"file":"20240124_100709-1024x478.jpg","width":1024,"height":478,"mime-type":"image\/jpeg","url":"https:\/\/www.studioimmobiliarefarina.eu\/wp-content\/uploads\/2024\/01\/20240124_100709-1024x478.jpg"},"post-featured-image":{"file":"20240124_100709-1150x537.jpg","width":1150,"height":537,"mime-type":"image\/jpeg","url":"https:\/\/www.studioimmobiliarefarina.eu\/wp-content\/uploads\/2024\/01\/20240124_100709-1150x537.jpg"}},"image_meta":{"aperture":"0","credit":"","camera":"","caption":"","created_timestamp":"0","copyright":"","focal_length":"0","iso":"0","shutter_speed":"0","title":"","orientation":"0","keywords":[]},"ID":"50049","name":"20240124_100709.jpg","path":"\/srv\/www\/studioimmobiliarefarina.eu\/wp-content\/uploads\/2024\/01\/20240124_100709.jpg","url":"https:\/\/www.studioimmobiliarefarina.eu\/wp-content\/uploads\/2024\/01\/20240124_100709-150x150.jpg","full_url":"https:\/\/www.studioimmobiliarefarina.eu\/wp-content\/uploads\/2024\/01\/20240124_100709.jpg","title":"20240124_100709","caption":"","description":"","alt":"","srcset":false},{"width":150,"height":150,"file":"2024\/01\/20240124_100816.jpg","filesize":200164,"sizes":{"thumbnail":{"file":"20240124_100816-150x150.jpg","width":150,"height":150,"mime-type":"image\/jpeg","url":"https:\/\/www.studioimmobiliarefarina.eu\/wp-content\/uploads\/2024\/01\/20240124_100816-150x150.jpg"},"medium":{"file":"20240124_100816-300x140.jpg","width":300,"height":140,"mime-type":"image\/jpeg","url":"https:\/\/www.studioimmobiliarefarina.eu\/wp-content\/uploads\/2024\/01\/20240124_100816-300x140.jpg"},"large":{"file":"20240124_100816-1024x478.jpg","width":1024,"height":478,"mime-type":"image\/jpeg","url":"https:\/\/www.studioimmobiliarefarina.eu\/wp-content\/uploads\/2024\/01\/20240124_100816-1024x478.jpg"},"post-featured-image":{"file":"20240124_100816-1150x537.jpg","width":1150,"height":537,"mime-type":"image\/jpeg","url":"https:\/\/www.studioimmobiliarefarina.eu\/wp-content\/uploads\/2024\/01\/20240124_100816-1150x537.jpg"}},"image_meta":{"aperture":"0","credit":"","camera":"","caption":"","created_timestamp":"0","copyright":"","focal_length":"0","iso":"0","shutter_speed":"0","title":"","orientation":"0","keywords":[]},"ID":"50050","name":"20240124_100816.jpg","path":"\/srv\/www\/studioimmobiliarefarina.eu\/wp-content\/uploads\/2024\/01\/20240124_100816.jpg","url":"https:\/\/www.studioimmobiliarefarina.eu\/wp-content\/uploads\/2024\/01\/20240124_100816-150x150.jpg","full_url":"https:\/\/www.studioimmobiliarefarina.eu\/wp-content\/uploads\/2024\/01\/20240124_100816.jpg","title":"20240124_100816","caption":"","description":"","alt":"","srcset":false},{"width":150,"height":150,"file":"2024\/01\/20240124_100824.jpg","filesize":135351,"sizes":{"thumbnail":{"file":"20240124_100824-150x150.jpg","width":150,"height":150,"mime-type":"image\/jpeg","url":"https:\/\/www.studioimmobiliarefarina.eu\/wp-content\/uploads\/2024\/01\/20240124_100824-150x150.jpg"},"medium":{"file":"20240124_100824-300x140.jpg","width":300,"height":140,"mime-type":"image\/jpeg","url":"https:\/\/www.studioimmobiliarefarina.eu\/wp-content\/uploads\/2024\/01\/20240124_100824-300x140.jpg"},"large":{"file":"20240124_100824-1024x478.jpg","width":1024,"height":478,"mime-type":"image\/jpeg","url":"https:\/\/www.studioimmobiliarefarina.eu\/wp-content\/uploads\/2024\/01\/20240124_100824-1024x478.jpg"},"post-featured-image":{"file":"20240124_100824-1150x537.jpg","width":1150,"height":537,"mime-type":"image\/jpeg","url":"https:\/\/www.studioimmobiliarefarina.eu\/wp-content\/uploads\/2024\/01\/20240124_100824-1150x537.jpg"}},"image_meta":{"aperture":"0","credit":"","camera":"","caption":"","created_timestamp":"0","copyright":"","focal_length":"0","iso":"0","shutter_speed":"0","title":"","orientation":"0","keywords":[]},"ID":"50051","name":"20240124_100824.jpg","path":"\/srv\/www\/studioimmobiliarefarina.eu\/wp-content\/uploads\/2024\/01\/20240124_100824.jpg","url":"https:\/\/www.studioimmobiliarefarina.eu\/wp-content\/uploads\/2024\/01\/20240124_100824-150x150.jpg","full_url":"https:\/\/www.studioimmobiliarefarina.eu\/wp-content\/uploads\/2024\/01\/20240124_100824.jpg","title":"20240124_100824","caption":"","description":"","alt":"","srcset":false},{"width":150,"height":150,"file":"2024\/01\/20240124_100947.jpg","filesize":148322,"sizes":{"thumbnail":{"file":"20240124_100947-150x150.jpg","width":150,"height":150,"mime-type":"image\/jpeg","url":"https:\/\/www.studioimmobiliarefarina.eu\/wp-content\/uploads\/2024\/01\/20240124_100947-150x150.jpg"},"medium":{"file":"20240124_100947-300x140.jpg","width":300,"height":140,"mime-type":"image\/jpeg","url":"https:\/\/www.studioimmobiliarefarina.eu\/wp-content\/uploads\/2024\/01\/20240124_100947-300x140.jpg"},"large":{"file":"20240124_100947-1024x478.jpg","width":1024,"height":478,"mime-type":"image\/jpeg","url":"https:\/\/www.studioimmobiliarefarina.eu\/wp-content\/uploads\/2024\/01\/20240124_100947-1024x478.jpg"},"post-featured-image":{"file":"20240124_100947-1150x537.jpg","width":1150,"height":537,"mime-type":"image\/jpeg","url":"https:\/\/www.studioimmobiliarefarina.eu\/wp-content\/uploads\/2024\/01\/20240124_100947-1150x537.jpg"}},"image_meta":{"aperture":"0","credit":"","camera":"","caption":"","created_timestamp":"0","copyright":"","focal_length":"0","iso":"0","shutter_speed":"0","title":"","orientation":"0","keywords":[]},"ID":"50052","name":"20240124_100947.jpg","path":"\/srv\/www\/studioimmobiliarefarina.eu\/wp-content\/uploads\/2024\/01\/20240124_100947.jpg","url":"https:\/\/www.studioimmobiliarefarina.eu\/wp-content\/uploads\/2024\/01\/20240124_100947-150x150.jpg","full_url":"https:\/\/www.studioimmobiliarefarina.eu\/wp-content\/uploads\/2024\/01\/20240124_100947.jpg","title":"20240124_100947","caption":"","description":"","alt":"","srcset":false},{"width":150,"height":150,"file":"2024\/01\/20240124_100956.jpg","filesize":126875,"sizes":{"thumbnail":{"file":"20240124_100956-150x150.jpg","width":150,"height":150,"mime-type":"image\/jpeg","url":"https:\/\/www.studioimmobiliarefarina.eu\/wp-content\/uploads\/2024\/01\/20240124_100956-150x150.jpg"},"medium":{"file":"20240124_100956-300x140.jpg","width":300,"height":140,"mime-type":"image\/jpeg","url":"https:\/\/www.studioimmobiliarefarina.eu\/wp-content\/uploads\/2024\/01\/20240124_100956-300x140.jpg"},"large":{"file":"20240124_100956-1024x478.jpg","width":1024,"height":478,"mime-type":"image\/jpeg","url":"https:\/\/www.studioimmobiliarefarina.eu\/wp-content\/uploads\/2024\/01\/20240124_100956-1024x478.jpg"},"post-featured-image":{"file":"20240124_100956-1150x537.jpg","width":1150,"height":537,"mime-type":"image\/jpeg","url":"https:\/\/www.studioimmobiliarefarina.eu\/wp-content\/uploads\/2024\/01\/20240124_100956-1150x537.jpg"}},"image_meta":{"aperture":"0","credit":"","camera":"","caption":"","created_timestamp":"0","copyright":"","focal_length":"0","iso":"0","shutter_speed":"0","title":"","orientation":"0","keywords":[]},"ID":"50053","name":"20240124_100956.jpg","path":"\/srv\/www\/studioimmobiliarefarina.eu\/wp-content\/uploads\/2024\/01\/20240124_100956.jpg","url":"https:\/\/www.studioimmobiliarefarina.eu\/wp-content\/uploads\/2024\/01\/20240124_100956-150x150.jpg","full_url":"https:\/\/www.studioimmobiliarefarina.eu\/wp-content\/uploads\/2024\/01\/20240124_100956.jpg","title":"20240124_100956","caption":"","description":"","alt":"","srcset":false},{"width":150,"height":150,"file":"2024\/01\/20240124_101001.jpg","filesize":151504,"sizes":{"thumbnail":{"file":"20240124_101001-150x150.jpg","width":150,"height":150,"mime-type":"image\/jpeg","url":"https:\/\/www.studioimmobiliarefarina.eu\/wp-content\/uploads\/2024\/01\/20240124_101001-150x150.jpg"},"medium":{"file":"20240124_101001-300x140.jpg","width":300,"height":140,"mime-type":"image\/jpeg","url":"https:\/\/www.studioimmobiliarefarina.eu\/wp-content\/uploads\/2024\/01\/20240124_101001-300x140.jpg"},"large":{"file":"20240124_101001-1024x478.jpg","width":1024,"height":478,"mime-type":"image\/jpeg","url":"https:\/\/www.studioimmobiliarefarina.eu\/wp-content\/uploads\/2024\/01\/20240124_101001-1024x478.jpg"},"post-featured-image":{"file":"20240124_101001-1150x537.jpg","width":1150,"height":537,"mime-type":"image\/jpeg","url":"https:\/\/www.studioimmobiliarefarina.eu\/wp-content\/uploads\/2024\/01\/20240124_101001-1150x537.jpg"}},"image_meta":{"aperture":"0","credit":"","camera":"","caption":"","created_timestamp":"0","copyright":"","focal_length":"0","iso":"0","shutter_speed":"0","title":"","orientation":"0","keywords":[]},"ID":"50054","name":"20240124_101001.jpg","path":"\/srv\/www\/studioimmobiliarefarina.eu\/wp-content\/uploads\/2024\/01\/20240124_101001.jpg","url":"https:\/\/www.studioimmobiliarefarina.eu\/wp-content\/uploads\/2024\/01\/20240124_101001-150x150.jpg","full_url":"https:\/\/www.studioimmobiliarefarina.eu\/wp-content\/uploads\/2024\/01\/20240124_101001.jpg","title":"20240124_101001","caption":"","description":"","alt":"","srcset":false},{"width":150,"height":150,"file":"2024\/01\/20240124_101005.jpg","filesize":189811,"sizes":{"thumbnail":{"file":"20240124_101005-150x150.jpg","width":150,"height":150,"mime-type":"image\/jpeg","url":"https:\/\/www.studioimmobiliarefarina.eu\/wp-content\/uploads\/2024\/01\/20240124_101005-150x150.jpg"},"medium":{"file":"20240124_101005-300x140.jpg","width":300,"height":140,"mime-type":"image\/jpeg","url":"https:\/\/www.studioimmobiliarefarina.eu\/wp-content\/uploads\/2024\/01\/20240124_101005-300x140.jpg"},"large":{"file":"20240124_101005-1024x478.jpg","width":1024,"height":478,"mime-type":"image\/jpeg","url":"https:\/\/www.studioimmobiliarefarina.eu\/wp-content\/uploads\/2024\/01\/20240124_101005-1024x478.jpg"},"post-featured-image":{"file":"20240124_101005-1150x537.jpg","width":1150,"height":537,"mime-type":"image\/jpeg","url":"https:\/\/www.studioimmobiliarefarina.eu\/wp-content\/uploads\/2024\/01\/20240124_101005-1150x537.jpg"}},"image_meta":{"aperture":"0","credit":"","camera":"","caption":"","created_timestamp":"0","copyright":"","focal_length":"0","iso":"0","shutter_speed":"0","title":"","orientation":"0","keywords":[]},"ID":"50055","name":"20240124_101005.jpg","path":"\/srv\/www\/studioimmobiliarefarina.eu\/wp-content\/uploads\/2024\/01\/20240124_101005.jpg","url":"https:\/\/www.studioimmobiliarefarina.eu\/wp-content\/uploads\/2024\/01\/20240124_101005-150x150.jpg","full_url":"https:\/\/www.studioimmobiliarefarina.eu\/wp-content\/uploads\/2024\/01\/20240124_101005.jpg","title":"20240124_101005","caption":"","description":"","alt":"","srcset":false},{"width":150,"height":150,"file":"2024\/01\/20240124_101010.jpg","filesize":174280,"sizes":{"thumbnail":{"file":"20240124_101010-150x150.jpg","width":150,"height":150,"mime-type":"image\/jpeg","url":"https:\/\/www.studioimmobiliarefarina.eu\/wp-content\/uploads\/2024\/01\/20240124_101010-150x150.jpg"},"medium":{"file":"20240124_101010-300x140.jpg","width":300,"height":140,"mime-type":"image\/jpeg","url":"https:\/\/www.studioimmobiliarefarina.eu\/wp-content\/uploads\/2024\/01\/20240124_101010-300x140.jpg"},"large":{"file":"20240124_101010-1024x478.jpg","width":1024,"height":478,"mime-type":"image\/jpeg","url":"https:\/\/www.studioimmobiliarefarina.eu\/wp-content\/uploads\/2024\/01\/20240124_101010-1024x478.jpg"},"post-featured-image":{"file":"20240124_101010-1150x537.jpg","width":1150,"height":537,"mime-type":"image\/jpeg","url":"https:\/\/www.studioimmobiliarefarina.eu\/wp-content\/uploads\/2024\/01\/20240124_101010-1150x537.jpg"}},"image_meta":{"aperture":"0","credit":"","camera":"","caption":"","created_timestamp":"0","copyright":"","focal_length":"0","iso":"0","shutter_speed":"0","title":"","orientation":"0","keywords":[]},"ID":"50056","name":"20240124_101010.jpg","path":"\/srv\/www\/studioimmobiliarefarina.eu\/wp-content\/uploads\/2024\/01\/20240124_101010.jpg","url":"https:\/\/www.studioimmobiliarefarina.eu\/wp-content\/uploads\/2024\/01\/20240124_101010-150x150.jpg","full_url":"https:\/\/www.studioimmobiliarefarina.eu\/wp-content\/uploads\/2024\/01\/20240124_101010.jpg","title":"20240124_101010","caption":"","description":"","alt":"","srcset":false},{"width":150,"height":150,"file":"2024\/01\/20240124_101016.jpg","filesize":185694,"sizes":{"thumbnail":{"file":"20240124_101016-150x150.jpg","width":150,"height":150,"mime-type":"image\/jpeg","url":"https:\/\/www.studioimmobiliarefarina.eu\/wp-content\/uploads\/2024\/01\/20240124_101016-150x150.jpg"},"medium":{"file":"20240124_101016-300x140.jpg","width":300,"height":140,"mime-type":"image\/jpeg","url":"https:\/\/www.studioimmobiliarefarina.eu\/wp-content\/uploads\/2024\/01\/20240124_101016-300x140.jpg"},"large":{"file":"20240124_101016-1024x478.jpg","width":1024,"height":478,"mime-type":"image\/jpeg","url":"https:\/\/www.studioimmobiliarefarina.eu\/wp-content\/uploads\/2024\/01\/20240124_101016-1024x478.jpg"},"post-featured-image":{"file":"20240124_101016-1150x537.jpg","width":1150,"height":537,"mime-type":"image\/jpeg","url":"https:\/\/www.studioimmobiliarefarina.eu\/wp-content\/uploads\/2024\/01\/20240124_101016-1150x537.jpg"}},"image_meta":{"aperture":"0","credit":"","camera":"","caption":"","created_timestamp":"0","copyright":"","focal_length":"0","iso":"0","shutter_speed":"0","title":"","orientation":"0","keywords":[]},"ID":"50057","name":"20240124_101016.jpg","path":"\/srv\/www\/studioimmobiliarefarina.eu\/wp-content\/uploads\/2024\/01\/20240124_101016.jpg","url":"https:\/\/www.studioimmobiliarefarina.eu\/wp-content\/uploads\/2024\/01\/20240124_101016-150x150.jpg","full_url":"https:\/\/www.studioimmobiliarefarina.eu\/wp-content\/uploads\/2024\/01\/20240124_101016.jpg","title":"20240124_101016","caption":"","description":"","alt":"","srcset":false},{"width":150,"height":150,"file":"2024\/01\/a.jpg","filesize":60773,"sizes":{"thumbnail":{"file":"a-150x150.jpg","width":150,"height":150,"mime-type":"image\/jpeg","url":"https:\/\/www.studioimmobiliarefarina.eu\/wp-content\/uploads\/2024\/01\/a-150x150.jpg"},"medium":{"file":"a-300x207.jpg","width":300,"height":207,"mime-type":"image\/jpeg","url":"https:\/\/www.studioimmobiliarefarina.eu\/wp-content\/uploads\/2024\/01\/a-300x207.jpg"},"large":{"file":"a-1024x708.jpg","width":1024,"height":708,"mime-type":"image\/jpeg","url":"https:\/\/www.studioimmobiliarefarina.eu\/wp-content\/uploads\/2024\/01\/a-1024x708.jpg"},"post-featured-image":{"file":"a-1240x720.jpg","width":1240,"height":720,"mime-type":"image\/jpeg","url":"https:\/\/www.studioimmobiliarefarina.eu\/wp-content\/uploads\/2024\/01\/a-1240x720.jpg"}},"image_meta":{"aperture":"0","credit":"","camera":"","caption":"","created_timestamp":"0","copyright":"","focal_length":"0","iso":"0","shutter_speed":"0","title":"","orientation":"1","keywords":[]},"ID":"50059","name":"a.jpg","path":"\/srv\/www\/studioimmobiliarefarina.eu\/wp-content\/uploads\/2024\/01\/a.jpg","url":"https:\/\/www.studioimmobiliarefarina.eu\/wp-content\/uploads\/2024\/01\/a-150x150.jpg","full_url":"https:\/\/www.studioimmobiliarefarina.eu\/wp-content\/uploads\/2024\/01\/a.jpg","title":"a","caption":"","description":"","alt":"","srcset":false},{"width":150,"height":150,"file":"2024\/01\/m.jpg","filesize":59095,"sizes":{"thumbnail":{"file":"m-150x150.jpg","width":150,"height":150,"mime-type":"image\/jpeg","url":"https:\/\/www.studioimmobiliarefarina.eu\/wp-content\/uploads\/2024\/01\/m-150x150.jpg"},"medium":{"file":"m-300x212.jpg","width":300,"height":212,"mime-type":"image\/jpeg","url":"https:\/\/www.studioimmobiliarefarina.eu\/wp-content\/uploads\/2024\/01\/m-300x212.jpg"},"large":{"file":"m-1024x724.jpg","width":1024,"height":724,"mime-type":"image\/jpeg","url":"https:\/\/www.studioimmobiliarefarina.eu\/wp-content\/uploads\/2024\/01\/m-1024x724.jpg"},"post-featured-image":{"file":"m-1240x720.jpg","width":1240,"height":720,"mime-type":"image\/jpeg","url":"https:\/\/www.studioimmobiliarefarina.eu\/wp-content\/uploads\/2024\/01\/m-1240x720.jpg"}},"image_meta":{"aperture":"0","credit":"","camera":"","caption":"","created_timestamp":"0","copyright":"","focal_length":"0","iso":"0","shutter_speed":"0","title":"","orientation":"0","keywords":[]},"ID":"50060","name":"m.jpg","path":"\/srv\/www\/studioimmobiliarefarina.eu\/wp-content\/uploads\/2024\/01\/m.jpg","url":"https:\/\/www.studioimmobiliarefarina.eu\/wp-content\/uploads\/2024\/01\/m-150x150.jpg","full_url":"https:\/\/www.studioimmobiliarefarina.eu\/wp-content\/uploads\/2024\/01\/m.jpg","title":"m","caption":"","description":"","alt":"","srcset":false},{"width":150,"height":150,"file":"2024\/01\/Pubblicazione1.jpg","filesize":55985,"sizes":{"thumbnail":{"file":"Pubblicazione1-150x150.jpg","width":150,"height":150,"mime-type":"image\/jpeg","url":"https:\/\/www.studioimmobiliarefarina.eu\/wp-content\/uploads\/2024\/01\/Pubblicazione1-150x150.jpg"},"medium":{"file":"Pubblicazione1-300x212.jpg","width":300,"height":212,"mime-type":"image\/jpeg","url":"https:\/\/www.studioimmobiliarefarina.eu\/wp-content\/uploads\/2024\/01\/Pubblicazione1-300x212.jpg"},"large":{"file":"Pubblicazione1-1024x724.jpg","width":1024,"height":724,"mime-type":"image\/jpeg","url":"https:\/\/www.studioimmobiliarefarina.eu\/wp-content\/uploads\/2024\/01\/Pubblicazione1-1024x724.jpg"},"post-featured-image":{"file":"Pubblicazione1-1240x720.jpg","width":1240,"height":720,"mime-type":"image\/jpeg","url":"https:\/\/www.studioimmobiliarefarina.eu\/wp-content\/uploads\/2024\/01\/Pubblicazione1-1240x720.jpg"}},"image_meta":{"aperture":"0","credit":"","camera":"","caption":"","created_timestamp":"0","copyright":"","focal_length":"0","iso":"0","shutter_speed":"0","title":"","orientation":"0","keywords":[]},"ID":"50061","name":"Pubblicazione1.jpg","path":"\/srv\/www\/studioimmobiliarefarina.eu\/wp-content\/uploads\/2024\/01\/Pubblicazione1.jpg","url":"https:\/\/www.studioimmobiliarefarina.eu\/wp-content\/uploads\/2024\/01\/Pubblicazione1-150x150.jpg","full_url":"https:\/\/www.studioimmobiliarefarina.eu\/wp-content\/uploads\/2024\/01\/Pubblicazione1.jpg","title":"Pubblicazione1","caption":"","description":"","alt":"","srcset":false},{"width":150,"height":150,"file":"2024\/01\/x.jpg","filesize":172572,"sizes":{"thumbnail":{"file":"x-150x150.jpg","width":150,"height":150,"mime-type":"image\/jpeg","url":"https:\/\/www.studioimmobiliarefarina.eu\/wp-content\/uploads\/2024\/01\/x-150x150.jpg"},"medium":{"file":"x-300x212.jpg","width":300,"height":212,"mime-type":"image\/jpeg","url":"https:\/\/www.studioimmobiliarefarina.eu\/wp-content\/uploads\/2024\/01\/x-300x212.jpg"},"large":{"file":"x-1024x724.jpg","width":1024,"height":724,"mime-type":"image\/jpeg","url":"https:\/\/www.studioimmobiliarefarina.eu\/wp-content\/uploads\/2024\/01\/x-1024x724.jpg"},"post-featured-image":{"file":"x-1240x720.jpg","width":1240,"height":720,"mime-type":"image\/jpeg","url":"https:\/\/www.studioimmobiliarefarina.eu\/wp-content\/uploads\/2024\/01\/x-1240x720.jpg"}},"image_meta":{"aperture":"0","credit":"","camera":"","caption":"","created_timestamp":"0","copyright":"","focal_length":"0","iso":"0","shutter_speed":"0","title":"","orientation":"0","keywords":[]},"ID":"50062","name":"x.jpg","path":"\/srv\/www\/studioimmobiliarefarina.eu\/wp-content\/uploads\/2024\/01\/x.jpg","url":"https:\/\/www.studioimmobiliarefarina.eu\/wp-content\/uploads\/2024\/01\/x-150x150.jpg","full_url":"https:\/\/www.studioimmobiliarefarina.eu\/wp-content\/uploads\/2024\/01\/x.jpg","title":"x","caption":"","description":"","alt":"","srcset":false}],"REAL_HOMES_change_gallery_slider_type":"0","REAL_HOMES_gallery_slider_type":"thumb-on-right","inspiry_floor_plans":[],"inspiry_video_group":[{"inspiry_video_group_image":["50063"],"inspiry_video_group_url":"A Paglieta, a pochi chilometri dalla costa dei trabocchi"}],"REAL_HOMES_360_virtual_tour":"","REAL_HOMES_tour_video_url":"","REAL_HOMES_tour_video_image":[],"REAL_HOMES_agent_display_option":"agent_info","REAL_HOMES_agents":["852"],"REAL_HOMES_energy_class":"G","REAL_HOMES_energy_performance":"","REAL_HOMES_epc_current_rating":"","REAL_HOMES_epc_potential_rating":"","ere_property_schedule_tour":"global","ere_property_schedule_time_slots":"","ere_property_schedule_description":"","REAL_HOMES_sticky":"0","inspiry_property_label":"","inspiry_property_label_color":"","inspiry_property_tax":"0","inspiry_additional_fee":"0","REAL_HOMES_attachments":[],"inspiry_property_owner_name":"","inspiry_property_owner_contact":"","inspiry_property_owner_address":"","REAL_HOMES_property_private_note":"","inspiry_message_to_reviewer":"","REAL_HOMES_add_in_slider":"no","REAL_HOMES_slider_image":[],"REAL_HOMES_page_banner_image":[{"width":150,"height":150,"file":"2024\/01\/005.jpg","filesize":244921,"sizes":{"thumbnail":{"file":"005-150x150.jpg","width":150,"height":150,"mime-type":"image\/jpeg","url":"https:\/\/www.studioimmobiliarefarina.eu\/wp-content\/uploads\/2024\/01\/005-150x150.jpg"},"medium":{"file":"005-300x200.jpg","width":300,"height":200,"mime-type":"image\/jpeg","url":"https:\/\/www.studioimmobiliarefarina.eu\/wp-content\/uploads\/2024\/01\/005-300x200.jpg"},"large":{"file":"005-1024x682.jpg","width":1024,"height":682,"mime-type":"image\/jpeg","url":"https:\/\/www.studioimmobiliarefarina.eu\/wp-content\/uploads\/2024\/01\/005-1024x682.jpg"},"post-featured-image":{"file":"005-1150x720.jpg","width":1150,"height":720,"mime-type":"image\/jpeg","url":"https:\/\/www.studioimmobiliarefarina.eu\/wp-content\/uploads\/2024\/01\/005-1150x720.jpg"}},"image_meta":{"aperture":"0","credit":"","camera":"","caption":"","created_timestamp":"0","copyright":"","focal_length":"0","iso":"0","shutter_speed":"0","title":"","orientation":"0","keywords":[]},"ID":"50044","name":"005.jpg","path":"\/srv\/www\/studioimmobiliarefarina.eu\/wp-content\/uploads\/2024\/01\/005.jpg","url":"https:\/\/www.studioimmobiliarefarina.eu\/wp-content\/uploads\/2024\/01\/005-150x150.jpg","full_url":"https:\/\/www.studioimmobiliarefarina.eu\/wp-content\/uploads\/2024\/01\/005.jpg","title":"005","caption":"","description":"","alt":"","srcset":false}],"REAL_HOMES_hide_property_advance_search":"0","inspiry_posto_auto":"5","REAL_HOMES_custom_header_display":"default","REAL_HOMES_custom_header_position":"relative","REAL_HOMES_hide_advance_search":"0","REAL_HOMES_custom_search_form":"default","REAL_HOMES_search_form_margin_top":"","REAL_HOMES_search_form_margin_bottom":"","REAL_HOMES_custom_footer_display":"default"},"_links":{"self":[{"href":"https:\/\/www.studioimmobiliarefarina.eu\/en\/wp-json\/wp\/v2\/property\/50039"}],"collection":[{"href":"https:\/\/www.studioimmobiliarefarina.eu\/en\/wp-json\/wp\/v2\/property"}],"about":[{"href":"https:\/\/www.studioimmobiliarefarina.eu\/en\/wp-json\/wp\/v2\/types\/property"}],"author":[{"embeddable":true,"href":"https:\/\/www.studioimmobiliarefarina.eu\/en\/wp-json\/wp\/v2\/users\/1"}],"replies":[{"embeddable":true,"href":"https:\/\/www.studioimmobiliarefarina.eu\/en\/wp-json\/wp\/v2\/comments?post=50039"}],"version-history":[{"count":2,"href":"https:\/\/www.studioimmobiliarefarina.eu\/en\/wp-json\/wp\/v2\/property\/50039\/revisions"}],"predecessor-version":[{"id":50065,"href":"https:\/\/www.studioimmobiliarefarina.eu\/en\/wp-json\/wp\/v2\/property\/50039\/revisions\/50065"}],"wp:featuredmedia":[{"embeddable":true,"href":"https:\/\/www.studioimmobiliarefarina.eu\/en\/wp-json\/wp\/v2\/media\/50043"}],"wp:attachment":[{"href":"https:\/\/www.studioimmobiliarefarina.eu\/en\/wp-json\/wp\/v2\/media?parent=50039"}],"wp:term":[{"taxonomy":"property-feature","embeddable":true,"href":"https:\/\/www.studioimmobiliarefarina.eu\/en\/wp-json\/wp\/v2\/property-feature?post=50039"},{"taxonomy":"property-type","embeddable":true,"href":"https:\/\/www.studioimmobiliarefarina.eu\/en\/wp-json\/wp\/v2\/property-type?post=50039"},{"taxonomy":"property-city","embeddable":true,"href":"https:\/\/www.studioimmobiliarefarina.eu\/en\/wp-json\/wp\/v2\/property-city?post=50039"},{"taxonomy":"property-status","embeddable":true,"href":"https:\/\/www.studioimmobiliarefarina.eu\/en\/wp-json\/wp\/v2\/property-status?post=50039"}],"curies":[{"name":"wp","href":"https:\/\/api.w.org\/{rel}","templated":true}]}}